{"id":2176,"date":"2020-02-22T11:43:54","date_gmt":"2020-02-22T10:43:54","guid":{"rendered":"http:\/\/grether-photography.aretis-staging.ch\/?page_id=2176"},"modified":"2025-03-25T17:29:42","modified_gmt":"2025-03-25T16:29:42","slug":"photographer-schlieren","status":"publish","type":"page","link":"https:\/\/www.grether-photography.com\/en\/zuerich-aargau\/fotograf-schlieren\/","title":{"rendered":"Photographer Schlieren"},"content":{"rendered":"<div id='layer_slider_1'  class='avia-layerslider main_color avia-shadow  avia-builder-el-0  el_before_av_section  avia-builder-el-first  container_wrap fullsize'  style='height: 751px;'  ><link href=\"https:\/\/fonts.googleapis.com\/css?family=Open+Sans:100,100i,200,200i,300,300i,400,400i,500,500i,600,600i,700,700i,800,800i,900,900i%7CMontserrat:100,100i,200,200i,300,300i,400,400i,500,500i,600,600i,700,700i,800,800i,900,900i\" rel=\"stylesheet\"><div id=\"layerslider_190_1hxgjrke3o3mv\"  class=\"ls-wp-container fitvidsignore ls-selectable\" style=\"width:1200px;height:750px;margin:0 auto;margin-bottom: 0px;\"><div class=\"ls-slide\" data-ls=\"bgsize:cover;bgposition:50% 50%;bgcolor:#ffffff;duration:4000;parallaxevent:scroll;parallaxdurationmove:0;\"><img decoding=\"async\" width=\"2560\" height=\"1229\" src=\"https:\/\/www.grether-photography.com\/wp-content\/uploads\/2022\/03\/laurinbalkenalt-scaled.jpg?ver=1771508145\" class=\"ls-bg\" alt=\"\" srcset=\"https:\/\/www.grether-photography.com\/wp-content\/uploads\/2022\/03\/laurinbalkenalt-scaled.jpg 2560w, https:\/\/www.grether-photography.com\/wp-content\/uploads\/2022\/03\/laurinbalkenalt-300x144.jpg 300w, https:\/\/www.grether-photography.com\/wp-content\/uploads\/2022\/03\/laurinbalkenalt-1030x494.jpg 1030w, https:\/\/www.grether-photography.com\/wp-content\/uploads\/2022\/03\/laurinbalkenalt-768x369.jpg 768w, https:\/\/www.grether-photography.com\/wp-content\/uploads\/2022\/03\/laurinbalkenalt-1536x737.jpg 1536w, https:\/\/www.grether-photography.com\/wp-content\/uploads\/2022\/03\/laurinbalkenalt-2048x983.jpg 2048w, https:\/\/www.grether-photography.com\/wp-content\/uploads\/2022\/03\/laurinbalkenalt-18x9.jpg 18w, https:\/\/www.grether-photography.com\/wp-content\/uploads\/2022\/03\/laurinbalkenalt-1500x720.jpg 1500w, https:\/\/www.grether-photography.com\/wp-content\/uploads\/2022\/03\/laurinbalkenalt-705x338.jpg 705w\" sizes=\"(max-width: 2560px) 100vw, 2560px\" \/><p style=\"text-shadow: 0 1px 2px rgba(0,0,0,0.3);top:117px;left:-16px;text-align:initial;font-weight:400;font-style:normal;font-family:Open Sans;color:#ffffff;font-size:75px;text-decoration:none;\" class=\"ls-l ls-text-layer\" data-ls=\"showinfo:1;offsetxin:random(-100,100);offsetyin:-20;durationin:1100;rotateyin:random(-45,45);scalexin:random(2,4);clipin:0 0 100% 0;transitionout:false;static:forever;position:relative;\">Fotograf f\u00fcr Schlieren<\/p><p style=\"top:378px;left:48px;text-align:initial;font-weight:400;font-style:normal;text-decoration:none;font-family:Open Sans;color:#ffffff;font-size:35px;\" class=\"ls-l ls-text-layer\" data-ls=\"showinfo:1;offsetxin:80;durationin:750;delayin:1800;easingin:easeOutExpo;static:forever;position:relative;\">F\u00fcr Ihre Werbung und Webseiten<\/p><span style=\"top:374px;left:-15px;text-align:initial;font-weight:400;font-style:italic;text-decoration:none;font-family:Montserrat;font-size:44px;line-height:48px;color:#ab74ed;\" class=\"ls-l ls-icon-layer\" data-ls=\"showinfo:1;offsetxin:80;durationin:750;delayin:1500;easingin:easeOutExpo;rotatein:random(-45,45);rotatexin:random(-45,45);static:forever;position:relative;\"><i class=\"fa fa-check-circle\"><\/i><\/span><p style=\"top:444px;left:44px;text-align:initial;font-weight:400;font-style:normal;text-decoration:none;font-family:Open Sans;color:#ffffff;font-size:35px;\" class=\"ls-l ls-text-layer\" data-ls=\"showinfo:1;offsetxin:80;durationin:750;delayin:2400;easingin:easeOutExpo;static:forever;position:relative;\">Familienfotos<\/p><span style=\"top:443px;left:-15px;text-align:initial;font-weight:400;font-style:italic;text-decoration:none;font-family:Montserrat;font-size:44px;line-height:44px;color:#ab74ed;\" class=\"ls-l ls-icon-layer\" data-ls=\"showinfo:1;offsetxin:80;durationin:750;delayin:2100;easingin:easeOutExpo;rotatein:random(-45,45);rotatexin:random(-45,45);static:forever;position:relative;\"><i class=\"fa fa-check-circle\"><\/i><\/span><p style=\"top:512px;left:43px;text-align:initial;font-weight:400;font-style:normal;text-decoration:none;font-family:Open Sans;color:#ffffff;font-size:35px;\" class=\"ls-l ls-text-layer\" data-ls=\"showinfo:1;offsetxin:80;durationin:750;delayin:3000;easingin:easeOutExpo;static:forever;position:relative;\">Business, Events &amp; Immobilien<\/p><span style=\"top:508px;left:-15px;text-align:initial;font-weight:400;font-style:italic;text-decoration:none;font-family:Montserrat;font-size:44px;color:#ab74ed;\" class=\"ls-l ls-icon-layer\" data-ls=\"showinfo:1;offsetxin:80;durationin:750;delayin:2700;easingin:easeOutExpo;rotatein:random(-45,45);rotatexin:random(-45,45);static:forever;position:relative;\"><i class=\"fa fa-check-circle\"><\/i><\/span><p style=\"top:270px;left:-16px;text-align:initial;font-weight:400;font-style:normal;text-decoration:none;font-family:Open Sans;color:#ffffff;font-size:40px;\" class=\"ls-l ls-text-layer\" data-ls=\"showinfo:1;offsetxin:80;durationin:750;delayin:1000;easingin:easeOutExpo;static:forever;position:relative;\">PROFESSIONELLE FOTOSHOOTINGS<\/p><a style=\"\" class=\"ls-l\" href=\"#1\" target=\"ls-scroll\" data-ls=\"offsetyin:40;durationin:500;delayin:4100;offsetxout:-80;durationout:400;parallax:true;parallaxlevel:-10;position:relative;\" rel=\"noopener\"><img decoding=\"async\" width=\"96\" height=\"96\" src=\"https:\/\/www.grether-photography.com\/wp-content\/uploads\/layerslider\/Spezialbrote-Layer\/pfeil-unten.png\" class=\"ls-img-layer\" alt=\"\" srcset=\"https:\/\/www.grether-photography.com\/wp-content\/uploads\/layerslider\/Spezialbrote-Layer\/pfeil-unten.png 96w, https:\/\/www.grether-photography.com\/wp-content\/uploads\/layerslider\/Spezialbrote-Layer\/pfeil-unten-80x80.png 80w, https:\/\/www.grether-photography.com\/wp-content\/uploads\/layerslider\/Spezialbrote-Layer\/pfeil-unten-36x36.png 36w\" sizes=\"(max-width: 96px) 100vw, 96px\" style=\"top:613px;left:567px;\"><\/a><img decoding=\"async\" width=\"174\" height=\"148\" src=\"https:\/\/www.grether-photography.com\/wp-content\/uploads\/2020\/03\/fotograf_icon.png\" class=\"ls-l ls-img-layer\" alt=\"\" style=\"top:133px;left:970px;width:92px;height:80px;font-size:13px;line-height:falsepx;\" data-ls=\"offsetxin:left;offsetyin:bottom;durationin:1300;delayin:3050;rotatein:random(-45,555);scalexin:random(4,6);transformperspectivein:800;position:relative;\"><\/div><\/div><\/div>\n<div id='av_section_1'  class='avia-section av-q0w7-58ef7a5dc6f693bf2ab9eba18a346cc2 main_color avia-section-large avia-no-shadow  avia-builder-el-1  el_after_av_layerslider  el_before_av_postcontent  avia-bg-style-scroll container_wrap fullsize'  ><div class='container av-section-cont-open' ><div class='template-page content  av-content-full alpha units'><div class='post-entry post-entry-type-page post-entry-2176'><div class='entry-content-wrapper clearfix'>\n\n<style type=\"text\/css\" data-created_by=\"avia_inline_auto\" id=\"style-css-av-7vcnwg-1fa9a4107868b2f566552f32153ca167\">\n#top .av-special-heading.av-7vcnwg-1fa9a4107868b2f566552f32153ca167{\npadding-bottom:10px;\n}\nbody .av-special-heading.av-7vcnwg-1fa9a4107868b2f566552f32153ca167 .av-special-heading-tag .heading-char{\nfont-size:25px;\n}\n.av-special-heading.av-7vcnwg-1fa9a4107868b2f566552f32153ca167 .av-subheading{\nfont-size:25px;\n}\n<\/style>\n<div  class='av-special-heading av-7vcnwg-1fa9a4107868b2f566552f32153ca167 av-special-heading-h1 blockquote modern-quote modern-centered  avia-builder-el-2  el_before_av_hr  avia-builder-el-first  av-linked-heading'><h1 class='av-special-heading-tag'  itemprop=\"headline\"  >Ihr Fotograf f\u00fcr Schlieren <br \/>faire Preise<\/h1><div class=\"special-heading-border\"><div class=\"special-heading-inner-border\"><\/div><\/div><\/div>\n\n<style type=\"text\/css\" data-created_by=\"avia_inline_auto\" id=\"style-css-av-k5wbd76n-1cf7013c91522e86ddccf4ae6ab14441\">\n#top .hr.av-k5wbd76n-1cf7013c91522e86ddccf4ae6ab14441{\nmargin-top:30px;\nmargin-bottom:30px;\n}\n.hr.av-k5wbd76n-1cf7013c91522e86ddccf4ae6ab14441 .hr-inner{\nwidth:80px;\nborder-color:#353535;\n}\n<\/style>\n<div  class='hr av-k5wbd76n-1cf7013c91522e86ddccf4ae6ab14441 hr-custom  avia-builder-el-3  el_after_av_heading  el_before_av_one_half  hr-center hr-icon-no'><span class='hr-inner inner-border-av-border-fat'><span class=\"hr-inner-style\"><\/span><\/span><\/div>\n\n<style type=\"text\/css\" data-created_by=\"avia_inline_auto\" id=\"style-css-av-k5wbrmfc-eb4024d21e4c02c21f27a6477042b78e\">\n#top .flex_column.av-k5wbrmfc-eb4024d21e4c02c21f27a6477042b78e{\nmargin-top:30px;\nmargin-bottom:30px;\n}\n.flex_column.av-k5wbrmfc-eb4024d21e4c02c21f27a6477042b78e{\n-webkit-border-radius:0px 0px 0px 0px;\n-moz-border-radius:0px 0px 0px 0px;\nborder-radius:0px 0px 0px 0px;\npadding:0px 0px 0px 0px;\n}\n.responsive #top #wrap_all .flex_column.av-k5wbrmfc-eb4024d21e4c02c21f27a6477042b78e{\nmargin-top:30px;\nmargin-bottom:30px;\n}\n<\/style>\n<div class='flex_column av-k5wbrmfc-eb4024d21e4c02c21f27a6477042b78e av_one_half  avia-builder-el-4  el_after_av_hr  el_before_av_one_half  first flex_column_div av-animated-generic left-to-right av-zero-column-padding '     ><p>\n<style type=\"text\/css\" data-created_by=\"avia_inline_auto\" id=\"style-css-av-2umv-abc7401ca84110ed7d6c2a15a30ed24b\">\n.avia-image-container.av-2umv-abc7401ca84110ed7d6c2a15a30ed24b img.avia_image{\nbox-shadow:none;\n}\n.avia-image-container.av-2umv-abc7401ca84110ed7d6c2a15a30ed24b .av-image-caption-overlay-center{\ncolor:#ffffff;\n}\n<\/style>\n<div  class='avia-image-container av-2umv-abc7401ca84110ed7d6c2a15a30ed24b av-styling- avia-align-center  avia-builder-el-5  el_before_av_textblock  avia-builder-el-first '   itemprop=\"image\" itemscope=\"itemscope\" itemtype=\"https:\/\/schema.org\/ImageObject\" ><div class=\"avia-image-container-inner\"><div class=\"avia-image-overlay-wrap\"><img decoding=\"async\" class='wp-image-6199 avia-img-lazy-loading-not-6199 avia_image ' src=\"https:\/\/www.grether-photography.com\/wp-content\/uploads\/2021\/10\/business.jpg\" alt='' title='Frutiger AG'  height=\"1639\" width=\"2459\"  itemprop=\"thumbnailUrl\" srcset=\"https:\/\/www.grether-photography.com\/wp-content\/uploads\/2021\/10\/business.jpg 2459w, https:\/\/www.grether-photography.com\/wp-content\/uploads\/2021\/10\/business-300x200.jpg 300w, https:\/\/www.grether-photography.com\/wp-content\/uploads\/2021\/10\/business-1030x687.jpg 1030w, https:\/\/www.grether-photography.com\/wp-content\/uploads\/2021\/10\/business-768x512.jpg 768w, https:\/\/www.grether-photography.com\/wp-content\/uploads\/2021\/10\/business-1536x1024.jpg 1536w, https:\/\/www.grether-photography.com\/wp-content\/uploads\/2021\/10\/business-2048x1365.jpg 2048w, https:\/\/www.grether-photography.com\/wp-content\/uploads\/2021\/10\/business-1500x1000.jpg 1500w, https:\/\/www.grether-photography.com\/wp-content\/uploads\/2021\/10\/business-705x470.jpg 705w\" sizes=\"(max-width: 2459px) 100vw, 2459px\" \/><\/div><\/div><\/div><br \/>\n<section  class='av_textblock_section av-l1ezi6sk-63860438ba8c556367545d453d0ab533'  itemscope=\"itemscope\" itemtype=\"https:\/\/schema.org\/CreativeWork\" ><div class='avia_textblock'  itemprop=\"text\" ><p><em>Fotoshootings f\u00fcr Unternehmen wie z.B. die Frutiger AG.<\/em><\/p>\n<\/div><\/section><\/p><\/div>\n<style type=\"text\/css\" data-created_by=\"avia_inline_auto\" id=\"style-css-av-k5wbrmfc-39-9bb6c4c9351c2baa468b7731e37e538d\">\n#top .flex_column.av-k5wbrmfc-39-9bb6c4c9351c2baa468b7731e37e538d{\nmargin-top:30px;\nmargin-bottom:30px;\n}\n.flex_column.av-k5wbrmfc-39-9bb6c4c9351c2baa468b7731e37e538d{\n-webkit-border-radius:0px 0px 0px 0px;\n-moz-border-radius:0px 0px 0px 0px;\nborder-radius:0px 0px 0px 0px;\npadding:0px 0px 0px 0px;\n}\n.responsive #top #wrap_all .flex_column.av-k5wbrmfc-39-9bb6c4c9351c2baa468b7731e37e538d{\nmargin-top:30px;\nmargin-bottom:30px;\n}\n<\/style>\n<div class='flex_column av-k5wbrmfc-39-9bb6c4c9351c2baa468b7731e37e538d av_one_half  avia-builder-el-7  el_after_av_one_half  avia-builder-el-last  flex_column_div av-animated-generic top-to-bottom av-zero-column-padding '     ><p>\n<style type=\"text\/css\" data-created_by=\"avia_inline_auto\" id=\"style-css-av-5r31b4-edb3bcdc06b1cec7338d82590bc47522\">\n#top .av-special-heading.av-5r31b4-edb3bcdc06b1cec7338d82590bc47522{\npadding-bottom:10px;\n}\nbody .av-special-heading.av-5r31b4-edb3bcdc06b1cec7338d82590bc47522 .av-special-heading-tag .heading-char{\nfont-size:25px;\n}\n.av-special-heading.av-5r31b4-edb3bcdc06b1cec7338d82590bc47522 .av-subheading{\nfont-size:15px;\n}\n<\/style>\n<div  class='av-special-heading av-5r31b4-edb3bcdc06b1cec7338d82590bc47522 av-special-heading-h3 blockquote modern-quote  avia-builder-el-8  el_before_av_textblock  avia-builder-el-first '><h3 class='av-special-heading-tag'  itemprop=\"headline\"  >Professionelle Fotoshootings<\/h3><div class=\"special-heading-border\"><div class=\"special-heading-inner-border\"><\/div><\/div><\/div><br \/>\n<section  class='av_textblock_section av-k5wbumfz-0c2858201cdf6e0ec586088885b15c03'  itemscope=\"itemscope\" itemtype=\"https:\/\/schema.org\/CreativeWork\" ><div class='avia_textblock'  itemprop=\"text\" ><p>Auch ich habe mich schon gefragt: Warum eigentlich gilt Fotografie als eine Kunst? Die Kamera macht doch das Foto und der Fotograf muss nur auf einen Knopf dr\u00fccken. Und \u00fcberhaupt: Sind wir nicht alles mittlerweile Fotografen mit unseren Smartphones? Sicherlich, wir sind dazu in der Lage Schnappsch\u00fcsse zu machen und diese \u00fcber digitale Messanger weiterzugeben oder in den sozialen Netzwerken zu posten.<\/p>\n<p>Aber wenn Sie sich Beispiele meiner Fotografie ansehen, dann erkennen Sie sicherlich den Unterschied zum Schnappschuss. Fotografie bedeutet, mit den Fotos eine zielgerichtete Wirkung zu erreichen.<\/p>\n<\/div><\/section><br \/>\n\n<style type=\"text\/css\" data-created_by=\"avia_inline_auto\" id=\"style-css-av-k5wbd76n-40-35fcc74030eeb40bb788ceb9933df132\">\n#top .hr.hr-invisible.av-k5wbd76n-40-35fcc74030eeb40bb788ceb9933df132{\nheight:20px;\n}\n<\/style>\n<div  class='hr av-k5wbd76n-40-35fcc74030eeb40bb788ceb9933df132 hr-invisible  avia-builder-el-10  el_after_av_textblock  el_before_av_button '><span class='hr-inner '><span class=\"hr-inner-style\"><\/span><\/span><\/div><br \/>\n<div  class='avia-button-wrap av-k5wbvrky-461052722b97d4ff5934c31fb6d51d65-wrap avia-button-left  avia-builder-el-11  el_after_av_hr  avia-builder-el-last '><a href='https:\/\/www.grether-photography.com\/en\/kontakt\/'  class='avia-button av-k5wbvrky-461052722b97d4ff5934c31fb6d51d65 avia-icon_select-yes-right-icon avia-size-large avia-position-left avia-color-theme-color'  ><span class='avia_iconbox_title' >Termin vereinbaren<\/span><span class='avia_button_icon avia_button_icon_right' aria-hidden='true' data-av_icon='\ue832' data-av_iconfont='entypo-fontello'><\/span><\/a><\/div><\/p><\/div>\n\n[av_section min_height='' min_height_pc='25' min_height_px='500px' padding='default' custom_margin='0px' custom_margin_sync='true' color='alternate_color' background='bg_color' custom_bg='' background_gradient_color1='' background_gradient_color2='' background_gradient_direction='vertical' src='' attachment='' attachment_size='' attach='scroll' position='top left' repeat='no-repeat' video='' video_ratio='16:9' overlay_opacity='0.5' overlay_color='' overlay_pattern='' overlay_custom_pattern='' shadow='no-border-styling' bottom_border='no-border-styling' bottom_border_diagonal_color='#333333' bottom_border_diagonal_direction='' bottom_border_style='' custom_arrow_bg='' id='' custom_class='' template_class='' aria_label='' av_element_hidden_in_editor='0' av_uid='av-13x5jb9' sc_version='1.0']\r\n\r\n[av_textblock textblock_styling_align='' textblock_styling='' textblock_styling_gap='' textblock_styling_mobile='' size='' av-desktop-font-size='' av-medium-font-size='' av-small-font-size='' av-mini-font-size='' font_color='' color='' id='' custom_class='' template_class='' av_uid='av-l6gfudwv' sc_version='1.0' admin_preview_bg='']\r\n<h3 style=\"text-align: center;\">Kundenreferenzen<\/h3>\r\n[\/av_textblock]\r\n\r\n[av_gallery ids='8166,8078,6535,6533,6532,6531,6166,4821,4830' style='thumbnails' preview_size='portfolio' crop_big_preview_thumbnail='avia-gallery-big-crop-thumb' thumb_size='portfolio' columns='3' imagelink='avianolink noLightbox' link_dest='' lightbox_text='caption' lazyload='avia_lazyload' img_scrset='' html_lazy_loading='disabled' av-desktop-hide='aviaTBav-desktop-hide' alb_description='' id='' custom_class='' template_class='' av_uid='av-l8lyne7z' sc_version='1.0' admin_preview_bg='']\r\n\r\n[av_partner heading='' type='slider' columns='6' navigation='no' control_layout='av-control-default' nav_visibility_desktop='' nav_arrow_color='' nav_arrow_bg_color='' nav_dots_color='' nav_dot_active_color='' size='no scaling' img_size_behave='' border='' img_border='' img_border_width='' img_border_width_sync='true' img_border_color='' border_radius='' border_radius_sync='true' box_shadow='' box_shadow_style='0px,0px,0px,0px' box_shadow_color='' padding='' padding_sync='true' animation='fade' transition_speed='' autoplay='true' interval='3' heading_tag='' heading_class='' img_scrset='' lazy_loading='enabled' av-medium-hide='aviaTBav-medium-hide' av-small-hide='aviaTBav-small-hide' av-mini-hide='aviaTBav-mini-hide' el_id='' custom_class='' template_class='' av_uid='av-13dv3b9' sc_version='1.0']\r\n[av_partner_logo id='6166' hover='' link='' linktitle='' link_target='' av_uid='av-zxscud' sc_version='1.0']\r\n[av_partner_logo id='8150' hover='' link='' link_target='' linktitle='' av_uid='av-l8ll9x3r' sc_version='1.0']\r\n[av_partner_logo id='8394' hover='' link='' link_target='' linktitle='' av_uid='av-ljy9o05t' sc_version='1.0']\r\n[av_partner_logo id='11111' av_uid='av-70u8l']\r\n[av_partner_logo id='8161' hover='' link='' link_target='' linktitle='' av_uid='av-l8ll9mbs' sc_version='1.0']\r\n[av_partner_logo id='6165' hover='' link='' linktitle='' link_target='' av_uid='av-u3x23p' sc_version='1.0']\r\n[av_partner_logo id='6532' hover='' link='' linktitle='' link_target='' av_uid='av-l0gs1z1c' sc_version='1.0']\r\n[av_partner_logo id='11064' av_uid='av-ympk5' hover='' link='' link_target='' linktitle='' sc_version='1.0']\r\n[av_partner_logo id='5909' av_uid='av-sav0tx' hover='' link='' linktitle='' link_target='' sc_version='1.0']\r\n[av_partner_logo id='6533' hover='' link='' linktitle='' link_target='' av_uid='av-l0gs1s81' sc_version='1.0']\r\n[av_partner_logo id='11071' av_uid='av-77fzl1' hover='' link='' link_target='' linktitle='' sc_version='1.0']\r\n[av_partner_logo id='11054' av_uid='av-6br31x' hover='' link='' link_target='' linktitle='' sc_version='1.0']\r\n[av_partner_logo id='8078' av_uid='av-59ncc5' hover='' link='' link_target='' linktitle='' sc_version='1.0']\r\n[av_partner_logo id='8166' hover='' link='' link_target='' linktitle='' av_uid='av-l8ll8uz2' sc_version='1.0']\r\n[av_partner_logo id='8315' hover='' link='' link_target='' linktitle='' av_uid='av-lk9t9mea' sc_version='1.0']\r\n[av_partner_logo id='9312' av_uid='av-7pu2gl' hover='' link='' link_target='' linktitle='' sc_version='1.0']\r\n[av_partner_logo id='11052' av_uid='av-4c4up1' hover='' link='' link_target='' linktitle='' sc_version='1.0']\r\n[av_partner_logo id='9479' av_uid='av-5l0xph' hover='' link='' link_target='' linktitle='' sc_version='1.0']\r\n[av_partner_logo id='9465' av_uid='av-3rieat' hover='' link='' link_target='' linktitle='' sc_version='1.0']\r\n[av_partner_logo id='6535' hover='' link='' linktitle='' link_target='' av_uid='av-l0gs1dr3' sc_version='1.0']\r\n[av_partner_logo id='9890' hover='' link='' link_target='' linktitle='' av_uid='av-lsel1akr' sc_version='1.0']\r\n[av_partner_logo id='9476' av_uid='av-2dphjp' hover='' link='' link_target='' linktitle='' sc_version='1.0']\r\n[av_partner_logo id='11038' av_uid='av-35qsf9' hover='' link='' link_target='' linktitle='' sc_version='1.0']\r\n[av_partner_logo id='8080' av_uid='av-3ln29x' hover='' link='' link_target='' linktitle='' sc_version='1.0']\r\n[av_partner_logo id='9729' hover='' link='' link_target='' linktitle='' av_uid='av-lsel0t27' sc_version='1.0']\r\n[av_partner_logo id='5910' av_uid='av-wtrfnp' hover='' link='' linktitle='' link_target='' sc_version='1.0']\r\n[av_partner_logo id='8086' av_uid='av-2y10f9' hover='' link='' link_target='' linktitle='' sc_version='1.0']\r\n[av_partner_logo id='6539' av_uid='av-2ni2g5' hover='' link='' linktitle='' link_target='' sc_version='1.0']\r\n[av_partner_logo id='7966' hover='' link='' link_target='' linktitle='' av_uid='av-lsel27im' sc_version='1.0']\r\n[av_partner_logo id='6098' hover='' link='' link_target='' linktitle='' av_uid='av-lsel42af' sc_version='1.0']\r\n[av_partner_logo id='8081' hover='' link='' link_target='' linktitle='' av_uid='av-lsel5ajg' sc_version='1.0']\r\n[av_partner_logo id='11040' av_uid='av-29kqlx' hover='' link='' link_target='' linktitle='' sc_version='1.0']\r\n[av_partner_logo id='9313' hover='' link='' link_target='' linktitle='' av_uid='av-l0gs6vyu' sc_version='1.0']\r\n[av_partner_logo id='8096' hover='' link='' link_target='' linktitle='' av_uid='av-lseldlwo' sc_version='1.0']\r\n[av_partner_logo id='8153' hover='' link='' link_target='' linktitle='' av_uid='av-lsellzhq' sc_version='1.0']\r\n[av_partner_logo id='8244' hover='' link='' link_target='' linktitle='' av_uid='av-lselssv5' sc_version='1.0']\r\n[\/av_partner]\r\n\r\n[av_hr class='custom' icon_select='yes' icon='ue87f' font='entypo-fontello' position='center' shadow='no-shadow' height='50' custom_border='av-border-thin' custom_width='250px' custom_margin_top='10px' custom_margin_bottom='30px' custom_border_color='#595959' custom_icon_color='#595959' id='' custom_class='' template_class='' av_uid='av-l0dscygk' sc_version='1.0' admin_preview_bg='']\r\n\r\n[av_button label='Referenzen & Kunden' icon_select='yes-right-icon' icon='ue832' font='entypo-fontello' link='page,4700' link_target='' size='large' position='center' label_display='' title_attr='' color_options='' color='theme-color' custom_bg='#444444' custom_font='#ffffff' btn_color_bg='theme-color' btn_custom_bg='#444444' btn_color_bg_hover='theme-color-highlight' btn_custom_bg_hover='#444444' btn_color_font='theme-color' btn_custom_font='#ffffff' id='' custom_class='' template_class='' av_uid='av-l0ds9r69' sc_version='1.0' admin_preview_bg='']\r\n\r\n[\/av_section]\n<div id='av_section_2'  class='avia-section av-nc888-26b66276b998fd4c71f6cda9f4579382 main_color avia-section-default avia-no-border-styling  avia-builder-el-13  el_after_av_postcontent  el_before_av_section  avia-bg-style-scroll container_wrap fullsize'  ><div class='container av-section-cont-open' ><div class='template-page content  av-content-full alpha units'><div class='post-entry post-entry-type-page post-entry-2176'><div class='entry-content-wrapper clearfix'>\n\n<style type=\"text\/css\" data-created_by=\"avia_inline_auto\" id=\"style-css-av-k5wbrmfc-37-d9b86f2a0fa7ea6f87dfff503e6cb707\">\n#top .flex_column.av-k5wbrmfc-37-d9b86f2a0fa7ea6f87dfff503e6cb707{\nmargin-top:30px;\nmargin-bottom:30px;\n}\n.flex_column.av-k5wbrmfc-37-d9b86f2a0fa7ea6f87dfff503e6cb707{\n-webkit-border-radius:0px 0px 0px 0px;\n-moz-border-radius:0px 0px 0px 0px;\nborder-radius:0px 0px 0px 0px;\npadding:0px 0px 0px 0px;\n}\n.responsive #top #wrap_all .flex_column.av-k5wbrmfc-37-d9b86f2a0fa7ea6f87dfff503e6cb707{\nmargin-top:30px;\nmargin-bottom:30px;\n}\n<\/style>\n<div class='flex_column av-k5wbrmfc-37-d9b86f2a0fa7ea6f87dfff503e6cb707 av_one_half  avia-builder-el-14  el_before_av_one_half  avia-builder-el-first  first flex_column_div av-animated-generic top-to-bottom av-zero-column-padding '     ><p>\n<style type=\"text\/css\" data-created_by=\"avia_inline_auto\" id=\"style-css-av-8zsuqo-a3d7289904e4ed03c7acc17717c1caeb\">\n#top .av-special-heading.av-8zsuqo-a3d7289904e4ed03c7acc17717c1caeb{\npadding-bottom:25px;\n}\nbody .av-special-heading.av-8zsuqo-a3d7289904e4ed03c7acc17717c1caeb .av-special-heading-tag .heading-char{\nfont-size:25px;\n}\n.av-special-heading.av-8zsuqo-a3d7289904e4ed03c7acc17717c1caeb .av-subheading{\nfont-size:15px;\n}\n<\/style>\n<div  class='av-special-heading av-8zsuqo-a3d7289904e4ed03c7acc17717c1caeb av-special-heading-h3 blockquote modern-quote  avia-builder-el-15  el_before_av_image  avia-builder-el-first  av-linked-heading'><h3 class='av-special-heading-tag'  itemprop=\"headline\"  >Ihr Fotograf<\/h3><div class=\"special-heading-border\"><div class=\"special-heading-inner-border\"><\/div><\/div><\/div><br \/>\n\n<style type=\"text\/css\" data-created_by=\"avia_inline_auto\" id=\"style-css-av-2umv-38-7b668e8a702c29727c2c62ad7881c486\">\n.avia-image-container.av-2umv-38-7b668e8a702c29727c2c62ad7881c486 img.avia_image{\nbox-shadow:none;\n}\n.avia-image-container.av-2umv-38-7b668e8a702c29727c2c62ad7881c486 .av-image-caption-overlay-center{\ncolor:#ffffff;\n}\n<\/style>\n<div  class='avia-image-container av-2umv-38-7b668e8a702c29727c2c62ad7881c486 av-styling- avia-align-center  avia-builder-el-16  el_after_av_heading  el_before_av_textblock '   itemprop=\"image\" itemscope=\"itemscope\" itemtype=\"https:\/\/schema.org\/ImageObject\" ><div class=\"avia-image-container-inner\"><div class=\"avia-image-overlay-wrap\"><img decoding=\"async\" class='wp-image-4666 avia-img-lazy-loading-not-4666 avia_image ' src=\"https:\/\/www.grether-photography.com\/wp-content\/uploads\/2020\/07\/Portrait_Laurin.jpg\" alt='' title='Portrait_Laurin'  height=\"1708\" width=\"2560\"  itemprop=\"thumbnailUrl\" srcset=\"https:\/\/www.grether-photography.com\/wp-content\/uploads\/2020\/07\/Portrait_Laurin.jpg 2560w, https:\/\/www.grether-photography.com\/wp-content\/uploads\/2020\/07\/Portrait_Laurin-300x200.jpg 300w, https:\/\/www.grether-photography.com\/wp-content\/uploads\/2020\/07\/Portrait_Laurin-1030x687.jpg 1030w, https:\/\/www.grether-photography.com\/wp-content\/uploads\/2020\/07\/Portrait_Laurin-768x512.jpg 768w, https:\/\/www.grether-photography.com\/wp-content\/uploads\/2020\/07\/Portrait_Laurin-1536x1025.jpg 1536w, https:\/\/www.grether-photography.com\/wp-content\/uploads\/2020\/07\/Portrait_Laurin-2048x1366.jpg 2048w, https:\/\/www.grether-photography.com\/wp-content\/uploads\/2020\/07\/Portrait_Laurin-18x12.jpg 18w, https:\/\/www.grether-photography.com\/wp-content\/uploads\/2020\/07\/Portrait_Laurin-1500x1001.jpg 1500w, https:\/\/www.grether-photography.com\/wp-content\/uploads\/2020\/07\/Portrait_Laurin-705x470.jpg 705w\" sizes=\"(max-width: 2560px) 100vw, 2560px\" \/><\/div><\/div><\/div><br \/>\n<section  class='av_textblock_section av-k5wbumfz-36-e845bdeac1b640f765f546e1901bf29d'  itemscope=\"itemscope\" itemtype=\"https:\/\/schema.org\/CreativeWork\" ><div class='avia_textblock'  itemprop=\"text\" ><p><em><strong>Laurin Grether:<\/strong> F\u00fcr Sie unterwegs als Fotograf f\u00fcr Firmen, Events, Immobilien, Protraits, Drohnenfotos und vieles mehr.<\/em><\/p>\n<\/div><\/section><br \/>\n\n<style type=\"text\/css\" data-created_by=\"avia_inline_auto\" id=\"style-css-av-k5wbd76n-35-f14354773dd4b540236838866a931fd3\">\n#top .hr.hr-invisible.av-k5wbd76n-35-f14354773dd4b540236838866a931fd3{\nheight:20px;\n}\n<\/style>\n<div  class='hr av-k5wbd76n-35-f14354773dd4b540236838866a931fd3 hr-invisible  avia-builder-el-18  el_after_av_textblock  avia-builder-el-last '><span class='hr-inner '><span class=\"hr-inner-style\"><\/span><\/span><\/div><\/p><\/div>\n<style type=\"text\/css\" data-created_by=\"avia_inline_auto\" id=\"style-css-av-k5wbrmfc-33-003823f7404b23bc450ac786b8c4be9c\">\n#top .flex_column.av-k5wbrmfc-33-003823f7404b23bc450ac786b8c4be9c{\nmargin-top:30px;\nmargin-bottom:30px;\n}\n.flex_column.av-k5wbrmfc-33-003823f7404b23bc450ac786b8c4be9c{\n-webkit-border-radius:0px 0px 0px 0px;\n-moz-border-radius:0px 0px 0px 0px;\nborder-radius:0px 0px 0px 0px;\npadding:0px 0px 0px 0px;\n}\n.responsive #top #wrap_all .flex_column.av-k5wbrmfc-33-003823f7404b23bc450ac786b8c4be9c{\nmargin-top:30px;\nmargin-bottom:30px;\n}\n<\/style>\n<div class='flex_column av-k5wbrmfc-33-003823f7404b23bc450ac786b8c4be9c av_one_half  avia-builder-el-19  el_after_av_one_half  avia-builder-el-last  flex_column_div av-animated-generic top-to-bottom av-zero-column-padding '     ><p>\n<style type=\"text\/css\" data-created_by=\"avia_inline_auto\" id=\"style-css-av-7saa4w-588b6c3c43bafe4e114d19ed7aa39079\">\n#top .av-special-heading.av-7saa4w-588b6c3c43bafe4e114d19ed7aa39079{\npadding-bottom:25px;\n}\nbody .av-special-heading.av-7saa4w-588b6c3c43bafe4e114d19ed7aa39079 .av-special-heading-tag .heading-char{\nfont-size:25px;\n}\n.av-special-heading.av-7saa4w-588b6c3c43bafe4e114d19ed7aa39079 .av-subheading{\nfont-size:15px;\n}\n<\/style>\n<div  class='av-special-heading av-7saa4w-588b6c3c43bafe4e114d19ed7aa39079 av-special-heading-h3 blockquote modern-quote  avia-builder-el-20  el_before_av_iconlist  avia-builder-el-first  av-linked-heading'><h3 class='av-special-heading-tag'  itemprop=\"headline\"  >In der ganzen Schweiz f\u00fcr Sie da<\/h3><div class=\"special-heading-border\"><div class=\"special-heading-inner-border\"><\/div><\/div><\/div><br \/>\n\n<style type=\"text\/css\" data-created_by=\"avia_inline_auto\" id=\"style-css-av-k6c4hnu5-5cda258ff13e472403f0926ff713be64\">\n#top .avia-icon-list-container.av-k6c4hnu5-5cda258ff13e472403f0926ff713be64 .iconlist_icon{\ncolor:#ffffff;\nbackground-color:#353535;\n}\n<\/style>\n<div  class='avia-icon-list-container av-k6c4hnu5-5cda258ff13e472403f0926ff713be64  avia-builder-el-21  el_after_av_heading  el_before_av_textblock '><ul class='avia-icon-list avia_animate_when_almost_visible avia-icon-list-left av-iconlist-small av-k6c4hnu5-5cda258ff13e472403f0926ff713be64 avia-iconlist-animate'>\n<li><div class='iconlist_icon av-l1559rh1-35a51744ba4159241035121a427913c3 avia-font-entypo-fontello'><span class='iconlist-char' aria-hidden='true' data-av_icon='\ue881' data-av_iconfont='entypo-fontello'><\/span><\/div><article class=\"article-icon-entry av-iconlist-empty\"  itemscope=\"itemscope\" itemtype=\"https:\/\/schema.org\/CreativeWork\" ><div class=\"iconlist_content_wrap\"><header class=\"entry-content-header\"><div class='av_iconlist_title iconlist_title_small  '  itemprop=\"headline\" ><a href='https:\/\/www.grether-photography.com\/en\/dienstleistungen\/portraitfotografie\/' title='Meine Dienstleistung als Portr\u00e4t-Fotograf'>Meine Dienstleistung als Portr\u00e4t-Fotograf<\/a><\/div><\/header><div class='iconlist_content '  itemprop=\"text\" ><\/div><\/div><footer class=\"entry-footer\"><\/footer><\/article><div class=\"iconlist-timeline\"><\/div><\/li>\n<li><div class='iconlist_icon av-638phc-8925d488ef700006a0074bcee4df8b1b avia-font-entypo-fontello'><span class='iconlist-char' aria-hidden='true' data-av_icon='\ue881' data-av_iconfont='entypo-fontello'><\/span><\/div><article class=\"article-icon-entry av-iconlist-empty\"  itemscope=\"itemscope\" itemtype=\"https:\/\/schema.org\/CreativeWork\" ><div class=\"iconlist_content_wrap\"><header class=\"entry-content-header\"><div class='av_iconlist_title iconlist_title_small  '  itemprop=\"headline\" ><a href='https:\/\/www.grether-photography.com\/en\/zuerich-aargau\/fotograf-zuerich\/' title='Unterwegs f\u00fcr Sie auch in der Stadt Z\u00fcrich'>Unterwegs f\u00fcr Sie auch in der Stadt Z\u00fcrich<\/a><\/div><\/header><div class='iconlist_content '  itemprop=\"text\" ><\/div><\/div><footer class=\"entry-footer\"><\/footer><\/article><div class=\"iconlist-timeline\"><\/div><\/li>\n<li><div class='iconlist_icon av-l155bsoo-61c7c971b1444520804765a4bb7d366d avia-font-entypo-fontello'><span class='iconlist-char' aria-hidden='true' data-av_icon='\ue881' data-av_iconfont='entypo-fontello'><\/span><\/div><article class=\"article-icon-entry av-iconlist-empty\"  itemscope=\"itemscope\" itemtype=\"https:\/\/schema.org\/CreativeWork\" ><div class=\"iconlist_content_wrap\"><header class=\"entry-content-header\"><div class='av_iconlist_title iconlist_title_small  '  itemprop=\"headline\" ><a href='https:\/\/www.grether-photography.com\/en\/zuerich-aargau\/fotograf-brugg-turgi-windisch\/' title='Rufen Sie mich als Fotograf nach Brugg oder Windisch'>Rufen Sie mich als Fotograf nach Brugg oder Windisch<\/a><\/div><\/header><div class='iconlist_content '  itemprop=\"text\" ><\/div><\/div><footer class=\"entry-footer\"><\/footer><\/article><div class=\"iconlist-timeline\"><\/div><\/li>\n<li><div class='iconlist_icon av-4236ds-57ca10848ca40c2da5ea8b8925e64de7 avia-font-entypo-fontello'><span class='iconlist-char' aria-hidden='true' data-av_icon='\ue881' data-av_iconfont='entypo-fontello'><\/span><\/div><article class=\"article-icon-entry av-iconlist-empty\"  itemscope=\"itemscope\" itemtype=\"https:\/\/schema.org\/CreativeWork\" ><div class=\"iconlist_content_wrap\"><header class=\"entry-content-header\"><div class='av_iconlist_title iconlist_title_small  '  itemprop=\"headline\" ><a href='https:\/\/www.grether-photography.com\/en\/zuerich-aargau\/business-fotograf-zuerich-aargau\/' title='Ich mache Businessfogografie f\u00fcr Z\u00fcrich oder im Aargau'>Ich mache Businessfogografie f\u00fcr Z\u00fcrich oder im Aargau<\/a><\/div><\/header><div class='iconlist_content '  itemprop=\"text\" ><\/div><\/div><footer class=\"entry-footer\"><\/footer><\/article><div class=\"iconlist-timeline\"><\/div><\/li>\n<li><div class='iconlist_icon av-2e0jg0-bed079984378950b804d81c42e72321f avia-font-entypo-fontello'><span class='iconlist-char' aria-hidden='true' data-av_icon='\ue881' data-av_iconfont='entypo-fontello'><\/span><\/div><article class=\"article-icon-entry av-iconlist-empty\"  itemscope=\"itemscope\" itemtype=\"https:\/\/schema.org\/CreativeWork\" ><div class=\"iconlist_content_wrap\"><header class=\"entry-content-header\"><div class='av_iconlist_title iconlist_title_small  '  itemprop=\"headline\" ><a href='https:\/\/www.grether-photography.com\/en\/ostschweiz\/fotograf-ilanz\/' title='Als Fotograf im Einsatz auch in Ilanz'>Als Fotograf im Einsatz auch in Ilanz<\/a><\/div><\/header><div class='iconlist_content '  itemprop=\"text\" ><\/div><\/div><footer class=\"entry-footer\"><\/footer><\/article><div class=\"iconlist-timeline\"><\/div><\/li>\n<\/ul><\/div><br \/>\n<section  class='av_textblock_section av-k5wbumfz-31-518649b9d78f0e1de0c6af0962ef441c'  itemscope=\"itemscope\" itemtype=\"https:\/\/schema.org\/CreativeWork\" ><div class='avia_textblock'  itemprop=\"text\" ><p>Ich biete ein breites Fotoangebot f\u00fcr Firmen und Private: Als Fotograf bin ich in Schlieren bei Unternehmen im Industrie- und Dienstleistungs-Segment unterwegs, die ihre B\u00fcros oder Mitarbeiter fotografieren m\u00f6chten. Fotos von Menschen: Ganzk\u00f6rper oder das Portrait f\u00fcr die Webseite oder den Katalog. Ich setze f\u00fcr Luftaufnahmen die Drohne ein: Hochaufgel\u00f6ste Bilder mit Ihrem Firmengeb\u00e4ude oder Privathaus. Oft f\u00fchren mich die Kontakte auch zu Familien, die sich mit Eltern, Kids, Grosseltern und Hund in Szene setzen m\u00f6chten.<\/p>\n<\/div><\/section><br \/>\n\n<style type=\"text\/css\" data-created_by=\"avia_inline_auto\" id=\"style-css-av-k5wbd76n-30-ed29def8cc8f00a832ca6eba026711d7\">\n#top .hr.hr-invisible.av-k5wbd76n-30-ed29def8cc8f00a832ca6eba026711d7{\nheight:20px;\n}\n<\/style>\n<div  class='hr av-k5wbd76n-30-ed29def8cc8f00a832ca6eba026711d7 hr-invisible  avia-builder-el-23  el_after_av_textblock  el_before_av_buttonrow '><span class='hr-inner '><span class=\"hr-inner-style\"><\/span><\/span><\/div><br \/>\n<div  class='avia-buttonrow-wrap av-kewxp7nr-2d3b281201091957b99f0f4976930a1f avia-buttonrow-left  avia-builder-el-24  el_after_av_hr  avia-builder-el-last '>\n\n<style type=\"text\/css\" data-created_by=\"avia_inline_auto\" id=\"style-css-av-g1gco-5d8b894c757d81da0e484c110e11ee2f\">\n#top #wrap_all .avia-button.av-g1gco-5d8b894c757d81da0e484c110e11ee2f{\nmargin-bottom:30px;\nmargin-right:30px;\n}\n<\/style>\n<a href='https:\/\/www.grether-photography.com\/en\/kontakt\/'  class='avia-button av-g1gco-5d8b894c757d81da0e484c110e11ee2f avia-icon_select-yes-left-icon avia-size-large avia-color-theme-color'  ><span class='avia_button_icon avia_button_icon_left ' aria-hidden='true' data-av_icon='\ue83c' data-av_iconfont='entypo-fontello'><\/span><span class='avia_iconbox_title' >Kontakt<\/span><\/a>\n\n<style type=\"text\/css\" data-created_by=\"avia_inline_auto\" id=\"style-css-av-bal48-4aef9fde07c43ef8621e4d2b188f889d\">\n#top #wrap_all .avia-button.av-bal48-4aef9fde07c43ef8621e4d2b188f889d{\nmargin-bottom:30px;\nmargin-right:30px;\n}\n<\/style>\n<a href='https:\/\/www.grether-photography.com\/en\/ueber-mich\/'  class='avia-button av-bal48-4aef9fde07c43ef8621e4d2b188f889d avia-icon_select-yes-left-icon avia-size-large avia-color-theme-color'  ><span class='avia_button_icon avia_button_icon_left ' aria-hidden='true' data-av_icon='\ue80a' data-av_iconfont='entypo-fontello'><\/span><span class='avia_iconbox_title' >\u00dcber mich<\/span><\/a>\n<\/div><\/p><\/div><\/div><\/div><\/div><!-- close content main div --><\/div><\/div>\n<style type=\"text\/css\" data-created_by=\"avia_inline_auto\" id=\"style-css-av-q0w7-41-b6e05186612a224c19280e57d7097983\">\n.avia-section.av-q0w7-41-b6e05186612a224c19280e57d7097983 .av-parallax .av-parallax-inner{\nbackground-repeat:no-repeat;\nbackground-image:url(https:\/\/www.grether-photography.com\/wp-content\/uploads\/2020\/02\/fotograf_schlieren_metall_1-scaled.jpg);\nbackground-position:50% 100%;\nbackground-attachment:scroll;\n}\n.avia-section.av-q0w7-41-b6e05186612a224c19280e57d7097983 .av-section-color-overlay{\nopacity:0.6;\nbackground-color:#020202;\n}\n<\/style>\n<div id='av_section_3'  class='avia-section av-q0w7-41-b6e05186612a224c19280e57d7097983 alternate_color avia-section-huge avia-shadow  avia-builder-el-25  el_after_av_section  el_before_av_postcontent  av-parallax-section avia-bg-style-parallax av-section-color-overlay-active av-minimum-height av-minimum-height-75  container_wrap fullsize'  data-section-bg-repeat='no-repeat' data-av_minimum_height_pc='75'><div class='av-parallax' data-avia-parallax-ratio='0.3' ><div class='av-parallax-inner alternate_color avia-full-stretch'><\/div><\/div><div class=\"av-section-color-overlay-wrap\"><div class=\"av-section-color-overlay\"><\/div><div class='container av-section-cont-open' ><div class='template-page content  av-content-full alpha units'><div class='post-entry post-entry-type-page post-entry-2176'><div class='entry-content-wrapper clearfix'>\n\n<style type=\"text\/css\" data-created_by=\"avia_inline_auto\" id=\"style-css-av-4b1r1c-acb63e52d958aa5cc01eb59247ddb50f\">\n#top .av-special-heading.av-4b1r1c-acb63e52d958aa5cc01eb59247ddb50f{\npadding-bottom:10px;\ncolor:#ffffff;\n}\nbody .av-special-heading.av-4b1r1c-acb63e52d958aa5cc01eb59247ddb50f .av-special-heading-tag .heading-char{\nfont-size:25px;\n}\n.av-special-heading.av-4b1r1c-acb63e52d958aa5cc01eb59247ddb50f .special-heading-inner-border{\nborder-color:#ffffff;\n}\n.av-special-heading.av-4b1r1c-acb63e52d958aa5cc01eb59247ddb50f .av-subheading{\nfont-size:25px;\n}\n<\/style>\n<div  class='av-special-heading av-4b1r1c-acb63e52d958aa5cc01eb59247ddb50f av-special-heading-h2 custom-color-heading blockquote modern-quote modern-centered  avia-builder-el-26  el_before_av_hr  avia-builder-el-first  av-linked-heading'><h2 class='av-special-heading-tag'  itemprop=\"headline\"  >Dienstleistungsangebot<\/h2><div class=\"special-heading-border\"><div class=\"special-heading-inner-border\"><\/div><\/div><\/div>\n\n<style type=\"text\/css\" data-created_by=\"avia_inline_auto\" id=\"style-css-av-k5wbd76n-27-004ac2e51b8bc7961b1113a7d17c5c64\">\n#top .hr.av-k5wbd76n-27-004ac2e51b8bc7961b1113a7d17c5c64{\nmargin-top:30px;\nmargin-bottom:50px;\n}\n.hr.av-k5wbd76n-27-004ac2e51b8bc7961b1113a7d17c5c64 .hr-inner{\nwidth:80px;\nborder-color:#ffffff;\n}\n<\/style>\n<div  class='hr av-k5wbd76n-27-004ac2e51b8bc7961b1113a7d17c5c64 hr-custom  avia-builder-el-27  el_after_av_heading  el_before_av_one_fourth  hr-center hr-icon-no'><span class='hr-inner inner-border-av-border-fat'><span class=\"hr-inner-style\"><\/span><\/span><\/div>\n\n<style type=\"text\/css\" data-created_by=\"avia_inline_auto\" id=\"style-css-av-k5wbrmfc-29-8307722100870ce030a10e0d15700f52\">\n#top .flex_column.av-k5wbrmfc-29-8307722100870ce030a10e0d15700f52{\nmargin-top:30px;\nmargin-bottom:30px;\n}\n.flex_column.av-k5wbrmfc-29-8307722100870ce030a10e0d15700f52{\n-webkit-border-radius:0px 0px 0px 0px;\n-moz-border-radius:0px 0px 0px 0px;\nborder-radius:0px 0px 0px 0px;\npadding:0px 0px 0px 0px;\n}\n.responsive #top #wrap_all .flex_column.av-k5wbrmfc-29-8307722100870ce030a10e0d15700f52{\nmargin-top:30px;\nmargin-bottom:30px;\n}\n<\/style>\n<div class='flex_column av-k5wbrmfc-29-8307722100870ce030a10e0d15700f52 av_one_fourth  avia-builder-el-28  el_after_av_hr  el_before_av_one_fourth  first flex_column_div av-animated-generic pop-up av-zero-column-padding '     ><p>\n<style type=\"text\/css\" data-created_by=\"avia_inline_auto\" id=\"style-css-av-k5whdufl-586d7e4736e248f75efce073b2bdb365\">\n.av_font_icon.av-k5whdufl-586d7e4736e248f75efce073b2bdb365{\ncolor:#ffffff;\nborder-color:#ffffff;\n}\n.av_font_icon.av-k5whdufl-586d7e4736e248f75efce073b2bdb365 .av-icon-char{\nfont-size:60px;\nline-height:60px;\nwidth:60px;\n}\n<\/style>\n<span  class='av_font_icon av-k5whdufl-586d7e4736e248f75efce073b2bdb365 avia_animate_when_visible av-icon-style-border avia-icon-pos-center avia-icon-animate'><span class='av-icon-char' aria-hidden='true' data-av_icon='\ue800' data-av_iconfont='fontello' ><\/span><\/span><br \/>\n\n<style type=\"text\/css\" data-created_by=\"avia_inline_auto\" id=\"style-css-av-k5wbumfz-28-bf1b722545252127e32c6ff770ecdd9d\">\n#top .av_textblock_section.av-k5wbumfz-28-bf1b722545252127e32c6ff770ecdd9d .avia_textblock{\nfont-size:19px;\ncolor:#ffffff;\n}\n<\/style>\n<section  class='av_textblock_section av-k5wbumfz-28-bf1b722545252127e32c6ff770ecdd9d'  itemscope=\"itemscope\" itemtype=\"https:\/\/schema.org\/CreativeWork\" ><div class='avia_textblock av_inherit_color'  itemprop=\"text\" ><p style=\"text-align: center;\">F\u00fcr Firmen aller Branchen: Business-Fotografie<\/p>\n<\/div><\/section><\/p><\/div>\n<style type=\"text\/css\" data-created_by=\"avia_inline_auto\" id=\"style-css-av-k5wbrmfc-24-615966cdf838b625733404114de4e79f\">\n#top .flex_column.av-k5wbrmfc-24-615966cdf838b625733404114de4e79f{\nmargin-top:30px;\nmargin-bottom:30px;\n}\n.flex_column.av-k5wbrmfc-24-615966cdf838b625733404114de4e79f{\n-webkit-border-radius:0px 0px 0px 0px;\n-moz-border-radius:0px 0px 0px 0px;\nborder-radius:0px 0px 0px 0px;\npadding:0px 0px 0px 0px;\n}\n.responsive #top #wrap_all .flex_column.av-k5wbrmfc-24-615966cdf838b625733404114de4e79f{\nmargin-top:30px;\nmargin-bottom:30px;\n}\n<\/style>\n<div class='flex_column av-k5wbrmfc-24-615966cdf838b625733404114de4e79f av_one_fourth  avia-builder-el-31  el_after_av_one_fourth  el_before_av_one_fourth  flex_column_div av-animated-generic pop-up av-zero-column-padding '     ><p>\n<style type=\"text\/css\" data-created_by=\"avia_inline_auto\" id=\"style-css-av-k5whdufl-23-f383c061d676b706e2514ace9664dac1\">\n.av_font_icon.av-k5whdufl-23-f383c061d676b706e2514ace9664dac1{\ncolor:#ffffff;\nborder-color:#ffffff;\n}\n.av_font_icon.av-k5whdufl-23-f383c061d676b706e2514ace9664dac1 .av-icon-char{\nfont-size:60px;\nline-height:60px;\nwidth:60px;\n}\n<\/style>\n<span  class='av_font_icon av-k5whdufl-23-f383c061d676b706e2514ace9664dac1 avia_animate_when_visible av-icon-style-border avia-icon-pos-center avia-icon-animate'><span class='av-icon-char' aria-hidden='true' data-av_icon='\ue802' data-av_iconfont='fontello' ><\/span><\/span><br \/>\n\n<style type=\"text\/css\" data-created_by=\"avia_inline_auto\" id=\"style-css-av-k5wbumfz-22-4d0062ced0320ad6a45982a71806aaf6\">\n#top .av_textblock_section.av-k5wbumfz-22-4d0062ced0320ad6a45982a71806aaf6 .avia_textblock{\nfont-size:19px;\ncolor:#ffffff;\n}\n<\/style>\n<section  class='av_textblock_section av-k5wbumfz-22-4d0062ced0320ad6a45982a71806aaf6'  itemscope=\"itemscope\" itemtype=\"https:\/\/schema.org\/CreativeWork\" ><div class='avia_textblock av_inherit_color'  itemprop=\"text\" ><p style=\"text-align: center;\">F\u00fcr Marketing und Werbung: Die Immobilien- und Architekturfotografie<\/p>\n<\/div><\/section><\/p><\/div>\n<style type=\"text\/css\" data-created_by=\"avia_inline_auto\" id=\"style-css-av-k5wbrmfc-21-369a1ca3d906e40e24cea23701176e61\">\n#top .flex_column.av-k5wbrmfc-21-369a1ca3d906e40e24cea23701176e61{\nmargin-top:30px;\nmargin-bottom:30px;\n}\n.flex_column.av-k5wbrmfc-21-369a1ca3d906e40e24cea23701176e61{\n-webkit-border-radius:0px 0px 0px 0px;\n-moz-border-radius:0px 0px 0px 0px;\nborder-radius:0px 0px 0px 0px;\npadding:0px 0px 0px 0px;\n}\n.responsive #top #wrap_all .flex_column.av-k5wbrmfc-21-369a1ca3d906e40e24cea23701176e61{\nmargin-top:30px;\nmargin-bottom:30px;\n}\n<\/style>\n<div class='flex_column av-k5wbrmfc-21-369a1ca3d906e40e24cea23701176e61 av_one_fourth  avia-builder-el-34  el_after_av_one_fourth  el_before_av_one_fourth  flex_column_div av-animated-generic pop-up av-zero-column-padding '     ><p>\n<style type=\"text\/css\" data-created_by=\"avia_inline_auto\" id=\"style-css-av-k5whdufl-20-62d5a02e3aff72dc1f4f8b4e3fae1df3\">\n.av_font_icon.av-k5whdufl-20-62d5a02e3aff72dc1f4f8b4e3fae1df3{\ncolor:#ffffff;\nborder-color:#ffffff;\n}\n.av_font_icon.av-k5whdufl-20-62d5a02e3aff72dc1f4f8b4e3fae1df3 .av-icon-char{\nfont-size:60px;\nline-height:60px;\nwidth:60px;\n}\n<\/style>\n<span  class='av_font_icon av-k5whdufl-20-62d5a02e3aff72dc1f4f8b4e3fae1df3 avia_animate_when_visible av-icon-style-border avia-icon-pos-center avia-icon-animate'><span class='av-icon-char' aria-hidden='true' data-av_icon='\ue827' data-av_iconfont='entypo-fontello' ><\/span><\/span><br \/>\n\n<style type=\"text\/css\" data-created_by=\"avia_inline_auto\" id=\"style-css-av-k5wbumfz-19-9e8af74de1b2eb2b53ce06f1457b8adf\">\n#top .av_textblock_section.av-k5wbumfz-19-9e8af74de1b2eb2b53ce06f1457b8adf .avia_textblock{\nfont-size:19px;\ncolor:#ffffff;\n}\n<\/style>\n<section  class='av_textblock_section av-k5wbumfz-19-9e8af74de1b2eb2b53ce06f1457b8adf'  itemscope=\"itemscope\" itemtype=\"https:\/\/schema.org\/CreativeWork\" ><div class='avia_textblock av_inherit_color'  itemprop=\"text\" ><p style=\"text-align: center;\">An Veranstaltungen und Messen dabei: Die Eventfotografie<\/p>\n<\/div><\/section><\/p><\/div>\n<style type=\"text\/css\" data-created_by=\"avia_inline_auto\" id=\"style-css-av-k5wbrmfc-18-4f962447a22b29c34eb984909db401ee\">\n#top .flex_column.av-k5wbrmfc-18-4f962447a22b29c34eb984909db401ee{\nmargin-top:30px;\nmargin-bottom:30px;\n}\n.flex_column.av-k5wbrmfc-18-4f962447a22b29c34eb984909db401ee{\n-webkit-border-radius:0px 0px 0px 0px;\n-moz-border-radius:0px 0px 0px 0px;\nborder-radius:0px 0px 0px 0px;\npadding:0px 0px 0px 0px;\n}\n.responsive #top #wrap_all .flex_column.av-k5wbrmfc-18-4f962447a22b29c34eb984909db401ee{\nmargin-top:30px;\nmargin-bottom:30px;\n}\n<\/style>\n<div class='flex_column av-k5wbrmfc-18-4f962447a22b29c34eb984909db401ee av_one_fourth  avia-builder-el-37  el_after_av_one_fourth  el_before_av_hr  flex_column_div av-animated-generic pop-up av-zero-column-padding '     ><p>\n<style type=\"text\/css\" data-created_by=\"avia_inline_auto\" id=\"style-css-av-k5whdufl-17-5fd2adc3dda6a716a0a0427c90f03d48\">\n.av_font_icon.av-k5whdufl-17-5fd2adc3dda6a716a0a0427c90f03d48{\ncolor:#ffffff;\nborder-color:#ffffff;\n}\n.av_font_icon.av-k5whdufl-17-5fd2adc3dda6a716a0a0427c90f03d48 .av-icon-char{\nfont-size:60px;\nline-height:60px;\nwidth:60px;\n}\n<\/style>\n<span  class='av_font_icon av-k5whdufl-17-5fd2adc3dda6a716a0a0427c90f03d48 avia_animate_when_visible av-icon-style-border avia-icon-pos-center avia-icon-animate'><span class='av-icon-char' aria-hidden='true' data-av_icon='\ue80f' data-av_iconfont='entypo-fontello' ><\/span><\/span><br \/>\n\n<style type=\"text\/css\" data-created_by=\"avia_inline_auto\" id=\"style-css-av-k5wbumfz-16-b4a06608a2f8ce4718b35e46c30650bb\">\n#top .av_textblock_section.av-k5wbumfz-16-b4a06608a2f8ce4718b35e46c30650bb .avia_textblock{\nfont-size:19px;\ncolor:#ffffff;\n}\n<\/style>\n<section  class='av_textblock_section av-k5wbumfz-16-b4a06608a2f8ce4718b35e46c30650bb'  itemscope=\"itemscope\" itemtype=\"https:\/\/schema.org\/CreativeWork\" ><div class='avia_textblock av_inherit_color'  itemprop=\"text\" ><p style=\"text-align: center;\">Kunstvoll und bei Portraits: Die Schwarz-Weiss-Fotografie<\/p>\n<\/div><\/section><\/p><\/div>\n<style type=\"text\/css\" data-created_by=\"avia_inline_auto\" id=\"style-css-av-k5wbd76n-25-ef86ef93a56f1cbd76ac24a910bdad84\">\n#top .hr.av-k5wbd76n-25-ef86ef93a56f1cbd76ac24a910bdad84{\nmargin-top:30px;\nmargin-bottom:50px;\n}\n.hr.av-k5wbd76n-25-ef86ef93a56f1cbd76ac24a910bdad84 .hr-inner{\nwidth:80px;\nborder-color:#ffffff;\n}\n<\/style>\n<div  class='hr av-k5wbd76n-25-ef86ef93a56f1cbd76ac24a910bdad84 hr-custom  avia-builder-el-40  el_after_av_one_fourth  el_before_av_button  hr-center hr-icon-no'><span class='hr-inner inner-border-av-border-fat'><span class=\"hr-inner-style\"><\/span><\/span><\/div>\n<div  class='avia-button-wrap av-k5wbvrky-34-a65dbe0c8034d197cf719ff82c36c8a6-wrap avia-button-center  avia-builder-el-41  el_after_av_hr  avia-builder-el-last '><a href='https:\/\/www.grether-photography.com\/en\/kontakt\/'  class='avia-button av-k5wbvrky-34-a65dbe0c8034d197cf719ff82c36c8a6 avia-icon_select-yes-right-icon avia-size-x-large avia-position-center avia-color-light'  ><span class='avia_iconbox_title' >Kontakt aufnehmen<\/span><span class='avia_button_icon avia_button_icon_right' aria-hidden='true' data-av_icon='\ue832' data-av_iconfont='entypo-fontello'><\/span><\/a><\/div>\n<\/p>\n[av_masonry_gallery ids='8492,11180,10575,11255,7139' caption_elements='title' caption_styling='' caption_display='always' img_copyright='' size='fixed' orientation='' image_size='masonry' gap='large' columns='5' av-desktop-columns='' av-medium-columns='' av-small-columns='' av-mini-columns='' items='24' paginate='none' color='' custom_bg='' img_copyright_font='' av-desktop-font-img_copyright_font='' av-medium-font-img_copyright_font='' av-small-font-img_copyright_font='' av-mini-font-img_copyright_font='' img_copyright_color='' img_copyright_bg='' animation='active' animation_duration='' animation_custom_bg_color='' animation_custom_bg_color_multi_list='' animation_z_index_curtain='100' overlay_fx='' container_links='active' link_dest='' lightbox_text='' img_scrset='' lazy_loading='disabled' alb_description='' id='' custom_class='' template_class='' av_uid='av-l0tc71bo' sc_version='1.0']\r\n\r\n\n<div id='av_section_4'  class='avia-section av-q0w7-26-aa51c24e72f836bb09c66b4631ef1563 main_color avia-section-huge avia-no-border-styling  avia-builder-el-43  el_after_av_postcontent  el_before_av_section  avia-bg-style-scroll container_wrap fullsize'  ><div class='container av-section-cont-open' ><div class='template-page content  av-content-full alpha units'><div class='post-entry post-entry-type-page post-entry-2176'><div class='entry-content-wrapper clearfix'>\n\n<style type=\"text\/css\" data-created_by=\"avia_inline_auto\" id=\"style-css-av-6mdxc-358ba44d9443eb094afe15c14a87741c\">\n#top .av-special-heading.av-6mdxc-358ba44d9443eb094afe15c14a87741c{\npadding-bottom:10px;\n}\nbody .av-special-heading.av-6mdxc-358ba44d9443eb094afe15c14a87741c .av-special-heading-tag .heading-char{\nfont-size:25px;\n}\n.av-special-heading.av-6mdxc-358ba44d9443eb094afe15c14a87741c .av-subheading{\nfont-size:25px;\n}\n<\/style>\n<div  class='av-special-heading av-6mdxc-358ba44d9443eb094afe15c14a87741c av-special-heading-h2 blockquote modern-quote modern-centered  avia-builder-el-44  el_before_av_hr  avia-builder-el-first '><h2 class='av-special-heading-tag'  itemprop=\"headline\"  >Fotograf f\u00fcr Ihre Fotosession <br \/>Business-Fotografie in Schlieren<\/h2><div class=\"special-heading-border\"><div class=\"special-heading-inner-border\"><\/div><\/div><\/div>\n\n<style type=\"text\/css\" data-created_by=\"avia_inline_auto\" id=\"style-css-av-k5wbd76n-13-74326cdec7ecb0baf23144462f1146cc\">\n#top .hr.av-k5wbd76n-13-74326cdec7ecb0baf23144462f1146cc{\nmargin-top:30px;\nmargin-bottom:30px;\n}\n.hr.av-k5wbd76n-13-74326cdec7ecb0baf23144462f1146cc .hr-inner{\nwidth:80px;\nborder-color:#353535;\n}\n<\/style>\n<div  class='hr av-k5wbd76n-13-74326cdec7ecb0baf23144462f1146cc hr-custom  avia-builder-el-45  el_after_av_heading  el_before_av_one_half  hr-center hr-icon-no'><span class='hr-inner inner-border-av-border-fat'><span class=\"hr-inner-style\"><\/span><\/span><\/div>\n\n<style type=\"text\/css\" data-created_by=\"avia_inline_auto\" id=\"style-css-av-k5wbrmfc-15-233a9ef8378451170da6b9bff3fe431b\">\n#top .flex_column.av-k5wbrmfc-15-233a9ef8378451170da6b9bff3fe431b{\nmargin-top:30px;\nmargin-bottom:30px;\n}\n.flex_column.av-k5wbrmfc-15-233a9ef8378451170da6b9bff3fe431b{\n-webkit-border-radius:0px 0px 0px 0px;\n-moz-border-radius:0px 0px 0px 0px;\nborder-radius:0px 0px 0px 0px;\npadding:0px 0px 0px 0px;\n}\n.responsive #top #wrap_all .flex_column.av-k5wbrmfc-15-233a9ef8378451170da6b9bff3fe431b{\nmargin-top:30px;\nmargin-bottom:30px;\n}\n<\/style>\n<div class='flex_column av-k5wbrmfc-15-233a9ef8378451170da6b9bff3fe431b av_one_half  avia-builder-el-46  el_after_av_hr  el_before_av_one_half  first flex_column_div av-animated-generic top-to-bottom av-zero-column-padding '     ><article  class='iconbox iconbox_top av-k5wfl4hj-b73a452addd6792b0d6b8bb268887c07  avia-builder-el-47  avia-builder-el-no-sibling  main_color'  itemscope=\"itemscope\" itemtype=\"https:\/\/schema.org\/CreativeWork\" ><div class=\"iconbox_content\"><header class=\"entry-content-header\"><div class=\"iconbox_icon heading-color\" aria-hidden='true' data-av_icon='\ue80b' data-av_iconfont='entypo-fontello'><\/div><h3 class='iconbox_content_title '  itemprop=\"headline\" >Business- und Portraitfotos<\/h3><\/header><div class='iconbox_content_container '  itemprop=\"text\" ><p>Die Business-Fotografie soll den Kunden ansprechen und einladen, mit Ihrem Unternehmen Kontakt aufzunehmen. Freundliche Gesichter sind eine Einladung an Ihre Kundschaft. Deshalb spielen auch Business-Portraits eine grosse Rolle.<\/p>\n<\/div><\/div><footer class=\"entry-footer\"><\/footer><\/article><\/div>\n<style type=\"text\/css\" data-created_by=\"avia_inline_auto\" id=\"style-css-av-k5wbrmfc-9-f7bc0e1f2febe5831307799624dd2604\">\n#top .flex_column.av-k5wbrmfc-9-f7bc0e1f2febe5831307799624dd2604{\nmargin-top:30px;\nmargin-bottom:30px;\n}\n.flex_column.av-k5wbrmfc-9-f7bc0e1f2febe5831307799624dd2604{\n-webkit-border-radius:0px 0px 0px 0px;\n-moz-border-radius:0px 0px 0px 0px;\nborder-radius:0px 0px 0px 0px;\npadding:0px 0px 0px 0px;\n}\n.responsive #top #wrap_all .flex_column.av-k5wbrmfc-9-f7bc0e1f2febe5831307799624dd2604{\nmargin-top:30px;\nmargin-bottom:30px;\n}\n<\/style>\n<div class='flex_column av-k5wbrmfc-9-f7bc0e1f2febe5831307799624dd2604 av_one_half  avia-builder-el-48  el_after_av_one_half  avia-builder-el-last  flex_column_div av-animated-generic top-to-bottom av-zero-column-padding '     ><article  class='iconbox iconbox_top av-k5wfl4hj-8-cf1c7bf1c614d848a53bdebb21f12f7e  avia-builder-el-49  avia-builder-el-no-sibling  main_color'  itemscope=\"itemscope\" itemtype=\"https:\/\/schema.org\/CreativeWork\" ><div class=\"iconbox_content\"><header class=\"entry-content-header\"><div class=\"iconbox_icon heading-color\" aria-hidden='true' data-av_icon='\ue80e' data-av_iconfont='entypo-fontello'><\/div><h3 class='iconbox_content_title '  itemprop=\"headline\" >Augenblicke festhalten<\/h3><\/header><div class='iconbox_content_container '  itemprop=\"text\" ><p>Wenn Eventfotos zielgerichtet erstellt werden, dann k\u00f6nnen sie eine Geschichte erz\u00e4hlen. Eine gute Vorbereitung innerhalb der Location versetzt mich als Eventfotograf in Schlieren die besten Perspektiven zu finden.<\/p>\n<\/div><\/div><footer class=\"entry-footer\"><\/footer><\/article><\/div>\n\n<\/div><\/div><\/div><!-- close content main div --><\/div><\/div><div id='av_section_5'  class='avia-section av-q0w7-11-00b339141a4f8915498ab6dfe20ce194 alternate_color avia-section-huge avia-no-border-styling  avia-builder-el-50  el_after_av_section  el_before_av_section  avia-bg-style-scroll container_wrap fullsize'  ><div class='container av-section-cont-open' ><div class='template-page content  av-content-full alpha units'><div class='post-entry post-entry-type-page post-entry-2176'><div class='entry-content-wrapper clearfix'>\n\n<style type=\"text\/css\" data-created_by=\"avia_inline_auto\" id=\"style-css-av-5egfkg-eb9523cb78759e7b24fe1637b80b07ae\">\n#top .av-special-heading.av-5egfkg-eb9523cb78759e7b24fe1637b80b07ae{\npadding-bottom:10px;\n}\nbody .av-special-heading.av-5egfkg-eb9523cb78759e7b24fe1637b80b07ae .av-special-heading-tag .heading-char{\nfont-size:25px;\n}\n.av-special-heading.av-5egfkg-eb9523cb78759e7b24fe1637b80b07ae .av-subheading{\nfont-size:25px;\n}\n<\/style>\n<div  class='av-special-heading av-5egfkg-eb9523cb78759e7b24fe1637b80b07ae av-special-heading-h2 blockquote modern-quote modern-centered  avia-builder-el-51  el_before_av_hr  avia-builder-el-first  av-linked-heading'><h2 class='av-special-heading-tag'  itemprop=\"headline\"  >Vielfalt der professionellen Fotografie <br \/>in Schlieren<\/h2><div class=\"special-heading-border\"><div class=\"special-heading-inner-border\"><\/div><\/div><\/div>\n\n<style type=\"text\/css\" data-created_by=\"avia_inline_auto\" id=\"style-css-av-k5wbd76n-10-16d2fe9956f106fdcdc891c83875fb0d\">\n#top .hr.av-k5wbd76n-10-16d2fe9956f106fdcdc891c83875fb0d{\nmargin-top:30px;\nmargin-bottom:30px;\n}\n.hr.av-k5wbd76n-10-16d2fe9956f106fdcdc891c83875fb0d .hr-inner{\nwidth:80px;\nborder-color:#353535;\n}\n<\/style>\n<div  class='hr av-k5wbd76n-10-16d2fe9956f106fdcdc891c83875fb0d hr-custom  avia-builder-el-52  el_after_av_heading  el_before_av_one_half  hr-center hr-icon-no'><span class='hr-inner inner-border-av-border-fat'><span class=\"hr-inner-style\"><\/span><\/span><\/div>\n\n<style type=\"text\/css\" data-created_by=\"avia_inline_auto\" id=\"style-css-av-k5wbrmfc-7-85ccf7ce9505b1014387e8f1a258d226\">\n#top .flex_column.av-k5wbrmfc-7-85ccf7ce9505b1014387e8f1a258d226{\nmargin-top:30px;\nmargin-bottom:30px;\n}\n.flex_column.av-k5wbrmfc-7-85ccf7ce9505b1014387e8f1a258d226{\n-webkit-border-radius:0px 0px 0px 0px;\n-moz-border-radius:0px 0px 0px 0px;\nborder-radius:0px 0px 0px 0px;\npadding:0px 0px 0px 0px;\n}\n.responsive #top #wrap_all .flex_column.av-k5wbrmfc-7-85ccf7ce9505b1014387e8f1a258d226{\nmargin-top:30px;\nmargin-bottom:30px;\n}\n<\/style>\n<div class='flex_column av-k5wbrmfc-7-85ccf7ce9505b1014387e8f1a258d226 av_one_half  avia-builder-el-53  el_after_av_hr  el_before_av_one_half  first flex_column_div av-animated-generic top-to-bottom av-zero-column-padding '     ><section  class='av_textblock_section av-k5wbumfz-14-7bb8578d36889e65f8a56c912b19a0ff'  itemscope=\"itemscope\" itemtype=\"https:\/\/schema.org\/CreativeWork\" ><div class='avia_textblock'  itemprop=\"text\" ><h3 style=\"text-align: right;\">Einmalige Momente festhalten<\/h3>\n<\/div><\/section><br \/>\n\n<style type=\"text\/css\" data-created_by=\"avia_inline_auto\" id=\"style-css-av-k5wbd76n-6-e044a4bee1b20968c9ccc4fd5da077e0\">\n#top .hr.hr-invisible.av-k5wbd76n-6-e044a4bee1b20968c9ccc4fd5da077e0{\nheight:5px;\n}\n<\/style>\n<div  class='hr av-k5wbd76n-6-e044a4bee1b20968c9ccc4fd5da077e0 hr-invisible  avia-builder-el-55  el_after_av_textblock  el_before_av_textblock '><span class='hr-inner '><span class=\"hr-inner-style\"><\/span><\/span><\/div><br \/>\n<section  class='av_textblock_section av-k5wbumfz-4-aa41c4387b2f0e12af55bcd907f47c74'  itemscope=\"itemscope\" itemtype=\"https:\/\/schema.org\/CreativeWork\" ><div class='avia_textblock'  itemprop=\"text\" ><p style=\"text-align: right;\">Was ist Ihr Anliegen? Ben\u00f6tigen Sie Fotos der Mitarbeiter Ihres Unternehmens f\u00fcr einen Flyer, Ihre Webseite oder Ihren Social-Media-Auftritt? Gerne komme ich als Fotograf zu Ihnen nach Schlieren. Oder Sie m\u00f6chten Ihren Babybauch oder Ihr neugeborenes Kind in Szene setzen?<\/p>\n<p style=\"text-align: right;\">Gerne bin ich Business-Fotograf. Vielleicht m\u00f6chten Sie auch eine Immobilie von Ihrer besten Seite zeigen, so dass sie einen guten K\u00e4ufer findet? Dann freue ich mich, f\u00fcr Sie als Immobilienfotograf t\u00e4tig zu sein.<\/p>\n<\/div><\/section><br \/>\n\n<style type=\"text\/css\" data-created_by=\"avia_inline_auto\" id=\"style-css-av-k5wbd76n-3-dd274d804c89a2ca51bb1839c7b11c27\">\n#top .hr.hr-invisible.av-k5wbd76n-3-dd274d804c89a2ca51bb1839c7b11c27{\nheight:15px;\n}\n<\/style>\n<div  class='hr av-k5wbd76n-3-dd274d804c89a2ca51bb1839c7b11c27 hr-invisible  avia-builder-el-57  el_after_av_textblock  el_before_av_button '><span class='hr-inner '><span class=\"hr-inner-style\"><\/span><\/span><\/div><br \/>\n<div  class='avia-button-wrap av-k5wbvrky-12-c3acc974e7fbdc12b8553192a8bed7d5-wrap avia-button-right  avia-builder-el-58  el_after_av_hr  avia-builder-el-last '><a href='https:\/\/www.grether-photography.com\/en\/kontakt\/'  class='avia-button av-k5wbvrky-12-c3acc974e7fbdc12b8553192a8bed7d5 avia-icon_select-yes-right-icon avia-size-large avia-position-right avia-color-theme-color'  ><span class='avia_iconbox_title' >Fotoshooting buchen<\/span><span class='avia_button_icon avia_button_icon_right' aria-hidden='true' data-av_icon='\ue832' data-av_iconfont='entypo-fontello'><\/span><\/a><\/div><\/p><\/div>\n<style type=\"text\/css\" data-created_by=\"avia_inline_auto\" id=\"style-css-av-k5wbrmfc-5-8e2b91cda6da8d979ff7fc2330e42031\">\n#top .flex_column.av-k5wbrmfc-5-8e2b91cda6da8d979ff7fc2330e42031{\nmargin-top:30px;\nmargin-bottom:30px;\n}\n.flex_column.av-k5wbrmfc-5-8e2b91cda6da8d979ff7fc2330e42031{\n-webkit-border-radius:0px 0px 0px 0px;\n-moz-border-radius:0px 0px 0px 0px;\nborder-radius:0px 0px 0px 0px;\npadding:0px 0px 0px 0px;\n}\n.responsive #top #wrap_all .flex_column.av-k5wbrmfc-5-8e2b91cda6da8d979ff7fc2330e42031{\nmargin-top:30px;\nmargin-bottom:30px;\n}\n<\/style>\n<div class='flex_column av-k5wbrmfc-5-8e2b91cda6da8d979ff7fc2330e42031 av_one_half  avia-builder-el-59  el_after_av_one_half  avia-builder-el-last  flex_column_div av-animated-generic top-to-bottom av-zero-column-padding '     ><p>\n<style type=\"text\/css\" data-created_by=\"avia_inline_auto\" id=\"style-css-av-2umv-32-874ecd83f47700644babba95bbf6ba99\">\n.avia-image-container.av-2umv-32-874ecd83f47700644babba95bbf6ba99 img.avia_image{\nbox-shadow:none;\n}\n.avia-image-container.av-2umv-32-874ecd83f47700644babba95bbf6ba99 .av-image-caption-overlay-center{\ncolor:#ffffff;\n}\n<\/style>\n<div  class='avia-image-container av-2umv-32-874ecd83f47700644babba95bbf6ba99 av-styling- avia-align-center  avia-builder-el-60  el_before_av_textblock  avia-builder-el-first '   itemprop=\"image\" itemscope=\"itemscope\" itemtype=\"https:\/\/schema.org\/ImageObject\" ><div class=\"avia-image-container-inner\"><div class=\"avia-image-overlay-wrap\"><img decoding=\"async\" class='wp-image-8500 avia-img-lazy-loading-not-8500 avia_image ' src=\"https:\/\/www.grether-photography.com\/wp-content\/uploads\/2023\/07\/bb-3.jpg\" alt='' title='Viatris'  height=\"594\" width=\"891\"  itemprop=\"thumbnailUrl\" srcset=\"https:\/\/www.grether-photography.com\/wp-content\/uploads\/2023\/07\/bb-3.jpg 891w, https:\/\/www.grether-photography.com\/wp-content\/uploads\/2023\/07\/bb-3-300x200.jpg 300w, https:\/\/www.grether-photography.com\/wp-content\/uploads\/2023\/07\/bb-3-768x512.jpg 768w, https:\/\/www.grether-photography.com\/wp-content\/uploads\/2023\/07\/bb-3-18x12.jpg 18w, https:\/\/www.grether-photography.com\/wp-content\/uploads\/2023\/07\/bb-3-705x470.jpg 705w\" sizes=\"(max-width: 891px) 100vw, 891px\" \/><\/div><\/div><\/div><br \/>\n<section  class='av_textblock_section av-l1ezj85k-d0ef8f9e7097e0d8e03b7333ab703832'  itemscope=\"itemscope\" itemtype=\"https:\/\/schema.org\/CreativeWork\" ><div class='avia_textblock'  itemprop=\"text\" ><p><em>Mitarbeiter-Fotoshooting f\u00fcr Viatris Schweiz.<br \/>\n<\/em><\/p>\n<\/div><\/section><\/p><\/div>\n\n<\/div><\/div><\/div><!-- close content main div --><\/div><\/div><div id='av_section_6'  class='avia-section av-k6v9dznj-f212a9691792318b0b1268aa337c7fba main_color avia-section-huge avia-no-border-styling  avia-builder-el-62  el_after_av_section  el_before_av_postcontent  avia-bg-style-scroll container_wrap fullsize'  ><div class='container av-section-cont-open' ><div class='template-page content  av-content-full alpha units'><div class='post-entry post-entry-type-page post-entry-2176'><div class='entry-content-wrapper clearfix'>\n\n<style type=\"text\/css\" data-created_by=\"avia_inline_auto\" id=\"style-css-av-6cx00r-5bdc469312411a04dd72334e54c8999a\">\n.flex_column.av-6cx00r-5bdc469312411a04dd72334e54c8999a{\n-webkit-border-radius:0px 0px 0px 0px;\n-moz-border-radius:0px 0px 0px 0px;\nborder-radius:0px 0px 0px 0px;\npadding:0px 0px 0px 0px;\n}\n<\/style>\n<div class='flex_column av-6cx00r-5bdc469312411a04dd72334e54c8999a av_one_third  avia-builder-el-63  el_before_av_one_third  avia-builder-el-first  first flex_column_div av-animated-generic bottom-to-top av-zero-column-padding '     ><p>\n<style type=\"text\/css\" data-created_by=\"avia_inline_auto\" id=\"style-css-av-3plxjk-cf57d04465730029905111e3586ce133\">\n#top .av-special-heading.av-3plxjk-cf57d04465730029905111e3586ce133{\npadding-bottom:10px;\n}\nbody .av-special-heading.av-3plxjk-cf57d04465730029905111e3586ce133 .av-special-heading-tag .heading-char{\nfont-size:25px;\n}\n.av-special-heading.av-3plxjk-cf57d04465730029905111e3586ce133 .av-subheading{\nfont-size:15px;\n}\n<\/style>\n<div  class='av-special-heading av-3plxjk-cf57d04465730029905111e3586ce133 av-special-heading-h3 blockquote modern-quote  avia-builder-el-64  el_before_av_textblock  avia-builder-el-first  av-linked-heading'><h3 class='av-special-heading-tag'  itemprop=\"headline\"  >Wirtschaft<\/h3><div class=\"special-heading-border\"><div class=\"special-heading-inner-border\"><\/div><\/div><\/div><br \/>\n<section  class='av_textblock_section av-k6v9pir0-52eace6e763327aa02c8727f6c76947e'  itemscope=\"itemscope\" itemtype=\"https:\/\/schema.org\/CreativeWork\" ><div class='avia_textblock'  itemprop=\"text\" ><p>Stadt Schlieren mit mehr als 18.000 Einwohnern liegt im Nordwesten von Z\u00fcrich und geh\u00f6rt zum gleichnamigen Kanton. Der wirtschaftliche Schwerpunkt von Schlieren liegt bei Dienstleistungs- und Hitech-Unternehmen.<\/p>\n<\/div><\/section><\/p><\/div>\n<style type=\"text\/css\" data-created_by=\"avia_inline_auto\" id=\"style-css-av-3m91nf-0f8929d188f4c2e0b9c3b735ec57e630\">\n.flex_column.av-3m91nf-0f8929d188f4c2e0b9c3b735ec57e630{\n-webkit-border-radius:0px 0px 0px 0px;\n-moz-border-radius:0px 0px 0px 0px;\nborder-radius:0px 0px 0px 0px;\npadding:0px 0px 0px 0px;\n}\n<\/style>\n<div class='flex_column av-3m91nf-0f8929d188f4c2e0b9c3b735ec57e630 av_one_third  avia-builder-el-66  el_after_av_one_third  el_before_av_one_third  flex_column_div av-animated-generic bottom-to-top av-zero-column-padding '     ><p>\n<style type=\"text\/css\" data-created_by=\"avia_inline_auto\" id=\"style-css-av-2ss38w-d69a07a45de610541c30ad536a970984\">\n#top .av-special-heading.av-2ss38w-d69a07a45de610541c30ad536a970984{\npadding-bottom:10px;\n}\nbody .av-special-heading.av-2ss38w-d69a07a45de610541c30ad536a970984 .av-special-heading-tag .heading-char{\nfont-size:25px;\n}\n.av-special-heading.av-2ss38w-d69a07a45de610541c30ad536a970984 .av-subheading{\nfont-size:15px;\n}\n<\/style>\n<div  class='av-special-heading av-2ss38w-d69a07a45de610541c30ad536a970984 av-special-heading-h3 blockquote modern-quote  avia-builder-el-67  el_before_av_textblock  avia-builder-el-first  av-linked-heading'><h3 class='av-special-heading-tag'  itemprop=\"headline\"  >Outdoor Fotos<\/h3><div class=\"special-heading-border\"><div class=\"special-heading-inner-border\"><\/div><\/div><\/div><br \/>\n<section  class='av_textblock_section av-k6v9pir0-1-09f836cac93de11f19d689733b6721a9'  itemscope=\"itemscope\" itemtype=\"https:\/\/schema.org\/CreativeWork\" ><div class='avia_textblock'  itemprop=\"text\" ><p>Gerne decke ich hier den Bedarf an Business-Fotos. Als Hintergr\u00fcnde f\u00fcr Outdoor-Fotos bieten sich etwa der sch\u00f6ne Stadtpark und das ehemalige Gaswerk an.<\/p>\n<\/div><\/section><\/p><\/div>\n<style type=\"text\/css\" data-created_by=\"avia_inline_auto\" id=\"style-css-av-7n91n-dae6a0b495ae8abeaedcb51d0615d2f7\">\n.flex_column.av-7n91n-dae6a0b495ae8abeaedcb51d0615d2f7{\n-webkit-border-radius:0px 0px 0px 0px;\n-moz-border-radius:0px 0px 0px 0px;\nborder-radius:0px 0px 0px 0px;\npadding:0px 0px 0px 0px;\n}\n<\/style>\n<div class='flex_column av-7n91n-dae6a0b495ae8abeaedcb51d0615d2f7 av_one_third  avia-builder-el-69  el_after_av_one_third  avia-builder-el-last  flex_column_div av-animated-generic bottom-to-top av-zero-column-padding '     ><p>\n<style type=\"text\/css\" data-created_by=\"avia_inline_auto\" id=\"style-css-av-l155hjyw-bf2b328b9c39d1fc587d0bee737b68f4\">\n#top .av-special-heading.av-l155hjyw-bf2b328b9c39d1fc587d0bee737b68f4{\npadding-bottom:10px;\n}\nbody .av-special-heading.av-l155hjyw-bf2b328b9c39d1fc587d0bee737b68f4 .av-special-heading-tag .heading-char{\nfont-size:25px;\n}\n.av-special-heading.av-l155hjyw-bf2b328b9c39d1fc587d0bee737b68f4 .av-subheading{\nfont-size:15px;\n}\n<\/style>\n<div  class='av-special-heading av-l155hjyw-bf2b328b9c39d1fc587d0bee737b68f4 av-special-heading-h3 blockquote modern-quote  avia-builder-el-70  el_before_av_textblock  avia-builder-el-first  av-linked-heading'><h3 class='av-special-heading-tag'  itemprop=\"headline\"  >Events<\/h3><div class=\"special-heading-border\"><div class=\"special-heading-inner-border\"><\/div><\/div><\/div><br \/>\n<section  class='av_textblock_section av-l155k7me-fad155aab46d6d0576299512fb3920ec'  itemscope=\"itemscope\" itemtype=\"https:\/\/schema.org\/CreativeWork\" ><div class='avia_textblock'  itemprop=\"text\" ><p>Ich fotografiere f\u00fcr Sie an Messen und Kongressen oder Sportveranstaltungen. Damit Ihr Jubil\u00e4um oder der Mitarbeiter-Treff auf Social Media und der Firmenzeitung im besten Licht erscheint.<\/p>\n<\/div><\/section><br \/>\n\n<style type=\"text\/css\" data-created_by=\"avia_inline_auto\" id=\"style-css-av-2umv-2-356cf37bad974a0ea2fc77d928ad226f\">\n.avia-image-container.av-2umv-2-356cf37bad974a0ea2fc77d928ad226f img.avia_image{\nbox-shadow:none;\n}\n.avia-image-container.av-2umv-2-356cf37bad974a0ea2fc77d928ad226f .av-image-caption-overlay-center{\ncolor:#ffffff;\n}\n<\/style>\n<div  class='avia-image-container av-2umv-2-356cf37bad974a0ea2fc77d928ad226f av-styling- avia_animated_image av-animated-when-visible-95 bottom-to-top avia-align-center  avia-builder-el-72  el_after_av_textblock  avia-builder-el-last '   itemprop=\"image\" itemscope=\"itemscope\" itemtype=\"https:\/\/schema.org\/ImageObject\" ><div class=\"avia-image-container-inner\"><div class=\"avia-image-overlay-wrap\"><img decoding=\"async\" class='wp-image- avia-img-lazy-loading-not- avia_image ' src=\"https:\/\/www.grether-photography.com\/wp-content\/uploads\/2021\/01\/R7A1303.jpg\" alt='' title=''   itemprop=\"thumbnailUrl\"  \/><\/div><\/div><\/div><\/p><\/div>\n\n[av_section min_height='50' min_height_pc='25' min_height_px='500px' shadow='no-border-styling' bottom_border='no-border-styling' bottom_border_diagonal_color='#333333' bottom_border_diagonal_direction='' bottom_border_style='' padding='huge' custom_margin='0px' custom_margin_sync='true' av-desktop-custom_margin='' av-desktop-custom_margin_sync='true' av-medium-custom_margin='' av-medium-custom_margin_sync='true' av-small-custom_margin='' av-small-custom_margin_sync='true' av-mini-custom_margin='' av-mini-custom_margin_sync='true' svg_div_top='' svg_div_top_color='#333333' svg_div_top_width='100' svg_div_top_height='50' svg_div_top_max_height='none' svg_div_top_opacity='' svg_div_bottom='' svg_div_bottom_color='#333333' svg_div_bottom_width='100' svg_div_bottom_height='50' svg_div_bottom_max_height='none' svg_div_bottom_opacity='' color='main_color' background='bg_color' custom_bg='#000000' background_gradient_direction='vertical' background_gradient_color1='' background_gradient_color2='' background_gradient_color3='' src='https:\/\/www.grether-photography.com\/wp-content\/uploads\/2020\/01\/laurinfinal.jpg' attachment='441' attachment_size='full' attach='parallax' position='center left' repeat='no-repeat' video='' video_ratio='16:9' overlay_enable='aviaTBoverlay_enable' overlay_opacity='0.5' overlay_color='#5e5e5e' overlay_pattern='' overlay_custom_pattern='' custom_arrow_bg='' css_position_z_index='' av-desktop-css_position_z_index='' av-medium-css_position_z_index='' av-small-css_position_z_index='' av-mini-css_position_z_index='' id='' custom_class='' template_class='' aria_label='' av_element_hidden_in_editor='0' av_uid='av-k5wnmmam' sc_version='1.0']\r\n[av_two_fifth first min_height='' vertical_alignment='' space='' custom_margin='' margin='0px' row_boxshadow='' row_boxshadow_color='' row_boxshadow_width='10' link='' linktarget='' link_hover='' title_attr='' alt_attr='' padding='0px' highlight='' highlight_size='' border='' border_color='' radius='0px' column_boxshadow='' column_boxshadow_color='' column_boxshadow_width='10' background='bg_color' background_color='' background_gradient_color1='' background_gradient_color2='' background_gradient_direction='vertical' src='' background_position='top left' background_repeat='no-repeat' animation='' mobile_breaking='' mobile_display='' av_uid='av-76bpq']\r\n\r\n[\/av_two_fifth][av_three_fifth min_height='' vertical_alignment='' space='' custom_margin='' margin='0px' row_boxshadow='' row_boxshadow_color='' row_boxshadow_width='10' link='' linktarget='' link_hover='' title_attr='' alt_attr='' padding='0px' highlight='' highlight_size='' border='' border_color='' radius='0px' column_boxshadow='' column_boxshadow_color='' column_boxshadow_width='10' background='bg_color' background_color='' background_gradient_color1='' background_gradient_color2='' background_gradient_direction='vertical' src='' background_position='top left' background_repeat='no-repeat' animation='' mobile_breaking='' mobile_display='' av_uid='av-12g9r']\r\n\r\n[av_font_icon icon='ue833' font='entypo-fontello' style='' caption='' link='' linktarget='' size='55px' position='center' animation='' color='#ffffff' av_uid='av-k5wno1ds' custom_class='' admin_preview_bg=''][\/av_font_icon]\r\n\r\n[av_textblock size='30' font_color='custom' color='#ffffff' av-medium-font-size='' av-small-font-size='' av-mini-font-size='' av_uid='av-k5wnowjw' custom_class='' admin_preview_bg='']\r\n<p style=\"text-align: center;\"><em>Fotos bedeuten, mehr vom Leben zu haben. Das gilt f\u00fcr meine Kunden. Aber auch f\u00fcr mich als Ihr Fotograf.<\/em><\/p>\r\n[\/av_textblock]\r\n\r\n[av_button label='Das ist Ihr Fotograf' icon_select='yes-right-icon' icon='ue832' font='entypo-fontello' size='large' position='center' label_display='' title_attr='' color='light' custom_bg='#444444' custom_font='#ffffff' link='page,20' link_target='' id='' custom_class='' av_uid='av-k5wbvrky' admin_preview_bg='']\r\n\r\n[\/av_three_fifth]\r\n[\/av_section]\r\n\r\n\n","protected":false},"excerpt":{"rendered":"","protected":false},"author":1,"featured_media":0,"parent":3143,"menu_order":0,"comment_status":"closed","ping_status":"closed","template":"","meta":{"footnotes":""},"folder":[],"class_list":["post-2176","page","type-page","status-publish","hentry"],"yoast_head":"<!-- This site is optimized with the Yoast SEO plugin v27.5 - https:\/\/yoast.com\/product\/yoast-seo-wordpress\/ -->\n<title>Ich bin Ihr Fotograf f\u00fcr Schlieren | Grether Fotografie<\/title>\n<meta name=\"description\" content=\"Ob Business, Events oder Immobilien: Ich biete alle Facetten der modernen Fotografie. Auch f\u00fcr private Familienfotos buchbar.\" \/>\n<meta name=\"robots\" content=\"index, follow, max-snippet:-1, max-image-preview:large, max-video-preview:-1\" \/>\n<link rel=\"canonical\" href=\"https:\/\/www.grether-photography.com\/en\/zuerich-aargau\/photographer-schlieren\/\" \/>\n<meta property=\"og:locale\" content=\"en_US\" \/>\n<meta property=\"og:type\" content=\"article\" \/>\n<meta property=\"og:title\" content=\"Ich bin Ihr Fotograf f\u00fcr Schlieren | Grether Fotografie\" \/>\n<meta property=\"og:description\" content=\"Ob Business, Events oder Immobilien: Ich biete alle Facetten der modernen Fotografie. Auch f\u00fcr private Familienfotos buchbar.\" \/>\n<meta property=\"og:url\" content=\"https:\/\/www.grether-photography.com\/en\/zuerich-aargau\/photographer-schlieren\/\" \/>\n<meta property=\"og:site_name\" content=\"Grether Photography\" \/>\n<meta property=\"article:publisher\" content=\"https:\/\/www.facebook.com\/laurin.grether\" \/>\n<meta property=\"article:modified_time\" content=\"2025-03-25T16:29:42+00:00\" \/>\n<meta property=\"og:image\" content=\"https:\/\/www.grether-photography.com\/wp-content\/uploads\/2020\/05\/og-image.png\" \/>\n\t<meta property=\"og:image:width\" content=\"1200\" \/>\n\t<meta property=\"og:image:height\" content=\"630\" \/>\n\t<meta property=\"og:image:type\" content=\"image\/png\" \/>\n<meta name=\"twitter:label1\" content=\"Est. reading time\" \/>\n\t<meta name=\"twitter:data1\" content=\"9 minutes\" \/>\n<script type=\"application\/ld+json\" class=\"yoast-schema-graph\">{\"@context\":\"https:\\\/\\\/schema.org\",\"@graph\":[{\"@type\":\"WebPage\",\"@id\":\"https:\\\/\\\/www.grether-photography.com\\\/zuerich-aargau\\\/fotograf-schlieren\\\/\",\"url\":\"https:\\\/\\\/www.grether-photography.com\\\/zuerich-aargau\\\/fotograf-schlieren\\\/\",\"name\":\"Ich bin Ihr Fotograf f\u00fcr Schlieren | Grether Fotografie\",\"isPartOf\":{\"@id\":\"https:\\\/\\\/www.grether-photography.com\\\/#website\"},\"datePublished\":\"2020-02-22T10:43:54+00:00\",\"dateModified\":\"2025-03-25T16:29:42+00:00\",\"description\":\"Ob Business, Events oder Immobilien: Ich biete alle Facetten der modernen Fotografie. Auch f\u00fcr private Familienfotos buchbar.\",\"breadcrumb\":{\"@id\":\"https:\\\/\\\/www.grether-photography.com\\\/zuerich-aargau\\\/fotograf-schlieren\\\/#breadcrumb\"},\"inLanguage\":\"en-US\",\"potentialAction\":[{\"@type\":\"ReadAction\",\"target\":[\"https:\\\/\\\/www.grether-photography.com\\\/zuerich-aargau\\\/fotograf-schlieren\\\/\"]}]},{\"@type\":\"BreadcrumbList\",\"@id\":\"https:\\\/\\\/www.grether-photography.com\\\/zuerich-aargau\\\/fotograf-schlieren\\\/#breadcrumb\",\"itemListElement\":[{\"@type\":\"ListItem\",\"position\":1,\"name\":\"Startseite\",\"item\":\"https:\\\/\\\/www.grether-photography.com\\\/startseite\\\/\"},{\"@type\":\"ListItem\",\"position\":2,\"name\":\"Z\u00fcrich Aargau\",\"item\":\"https:\\\/\\\/www.grether-photography.com\\\/zuerich-aargau\\\/\"},{\"@type\":\"ListItem\",\"position\":3,\"name\":\"Fotograf Schlieren\"}]},{\"@type\":\"WebSite\",\"@id\":\"https:\\\/\\\/www.grether-photography.com\\\/#website\",\"url\":\"https:\\\/\\\/www.grether-photography.com\\\/\",\"name\":\"Grether Photography\",\"description\":\"Ihr Fotograf f\u00fcr das professionelle Fotoshooting\",\"potentialAction\":[{\"@type\":\"SearchAction\",\"target\":{\"@type\":\"EntryPoint\",\"urlTemplate\":\"https:\\\/\\\/www.grether-photography.com\\\/?s={search_term_string}\"},\"query-input\":{\"@type\":\"PropertyValueSpecification\",\"valueRequired\":true,\"valueName\":\"search_term_string\"}}],\"inLanguage\":\"en-US\"}]}<\/script>\n<!-- \/ Yoast SEO plugin. -->","yoast_head_json":{"title":"I am your photographer for Schlieren | Grether Photography","description":"Whether business, events or real estate: I offer all facets of modern photography. Also bookable for private family photos.","robots":{"index":"index","follow":"follow","max-snippet":"max-snippet:-1","max-image-preview":"max-image-preview:large","max-video-preview":"max-video-preview:-1"},"canonical":"https:\/\/www.grether-photography.com\/en\/zuerich-aargau\/photographer-schlieren\/","og_locale":"en_US","og_type":"article","og_title":"Ich bin Ihr Fotograf f\u00fcr Schlieren | Grether Fotografie","og_description":"Ob Business, Events oder Immobilien: Ich biete alle Facetten der modernen Fotografie. Auch f\u00fcr private Familienfotos buchbar.","og_url":"https:\/\/www.grether-photography.com\/en\/zuerich-aargau\/photographer-schlieren\/","og_site_name":"Grether Photography","article_publisher":"https:\/\/www.facebook.com\/laurin.grether","article_modified_time":"2025-03-25T16:29:42+00:00","og_image":[{"width":1200,"height":630,"url":"https:\/\/www.grether-photography.com\/wp-content\/uploads\/2020\/05\/og-image.png","type":"image\/png"}],"twitter_misc":{"Est. reading time":"9 minutes"},"schema":{"@context":"https:\/\/schema.org","@graph":[{"@type":"WebPage","@id":"https:\/\/www.grether-photography.com\/zuerich-aargau\/fotograf-schlieren\/","url":"https:\/\/www.grether-photography.com\/zuerich-aargau\/fotograf-schlieren\/","name":"I am your photographer for Schlieren | Grether Photography","isPartOf":{"@id":"https:\/\/www.grether-photography.com\/#website"},"datePublished":"2020-02-22T10:43:54+00:00","dateModified":"2025-03-25T16:29:42+00:00","description":"Whether business, events or real estate: I offer all facets of modern photography. Also bookable for private family photos.","breadcrumb":{"@id":"https:\/\/www.grether-photography.com\/zuerich-aargau\/fotograf-schlieren\/#breadcrumb"},"inLanguage":"en-US","potentialAction":[{"@type":"ReadAction","target":["https:\/\/www.grether-photography.com\/zuerich-aargau\/fotograf-schlieren\/"]}]},{"@type":"BreadcrumbList","@id":"https:\/\/www.grether-photography.com\/zuerich-aargau\/fotograf-schlieren\/#breadcrumb","itemListElement":[{"@type":"ListItem","position":1,"name":"Startseite","item":"https:\/\/www.grether-photography.com\/startseite\/"},{"@type":"ListItem","position":2,"name":"Z\u00fcrich Aargau","item":"https:\/\/www.grether-photography.com\/zuerich-aargau\/"},{"@type":"ListItem","position":3,"name":"Fotograf Schlieren"}]},{"@type":"WebSite","@id":"https:\/\/www.grether-photography.com\/#website","url":"https:\/\/www.grether-photography.com\/","name":"Grether Photography","description":"Your photographer for the professional photo shoot","potentialAction":[{"@type":"SearchAction","target":{"@type":"EntryPoint","urlTemplate":"https:\/\/www.grether-photography.com\/?s={search_term_string}"},"query-input":{"@type":"PropertyValueSpecification","valueRequired":true,"valueName":"search_term_string"}}],"inLanguage":"en-US"}]}},"_links":{"self":[{"href":"https:\/\/www.grether-photography.com\/en\/wp-json\/wp\/v2\/pages\/2176","targetHints":{"allow":["GET"]}}],"collection":[{"href":"https:\/\/www.grether-photography.com\/en\/wp-json\/wp\/v2\/pages"}],"about":[{"href":"https:\/\/www.grether-photography.com\/en\/wp-json\/wp\/v2\/types\/page"}],"author":[{"embeddable":true,"href":"https:\/\/www.grether-photography.com\/en\/wp-json\/wp\/v2\/users\/1"}],"replies":[{"embeddable":true,"href":"https:\/\/www.grether-photography.com\/en\/wp-json\/wp\/v2\/comments?post=2176"}],"version-history":[{"count":10,"href":"https:\/\/www.grether-photography.com\/en\/wp-json\/wp\/v2\/pages\/2176\/revisions"}],"predecessor-version":[{"id":12101,"href":"https:\/\/www.grether-photography.com\/en\/wp-json\/wp\/v2\/pages\/2176\/revisions\/12101"}],"up":[{"embeddable":true,"href":"https:\/\/www.grether-photography.com\/en\/wp-json\/wp\/v2\/pages\/3143"}],"wp:attachment":[{"href":"https:\/\/www.grether-photography.com\/en\/wp-json\/wp\/v2\/media?parent=2176"}],"wp:term":[{"taxonomy":"folder","embeddable":true,"href":"https:\/\/www.grether-photography.com\/en\/wp-json\/wp\/v2\/folder?post=2176"}],"curies":[{"name":"wp","href":"https:\/\/api.w.org\/{rel}","templated":true}]}}