{"id":2281,"date":"2020-02-22T17:43:08","date_gmt":"2020-02-22T16:43:08","guid":{"rendered":"http:\/\/grether-photography.aretis-staging.ch\/?page_id=2281"},"modified":"2025-03-26T12:07:55","modified_gmt":"2025-03-26T11:07:55","slug":"photographer-waedenswil-richterswil","status":"publish","type":"page","link":"https:\/\/www.grether-photography.com\/en\/zuerich-aargau\/fotograf-waedenswil-richterswil\/","title":{"rendered":"Photographer W\u00e4denswil, Richterswil"},"content":{"rendered":"<div id='layer_slider_1'  class='avia-layerslider main_color avia-shadow  avia-builder-el-0  el_before_av_section  avia-builder-el-first  container_wrap fullsize'  style='height: 751px;'  ><link href=\"https:\/\/fonts.googleapis.com\/css?family=Open+Sans:100,100i,200,200i,300,300i,400,400i,500,500i,600,600i,700,700i,800,800i,900,900i%7CMontserrat:100,100i,200,200i,300,300i,400,400i,500,500i,600,600i,700,700i,800,800i,900,900i\" rel=\"stylesheet\"><div id=\"layerslider_193_1p3cu4alayu4o\"  class=\"ls-wp-container fitvidsignore ls-selectable\" style=\"width:1200px;height:750px;margin:0 auto;margin-bottom: 0px;\"><div class=\"ls-slide\" data-ls=\"bgsize:cover;bgposition:50% 50%;bgcolor:#ffffff;duration:4000;parallaxevent:scroll;parallaxdurationmove:0;\"><img decoding=\"async\" width=\"2560\" height=\"1229\" src=\"https:\/\/www.grether-photography.com\/wp-content\/uploads\/2022\/03\/laurinbalkenalt-scaled.jpg?ver=1771508145\" class=\"ls-bg\" alt=\"\" srcset=\"https:\/\/www.grether-photography.com\/wp-content\/uploads\/2022\/03\/laurinbalkenalt-scaled.jpg 2560w, https:\/\/www.grether-photography.com\/wp-content\/uploads\/2022\/03\/laurinbalkenalt-300x144.jpg 300w, https:\/\/www.grether-photography.com\/wp-content\/uploads\/2022\/03\/laurinbalkenalt-1030x494.jpg 1030w, https:\/\/www.grether-photography.com\/wp-content\/uploads\/2022\/03\/laurinbalkenalt-768x369.jpg 768w, https:\/\/www.grether-photography.com\/wp-content\/uploads\/2022\/03\/laurinbalkenalt-1536x737.jpg 1536w, https:\/\/www.grether-photography.com\/wp-content\/uploads\/2022\/03\/laurinbalkenalt-2048x983.jpg 2048w, https:\/\/www.grether-photography.com\/wp-content\/uploads\/2022\/03\/laurinbalkenalt-18x9.jpg 18w, https:\/\/www.grether-photography.com\/wp-content\/uploads\/2022\/03\/laurinbalkenalt-1500x720.jpg 1500w, https:\/\/www.grether-photography.com\/wp-content\/uploads\/2022\/03\/laurinbalkenalt-705x338.jpg 705w\" sizes=\"(max-width: 2560px) 100vw, 2560px\" \/><p style=\"text-shadow: 0 1px 2px rgba(0,0,0,0.3);top:117px;left:-16px;text-align:initial;font-weight:400;font-style:normal;font-family:Open Sans;color:#ffffff;font-size:75px;text-decoration:none;\" class=\"ls-l ls-text-layer\" data-ls=\"showinfo:1;offsetxin:random(-100,100);offsetyin:-20;durationin:1100;rotateyin:random(-45,45);scalexin:random(2,4);clipin:0 0 100% 0;transitionout:false;static:forever;position:relative;\">Ihr Profi-Fotograf<\/p><p style=\"top:378px;left:48px;text-align:initial;font-weight:400;font-style:normal;text-decoration:none;font-family:Open Sans;color:#ffffff;font-size:35px;\" class=\"ls-l ls-text-layer\" data-ls=\"showinfo:1;offsetxin:80;durationin:750;delayin:1800;easingin:easeOutExpo;static:forever;position:relative;\">F\u00fcr Events &amp; Business<\/p><span style=\"top:374px;left:-15px;text-align:initial;font-weight:400;font-style:italic;text-decoration:none;font-family:Montserrat;font-size:44px;line-height:48px;color:#ab74ed;\" class=\"ls-l ls-icon-layer\" data-ls=\"showinfo:1;offsetxin:80;durationin:750;delayin:1500;easingin:easeOutExpo;rotatein:random(-45,45);rotatexin:random(-45,45);static:forever;position:relative;\"><i class=\"fa fa-check-circle\"><\/i><\/span><p style=\"top:444px;left:44px;text-align:initial;font-weight:400;font-style:normal;text-decoration:none;font-family:Open Sans;color:#ffffff;font-size:35px;\" class=\"ls-l ls-text-layer\" data-ls=\"showinfo:1;offsetxin:80;durationin:750;delayin:2400;easingin:easeOutExpo;static:forever;position:relative;\">F\u00fcr Immobilienverk\u00e4ufer<\/p><span style=\"top:443px;left:-15px;text-align:initial;font-weight:400;font-style:italic;text-decoration:none;font-family:Montserrat;font-size:44px;line-height:44px;color:#ab74ed;\" class=\"ls-l ls-icon-layer\" data-ls=\"showinfo:1;offsetxin:80;durationin:750;delayin:2100;easingin:easeOutExpo;rotatein:random(-45,45);rotatexin:random(-45,45);static:forever;position:relative;\"><i class=\"fa fa-check-circle\"><\/i><\/span><p style=\"top:512px;left:43px;text-align:initial;font-weight:400;font-style:normal;text-decoration:none;font-family:Open Sans;color:#ffffff;font-size:35px;\" class=\"ls-l ls-text-layer\" data-ls=\"showinfo:1;offsetxin:80;durationin:750;delayin:3000;easingin:easeOutExpo;static:forever;position:relative;\">Schnell und fair im Preis<\/p><span style=\"top:508px;left:-15px;text-align:initial;font-weight:400;font-style:italic;text-decoration:none;font-family:Montserrat;font-size:44px;color:#ab74ed;\" class=\"ls-l ls-icon-layer\" data-ls=\"showinfo:1;offsetxin:80;durationin:750;delayin:2700;easingin:easeOutExpo;rotatein:random(-45,45);rotatexin:random(-45,45);static:forever;position:relative;\"><i class=\"fa fa-check-circle\"><\/i><\/span><p style=\"top:270px;left:-16px;text-align:initial;font-weight:400;font-style:normal;text-decoration:none;font-family:Open Sans;color:#ffffff;font-size:40px;\" class=\"ls-l ls-text-layer\" data-ls=\"showinfo:1;offsetxin:80;durationin:750;delayin:1000;easingin:easeOutExpo;static:forever;position:relative;\">IN RICHTERSWIL &amp; W\u00c4DENSWIL<\/p><a style=\"\" class=\"ls-l\" href=\"#1\" target=\"ls-scroll\" data-ls=\"offsetyin:40;durationin:500;delayin:4100;offsetxout:-80;durationout:400;parallax:true;parallaxlevel:-10;position:relative;\" rel=\"noopener\"><img decoding=\"async\" width=\"96\" height=\"96\" src=\"https:\/\/www.grether-photography.com\/wp-content\/uploads\/layerslider\/Spezialbrote-Layer\/pfeil-unten.png\" class=\"ls-img-layer\" alt=\"\" srcset=\"https:\/\/www.grether-photography.com\/wp-content\/uploads\/layerslider\/Spezialbrote-Layer\/pfeil-unten.png 96w, https:\/\/www.grether-photography.com\/wp-content\/uploads\/layerslider\/Spezialbrote-Layer\/pfeil-unten-80x80.png 80w, https:\/\/www.grether-photography.com\/wp-content\/uploads\/layerslider\/Spezialbrote-Layer\/pfeil-unten-36x36.png 36w\" sizes=\"(max-width: 96px) 100vw, 96px\" style=\"top:613px;left:567px;\"><\/a><img decoding=\"async\" width=\"174\" height=\"148\" src=\"https:\/\/www.grether-photography.com\/wp-content\/uploads\/2020\/03\/fotograf_icon.png\" class=\"ls-l ls-img-layer\" alt=\"\" style=\"top:140px;left:855px;width:92px;height:80px;font-size:13px;line-height:falsepx;\" data-ls=\"offsetxin:left;offsetyin:bottom;durationin:1300;delayin:3050;rotatein:random(-45,555);scalexin:random(4,6);transformperspectivein:800;position:relative;\"><\/div><\/div><\/div>\n<div id='av_section_1'  class='avia-section av-q0w7-f50951526780940132cd5d97ce6e3dd0 main_color avia-section-huge avia-no-border-styling  avia-builder-el-1  el_after_av_layerslider  el_before_av_postcontent  avia-bg-style-scroll container_wrap fullsize'  ><div class='container av-section-cont-open' ><div class='template-page content  av-content-full alpha units'><div class='post-entry post-entry-type-page post-entry-2281'><div class='entry-content-wrapper clearfix'>\n\n<style type=\"text\/css\" data-created_by=\"avia_inline_auto\" id=\"style-css-av-3js3m1-f91e9fcadd29c310e50d4ee6d4ca35ba\">\n#top .av-special-heading.av-3js3m1-f91e9fcadd29c310e50d4ee6d4ca35ba{\npadding-bottom:10px;\n}\nbody .av-special-heading.av-3js3m1-f91e9fcadd29c310e50d4ee6d4ca35ba .av-special-heading-tag .heading-char{\nfont-size:25px;\n}\n.av-special-heading.av-3js3m1-f91e9fcadd29c310e50d4ee6d4ca35ba .av-subheading{\nfont-size:25px;\n}\n<\/style>\n<div  class='av-special-heading av-3js3m1-f91e9fcadd29c310e50d4ee6d4ca35ba av-special-heading-h1 blockquote modern-quote modern-centered  avia-builder-el-2  el_before_av_hr  avia-builder-el-first  av-linked-heading'><h1 class='av-special-heading-tag'  itemprop=\"headline\"  >Moderner Fotograf <br \/>f\u00fcr W\u00e4denswil und Richterswil<\/h1><div class=\"special-heading-border\"><div class=\"special-heading-inner-border\"><\/div><\/div><\/div>\n\n<style type=\"text\/css\" data-created_by=\"avia_inline_auto\" id=\"style-css-av-k5wbd76n-1cf7013c91522e86ddccf4ae6ab14441\">\n#top .hr.av-k5wbd76n-1cf7013c91522e86ddccf4ae6ab14441{\nmargin-top:30px;\nmargin-bottom:30px;\n}\n.hr.av-k5wbd76n-1cf7013c91522e86ddccf4ae6ab14441 .hr-inner{\nwidth:80px;\nborder-color:#353535;\n}\n<\/style>\n<div  class='hr av-k5wbd76n-1cf7013c91522e86ddccf4ae6ab14441 hr-custom  avia-builder-el-3  el_after_av_heading  el_before_av_one_half  hr-center hr-icon-no'><span class='hr-inner inner-border-av-border-fat'><span class=\"hr-inner-style\"><\/span><\/span><\/div>\n\n<style type=\"text\/css\" data-created_by=\"avia_inline_auto\" id=\"style-css-av-k5wbrmfc-eb4024d21e4c02c21f27a6477042b78e\">\n#top .flex_column.av-k5wbrmfc-eb4024d21e4c02c21f27a6477042b78e{\nmargin-top:30px;\nmargin-bottom:30px;\n}\n.flex_column.av-k5wbrmfc-eb4024d21e4c02c21f27a6477042b78e{\n-webkit-border-radius:0px 0px 0px 0px;\n-moz-border-radius:0px 0px 0px 0px;\nborder-radius:0px 0px 0px 0px;\npadding:0px 0px 0px 0px;\n}\n.responsive #top #wrap_all .flex_column.av-k5wbrmfc-eb4024d21e4c02c21f27a6477042b78e{\nmargin-top:30px;\nmargin-bottom:30px;\n}\n<\/style>\n<div class='flex_column av-k5wbrmfc-eb4024d21e4c02c21f27a6477042b78e av_one_half  avia-builder-el-4  el_after_av_hr  el_before_av_one_half  first flex_column_div av-animated-generic left-to-right av-zero-column-padding '     ><p>\n<style type=\"text\/css\" data-created_by=\"avia_inline_auto\" id=\"style-css-av-dhb5k-ae8ca37bdd33d7474b6f3adeb5ce598a\">\n.avia-image-container.av-dhb5k-ae8ca37bdd33d7474b6f3adeb5ce598a img.avia_image{\nbox-shadow:none;\n}\n.avia-image-container.av-dhb5k-ae8ca37bdd33d7474b6f3adeb5ce598a .av-image-caption-overlay-center{\ncolor:#ffffff;\n}\n<\/style>\n<div  class='avia-image-container av-dhb5k-ae8ca37bdd33d7474b6f3adeb5ce598a av-styling- avia-align-center  avia-builder-el-5  el_before_av_textblock  avia-builder-el-first '   itemprop=\"image\" itemscope=\"itemscope\" itemtype=\"https:\/\/schema.org\/ImageObject\" ><div class=\"avia-image-container-inner\"><div class=\"avia-image-overlay-wrap\"><img decoding=\"async\" class='wp-image-4092 avia-img-lazy-loading-not-4092 avia_image ' src=\"https:\/\/www.grether-photography.com\/wp-content\/uploads\/2020\/04\/soprasteria1.jpg\" alt='' title='soprasteria1'  height=\"1325\" width=\"1986\"  itemprop=\"thumbnailUrl\" srcset=\"https:\/\/www.grether-photography.com\/wp-content\/uploads\/2020\/04\/soprasteria1.jpg 1986w, https:\/\/www.grether-photography.com\/wp-content\/uploads\/2020\/04\/soprasteria1-300x200.jpg 300w, https:\/\/www.grether-photography.com\/wp-content\/uploads\/2020\/04\/soprasteria1-1030x687.jpg 1030w, https:\/\/www.grether-photography.com\/wp-content\/uploads\/2020\/04\/soprasteria1-768x512.jpg 768w, https:\/\/www.grether-photography.com\/wp-content\/uploads\/2020\/04\/soprasteria1-1536x1025.jpg 1536w, https:\/\/www.grether-photography.com\/wp-content\/uploads\/2020\/04\/soprasteria1-18x12.jpg 18w, https:\/\/www.grether-photography.com\/wp-content\/uploads\/2020\/04\/soprasteria1-1500x1001.jpg 1500w, https:\/\/www.grether-photography.com\/wp-content\/uploads\/2020\/04\/soprasteria1-705x470.jpg 705w\" sizes=\"(max-width: 1986px) 100vw, 1986px\" \/><\/div><\/div><\/div><br \/>\n<section  class='av_textblock_section av-l1bzrmch-cc7aaac3bef365f3e6e97ed356afb6ef'  itemscope=\"itemscope\" itemtype=\"https:\/\/schema.org\/CreativeWork\" ><div class='avia_textblock'  itemprop=\"text\" ><p><em>Ich fotografiere f\u00fcr Firmen in der ganzen Schweiz.<\/em><\/p>\n<\/div><\/section><\/p><\/div>\n<style type=\"text\/css\" data-created_by=\"avia_inline_auto\" id=\"style-css-av-k5wbrmfc-22-cbac6eb1e5797f33c4bc74842ac2855a\">\n#top .flex_column.av-k5wbrmfc-22-cbac6eb1e5797f33c4bc74842ac2855a{\nmargin-top:30px;\nmargin-bottom:30px;\n}\n.flex_column.av-k5wbrmfc-22-cbac6eb1e5797f33c4bc74842ac2855a{\n-webkit-border-radius:0px 0px 0px 0px;\n-moz-border-radius:0px 0px 0px 0px;\nborder-radius:0px 0px 0px 0px;\npadding:0px 0px 0px 0px;\n}\n.responsive #top #wrap_all .flex_column.av-k5wbrmfc-22-cbac6eb1e5797f33c4bc74842ac2855a{\nmargin-top:30px;\nmargin-bottom:30px;\n}\n<\/style>\n<div class='flex_column av-k5wbrmfc-22-cbac6eb1e5797f33c4bc74842ac2855a av_one_half  avia-builder-el-7  el_after_av_one_half  avia-builder-el-last  flex_column_div av-animated-generic top-to-bottom av-zero-column-padding '     ><p>\n<style type=\"text\/css\" data-created_by=\"avia_inline_auto\" id=\"style-css-av-2etowp-4347208e1bd3b769ad9d700da0f600f8\">\n#top .av-special-heading.av-2etowp-4347208e1bd3b769ad9d700da0f600f8{\npadding-bottom:10px;\n}\nbody .av-special-heading.av-2etowp-4347208e1bd3b769ad9d700da0f600f8 .av-special-heading-tag .heading-char{\nfont-size:25px;\n}\n.av-special-heading.av-2etowp-4347208e1bd3b769ad9d700da0f600f8 .av-subheading{\nfont-size:15px;\n}\n<\/style>\n<div  class='av-special-heading av-2etowp-4347208e1bd3b769ad9d700da0f600f8 av-special-heading-h3 blockquote modern-quote  avia-builder-el-8  el_before_av_textblock  avia-builder-el-first '><h3 class='av-special-heading-tag'  itemprop=\"headline\"  >Nutzen Sie meinen Service als Fotograf<\/h3><div class=\"special-heading-border\"><div class=\"special-heading-inner-border\"><\/div><\/div><\/div><br \/>\n<section  class='av_textblock_section av-k6c0jumv-83fd00dbf34ae6c8aec2bb8f3333651c'  itemscope=\"itemscope\" itemtype=\"https:\/\/schema.org\/CreativeWork\" ><div class='avia_textblock'  itemprop=\"text\" ><p>In meinem Berufsalltag habe ich gelernt: Fast alles kann ein Objekt f\u00fcr die Fotografie sein. Von der kleinen Ameise bis zur grossen Immobilie. Und es gibt wohl kaum etwas, was nicht schon einmal fotografiert worden ist.<\/p>\n<p>Vom schnellen Schnappschuss mit dem Smartphone rate ich eher ab, sollten Sie das Foto f\u00fcr Werbung, Print oder Webseite verwenden wollen. Ich bin mit Stativ, Blitzanlage, Wechselobjektiven und Profi-Kamera unterwegs und fotografieren f\u00fcr teils namhafte Firmen.<\/p>\n<\/div><\/section><br \/>\n<div  class='avia-button-wrap av-k5wbvrky-461052722b97d4ff5934c31fb6d51d65-wrap avia-button-left  avia-builder-el-10  el_after_av_textblock  avia-builder-el-last '><a href='https:\/\/www.grether-photography.com\/en\/kontakt\/'  class='avia-button av-k5wbvrky-461052722b97d4ff5934c31fb6d51d65 avia-icon_select-yes-right-icon avia-size-large avia-position-left avia-color-theme-color'  ><span class='avia_iconbox_title' >Termin vereinbaren<\/span><span class='avia_button_icon avia_button_icon_right' aria-hidden='true' data-av_icon='\ue832' data-av_iconfont='entypo-fontello'><\/span><\/a><\/div><\/p><\/div>\n\n[av_section min_height='' min_height_pc='25' min_height_px='500px' padding='default' custom_margin='0px' custom_margin_sync='true' color='alternate_color' background='bg_color' custom_bg='' background_gradient_color1='' background_gradient_color2='' background_gradient_direction='vertical' src='' attachment='' attachment_size='' attach='scroll' position='top left' repeat='no-repeat' video='' video_ratio='16:9' overlay_opacity='0.5' overlay_color='' overlay_pattern='' overlay_custom_pattern='' shadow='no-border-styling' bottom_border='no-border-styling' bottom_border_diagonal_color='#333333' bottom_border_diagonal_direction='' bottom_border_style='' custom_arrow_bg='' id='' custom_class='' template_class='' aria_label='' av_element_hidden_in_editor='0' av_uid='av-13x5jb9' sc_version='1.0']\r\n\r\n[av_textblock textblock_styling_align='' textblock_styling='' textblock_styling_gap='' textblock_styling_mobile='' size='' av-desktop-font-size='' av-medium-font-size='' av-small-font-size='' av-mini-font-size='' font_color='' color='' id='' custom_class='' template_class='' av_uid='av-l6gfudwv' sc_version='1.0' admin_preview_bg='']\r\n<h3 style=\"text-align: center;\">Kundenreferenzen<\/h3>\r\n[\/av_textblock]\r\n\r\n[av_gallery ids='8166,8078,6535,6533,6532,6531,6166,4821,4830' style='thumbnails' preview_size='portfolio' crop_big_preview_thumbnail='avia-gallery-big-crop-thumb' thumb_size='portfolio' columns='3' imagelink='avianolink noLightbox' link_dest='' lightbox_text='caption' lazyload='avia_lazyload' img_scrset='' html_lazy_loading='disabled' av-desktop-hide='aviaTBav-desktop-hide' alb_description='' id='' custom_class='' template_class='' av_uid='av-l8lyne7z' sc_version='1.0' admin_preview_bg='']\r\n\r\n[av_partner heading='' type='slider' columns='6' navigation='no' control_layout='av-control-default' nav_visibility_desktop='' nav_arrow_color='' nav_arrow_bg_color='' nav_dots_color='' nav_dot_active_color='' size='no scaling' img_size_behave='' border='' img_border='' img_border_width='' img_border_width_sync='true' img_border_color='' border_radius='' border_radius_sync='true' box_shadow='' box_shadow_style='0px,0px,0px,0px' box_shadow_color='' padding='' padding_sync='true' animation='fade' transition_speed='' autoplay='true' interval='3' heading_tag='' heading_class='' img_scrset='' lazy_loading='enabled' av-medium-hide='aviaTBav-medium-hide' av-small-hide='aviaTBav-small-hide' av-mini-hide='aviaTBav-mini-hide' el_id='' custom_class='' template_class='' av_uid='av-13dv3b9' sc_version='1.0']\r\n[av_partner_logo id='6166' hover='' link='' linktitle='' link_target='' av_uid='av-zxscud' sc_version='1.0']\r\n[av_partner_logo id='8150' hover='' link='' link_target='' linktitle='' av_uid='av-l8ll9x3r' sc_version='1.0']\r\n[av_partner_logo id='8394' hover='' link='' link_target='' linktitle='' av_uid='av-ljy9o05t' sc_version='1.0']\r\n[av_partner_logo id='11111' av_uid='av-70u8l']\r\n[av_partner_logo id='8161' hover='' link='' link_target='' linktitle='' av_uid='av-l8ll9mbs' sc_version='1.0']\r\n[av_partner_logo id='6165' hover='' link='' linktitle='' link_target='' av_uid='av-u3x23p' sc_version='1.0']\r\n[av_partner_logo id='6532' hover='' link='' linktitle='' link_target='' av_uid='av-l0gs1z1c' sc_version='1.0']\r\n[av_partner_logo id='11064' av_uid='av-ympk5' hover='' link='' link_target='' linktitle='' sc_version='1.0']\r\n[av_partner_logo id='5909' av_uid='av-sav0tx' hover='' link='' linktitle='' link_target='' sc_version='1.0']\r\n[av_partner_logo id='6533' hover='' link='' linktitle='' link_target='' av_uid='av-l0gs1s81' sc_version='1.0']\r\n[av_partner_logo id='11071' av_uid='av-77fzl1' hover='' link='' link_target='' linktitle='' sc_version='1.0']\r\n[av_partner_logo id='11054' av_uid='av-6br31x' hover='' link='' link_target='' linktitle='' sc_version='1.0']\r\n[av_partner_logo id='8078' av_uid='av-59ncc5' hover='' link='' link_target='' linktitle='' sc_version='1.0']\r\n[av_partner_logo id='8166' hover='' link='' link_target='' linktitle='' av_uid='av-l8ll8uz2' sc_version='1.0']\r\n[av_partner_logo id='8315' hover='' link='' link_target='' linktitle='' av_uid='av-lk9t9mea' sc_version='1.0']\r\n[av_partner_logo id='9312' av_uid='av-7pu2gl' hover='' link='' link_target='' linktitle='' sc_version='1.0']\r\n[av_partner_logo id='11052' av_uid='av-4c4up1' hover='' link='' link_target='' linktitle='' sc_version='1.0']\r\n[av_partner_logo id='9479' av_uid='av-5l0xph' hover='' link='' link_target='' linktitle='' sc_version='1.0']\r\n[av_partner_logo id='9465' av_uid='av-3rieat' hover='' link='' link_target='' linktitle='' sc_version='1.0']\r\n[av_partner_logo id='6535' hover='' link='' linktitle='' link_target='' av_uid='av-l0gs1dr3' sc_version='1.0']\r\n[av_partner_logo id='9890' hover='' link='' link_target='' linktitle='' av_uid='av-lsel1akr' sc_version='1.0']\r\n[av_partner_logo id='9476' av_uid='av-2dphjp' hover='' link='' link_target='' linktitle='' sc_version='1.0']\r\n[av_partner_logo id='11038' av_uid='av-35qsf9' hover='' link='' link_target='' linktitle='' sc_version='1.0']\r\n[av_partner_logo id='8080' av_uid='av-3ln29x' hover='' link='' link_target='' linktitle='' sc_version='1.0']\r\n[av_partner_logo id='9729' hover='' link='' link_target='' linktitle='' av_uid='av-lsel0t27' sc_version='1.0']\r\n[av_partner_logo id='5910' av_uid='av-wtrfnp' hover='' link='' linktitle='' link_target='' sc_version='1.0']\r\n[av_partner_logo id='8086' av_uid='av-2y10f9' hover='' link='' link_target='' linktitle='' sc_version='1.0']\r\n[av_partner_logo id='6539' av_uid='av-2ni2g5' hover='' link='' linktitle='' link_target='' sc_version='1.0']\r\n[av_partner_logo id='7966' hover='' link='' link_target='' linktitle='' av_uid='av-lsel27im' sc_version='1.0']\r\n[av_partner_logo id='6098' hover='' link='' link_target='' linktitle='' av_uid='av-lsel42af' sc_version='1.0']\r\n[av_partner_logo id='8081' hover='' link='' link_target='' linktitle='' av_uid='av-lsel5ajg' sc_version='1.0']\r\n[av_partner_logo id='11040' av_uid='av-29kqlx' hover='' link='' link_target='' linktitle='' sc_version='1.0']\r\n[av_partner_logo id='9313' hover='' link='' link_target='' linktitle='' av_uid='av-l0gs6vyu' sc_version='1.0']\r\n[av_partner_logo id='8096' hover='' link='' link_target='' linktitle='' av_uid='av-lseldlwo' sc_version='1.0']\r\n[av_partner_logo id='8153' hover='' link='' link_target='' linktitle='' av_uid='av-lsellzhq' sc_version='1.0']\r\n[av_partner_logo id='8244' hover='' link='' link_target='' linktitle='' av_uid='av-lselssv5' sc_version='1.0']\r\n[\/av_partner]\r\n\r\n[av_hr class='custom' icon_select='yes' icon='ue87f' font='entypo-fontello' position='center' shadow='no-shadow' height='50' custom_border='av-border-thin' custom_width='250px' custom_margin_top='10px' custom_margin_bottom='30px' custom_border_color='#595959' custom_icon_color='#595959' id='' custom_class='' template_class='' av_uid='av-l0dscygk' sc_version='1.0' admin_preview_bg='']\r\n\r\n[av_button label='Referenzen & Kunden' icon_select='yes-right-icon' icon='ue832' font='entypo-fontello' link='page,4700' link_target='' size='large' position='center' label_display='' title_attr='' color_options='' color='theme-color' custom_bg='#444444' custom_font='#ffffff' btn_color_bg='theme-color' btn_custom_bg='#444444' btn_color_bg_hover='theme-color-highlight' btn_custom_bg_hover='#444444' btn_color_font='theme-color' btn_custom_font='#ffffff' id='' custom_class='' template_class='' av_uid='av-l0ds9r69' sc_version='1.0' admin_preview_bg='']\r\n\r\n[\/av_section]\n<div id='av_section_2'  class='avia-section av-nc888-e3ba40905271aa032ff7e27fbaf8f027 main_color avia-section-default avia-no-border-styling  avia-builder-el-12  el_after_av_postcontent  el_before_av_postcontent  avia-bg-style-scroll container_wrap fullsize'  ><div class='container av-section-cont-open' ><div class='template-page content  av-content-full alpha units'><div class='post-entry post-entry-type-page post-entry-2281'><div class='entry-content-wrapper clearfix'>\n\n<style type=\"text\/css\" data-created_by=\"avia_inline_auto\" id=\"style-css-av-k5wbrmfc-21-dd40ea0a48eafa4118682e46dadfd4bd\">\n#top .flex_column.av-k5wbrmfc-21-dd40ea0a48eafa4118682e46dadfd4bd{\nmargin-top:30px;\nmargin-bottom:30px;\n}\n.flex_column.av-k5wbrmfc-21-dd40ea0a48eafa4118682e46dadfd4bd{\n-webkit-border-radius:0px 0px 0px 0px;\n-moz-border-radius:0px 0px 0px 0px;\nborder-radius:0px 0px 0px 0px;\npadding:0px 0px 0px 0px;\n}\n.responsive #top #wrap_all .flex_column.av-k5wbrmfc-21-dd40ea0a48eafa4118682e46dadfd4bd{\nmargin-top:30px;\nmargin-bottom:30px;\n}\n<\/style>\n<div class='flex_column av-k5wbrmfc-21-dd40ea0a48eafa4118682e46dadfd4bd av_one_half  avia-builder-el-13  el_before_av_one_half  avia-builder-el-first  first flex_column_div av-animated-generic top-to-bottom av-zero-column-padding '     ><p>\n<style type=\"text\/css\" data-created_by=\"avia_inline_auto\" id=\"style-css-av-4k3cu-6494d3379ce0a9c6b4fffef85440501f\">\n#top .av-special-heading.av-4k3cu-6494d3379ce0a9c6b4fffef85440501f{\npadding-bottom:25px;\n}\nbody .av-special-heading.av-4k3cu-6494d3379ce0a9c6b4fffef85440501f .av-special-heading-tag .heading-char{\nfont-size:25px;\n}\n.av-special-heading.av-4k3cu-6494d3379ce0a9c6b4fffef85440501f .av-subheading{\nfont-size:15px;\n}\n<\/style>\n<div  class='av-special-heading av-4k3cu-6494d3379ce0a9c6b4fffef85440501f av-special-heading-h3 blockquote modern-quote  avia-builder-el-14  el_before_av_image  avia-builder-el-first  av-linked-heading'><h3 class='av-special-heading-tag'  itemprop=\"headline\"  >Ihr Fotograf<\/h3><div class=\"special-heading-border\"><div class=\"special-heading-inner-border\"><\/div><\/div><\/div><br \/>\n\n<style type=\"text\/css\" data-created_by=\"avia_inline_auto\" id=\"style-css-av-2umv-88afd44d182e7fb367c41b88772c8da4\">\n.avia-image-container.av-2umv-88afd44d182e7fb367c41b88772c8da4 img.avia_image{\nbox-shadow:none;\n}\n.avia-image-container.av-2umv-88afd44d182e7fb367c41b88772c8da4 .av-image-caption-overlay-center{\ncolor:#ffffff;\n}\n<\/style>\n<div  class='avia-image-container av-2umv-88afd44d182e7fb367c41b88772c8da4 av-styling- avia-align-center  avia-builder-el-15  el_after_av_heading  el_before_av_textblock '   itemprop=\"image\" itemscope=\"itemscope\" itemtype=\"https:\/\/schema.org\/ImageObject\" ><div class=\"avia-image-container-inner\"><div class=\"avia-image-overlay-wrap\"><img decoding=\"async\" class='wp-image-4666 avia-img-lazy-loading-not-4666 avia_image ' src=\"https:\/\/www.grether-photography.com\/wp-content\/uploads\/2020\/07\/Portrait_Laurin.jpg\" alt='' title='Portrait_Laurin'  height=\"1708\" width=\"2560\"  itemprop=\"thumbnailUrl\" srcset=\"https:\/\/www.grether-photography.com\/wp-content\/uploads\/2020\/07\/Portrait_Laurin.jpg 2560w, https:\/\/www.grether-photography.com\/wp-content\/uploads\/2020\/07\/Portrait_Laurin-300x200.jpg 300w, https:\/\/www.grether-photography.com\/wp-content\/uploads\/2020\/07\/Portrait_Laurin-1030x687.jpg 1030w, https:\/\/www.grether-photography.com\/wp-content\/uploads\/2020\/07\/Portrait_Laurin-768x512.jpg 768w, https:\/\/www.grether-photography.com\/wp-content\/uploads\/2020\/07\/Portrait_Laurin-1536x1025.jpg 1536w, https:\/\/www.grether-photography.com\/wp-content\/uploads\/2020\/07\/Portrait_Laurin-2048x1366.jpg 2048w, https:\/\/www.grether-photography.com\/wp-content\/uploads\/2020\/07\/Portrait_Laurin-18x12.jpg 18w, https:\/\/www.grether-photography.com\/wp-content\/uploads\/2020\/07\/Portrait_Laurin-1500x1001.jpg 1500w, https:\/\/www.grether-photography.com\/wp-content\/uploads\/2020\/07\/Portrait_Laurin-705x470.jpg 705w\" sizes=\"(max-width: 2560px) 100vw, 2560px\" \/><\/div><\/div><\/div><br \/>\n<section  class='av_textblock_section av-k5wbumfz-2b633359d0e43c498c91353024c541fb'  itemscope=\"itemscope\" itemtype=\"https:\/\/schema.org\/CreativeWork\" ><div class='avia_textblock'  itemprop=\"text\" ><p><em><strong>Laurin Grether:<\/strong> F\u00fcr Sie unterwegs als Fotograf f\u00fcr Firmen, Events, Immobilien, Protraits, Drohnenfotos und vieles mehr.<\/em><\/p>\n<\/div><\/section><br \/>\n\n<style type=\"text\/css\" data-created_by=\"avia_inline_auto\" id=\"style-css-av-k5wbd76n-23-1b84662d9c59445fc907702a57d1ca01\">\n#top .hr.hr-invisible.av-k5wbd76n-23-1b84662d9c59445fc907702a57d1ca01{\nheight:20px;\n}\n<\/style>\n<div  class='hr av-k5wbd76n-23-1b84662d9c59445fc907702a57d1ca01 hr-invisible  avia-builder-el-17  el_after_av_textblock  avia-builder-el-last '><span class='hr-inner '><span class=\"hr-inner-style\"><\/span><\/span><\/div><\/p><\/div>\n<style type=\"text\/css\" data-created_by=\"avia_inline_auto\" id=\"style-css-av-k5wbrmfc-19-d74fe5a1f7c33f211f0bda68d9ba7056\">\n#top .flex_column.av-k5wbrmfc-19-d74fe5a1f7c33f211f0bda68d9ba7056{\nmargin-top:30px;\nmargin-bottom:30px;\n}\n.flex_column.av-k5wbrmfc-19-d74fe5a1f7c33f211f0bda68d9ba7056{\n-webkit-border-radius:0px 0px 0px 0px;\n-moz-border-radius:0px 0px 0px 0px;\nborder-radius:0px 0px 0px 0px;\npadding:0px 0px 0px 0px;\n}\n.responsive #top #wrap_all .flex_column.av-k5wbrmfc-19-d74fe5a1f7c33f211f0bda68d9ba7056{\nmargin-top:30px;\nmargin-bottom:30px;\n}\n<\/style>\n<div class='flex_column av-k5wbrmfc-19-d74fe5a1f7c33f211f0bda68d9ba7056 av_one_half  avia-builder-el-18  el_after_av_one_half  avia-builder-el-last  flex_column_div av-animated-generic top-to-bottom av-zero-column-padding '     ><p>\n<style type=\"text\/css\" data-created_by=\"avia_inline_auto\" id=\"style-css-av-3pgfa-291c9fe669d093a17f4545702819f1ab\">\n#top .av-special-heading.av-3pgfa-291c9fe669d093a17f4545702819f1ab{\npadding-bottom:25px;\n}\nbody .av-special-heading.av-3pgfa-291c9fe669d093a17f4545702819f1ab .av-special-heading-tag .heading-char{\nfont-size:25px;\n}\n.av-special-heading.av-3pgfa-291c9fe669d093a17f4545702819f1ab .av-subheading{\nfont-size:15px;\n}\n<\/style>\n<div  class='av-special-heading av-3pgfa-291c9fe669d093a17f4545702819f1ab av-special-heading-h3 blockquote modern-quote  avia-builder-el-19  el_before_av_iconlist  avia-builder-el-first  av-linked-heading'><h3 class='av-special-heading-tag'  itemprop=\"headline\"  >In der ganzen Schweiz f\u00fcr Sie da<\/h3><div class=\"special-heading-border\"><div class=\"special-heading-inner-border\"><\/div><\/div><\/div><br \/>\n\n<style type=\"text\/css\" data-created_by=\"avia_inline_auto\" id=\"style-css-av-k6c4hnu5-5cda258ff13e472403f0926ff713be64\">\n#top .avia-icon-list-container.av-k6c4hnu5-5cda258ff13e472403f0926ff713be64 .iconlist_icon{\ncolor:#ffffff;\nbackground-color:#353535;\n}\n<\/style>\n<div  class='avia-icon-list-container av-k6c4hnu5-5cda258ff13e472403f0926ff713be64  avia-builder-el-20  el_after_av_heading  el_before_av_textblock '><ul class='avia-icon-list avia_animate_when_almost_visible avia-icon-list-left av-iconlist-small av-k6c4hnu5-5cda258ff13e472403f0926ff713be64 avia-iconlist-animate'>\n<li><div class='iconlist_icon av-37fw2-1d892bf4b5137271a40f54d6468f9959 avia-font-entypo-fontello'><span class='iconlist-char' aria-hidden='true' data-av_icon='\ue881' data-av_iconfont='entypo-fontello'><\/span><\/div><article class=\"article-icon-entry av-iconlist-empty\"  itemscope=\"itemscope\" itemtype=\"https:\/\/schema.org\/CreativeWork\" ><div class=\"iconlist_content_wrap\"><header class=\"entry-content-header\"><div class='av_iconlist_title iconlist_title_small  '  itemprop=\"headline\" ><a href='https:\/\/www.grether-photography.com\/en\/dienstleistungen\/eventfotografie\/' title='Meine Dienstleistung als Event-Fotograf'>Meine Dienstleistung als Event-Fotograf<\/a><\/div><\/header><div class='iconlist_content '  itemprop=\"text\" ><\/div><\/div><footer class=\"entry-footer\"><\/footer><\/article><div class=\"iconlist-timeline\"><\/div><\/li>\n<li><div class='iconlist_icon av-2rsru-95d5a594e83bbf58fee38f2b980018a8 avia-font-entypo-fontello'><span class='iconlist-char' aria-hidden='true' data-av_icon='\ue881' data-av_iconfont='entypo-fontello'><\/span><\/div><article class=\"article-icon-entry av-iconlist-empty\"  itemscope=\"itemscope\" itemtype=\"https:\/\/schema.org\/CreativeWork\" ><div class=\"iconlist_content_wrap\"><header class=\"entry-content-header\"><div class='av_iconlist_title iconlist_title_small  '  itemprop=\"headline\" ><a href='https:\/\/www.grether-photography.com\/en\/luzern-zug-schwyz\/schwarz-weiss-fotograf-luzern-zug-schwyz\/' title='Eindr\u00fcckliche Schwarz-Weiss-Fotografie'>Eindr\u00fcckliche Schwarz-Weiss-Fotografie<\/a><\/div><\/header><div class='iconlist_content '  itemprop=\"text\" ><\/div><\/div><footer class=\"entry-footer\"><\/footer><\/article><div class=\"iconlist-timeline\"><\/div><\/li>\n<li><div class='iconlist_icon av-269dy-09451373eddd9e1c19596450bee501de avia-font-entypo-fontello'><span class='iconlist-char' aria-hidden='true' data-av_icon='\ue881' data-av_iconfont='entypo-fontello'><\/span><\/div><article class=\"article-icon-entry av-iconlist-empty\"  itemscope=\"itemscope\" itemtype=\"https:\/\/schema.org\/CreativeWork\" ><div class=\"iconlist_content_wrap\"><header class=\"entry-content-header\"><div class='av_iconlist_title iconlist_title_small  '  itemprop=\"headline\" ><a href='https:\/\/www.grether-photography.com\/en\/zuerich-aargau\/fotograf-mellingen-oberrohrdorf-niederrohrdorf\/' title='In Mellingen und Oberrohrdorf als Fotograf im Einsatz'>In Mellingen und Oberrohrdorf als Fotograf im Einsatz<\/a><\/div><\/header><div class='iconlist_content '  itemprop=\"text\" ><\/div><\/div><footer class=\"entry-footer\"><\/footer><\/article><div class=\"iconlist-timeline\"><\/div><\/li>\n<li><div class='iconlist_icon av-1rjde-572baa7bf9ccd39bf575876a505d1cc5 avia-font-entypo-fontello'><span class='iconlist-char' aria-hidden='true' data-av_icon='\ue881' data-av_iconfont='entypo-fontello'><\/span><\/div><article class=\"article-icon-entry av-iconlist-empty\"  itemscope=\"itemscope\" itemtype=\"https:\/\/schema.org\/CreativeWork\" ><div class=\"iconlist_content_wrap\"><header class=\"entry-content-header\"><div class='av_iconlist_title iconlist_title_small  '  itemprop=\"headline\" ><a href='https:\/\/www.grether-photography.com\/en\/ostschweiz\/fotograf-landquart-bad-ragaz\/' title='Ich bin auch Ihr Fotograf in Landquart und Bad Ragaz'>Ich bin auch Ihr Fotograf in Landquart und Bad Ragaz<\/a><\/div><\/header><div class='iconlist_content '  itemprop=\"text\" ><\/div><\/div><footer class=\"entry-footer\"><\/footer><\/article><div class=\"iconlist-timeline\"><\/div><\/li>\n<li><div class='iconlist_icon av-xmze-f736b4af35ef4f6d26766fbfec4d0fbe avia-font-entypo-fontello'><span class='iconlist-char' aria-hidden='true' data-av_icon='\ue881' data-av_iconfont='entypo-fontello'><\/span><\/div><article class=\"article-icon-entry av-iconlist-empty\"  itemscope=\"itemscope\" itemtype=\"https:\/\/schema.org\/CreativeWork\" ><div class=\"iconlist_content_wrap\"><header class=\"entry-content-header\"><div class='av_iconlist_title iconlist_title_small  '  itemprop=\"headline\" ><a href='https:\/\/www.grether-photography.com\/en\/ostschweiz\/der-fotograf-fuer-rapperswil-und-jona\/' title='Gute Fotografie mit Profi-Equipment in Rapperswil'>Gute Fotografie mit Profi-Equipment in Rapperswil<\/a><\/div><\/header><div class='iconlist_content '  itemprop=\"text\" ><\/div><\/div><footer class=\"entry-footer\"><\/footer><\/article><div class=\"iconlist-timeline\"><\/div><\/li>\n<\/ul><\/div><br \/>\n<section  class='av_textblock_section av-k5wbumfz-18-9174002bdc5f049b5491dd2321d1ad28'  itemscope=\"itemscope\" itemtype=\"https:\/\/schema.org\/CreativeWork\" ><div class='avia_textblock'  itemprop=\"text\" ><p>Firmenshootings, B\u00fcros und Produktion. Aber auch Events draussen oder drinnen &#8211; Sportanl\u00e4sse, Theater, Vereinsversammlungen und Anl\u00e4sse aller Art: Als Fotograf bin ich gerne mit dabei und bediene mit den Fotos direkt Social Media. Von der Vorbereitung des Events bis zum feierlichen Abschluss.<\/p>\n<\/div><\/section><br \/>\n\n<style type=\"text\/css\" data-created_by=\"avia_inline_auto\" id=\"style-css-av-k5wbd76n-17-639e3d3aa2758354951cc80bf53cb4b6\">\n#top .hr.hr-invisible.av-k5wbd76n-17-639e3d3aa2758354951cc80bf53cb4b6{\nheight:20px;\n}\n<\/style>\n<div  class='hr av-k5wbd76n-17-639e3d3aa2758354951cc80bf53cb4b6 hr-invisible  avia-builder-el-22  el_after_av_textblock  el_before_av_buttonrow '><span class='hr-inner '><span class=\"hr-inner-style\"><\/span><\/span><\/div><br \/>\n<div  class='avia-buttonrow-wrap av-kewxp7nr-2d3b281201091957b99f0f4976930a1f avia-buttonrow-left  avia-builder-el-23  el_after_av_hr  avia-builder-el-last '>\n\n<style type=\"text\/css\" data-created_by=\"avia_inline_auto\" id=\"style-css-av-g1gco-5d8b894c757d81da0e484c110e11ee2f\">\n#top #wrap_all .avia-button.av-g1gco-5d8b894c757d81da0e484c110e11ee2f{\nmargin-bottom:30px;\nmargin-right:30px;\n}\n<\/style>\n<a href='https:\/\/www.grether-photography.com\/en\/kontakt\/'  class='avia-button av-g1gco-5d8b894c757d81da0e484c110e11ee2f avia-icon_select-yes-left-icon avia-size-large avia-color-theme-color'  ><span class='avia_button_icon avia_button_icon_left ' aria-hidden='true' data-av_icon='\ue83c' data-av_iconfont='entypo-fontello'><\/span><span class='avia_iconbox_title' >Kontakt<\/span><\/a>\n\n<style type=\"text\/css\" data-created_by=\"avia_inline_auto\" id=\"style-css-av-bal48-4aef9fde07c43ef8621e4d2b188f889d\">\n#top #wrap_all .avia-button.av-bal48-4aef9fde07c43ef8621e4d2b188f889d{\nmargin-bottom:30px;\nmargin-right:30px;\n}\n<\/style>\n<a href='https:\/\/www.grether-photography.com\/en\/ueber-mich\/'  class='avia-button av-bal48-4aef9fde07c43ef8621e4d2b188f889d avia-icon_select-yes-left-icon avia-size-large avia-color-theme-color'  ><span class='avia_button_icon avia_button_icon_left ' aria-hidden='true' data-av_icon='\ue80a' data-av_iconfont='entypo-fontello'><\/span><span class='avia_iconbox_title' >\u00dcber mich<\/span><\/a>\n<\/div><\/p><\/div>\n\n[av_masonry_gallery ids='6419,8508,11241,6975,11156' caption_elements='title excerpt' caption_styling='' caption_display='always' img_copyright='' size='fixed' orientation='' image_size='masonry' gap='large' columns='5' av-desktop-columns='' av-medium-columns='' av-small-columns='' av-mini-columns='' items='24' paginate='none' color='' custom_bg='' img_copyright_font='' av-desktop-font-img_copyright_font='' av-medium-font-img_copyright_font='' av-small-font-img_copyright_font='' av-mini-font-img_copyright_font='' img_copyright_color='' img_copyright_bg='' animation='active' animation_duration='' animation_custom_bg_color='' animation_custom_bg_color_multi_list='' animation_z_index_curtain='100' overlay_fx='' container_links='active' link_dest='' lightbox_text='' img_scrset='' lazy_loading='disabled' alb_description='' id='' custom_class='' template_class='' av_uid='av-l0tc71bo' sc_version='1.0']\r\n\r\n\n\n<style type=\"text\/css\" data-created_by=\"avia_inline_auto\" id=\"style-css-av-k5wevtf9-ee27108497ffd7f9986285ff4d383ae7\">\n.avia-section.av-k5wevtf9-ee27108497ffd7f9986285ff4d383ae7 .av-parallax .av-parallax-inner{\nbackground-repeat:no-repeat;\nbackground-image:url(https:\/\/www.grether-photography.com\/wp-content\/uploads\/2025\/03\/wadsackheader2.jpg);\nbackground-position:50% 100%;\nbackground-attachment:scroll;\n}\n.avia-section.av-k5wevtf9-ee27108497ffd7f9986285ff4d383ae7 .av-section-color-overlay{\nopacity:0.6;\nbackground-color:#020202;\n}\n<\/style>\n<div id='av_section_3'  class='avia-section av-k5wevtf9-ee27108497ffd7f9986285ff4d383ae7 main_color avia-section-default avia-no-border-styling  avia-builder-el-25  el_after_av_postcontent  el_before_av_section  av-parallax-section avia-bg-style-parallax av-section-color-overlay-active av-minimum-height av-minimum-height-75  container_wrap fullsize'  data-section-bg-repeat='no-repeat' data-av_minimum_height_pc='75'><div class='av-parallax' data-avia-parallax-ratio='0.3' ><div class='av-parallax-inner main_color avia-full-stretch'><\/div><\/div><div class=\"av-section-color-overlay-wrap\"><div class=\"av-section-color-overlay\"><\/div><div class='container av-section-cont-open' ><div class='template-page content  av-content-full alpha units'><div class='post-entry post-entry-type-page post-entry-2281'><div class='entry-content-wrapper clearfix'>\n\n<style type=\"text\/css\" data-created_by=\"avia_inline_auto\" id=\"style-css-av-7v32v-f045b4434fe33af684a145169b3caf1d\">\n.flex_column.av-7v32v-f045b4434fe33af684a145169b3caf1d{\n-webkit-border-radius:0px 0px 0px 0px;\n-moz-border-radius:0px 0px 0px 0px;\nborder-radius:0px 0px 0px 0px;\npadding:0px 0px 0px 0px;\n}\n<\/style>\n<div class='flex_column av-7v32v-f045b4434fe33af684a145169b3caf1d av_one_full  avia-builder-el-26  el_before_av_one_fourth  avia-builder-el-first  first flex_column_div av-animated-generic pop-up av-zero-column-padding '     ><p>\n<style type=\"text\/css\" data-created_by=\"avia_inline_auto\" id=\"style-css-av-2skszd-f8d9eb7233dec5436e3e17d7db969b4b\">\n#top .av-special-heading.av-2skszd-f8d9eb7233dec5436e3e17d7db969b4b{\npadding-bottom:10px;\ncolor:#ffffff;\n}\nbody .av-special-heading.av-2skszd-f8d9eb7233dec5436e3e17d7db969b4b .av-special-heading-tag .heading-char{\nfont-size:25px;\n}\n.av-special-heading.av-2skszd-f8d9eb7233dec5436e3e17d7db969b4b .special-heading-inner-border{\nborder-color:#ffffff;\n}\n.av-special-heading.av-2skszd-f8d9eb7233dec5436e3e17d7db969b4b .av-subheading{\nfont-size:15px;\n}\n<\/style>\n<div  class='av-special-heading av-2skszd-f8d9eb7233dec5436e3e17d7db969b4b av-special-heading-h2 custom-color-heading blockquote modern-quote modern-centered  avia-builder-el-27  el_before_av_textblock  avia-builder-el-first  av-linked-heading'><h2 class='av-special-heading-tag'  itemprop=\"headline\"  >Ihr Fotograf f\u00fcr Business und Familie<\/h2><div class=\"special-heading-border\"><div class=\"special-heading-inner-border\"><\/div><\/div><\/div><br \/>\n\n<style type=\"text\/css\" data-created_by=\"avia_inline_auto\" id=\"style-css-av-k66sjxgm-72a0586fb862052493a55e6627dec2ce\">\n#top .av_textblock_section.av-k66sjxgm-72a0586fb862052493a55e6627dec2ce .avia_textblock{\nfont-size:24px;\ncolor:#ffffff;\n}\n<\/style>\n<section  class='av_textblock_section av-k66sjxgm-72a0586fb862052493a55e6627dec2ce'  itemscope=\"itemscope\" itemtype=\"https:\/\/schema.org\/CreativeWork\" ><div class='avia_textblock av_inherit_color'  itemprop=\"text\" ><p style=\"text-align: center;\">Kontaktieren Sie mich, wenn Sie einen Fotografen in W\u00e4denswil oder Richterswil ben\u00f6tigen.<br \/>\nBestimmte Aufgaben werden bei mir immer wieder nachgefragt:<\/p>\n<\/div><\/section><\/p><\/div>\n<style type=\"text\/css\" data-created_by=\"avia_inline_auto\" id=\"style-css-av-k92my0vx-6943d754134e36ac4002ad08b670183a\">\n.flex_column.av-k92my0vx-6943d754134e36ac4002ad08b670183a{\n-webkit-border-radius:0px 0px 0px 0px;\n-moz-border-radius:0px 0px 0px 0px;\nborder-radius:0px 0px 0px 0px;\npadding:0px 0px 0px 0px;\n}\n<\/style>\n<div class='flex_column av-k92my0vx-6943d754134e36ac4002ad08b670183a av_one_fourth  avia-builder-el-29  el_after_av_one_full  el_before_av_one_fourth  first flex_column_div av-animated-generic pop-up av-zero-column-padding column-top-margin'     ><style type=\"text\/css\" data-created_by=\"avia_inline_auto\" id=\"style-css-av-k92myq9v-0021c5c9a27aa110989b1bb6190163bd\">\n.av_font_icon.av-k92myq9v-0021c5c9a27aa110989b1bb6190163bd{\ncolor:#ffffff;\nborder-color:#ffffff;\n}\n.av_font_icon.av-k92myq9v-0021c5c9a27aa110989b1bb6190163bd .av-icon-char{\nfont-size:50px;\nline-height:50px;\nwidth:50px;\n}\n<\/style>\n<span  class='av_font_icon av-k92myq9v-0021c5c9a27aa110989b1bb6190163bd avia_animate_when_visible av-icon-style-border avia-icon-pos-center avia-icon-animate'><span class='av-icon-char' aria-hidden='true' data-av_icon='\ue800' data-av_iconfont='fontello' ><\/span><span class='av_icon_caption av-special-font'>Businessfotografie<\/span><\/span><\/div>\n<style type=\"text\/css\" data-created_by=\"avia_inline_auto\" id=\"style-css-av-k92my0vx-15-79fbcb6df61a78eca5a2f6431d39014c\">\n.flex_column.av-k92my0vx-15-79fbcb6df61a78eca5a2f6431d39014c{\n-webkit-border-radius:0px 0px 0px 0px;\n-moz-border-radius:0px 0px 0px 0px;\nborder-radius:0px 0px 0px 0px;\npadding:0px 0px 0px 0px;\n}\n<\/style>\n<div class='flex_column av-k92my0vx-15-79fbcb6df61a78eca5a2f6431d39014c av_one_fourth  avia-builder-el-31  el_after_av_one_fourth  el_before_av_one_fourth  flex_column_div av-animated-generic pop-up av-zero-column-padding column-top-margin'     ><style type=\"text\/css\" data-created_by=\"avia_inline_auto\" id=\"style-css-av-k92myq9v-14-b206a33cbee630e2cdbbdfea2620b2d3\">\n.av_font_icon.av-k92myq9v-14-b206a33cbee630e2cdbbdfea2620b2d3{\ncolor:#ffffff;\nborder-color:#ffffff;\n}\n.av_font_icon.av-k92myq9v-14-b206a33cbee630e2cdbbdfea2620b2d3 .av-icon-char{\nfont-size:50px;\nline-height:50px;\nwidth:50px;\n}\n<\/style>\n<span  class='av_font_icon av-k92myq9v-14-b206a33cbee630e2cdbbdfea2620b2d3 avia_animate_when_visible av-icon-style-border avia-icon-pos-center avia-icon-animate'><span class='av-icon-char' aria-hidden='true' data-av_icon='\ue80a' data-av_iconfont='fontello' ><\/span><span class='av_icon_caption av-special-font'>Familienfotografie<\/span><\/span><\/div>\n<style type=\"text\/css\" data-created_by=\"avia_inline_auto\" id=\"style-css-av-k92my0vx-13-67d564a66c03fc146b5bbfa9bf643753\">\n.flex_column.av-k92my0vx-13-67d564a66c03fc146b5bbfa9bf643753{\n-webkit-border-radius:0px 0px 0px 0px;\n-moz-border-radius:0px 0px 0px 0px;\nborder-radius:0px 0px 0px 0px;\npadding:0px 0px 0px 0px;\n}\n<\/style>\n<div class='flex_column av-k92my0vx-13-67d564a66c03fc146b5bbfa9bf643753 av_one_fourth  avia-builder-el-33  el_after_av_one_fourth  el_before_av_one_fourth  flex_column_div av-animated-generic pop-up av-zero-column-padding column-top-margin'     ><style type=\"text\/css\" data-created_by=\"avia_inline_auto\" id=\"style-css-av-k92myq9v-12-921ba93a374b59748508be177323adf9\">\n.av_font_icon.av-k92myq9v-12-921ba93a374b59748508be177323adf9{\ncolor:#ffffff;\nborder-color:#ffffff;\n}\n.av_font_icon.av-k92myq9v-12-921ba93a374b59748508be177323adf9 .av-icon-char{\nfont-size:50px;\nline-height:50px;\nwidth:50px;\n}\n<\/style>\n<span  class='av_font_icon av-k92myq9v-12-921ba93a374b59748508be177323adf9 avia_animate_when_visible av-icon-style-border avia-icon-pos-center avia-icon-animate'><span class='av-icon-char' aria-hidden='true' data-av_icon='\ue802' data-av_iconfont='fontello' ><\/span><span class='av_icon_caption av-special-font'>Architekturfotografie<\/span><\/span><\/div>\n<style type=\"text\/css\" data-created_by=\"avia_inline_auto\" id=\"style-css-av-k92my0vx-11-896f1dcb54aae13ee51571cf5e501fac\">\n.flex_column.av-k92my0vx-11-896f1dcb54aae13ee51571cf5e501fac{\n-webkit-border-radius:0px 0px 0px 0px;\n-moz-border-radius:0px 0px 0px 0px;\nborder-radius:0px 0px 0px 0px;\npadding:0px 0px 0px 0px;\n}\n<\/style>\n<div class='flex_column av-k92my0vx-11-896f1dcb54aae13ee51571cf5e501fac av_one_fourth  avia-builder-el-35  el_after_av_one_fourth  el_before_av_one_full  flex_column_div av-animated-generic pop-up av-zero-column-padding column-top-margin'     ><style type=\"text\/css\" data-created_by=\"avia_inline_auto\" id=\"style-css-av-k92myq9v-10-f7b6e3e77a3307008bea6b8779b50862\">\n.av_font_icon.av-k92myq9v-10-f7b6e3e77a3307008bea6b8779b50862{\ncolor:#ffffff;\nborder-color:#ffffff;\n}\n.av_font_icon.av-k92myq9v-10-f7b6e3e77a3307008bea6b8779b50862 .av-icon-char{\nfont-size:50px;\nline-height:50px;\nwidth:50px;\n}\n<\/style>\n<span  class='av_font_icon av-k92myq9v-10-f7b6e3e77a3307008bea6b8779b50862 avia_animate_when_visible av-icon-style-border avia-icon-pos-center avia-icon-animate'><span class='av-icon-char' aria-hidden='true' data-av_icon='\ue809' data-av_iconfont='fontello' ><\/span><span class='av_icon_caption av-special-font'>Eventfotografie<\/span><\/span><\/div>\n<style type=\"text\/css\" data-created_by=\"avia_inline_auto\" id=\"style-css-av-k92mxwfc-f3d6d06f4677650aa759de60d684c635\">\n.flex_column.av-k92mxwfc-f3d6d06f4677650aa759de60d684c635{\n-webkit-border-radius:0px 0px 0px 0px;\n-moz-border-radius:0px 0px 0px 0px;\nborder-radius:0px 0px 0px 0px;\npadding:0px 0px 0px 0px;\n}\n<\/style>\n<div class='flex_column av-k92mxwfc-f3d6d06f4677650aa759de60d684c635 av_one_full  avia-builder-el-37  el_after_av_one_fourth  avia-builder-el-last  first flex_column_div av-animated-generic pop-up av-zero-column-padding column-top-margin'     ><p>\n<style type=\"text\/css\" data-created_by=\"avia_inline_auto\" id=\"style-css-av-k5wbd76n-16-3785cbbc916abd9f89ab331f217499a6\">\n#top .hr.hr-invisible.av-k5wbd76n-16-3785cbbc916abd9f89ab331f217499a6{\nheight:20px;\n}\n<\/style>\n<div  class='hr av-k5wbd76n-16-3785cbbc916abd9f89ab331f217499a6 hr-invisible  avia-builder-el-38  el_before_av_button  avia-builder-el-first '><span class='hr-inner '><span class=\"hr-inner-style\"><\/span><\/span><\/div><br \/>\n<div  class='avia-button-wrap av-k5wbvrky-20-e6ad574401ead9865ce045a1af1d77b9-wrap avia-button-center  avia-builder-el-39  el_after_av_hr  avia-builder-el-last '><a href='https:\/\/www.grether-photography.com\/en\/kontakt\/'  class='avia-button av-k5wbvrky-20-e6ad574401ead9865ce045a1af1d77b9 avia-icon_select-yes-right-icon avia-size-large avia-position-center avia-color-light'  ><span class='avia_iconbox_title' >Ich berate Sie gerne<\/span><span class='avia_button_icon avia_button_icon_right' aria-hidden='true' data-av_icon='\ue832' data-av_iconfont='entypo-fontello'><\/span><\/a><\/div><\/p><\/div>\n\n<\/div><\/div><\/div><!-- close content main div --><\/div><\/div><\/div><div id='av_section_4'  class='avia-section av-k6c0i3a2-7a6ccf7e4f897681472913d44d479073 alternate_color avia-section-huge avia-no-border-styling  avia-builder-el-40  el_after_av_section  el_before_av_section  avia-bg-style-scroll container_wrap fullsize'  ><div class='container av-section-cont-open' ><div class='template-page content  av-content-full alpha units'><div class='post-entry post-entry-type-page post-entry-2281'><div class='entry-content-wrapper clearfix'>\n\n<style type=\"text\/css\" data-created_by=\"avia_inline_auto\" id=\"style-css-av-2fd72h-d6357bb6ffd348b14a804c261e8af160\">\n#top .av-special-heading.av-2fd72h-d6357bb6ffd348b14a804c261e8af160{\npadding-bottom:10px;\n}\nbody .av-special-heading.av-2fd72h-d6357bb6ffd348b14a804c261e8af160 .av-special-heading-tag .heading-char{\nfont-size:25px;\n}\n.av-special-heading.av-2fd72h-d6357bb6ffd348b14a804c261e8af160 .av-subheading{\nfont-size:25px;\n}\n<\/style>\n<div  class='av-special-heading av-2fd72h-d6357bb6ffd348b14a804c261e8af160 av-special-heading-h2 blockquote modern-quote modern-centered  avia-builder-el-41  el_before_av_hr  avia-builder-el-first '><h2 class='av-special-heading-tag'  itemprop=\"headline\"  >\u00dcberzeugende Fotos<\/h2><div class='av-subheading av-subheading_below'><p>durch Empathie und Menschenkenntnis<\/p>\n<\/div><div class=\"special-heading-border\"><div class=\"special-heading-inner-border\"><\/div><\/div><\/div>\n\n<style type=\"text\/css\" data-created_by=\"avia_inline_auto\" id=\"style-css-av-k5wbd76n-9-375aa69ac5375144d387e82cbe20339f\">\n#top .hr.av-k5wbd76n-9-375aa69ac5375144d387e82cbe20339f{\nmargin-top:30px;\nmargin-bottom:30px;\n}\n.hr.av-k5wbd76n-9-375aa69ac5375144d387e82cbe20339f .hr-inner{\nwidth:80px;\nborder-color:#353535;\n}\n<\/style>\n<div  class='hr av-k5wbd76n-9-375aa69ac5375144d387e82cbe20339f hr-custom  avia-builder-el-42  el_after_av_heading  el_before_av_one_third  hr-center hr-icon-no'><span class='hr-inner inner-border-av-border-fat'><span class=\"hr-inner-style\"><\/span><\/span><\/div>\n\n<style type=\"text\/css\" data-created_by=\"avia_inline_auto\" id=\"style-css-av-kee1c-15e6c8e236246f022f388591a514e488\">\n#top .flex_column.av-kee1c-15e6c8e236246f022f388591a514e488{\nmargin-top:30px;\nmargin-bottom:30px;\n}\n.flex_column.av-kee1c-15e6c8e236246f022f388591a514e488{\n-webkit-border-radius:0px 0px 0px 0px;\n-moz-border-radius:0px 0px 0px 0px;\nborder-radius:0px 0px 0px 0px;\npadding:0px 0px 0px 0px;\n}\n.responsive #top #wrap_all .flex_column.av-kee1c-15e6c8e236246f022f388591a514e488{\nmargin-top:30px;\nmargin-bottom:30px;\n}\n<\/style>\n<div class='flex_column av-kee1c-15e6c8e236246f022f388591a514e488 av_one_third  avia-builder-el-43  el_after_av_hr  el_before_av_one_third  first flex_column_div av-animated-generic pop-up av-zero-column-padding '     ><article  class='iconbox iconbox_left av-k8ir2na2-7d70fe27f2ca84dae25a6603fee389ec  avia-builder-el-44  avia-builder-el-no-sibling '  itemscope=\"itemscope\" itemtype=\"https:\/\/schema.org\/CreativeWork\" ><div class=\"iconbox_content\"><header class=\"entry-content-header\"><div class=\"iconbox_icon heading-color\" aria-hidden='true' data-av_icon='\ue826' data-av_iconfont='entypo-fontello'><\/div><h3 class='iconbox_content_title '  itemprop=\"headline\" >Der ge\u00fcbte Blick<\/h3><\/header><div class='iconbox_content_container '  itemprop=\"text\" ><p>Die Arbeit eines Fotografen kann recht vielf\u00e4ltig sein. Ein Blick f\u00fcr den Charakter von Immobilien ist genauso wichtig wie die Empathie f\u00fcr Menschen. Jedes Bild will sein Objekt von der interessantesten Seite zeigen.<\/p>\n<\/div><\/div><footer class=\"entry-footer\"><\/footer><\/article><\/div>\n<style type=\"text\/css\" data-created_by=\"avia_inline_auto\" id=\"style-css-av-kee1c-6-c431d23b990f2b8984799dc59184bd14\">\n#top .flex_column.av-kee1c-6-c431d23b990f2b8984799dc59184bd14{\nmargin-top:30px;\nmargin-bottom:30px;\n}\n.flex_column.av-kee1c-6-c431d23b990f2b8984799dc59184bd14{\n-webkit-border-radius:0px 0px 0px 0px;\n-moz-border-radius:0px 0px 0px 0px;\nborder-radius:0px 0px 0px 0px;\npadding:0px 0px 0px 0px;\n}\n.responsive #top #wrap_all .flex_column.av-kee1c-6-c431d23b990f2b8984799dc59184bd14{\nmargin-top:30px;\nmargin-bottom:30px;\n}\n<\/style>\n<div class='flex_column av-kee1c-6-c431d23b990f2b8984799dc59184bd14 av_one_third  avia-builder-el-45  el_after_av_one_third  el_before_av_one_third  flex_column_div av-animated-generic pop-up av-zero-column-padding '     ><article  class='iconbox iconbox_left av-k8ir31wk-2da210b40a2260e1d6b70497ea2c40af  avia-builder-el-46  avia-builder-el-no-sibling '  itemscope=\"itemscope\" itemtype=\"https:\/\/schema.org\/CreativeWork\" ><div class=\"iconbox_content\"><header class=\"entry-content-header\"><div class=\"iconbox_icon heading-color\" aria-hidden='true' data-av_icon='\ue80f' data-av_iconfont='entypo-fontello'><\/div><h3 class='iconbox_content_title '  itemprop=\"headline\" >Einf\u00fchlsamer Fotograf<\/h3><\/header><div class='iconbox_content_container '  itemprop=\"text\" ><p>Wie m\u00f6chte ein Mensch sich selbst sehen? Wie wird er von seinen Mitmenschen gesehen? Ja, Fotografie kann auch viel mit Empathie und Menschenkenntnis zu tun haben.<\/p>\n<\/div><\/div><footer class=\"entry-footer\"><\/footer><\/article><\/div>\n<style type=\"text\/css\" data-created_by=\"avia_inline_auto\" id=\"style-css-av-2upbm1-5200e6cd5189ed112e04c995077e0623\">\n#top .flex_column.av-2upbm1-5200e6cd5189ed112e04c995077e0623{\nmargin-top:30px;\nmargin-bottom:30px;\n}\n.flex_column.av-2upbm1-5200e6cd5189ed112e04c995077e0623{\n-webkit-border-radius:0px 0px 0px 0px;\n-moz-border-radius:0px 0px 0px 0px;\nborder-radius:0px 0px 0px 0px;\npadding:0px 0px 0px 0px;\n}\n.responsive #top #wrap_all .flex_column.av-2upbm1-5200e6cd5189ed112e04c995077e0623{\nmargin-top:30px;\nmargin-bottom:30px;\n}\n<\/style>\n<div class='flex_column av-2upbm1-5200e6cd5189ed112e04c995077e0623 av_one_third  avia-builder-el-47  el_after_av_one_third  avia-builder-el-last  flex_column_div av-animated-generic pop-up av-zero-column-padding '     ><p>\n<style type=\"text\/css\" data-created_by=\"avia_inline_auto\" id=\"style-css-av-l1f0qxeh-a1b8fd11640e10c691b8c15f44853fd5\">\n.avia-image-container.av-l1f0qxeh-a1b8fd11640e10c691b8c15f44853fd5 img.avia_image{\nbox-shadow:none;\n}\n.avia-image-container.av-l1f0qxeh-a1b8fd11640e10c691b8c15f44853fd5 .av-image-caption-overlay-center{\ncolor:#ffffff;\n}\n<\/style>\n<div  class='avia-image-container av-l1f0qxeh-a1b8fd11640e10c691b8c15f44853fd5 av-styling- avia-align-center  avia-builder-el-48  el_before_av_textblock  avia-builder-el-first '   itemprop=\"image\" itemscope=\"itemscope\" itemtype=\"https:\/\/schema.org\/ImageObject\" ><div class=\"avia-image-container-inner\"><div class=\"avia-image-overlay-wrap\"><img decoding=\"async\" class='wp-image-8807 avia-img-lazy-loading-not-8807 avia_image ' src=\"https:\/\/www.grether-photography.com\/wp-content\/uploads\/2023\/07\/cc-1.jpg\" alt='Moderator an Event vor Publikum' title=''  height=\"821\" width=\"1233\"  itemprop=\"thumbnailUrl\" srcset=\"https:\/\/www.grether-photography.com\/wp-content\/uploads\/2023\/07\/cc-1.jpg 1233w, https:\/\/www.grether-photography.com\/wp-content\/uploads\/2023\/07\/cc-1-300x200.jpg 300w, https:\/\/www.grether-photography.com\/wp-content\/uploads\/2023\/07\/cc-1-1030x686.jpg 1030w, https:\/\/www.grether-photography.com\/wp-content\/uploads\/2023\/07\/cc-1-768x511.jpg 768w, https:\/\/www.grether-photography.com\/wp-content\/uploads\/2023\/07\/cc-1-18x12.jpg 18w, https:\/\/www.grether-photography.com\/wp-content\/uploads\/2023\/07\/cc-1-705x469.jpg 705w\" sizes=\"(max-width: 1233px) 100vw, 1233px\" \/><\/div><\/div><\/div><br \/>\n<section  class='av_textblock_section av-l1f0sf2t-0401cefa61dd285f5f3fd8f99ca00cf7'  itemscope=\"itemscope\" itemtype=\"https:\/\/schema.org\/CreativeWork\" ><div class='avia_textblock'  itemprop=\"text\" ><p><em>Eventfotos in W\u00e4denswil. Auf dem Foto zu sehen: Sascha Ruefer.<\/em><\/p>\n<\/div><\/section><\/p><\/div>\n\n<\/div><\/div><\/div><!-- close content main div --><\/div><\/div><div id='av_section_5'  class='avia-section av-k5wofjr1-7774ec160ca1cc110ae78b424c8dce65 main_color avia-section-huge avia-shadow  avia-builder-el-50  el_after_av_section  el_before_av_postcontent  avia-bg-style-scroll container_wrap fullsize'  ><div class='container av-section-cont-open' ><div class='template-page content  av-content-full alpha units'><div class='post-entry post-entry-type-page post-entry-2281'><div class='entry-content-wrapper clearfix'>\n\n<style type=\"text\/css\" data-created_by=\"avia_inline_auto\" id=\"style-css-av-k92na41t-eb219d58fc990e53ae29aca2520fba3d\">\n#top .av-special-heading.av-k92na41t-eb219d58fc990e53ae29aca2520fba3d{\npadding-bottom:10px;\n}\nbody .av-special-heading.av-k92na41t-eb219d58fc990e53ae29aca2520fba3d .av-special-heading-tag .heading-char{\nfont-size:25px;\n}\n.av-special-heading.av-k92na41t-eb219d58fc990e53ae29aca2520fba3d .av-subheading{\nfont-size:25px;\n}\n<\/style>\n<div  class='av-special-heading av-k92na41t-eb219d58fc990e53ae29aca2520fba3d av-special-heading-h2 blockquote modern-quote modern-centered  avia-builder-el-51  el_before_av_hr  avia-builder-el-first '><h2 class='av-special-heading-tag'  itemprop=\"headline\"  >Die Fotosession in <br \/>W\u00e4denswil und Richterswil<\/h2><div class=\"special-heading-border\"><div class=\"special-heading-inner-border\"><\/div><\/div><\/div>\n\n<style type=\"text\/css\" data-created_by=\"avia_inline_auto\" id=\"style-css-av-k5wbd76n-7-ad6fe16b21756674ffbff56ecd509f3c\">\n#top .hr.av-k5wbd76n-7-ad6fe16b21756674ffbff56ecd509f3c{\nmargin-top:30px;\nmargin-bottom:50px;\n}\n.hr.av-k5wbd76n-7-ad6fe16b21756674ffbff56ecd509f3c .hr-inner{\nwidth:80px;\nborder-color:#353535;\n}\n<\/style>\n<div  class='hr av-k5wbd76n-7-ad6fe16b21756674ffbff56ecd509f3c hr-custom  avia-builder-el-52  el_after_av_heading  el_before_av_one_third  hr-center hr-icon-no'><span class='hr-inner inner-border-av-border-fat'><span class=\"hr-inner-style\"><\/span><\/span><\/div>\n\n<style type=\"text\/css\" data-created_by=\"avia_inline_auto\" id=\"style-css-av-t5uv-46a0a0ff341c36960916abf123c6a37f\">\n.flex_column.av-t5uv-46a0a0ff341c36960916abf123c6a37f{\n-webkit-border-radius:0px 0px 0px 0px;\n-moz-border-radius:0px 0px 0px 0px;\nborder-radius:0px 0px 0px 0px;\npadding:0px 0px 0px 0px;\n}\n<\/style>\n<div class='flex_column av-t5uv-46a0a0ff341c36960916abf123c6a37f av_one_third  avia-builder-el-53  el_after_av_hr  el_before_av_one_third  first flex_column_div av-zero-column-padding '     ><article  class='iconbox iconbox_top av-k8irdg7p-2b96df5e24ae2505bc343e04cd373f17  avia-builder-el-54  avia-builder-el-no-sibling  main_color'  itemscope=\"itemscope\" itemtype=\"https:\/\/schema.org\/CreativeWork\" ><div class=\"iconbox_content\"><header class=\"entry-content-header\"><div class=\"iconbox_icon heading-color\" aria-hidden='true' data-av_icon='\ue80b' data-av_iconfont='entypo-fontello'><\/div><h3 class='iconbox_content_title '  itemprop=\"headline\" >Business-Fotos<\/h3><\/header><div class='iconbox_content_container '  itemprop=\"text\" ><p>Sie w\u00fcnschen sich eine Fotosession in Richterswil oder in W\u00e4denswil im Kanton Z\u00fcrich? Daf\u00fcr kann es viele Gr\u00fcnde geben: Vielleicht m\u00f6chten Sie Ihren Firmenauftritt im Internet neugestalten und ben\u00f6tigen Business-Fotos?<\/p>\n<\/div><\/div><footer class=\"entry-footer\"><\/footer><\/article><\/div>\n<style type=\"text\/css\" data-created_by=\"avia_inline_auto\" id=\"style-css-av-t5uv-4-b7d0d14fb7eba1e226568713ce3918b4\">\n.flex_column.av-t5uv-4-b7d0d14fb7eba1e226568713ce3918b4{\n-webkit-border-radius:0px 0px 0px 0px;\n-moz-border-radius:0px 0px 0px 0px;\nborder-radius:0px 0px 0px 0px;\npadding:0px 0px 0px 0px;\n}\n<\/style>\n<div class='flex_column av-t5uv-4-b7d0d14fb7eba1e226568713ce3918b4 av_one_third  avia-builder-el-55  el_after_av_one_third  el_before_av_one_third  flex_column_div av-zero-column-padding '     ><article  class='iconbox iconbox_top av-k8irdg7p-3-10a5a17d8ef7c6dc005b711470a0f836  avia-builder-el-56  avia-builder-el-no-sibling  main_color'  itemscope=\"itemscope\" itemtype=\"https:\/\/schema.org\/CreativeWork\" ><div class=\"iconbox_content\"><header class=\"entry-content-header\"><div class=\"iconbox_icon heading-color\" aria-hidden='true' data-av_icon='\ue810' data-av_iconfont='fontello'><\/div><h3 class='iconbox_content_title '  itemprop=\"headline\" >Familienfotos<\/h3><\/header><div class='iconbox_content_container '  itemprop=\"text\" ><p>Oder es wird Zeit f\u00fcr ein Familienfoto, solange die Kinder noch jung sind? Die Ortschaften W\u00e4denswil und Richterswil bieten auch eine sch\u00f6ne Kulisse f\u00fcr Outdoor-Fotos. So etwa der H\u00fcttnersee oder die Pfannenstielkette.<\/p>\n<\/div><\/div><footer class=\"entry-footer\"><\/footer><\/article><\/div>\n<style type=\"text\/css\" data-created_by=\"avia_inline_auto\" id=\"style-css-av-t5uv-2-1db5c5bab5e16b54a0588c663b9f1e9c\">\n.flex_column.av-t5uv-2-1db5c5bab5e16b54a0588c663b9f1e9c{\n-webkit-border-radius:0px 0px 0px 0px;\n-moz-border-radius:0px 0px 0px 0px;\nborder-radius:0px 0px 0px 0px;\npadding:0px 0px 0px 0px;\n}\n<\/style>\n<div class='flex_column av-t5uv-2-1db5c5bab5e16b54a0588c663b9f1e9c av_one_third  avia-builder-el-57  el_after_av_one_third  el_before_av_hr  flex_column_div av-zero-column-padding '     ><article  class='iconbox iconbox_top av-k8irdg7p-1-bd2e49367bc5a9d3ea7e11c75136eb32  avia-builder-el-58  avia-builder-el-no-sibling  main_color'  itemscope=\"itemscope\" itemtype=\"https:\/\/schema.org\/CreativeWork\" ><div class=\"iconbox_content\"><header class=\"entry-content-header\"><div class=\"iconbox_icon heading-color\" aria-hidden='true' data-av_icon='\ue80e' data-av_iconfont='entypo-fontello'><\/div><h3 class='iconbox_content_title '  itemprop=\"headline\" >Sch\u00f6ne Kulissen<\/h3><\/header><div class='iconbox_content_container '  itemprop=\"text\" ><p>Oder die weiten Felder am Sch\u00f6nenberg. In Richterswil bieten sich Panoramablicke von Feusisberg auf die Ortschaft und das Z\u00fcrichsee-Becken an. Oder die h\u00fcgeligen W\u00e4lder von Samstagern.<\/p>\n<\/div><\/div><footer class=\"entry-footer\"><\/footer><\/article><\/div>\n<style type=\"text\/css\" data-created_by=\"avia_inline_auto\" id=\"style-css-av-k5wbd76n-5-db8765822ada8aa7d658566616b36487\">\n#top .hr.av-k5wbd76n-5-db8765822ada8aa7d658566616b36487{\nmargin-top:30px;\nmargin-bottom:50px;\n}\n.hr.av-k5wbd76n-5-db8765822ada8aa7d658566616b36487 .hr-inner{\nwidth:80px;\nborder-color:#353535;\n}\n<\/style>\n<div  class='hr av-k5wbd76n-5-db8765822ada8aa7d658566616b36487 hr-custom  avia-builder-el-59  el_after_av_one_third  el_before_av_button  hr-center hr-icon-no'><span class='hr-inner inner-border-av-border-fat'><span class=\"hr-inner-style\"><\/span><\/span><\/div>\n<div  class='avia-button-wrap av-k5wbvrky-8-d699c891b9d17b09544105efd163574d-wrap avia-button-center  avia-builder-el-60  el_after_av_hr  avia-builder-el-last '><a href='https:\/\/www.grether-photography.com\/en\/kontakt\/'  class='avia-button av-k5wbvrky-8-d699c891b9d17b09544105efd163574d avia-icon_select-yes-right-icon avia-size-x-large avia-position-center avia-color-theme-color'  ><span class='avia_iconbox_title' >Fotoshooting buchen<\/span><span class='avia_button_icon avia_button_icon_right' aria-hidden='true' data-av_icon='\ue832' data-av_iconfont='entypo-fontello'><\/span><\/a><\/div>\n\n[av_section min_height='50' min_height_pc='25' min_height_px='500px' shadow='no-border-styling' bottom_border='no-border-styling' bottom_border_diagonal_color='#333333' bottom_border_diagonal_direction='' bottom_border_style='' padding='huge' custom_margin='0px' custom_margin_sync='true' av-desktop-custom_margin='' av-desktop-custom_margin_sync='true' av-medium-custom_margin='' av-medium-custom_margin_sync='true' av-small-custom_margin='' av-small-custom_margin_sync='true' av-mini-custom_margin='' av-mini-custom_margin_sync='true' svg_div_top='' svg_div_top_color='#333333' svg_div_top_width='100' svg_div_top_height='50' svg_div_top_max_height='none' svg_div_top_opacity='' svg_div_bottom='' svg_div_bottom_color='#333333' svg_div_bottom_width='100' svg_div_bottom_height='50' svg_div_bottom_max_height='none' svg_div_bottom_opacity='' color='main_color' background='bg_color' custom_bg='#000000' background_gradient_direction='vertical' background_gradient_color1='' background_gradient_color2='' background_gradient_color3='' src='https:\/\/www.grether-photography.com\/wp-content\/uploads\/2020\/01\/laurinfinal.jpg' attachment='441' attachment_size='full' attach='parallax' position='center left' repeat='no-repeat' video='' video_ratio='16:9' overlay_enable='aviaTBoverlay_enable' overlay_opacity='0.5' overlay_color='#5e5e5e' overlay_pattern='' overlay_custom_pattern='' custom_arrow_bg='' css_position_z_index='' av-desktop-css_position_z_index='' av-medium-css_position_z_index='' av-small-css_position_z_index='' av-mini-css_position_z_index='' id='' custom_class='' template_class='' aria_label='' av_element_hidden_in_editor='0' av_uid='av-k5wnmmam' sc_version='1.0']\r\n[av_two_fifth first min_height='' vertical_alignment='' space='' custom_margin='' margin='0px' row_boxshadow='' row_boxshadow_color='' row_boxshadow_width='10' link='' linktarget='' link_hover='' title_attr='' alt_attr='' padding='0px' highlight='' highlight_size='' border='' border_color='' radius='0px' column_boxshadow='' column_boxshadow_color='' column_boxshadow_width='10' background='bg_color' background_color='' background_gradient_color1='' background_gradient_color2='' background_gradient_direction='vertical' src='' background_position='top left' background_repeat='no-repeat' animation='' mobile_breaking='' mobile_display='' av_uid='av-76bpq']\r\n\r\n[\/av_two_fifth][av_three_fifth min_height='' vertical_alignment='' space='' custom_margin='' margin='0px' row_boxshadow='' row_boxshadow_color='' row_boxshadow_width='10' link='' linktarget='' link_hover='' title_attr='' alt_attr='' padding='0px' highlight='' highlight_size='' border='' border_color='' radius='0px' column_boxshadow='' column_boxshadow_color='' column_boxshadow_width='10' background='bg_color' background_color='' background_gradient_color1='' background_gradient_color2='' background_gradient_direction='vertical' src='' background_position='top left' background_repeat='no-repeat' animation='' mobile_breaking='' mobile_display='' av_uid='av-12g9r']\r\n\r\n[av_font_icon icon='ue833' font='entypo-fontello' style='' caption='' link='' linktarget='' size='55px' position='center' animation='' color='#ffffff' av_uid='av-k5wno1ds' custom_class='' admin_preview_bg=''][\/av_font_icon]\r\n\r\n[av_textblock size='30' font_color='custom' color='#ffffff' av-medium-font-size='' av-small-font-size='' av-mini-font-size='' av_uid='av-k5wnowjw' custom_class='' admin_preview_bg='']\r\n<p style=\"text-align: center;\"><em>Meine Herausforderung ist, etwas sichtbar zu machen, das der Masse nicht mehr pr\u00e4sent ist. Das Verborgene aktuell machen.<\/em><\/p>\r\n[\/av_textblock]\r\n\r\n[av_button label='Das ist Ihr Fotograf' icon_select='yes-right-icon' icon='ue832' font='entypo-fontello' size='large' position='center' label_display='' title_attr='' color='light' custom_bg='#444444' custom_font='#ffffff' link='page,20' link_target='' id='' custom_class='' av_uid='av-k5wbvrky' admin_preview_bg='']\r\n\r\n[\/av_three_fifth]\r\n[\/av_section]\r\n\r\n\n","protected":false},"excerpt":{"rendered":"","protected":false},"author":1,"featured_media":0,"parent":3143,"menu_order":3,"comment_status":"closed","ping_status":"closed","template":"","meta":{"footnotes":""},"folder":[],"class_list":["post-2281","page","type-page","status-publish","hentry"],"yoast_head":"<!-- This site is optimized with the Yoast SEO plugin v27.5 - https:\/\/yoast.com\/product\/yoast-seo-wordpress\/ -->\n<title>Ihr Fotograf f\u00fcr Richterswil und W\u00e4denswil | Grether Fotografie<\/title>\n<meta name=\"description\" content=\"Wenn Sie einen Fotografen f\u00fcr die Businessfotografie oder f\u00fcr die Familienfotografie in W\u00e4denswil oder Richterswil ben\u00f6tigen, dann k\u00f6nnen Sie Kontakt zu mir aufnehmen.\" \/>\n<meta name=\"robots\" content=\"index, follow, max-snippet:-1, max-image-preview:large, max-video-preview:-1\" \/>\n<link rel=\"canonical\" href=\"https:\/\/www.grether-photography.com\/en\/zuerich-aargau\/photographer-waedenswil-richterswil\/\" \/>\n<meta property=\"og:locale\" content=\"en_US\" \/>\n<meta property=\"og:type\" content=\"article\" \/>\n<meta property=\"og:title\" content=\"Ihr Fotograf f\u00fcr Richterswil und W\u00e4denswil | Grether Fotografie\" \/>\n<meta property=\"og:description\" content=\"Wenn Sie einen Fotografen f\u00fcr die Businessfotografie oder f\u00fcr die Familienfotografie in W\u00e4denswil oder Richterswil ben\u00f6tigen, dann k\u00f6nnen Sie Kontakt zu mir aufnehmen.\" \/>\n<meta property=\"og:url\" content=\"https:\/\/www.grether-photography.com\/en\/zuerich-aargau\/photographer-waedenswil-richterswil\/\" \/>\n<meta property=\"og:site_name\" content=\"Grether Photography\" \/>\n<meta property=\"article:publisher\" content=\"https:\/\/www.facebook.com\/laurin.grether\" \/>\n<meta property=\"article:modified_time\" content=\"2025-03-26T11:07:55+00:00\" \/>\n<meta property=\"og:image\" content=\"https:\/\/www.grether-photography.com\/wp-content\/uploads\/2020\/05\/og-image.png\" \/>\n\t<meta property=\"og:image:width\" content=\"1200\" \/>\n\t<meta property=\"og:image:height\" content=\"630\" \/>\n\t<meta property=\"og:image:type\" content=\"image\/png\" \/>\n<meta name=\"twitter:label1\" content=\"Est. reading time\" \/>\n\t<meta name=\"twitter:data1\" content=\"8 minutes\" \/>\n<script type=\"application\/ld+json\" class=\"yoast-schema-graph\">{\"@context\":\"https:\\\/\\\/schema.org\",\"@graph\":[{\"@type\":\"WebPage\",\"@id\":\"https:\\\/\\\/www.grether-photography.com\\\/zuerich-aargau\\\/fotograf-waedenswil-richterswil\\\/\",\"url\":\"https:\\\/\\\/www.grether-photography.com\\\/zuerich-aargau\\\/fotograf-waedenswil-richterswil\\\/\",\"name\":\"Ihr Fotograf f\u00fcr Richterswil und W\u00e4denswil | Grether Fotografie\",\"isPartOf\":{\"@id\":\"https:\\\/\\\/www.grether-photography.com\\\/#website\"},\"datePublished\":\"2020-02-22T16:43:08+00:00\",\"dateModified\":\"2025-03-26T11:07:55+00:00\",\"description\":\"Wenn Sie einen Fotografen f\u00fcr die Businessfotografie oder f\u00fcr die Familienfotografie in W\u00e4denswil oder Richterswil ben\u00f6tigen, dann k\u00f6nnen Sie Kontakt zu mir aufnehmen.\",\"breadcrumb\":{\"@id\":\"https:\\\/\\\/www.grether-photography.com\\\/zuerich-aargau\\\/fotograf-waedenswil-richterswil\\\/#breadcrumb\"},\"inLanguage\":\"en-US\",\"potentialAction\":[{\"@type\":\"ReadAction\",\"target\":[\"https:\\\/\\\/www.grether-photography.com\\\/zuerich-aargau\\\/fotograf-waedenswil-richterswil\\\/\"]}]},{\"@type\":\"BreadcrumbList\",\"@id\":\"https:\\\/\\\/www.grether-photography.com\\\/zuerich-aargau\\\/fotograf-waedenswil-richterswil\\\/#breadcrumb\",\"itemListElement\":[{\"@type\":\"ListItem\",\"position\":1,\"name\":\"Startseite\",\"item\":\"https:\\\/\\\/www.grether-photography.com\\\/startseite\\\/\"},{\"@type\":\"ListItem\",\"position\":2,\"name\":\"Z\u00fcrich Aargau\",\"item\":\"https:\\\/\\\/www.grether-photography.com\\\/zuerich-aargau\\\/\"},{\"@type\":\"ListItem\",\"position\":3,\"name\":\"Fotograf W\u00e4denswil, Richterswil\"}]},{\"@type\":\"WebSite\",\"@id\":\"https:\\\/\\\/www.grether-photography.com\\\/#website\",\"url\":\"https:\\\/\\\/www.grether-photography.com\\\/\",\"name\":\"Grether Photography\",\"description\":\"Ihr Fotograf f\u00fcr das professionelle Fotoshooting\",\"potentialAction\":[{\"@type\":\"SearchAction\",\"target\":{\"@type\":\"EntryPoint\",\"urlTemplate\":\"https:\\\/\\\/www.grether-photography.com\\\/?s={search_term_string}\"},\"query-input\":{\"@type\":\"PropertyValueSpecification\",\"valueRequired\":true,\"valueName\":\"search_term_string\"}}],\"inLanguage\":\"en-US\"}]}<\/script>\n<!-- \/ Yoast SEO plugin. -->","yoast_head_json":{"title":"Your photographer for Richterswil and W\u00e4denswil | Grether Photography","description":"If you need a photographer for business photography or family photography in Waedenswil or Richterswil, you can contact me.","robots":{"index":"index","follow":"follow","max-snippet":"max-snippet:-1","max-image-preview":"max-image-preview:large","max-video-preview":"max-video-preview:-1"},"canonical":"https:\/\/www.grether-photography.com\/en\/zuerich-aargau\/photographer-waedenswil-richterswil\/","og_locale":"en_US","og_type":"article","og_title":"Ihr Fotograf f\u00fcr Richterswil und W\u00e4denswil | Grether Fotografie","og_description":"Wenn Sie einen Fotografen f\u00fcr die Businessfotografie oder f\u00fcr die Familienfotografie in W\u00e4denswil oder Richterswil ben\u00f6tigen, dann k\u00f6nnen Sie Kontakt zu mir aufnehmen.","og_url":"https:\/\/www.grether-photography.com\/en\/zuerich-aargau\/photographer-waedenswil-richterswil\/","og_site_name":"Grether Photography","article_publisher":"https:\/\/www.facebook.com\/laurin.grether","article_modified_time":"2025-03-26T11:07:55+00:00","og_image":[{"width":1200,"height":630,"url":"https:\/\/www.grether-photography.com\/wp-content\/uploads\/2020\/05\/og-image.png","type":"image\/png"}],"twitter_misc":{"Est. reading time":"8 minutes"},"schema":{"@context":"https:\/\/schema.org","@graph":[{"@type":"WebPage","@id":"https:\/\/www.grether-photography.com\/zuerich-aargau\/fotograf-waedenswil-richterswil\/","url":"https:\/\/www.grether-photography.com\/zuerich-aargau\/fotograf-waedenswil-richterswil\/","name":"Your photographer for Richterswil and W\u00e4denswil | Grether Photography","isPartOf":{"@id":"https:\/\/www.grether-photography.com\/#website"},"datePublished":"2020-02-22T16:43:08+00:00","dateModified":"2025-03-26T11:07:55+00:00","description":"If you need a photographer for business photography or family photography in Waedenswil or Richterswil, you can contact me.","breadcrumb":{"@id":"https:\/\/www.grether-photography.com\/zuerich-aargau\/fotograf-waedenswil-richterswil\/#breadcrumb"},"inLanguage":"en-US","potentialAction":[{"@type":"ReadAction","target":["https:\/\/www.grether-photography.com\/zuerich-aargau\/fotograf-waedenswil-richterswil\/"]}]},{"@type":"BreadcrumbList","@id":"https:\/\/www.grether-photography.com\/zuerich-aargau\/fotograf-waedenswil-richterswil\/#breadcrumb","itemListElement":[{"@type":"ListItem","position":1,"name":"Startseite","item":"https:\/\/www.grether-photography.com\/startseite\/"},{"@type":"ListItem","position":2,"name":"Z\u00fcrich Aargau","item":"https:\/\/www.grether-photography.com\/zuerich-aargau\/"},{"@type":"ListItem","position":3,"name":"Fotograf W\u00e4denswil, Richterswil"}]},{"@type":"WebSite","@id":"https:\/\/www.grether-photography.com\/#website","url":"https:\/\/www.grether-photography.com\/","name":"Grether Photography","description":"Your photographer for the professional photo shoot","potentialAction":[{"@type":"SearchAction","target":{"@type":"EntryPoint","urlTemplate":"https:\/\/www.grether-photography.com\/?s={search_term_string}"},"query-input":{"@type":"PropertyValueSpecification","valueRequired":true,"valueName":"search_term_string"}}],"inLanguage":"en-US"}]}},"_links":{"self":[{"href":"https:\/\/www.grether-photography.com\/en\/wp-json\/wp\/v2\/pages\/2281","targetHints":{"allow":["GET"]}}],"collection":[{"href":"https:\/\/www.grether-photography.com\/en\/wp-json\/wp\/v2\/pages"}],"about":[{"href":"https:\/\/www.grether-photography.com\/en\/wp-json\/wp\/v2\/types\/page"}],"author":[{"embeddable":true,"href":"https:\/\/www.grether-photography.com\/en\/wp-json\/wp\/v2\/users\/1"}],"replies":[{"embeddable":true,"href":"https:\/\/www.grether-photography.com\/en\/wp-json\/wp\/v2\/comments?post=2281"}],"version-history":[{"count":9,"href":"https:\/\/www.grether-photography.com\/en\/wp-json\/wp\/v2\/pages\/2281\/revisions"}],"predecessor-version":[{"id":12146,"href":"https:\/\/www.grether-photography.com\/en\/wp-json\/wp\/v2\/pages\/2281\/revisions\/12146"}],"up":[{"embeddable":true,"href":"https:\/\/www.grether-photography.com\/en\/wp-json\/wp\/v2\/pages\/3143"}],"wp:attachment":[{"href":"https:\/\/www.grether-photography.com\/en\/wp-json\/wp\/v2\/media?parent=2281"}],"wp:term":[{"taxonomy":"folder","embeddable":true,"href":"https:\/\/www.grether-photography.com\/en\/wp-json\/wp\/v2\/folder?post=2281"}],"curies":[{"name":"wp","href":"https:\/\/api.w.org\/{rel}","templated":true}]}}