{"id":2305,"date":"2020-02-22T19:06:10","date_gmt":"2020-02-22T18:06:10","guid":{"rendered":"http:\/\/grether-photography.aretis-staging.ch\/?page_id=2305"},"modified":"2025-03-25T18:06:42","modified_gmt":"2025-03-25T17:06:42","slug":"photographer-meilen-feldmeilen","status":"publish","type":"page","link":"https:\/\/www.grether-photography.com\/en\/zuerich-aargau\/fotograf-meilen-feldmeilen\/","title":{"rendered":"Photographer miles, field miles"},"content":{"rendered":"<div id='layer_slider_1'  class='avia-layerslider main_color avia-shadow  avia-builder-el-0  el_before_av_section  avia-builder-el-first  container_wrap fullsize'  style='height: 751px;'  ><div id=\"layerslider_187_lx3f6haqgjht\"  class=\"ls-wp-container fitvidsignore ls-selectable\" style=\"width:1200px;height:750px;margin:0 auto;margin-bottom: 0px;\"><div class=\"ls-slide\" data-ls=\"bgsize:cover;bgposition:50% 50%;bgcolor:#ffffff;duration:4000;parallaxevent:scroll;parallaxdurationmove:0;\"><img decoding=\"async\" width=\"2560\" height=\"1229\" src=\"https:\/\/www.grether-photography.com\/wp-content\/uploads\/2022\/03\/laurinbalkenalt-scaled.jpg?ver=1771508145\" class=\"ls-bg\" alt=\"\" srcset=\"https:\/\/www.grether-photography.com\/wp-content\/uploads\/2022\/03\/laurinbalkenalt-scaled.jpg 2560w, https:\/\/www.grether-photography.com\/wp-content\/uploads\/2022\/03\/laurinbalkenalt-300x144.jpg 300w, https:\/\/www.grether-photography.com\/wp-content\/uploads\/2022\/03\/laurinbalkenalt-1030x494.jpg 1030w, https:\/\/www.grether-photography.com\/wp-content\/uploads\/2022\/03\/laurinbalkenalt-768x369.jpg 768w, https:\/\/www.grether-photography.com\/wp-content\/uploads\/2022\/03\/laurinbalkenalt-1536x737.jpg 1536w, https:\/\/www.grether-photography.com\/wp-content\/uploads\/2022\/03\/laurinbalkenalt-2048x983.jpg 2048w, https:\/\/www.grether-photography.com\/wp-content\/uploads\/2022\/03\/laurinbalkenalt-18x9.jpg 18w, https:\/\/www.grether-photography.com\/wp-content\/uploads\/2022\/03\/laurinbalkenalt-1500x720.jpg 1500w, https:\/\/www.grether-photography.com\/wp-content\/uploads\/2022\/03\/laurinbalkenalt-705x338.jpg 705w\" sizes=\"(max-width: 2560px) 100vw, 2560px\" \/><p style=\"text-shadow: 0 1px 2px rgba(0,0,0,0.3);top:117px;left:-16px;text-align:initial;font-weight:400;font-style:normal;font-family:Open Sans;color:#ffffff;font-size:75px;text-decoration:none;\" class=\"ls-l ls-text-layer\" data-ls=\"showinfo:1;offsetxin:random(-100,100);offsetyin:-20;durationin:1100;rotateyin:random(-45,45);scalexin:random(2,4);clipin:0 0 100% 0;transitionout:false;static:forever;position:relative;\">Ihr Fotograf<\/p><p style=\"top:378px;left:48px;text-align:initial;font-weight:400;font-style:normal;text-decoration:none;font-family:Open Sans;color:#ffffff;font-size:35px;\" class=\"ls-l ls-text-layer\" data-ls=\"showinfo:1;offsetxin:80;durationin:750;delayin:1800;easingin:easeOutExpo;static:forever;position:relative;\">Moderne Portraits<\/p><span style=\"top:374px;left:-15px;text-align:initial;font-weight:400;font-style:italic;text-decoration:none;font-family:Montserrat;font-size:44px;line-height:48px;color:#ab74ed;\" class=\"ls-l ls-icon-layer\" data-ls=\"showinfo:1;offsetxin:80;durationin:750;delayin:1500;easingin:easeOutExpo;rotatein:random(-45,45);rotatexin:random(-45,45);static:forever;position:relative;\"><i class=\"fa fa-check-circle\"><\/i><\/span><p style=\"top:444px;left:44px;text-align:initial;font-weight:400;font-style:normal;text-decoration:none;font-family:Open Sans;color:#ffffff;font-size:35px;\" class=\"ls-l ls-text-layer\" data-ls=\"showinfo:1;offsetxin:80;durationin:750;delayin:2400;easingin:easeOutExpo;static:forever;position:relative;\">Familienfotos<\/p><span style=\"top:443px;left:-15px;text-align:initial;font-weight:400;font-style:italic;text-decoration:none;font-family:Montserrat;font-size:44px;line-height:44px;color:#ab74ed;\" class=\"ls-l ls-icon-layer\" data-ls=\"showinfo:1;offsetxin:80;durationin:750;delayin:2100;easingin:easeOutExpo;rotatein:random(-45,45);rotatexin:random(-45,45);static:forever;position:relative;\"><i class=\"fa fa-check-circle\"><\/i><\/span><p style=\"top:512px;left:43px;text-align:initial;font-weight:400;font-style:normal;text-decoration:none;font-family:Open Sans;color:#ffffff;font-size:35px;\" class=\"ls-l ls-text-layer\" data-ls=\"showinfo:1;offsetxin:80;durationin:750;delayin:3000;easingin:easeOutExpo;static:forever;position:relative;\">Business, Events, Immobilien<\/p><span style=\"top:508px;left:-15px;text-align:initial;font-weight:400;font-style:italic;text-decoration:none;font-family:Montserrat;font-size:44px;color:#ab74ed;\" class=\"ls-l ls-icon-layer\" data-ls=\"showinfo:1;offsetxin:80;durationin:750;delayin:2700;easingin:easeOutExpo;rotatein:random(-45,45);rotatexin:random(-45,45);static:forever;position:relative;\"><i class=\"fa fa-check-circle\"><\/i><\/span><p style=\"top:270px;left:-16px;text-align:initial;font-weight:400;font-style:normal;text-decoration:none;font-family:Open Sans;color:#ffffff;font-size:40px;\" class=\"ls-l ls-text-layer\" data-ls=\"showinfo:1;offsetxin:80;durationin:750;delayin:1000;easingin:easeOutExpo;static:forever;position:relative;\">IN MEILEN &amp; FELDMEILEN<\/p><a style=\"\" class=\"ls-l\" href=\"#1\" target=\"ls-scroll\" data-ls=\"offsetyin:40;durationin:500;delayin:4100;offsetxout:-80;durationout:400;parallax:true;parallaxlevel:-10;position:relative;\" rel=\"noopener\"><img decoding=\"async\" width=\"96\" height=\"96\" src=\"https:\/\/www.grether-photography.com\/wp-content\/uploads\/layerslider\/Spezialbrote-Layer\/pfeil-unten.png\" class=\"ls-img-layer\" alt=\"\" srcset=\"https:\/\/www.grether-photography.com\/wp-content\/uploads\/layerslider\/Spezialbrote-Layer\/pfeil-unten.png 96w, https:\/\/www.grether-photography.com\/wp-content\/uploads\/layerslider\/Spezialbrote-Layer\/pfeil-unten-80x80.png 80w, https:\/\/www.grether-photography.com\/wp-content\/uploads\/layerslider\/Spezialbrote-Layer\/pfeil-unten-36x36.png 36w\" sizes=\"(max-width: 96px) 100vw, 96px\" style=\"top:613px;left:567px;\"><\/a><img decoding=\"async\" width=\"174\" height=\"148\" src=\"https:\/\/www.grether-photography.com\/wp-content\/uploads\/2020\/03\/fotograf_icon.png\" class=\"ls-l ls-img-layer\" alt=\"\" style=\"top:136px;left:834px;width:92px;height:80px;font-size:13px;line-height:falsepx;\" data-ls=\"offsetxin:left;offsetyin:bottom;durationin:1300;delayin:3050;rotatein:random(-45,555);scalexin:random(4,6);transformperspectivein:800;position:relative;\"><\/div><\/div><\/div>\n<div id='av_section_1'  class='avia-section av-q0w7-f50951526780940132cd5d97ce6e3dd0 main_color avia-section-huge avia-no-border-styling  avia-builder-el-1  el_after_av_layerslider  el_before_av_postcontent  avia-bg-style-scroll container_wrap fullsize'  ><div class='container av-section-cont-open' ><div class='template-page content  av-content-full alpha units'><div class='post-entry post-entry-type-page post-entry-2305'><div class='entry-content-wrapper clearfix'>\n\n<style type=\"text\/css\" data-created_by=\"avia_inline_auto\" id=\"style-css-av-3tijdd-f446f4bb571f6b895650e53cebbf71f3\">\n#top .av-special-heading.av-3tijdd-f446f4bb571f6b895650e53cebbf71f3{\npadding-bottom:10px;\n}\nbody .av-special-heading.av-3tijdd-f446f4bb571f6b895650e53cebbf71f3 .av-special-heading-tag .heading-char{\nfont-size:25px;\n}\n.av-special-heading.av-3tijdd-f446f4bb571f6b895650e53cebbf71f3 .av-subheading{\nfont-size:25px;\n}\n<\/style>\n<div  class='av-special-heading av-3tijdd-f446f4bb571f6b895650e53cebbf71f3 av-special-heading-h1 blockquote modern-quote modern-centered  avia-builder-el-2  el_before_av_hr  avia-builder-el-first  av-linked-heading'><h1 class='av-special-heading-tag'  itemprop=\"headline\"  >Fotograf f\u00fcr Profi-Bilder <br \/>in Meilen und Feldmeilen<\/h1><div class=\"special-heading-border\"><div class=\"special-heading-inner-border\"><\/div><\/div><\/div>\n\n<style type=\"text\/css\" data-created_by=\"avia_inline_auto\" id=\"style-css-av-k5wbd76n-1cf7013c91522e86ddccf4ae6ab14441\">\n#top .hr.av-k5wbd76n-1cf7013c91522e86ddccf4ae6ab14441{\nmargin-top:30px;\nmargin-bottom:30px;\n}\n.hr.av-k5wbd76n-1cf7013c91522e86ddccf4ae6ab14441 .hr-inner{\nwidth:80px;\nborder-color:#353535;\n}\n<\/style>\n<div  class='hr av-k5wbd76n-1cf7013c91522e86ddccf4ae6ab14441 hr-custom  avia-builder-el-3  el_after_av_heading  el_before_av_one_half  hr-center hr-icon-no'><span class='hr-inner inner-border-av-border-fat'><span class=\"hr-inner-style\"><\/span><\/span><\/div>\n\n<style type=\"text\/css\" data-created_by=\"avia_inline_auto\" id=\"style-css-av-k5wbrmfc-eb4024d21e4c02c21f27a6477042b78e\">\n#top .flex_column.av-k5wbrmfc-eb4024d21e4c02c21f27a6477042b78e{\nmargin-top:30px;\nmargin-bottom:30px;\n}\n.flex_column.av-k5wbrmfc-eb4024d21e4c02c21f27a6477042b78e{\n-webkit-border-radius:0px 0px 0px 0px;\n-moz-border-radius:0px 0px 0px 0px;\nborder-radius:0px 0px 0px 0px;\npadding:0px 0px 0px 0px;\n}\n.responsive #top #wrap_all .flex_column.av-k5wbrmfc-eb4024d21e4c02c21f27a6477042b78e{\nmargin-top:30px;\nmargin-bottom:30px;\n}\n<\/style>\n<div class='flex_column av-k5wbrmfc-eb4024d21e4c02c21f27a6477042b78e av_one_half  avia-builder-el-4  el_after_av_hr  el_before_av_one_half  first flex_column_div av-animated-generic left-to-right av-zero-column-padding '     ><p>\n<style type=\"text\/css\" data-created_by=\"avia_inline_auto\" id=\"style-css-av-k8ikahc9-c77df8f8d3daa983e261872c4a30a7e8\">\n.avia-image-container.av-k8ikahc9-c77df8f8d3daa983e261872c4a30a7e8 img.avia_image{\nbox-shadow:none;\n}\n.avia-image-container.av-k8ikahc9-c77df8f8d3daa983e261872c4a30a7e8 .av-image-caption-overlay-center{\ncolor:#ffffff;\n}\n<\/style>\n<div  class='avia-image-container av-k8ikahc9-c77df8f8d3daa983e261872c4a30a7e8 av-styling- avia-align-center  avia-builder-el-5  el_before_av_textblock  avia-builder-el-first '   itemprop=\"image\" itemscope=\"itemscope\" itemtype=\"https:\/\/schema.org\/ImageObject\" ><div class=\"avia-image-container-inner\"><div class=\"avia-image-overlay-wrap\"><img decoding=\"async\" class='wp-image-6988 avia-img-lazy-loading-not-6988 avia_image ' src=\"https:\/\/www.grether-photography.com\/wp-content\/uploads\/2022\/03\/diemitte-2.jpg\" alt='' title='Die Mitte, Meilen'  height=\"681\" width=\"953\"  itemprop=\"thumbnailUrl\" srcset=\"https:\/\/www.grether-photography.com\/wp-content\/uploads\/2022\/03\/diemitte-2.jpg 953w, https:\/\/www.grether-photography.com\/wp-content\/uploads\/2022\/03\/diemitte-2-300x214.jpg 300w, https:\/\/www.grether-photography.com\/wp-content\/uploads\/2022\/03\/diemitte-2-768x549.jpg 768w, https:\/\/www.grether-photography.com\/wp-content\/uploads\/2022\/03\/diemitte-2-260x185.jpg 260w, https:\/\/www.grether-photography.com\/wp-content\/uploads\/2022\/03\/diemitte-2-705x504.jpg 705w\" sizes=\"(max-width: 953px) 100vw, 953px\" \/><\/div><\/div><\/div><br \/>\n<section  class='av_textblock_section av-l1dpmiu1-afe29b41d909a4915d4312a68f093d32'  itemscope=\"itemscope\" itemtype=\"https:\/\/schema.org\/CreativeWork\" ><div class='avia_textblock'  itemprop=\"text\" ><p><em>Fotoshootings f\u00fcr Unternehmen wie z.B. die Partei, Die Mitte Meilen.<\/em><\/p>\n<\/div><\/section><\/p><\/div>\n<style type=\"text\/css\" data-created_by=\"avia_inline_auto\" id=\"style-css-av-k5wbrmfc-20-16fc552a39ac927536328a291e940acf\">\n#top .flex_column.av-k5wbrmfc-20-16fc552a39ac927536328a291e940acf{\nmargin-top:30px;\nmargin-bottom:30px;\n}\n.flex_column.av-k5wbrmfc-20-16fc552a39ac927536328a291e940acf{\n-webkit-border-radius:0px 0px 0px 0px;\n-moz-border-radius:0px 0px 0px 0px;\nborder-radius:0px 0px 0px 0px;\npadding:0px 0px 0px 0px;\n}\n.responsive #top #wrap_all .flex_column.av-k5wbrmfc-20-16fc552a39ac927536328a291e940acf{\nmargin-top:30px;\nmargin-bottom:30px;\n}\n<\/style>\n<div class='flex_column av-k5wbrmfc-20-16fc552a39ac927536328a291e940acf av_one_half  avia-builder-el-7  el_after_av_one_half  avia-builder-el-last  flex_column_div av-animated-generic top-to-bottom av-zero-column-padding '     ><p>\n<style type=\"text\/css\" data-created_by=\"avia_inline_auto\" id=\"style-css-av-25eef5-2758bcfac6703fc3a626211b6bfdb0da\">\n#top .av-special-heading.av-25eef5-2758bcfac6703fc3a626211b6bfdb0da{\npadding-bottom:10px;\n}\nbody .av-special-heading.av-25eef5-2758bcfac6703fc3a626211b6bfdb0da .av-special-heading-tag .heading-char{\nfont-size:25px;\n}\n.av-special-heading.av-25eef5-2758bcfac6703fc3a626211b6bfdb0da .av-subheading{\nfont-size:15px;\n}\n<\/style>\n<div  class='av-special-heading av-25eef5-2758bcfac6703fc3a626211b6bfdb0da av-special-heading-h3 blockquote modern-quote  avia-builder-el-8  el_before_av_textblock  avia-builder-el-first  av-linked-heading'><h3 class='av-special-heading-tag'  itemprop=\"headline\"  >Nutzen Sie meinen Service als Fotograf<\/h3><div class=\"special-heading-border\"><div class=\"special-heading-inner-border\"><\/div><\/div><\/div><br \/>\n<section  class='av_textblock_section av-k6c0jumv-4e3b6a247d6a2a387ef229201a0d38f5'  itemscope=\"itemscope\" itemtype=\"https:\/\/schema.org\/CreativeWork\" ><div class='avia_textblock'  itemprop=\"text\" ><p>Was unterscheidet eigentlich das Foto von einem Videofilm? Ein Video beschreibt die Welt so wie wir sie im Alltag wahrnehmen. Fortlaufend und von Augenblick zu Augenblick hetzend. Ein Foto hingegen kann einen einzelnen Augenblick f\u00fcr immer festhalten. Das gelingt uns in unserer Wahrnehmung der Realit\u00e4t sonst kaum.<\/p>\n<p>Wie lange w\u00e4hrt denn ein Augenblick. Eine Sekunde? Oder noch weniger? Ein Augenblick ist schwer zu fassen. Das ist der kurze Moment zwischen der Vergangenheit und der Zukunft. Und ein guter Fotograf ist dazu in der Lage, diesen unscheinbaren Moment f\u00fcr immer am Leben zu halten. Das kann nicht einmal ein Film.<\/p>\n<\/div><\/section><br \/>\n\n<style type=\"text\/css\" data-created_by=\"avia_inline_auto\" id=\"style-css-av-k5wbd76n-21-d18b5f56f49a6eeeb20be7e7b071d885\">\n#top .hr.hr-invisible.av-k5wbd76n-21-d18b5f56f49a6eeeb20be7e7b071d885{\nheight:20px;\n}\n<\/style>\n<div  class='hr av-k5wbd76n-21-d18b5f56f49a6eeeb20be7e7b071d885 hr-invisible  avia-builder-el-10  el_after_av_textblock  el_before_av_button '><span class='hr-inner '><span class=\"hr-inner-style\"><\/span><\/span><\/div><br \/>\n<div  class='avia-button-wrap av-k5wbvrky-461052722b97d4ff5934c31fb6d51d65-wrap avia-button-left  avia-builder-el-11  el_after_av_hr  avia-builder-el-last '><a href='https:\/\/www.grether-photography.com\/en\/kontakt\/'  class='avia-button av-k5wbvrky-461052722b97d4ff5934c31fb6d51d65 avia-icon_select-yes-right-icon avia-size-large avia-position-left avia-color-theme-color'  ><span class='avia_iconbox_title' >Termin vereinbaren<\/span><span class='avia_button_icon avia_button_icon_right' aria-hidden='true' data-av_icon='\ue832' data-av_iconfont='entypo-fontello'><\/span><\/a><\/div><\/p><\/div>\n\n[av_section min_height='' min_height_pc='25' min_height_px='500px' padding='default' custom_margin='0px' custom_margin_sync='true' color='alternate_color' background='bg_color' custom_bg='' background_gradient_color1='' background_gradient_color2='' background_gradient_direction='vertical' src='' attachment='' attachment_size='' attach='scroll' position='top left' repeat='no-repeat' video='' video_ratio='16:9' overlay_opacity='0.5' overlay_color='' overlay_pattern='' overlay_custom_pattern='' shadow='no-border-styling' bottom_border='no-border-styling' bottom_border_diagonal_color='#333333' bottom_border_diagonal_direction='' bottom_border_style='' custom_arrow_bg='' id='' custom_class='' template_class='' aria_label='' av_element_hidden_in_editor='0' av_uid='av-13x5jb9' sc_version='1.0']\r\n\r\n[av_textblock textblock_styling_align='' textblock_styling='' textblock_styling_gap='' textblock_styling_mobile='' size='' av-desktop-font-size='' av-medium-font-size='' av-small-font-size='' av-mini-font-size='' font_color='' color='' id='' custom_class='' template_class='' av_uid='av-l6gfudwv' sc_version='1.0' admin_preview_bg='']\r\n<h3 style=\"text-align: center;\">Kundenreferenzen<\/h3>\r\n[\/av_textblock]\r\n\r\n[av_gallery ids='8166,8078,6535,6533,6532,6531,6166,4821,4830' style='thumbnails' preview_size='portfolio' crop_big_preview_thumbnail='avia-gallery-big-crop-thumb' thumb_size='portfolio' columns='3' imagelink='avianolink noLightbox' link_dest='' lightbox_text='caption' lazyload='avia_lazyload' img_scrset='' html_lazy_loading='disabled' av-desktop-hide='aviaTBav-desktop-hide' alb_description='' id='' custom_class='' template_class='' av_uid='av-l8lyne7z' sc_version='1.0' admin_preview_bg='']\r\n\r\n[av_partner heading='' type='slider' columns='6' navigation='no' control_layout='av-control-default' nav_visibility_desktop='' nav_arrow_color='' nav_arrow_bg_color='' nav_dots_color='' nav_dot_active_color='' size='no scaling' img_size_behave='' border='' img_border='' img_border_width='' img_border_width_sync='true' img_border_color='' border_radius='' border_radius_sync='true' box_shadow='' box_shadow_style='0px,0px,0px,0px' box_shadow_color='' padding='' padding_sync='true' animation='fade' transition_speed='' autoplay='true' interval='3' heading_tag='' heading_class='' img_scrset='' lazy_loading='enabled' av-medium-hide='aviaTBav-medium-hide' av-small-hide='aviaTBav-small-hide' av-mini-hide='aviaTBav-mini-hide' el_id='' custom_class='' template_class='' av_uid='av-13dv3b9' sc_version='1.0']\r\n[av_partner_logo id='6166' hover='' link='' linktitle='' link_target='' av_uid='av-zxscud' sc_version='1.0']\r\n[av_partner_logo id='8150' hover='' link='' link_target='' linktitle='' av_uid='av-l8ll9x3r' sc_version='1.0']\r\n[av_partner_logo id='8394' hover='' link='' link_target='' linktitle='' av_uid='av-ljy9o05t' sc_version='1.0']\r\n[av_partner_logo id='11111' av_uid='av-70u8l']\r\n[av_partner_logo id='8161' hover='' link='' link_target='' linktitle='' av_uid='av-l8ll9mbs' sc_version='1.0']\r\n[av_partner_logo id='6165' hover='' link='' linktitle='' link_target='' av_uid='av-u3x23p' sc_version='1.0']\r\n[av_partner_logo id='6532' hover='' link='' linktitle='' link_target='' av_uid='av-l0gs1z1c' sc_version='1.0']\r\n[av_partner_logo id='11064' av_uid='av-ympk5' hover='' link='' link_target='' linktitle='' sc_version='1.0']\r\n[av_partner_logo id='5909' av_uid='av-sav0tx' hover='' link='' linktitle='' link_target='' sc_version='1.0']\r\n[av_partner_logo id='6533' hover='' link='' linktitle='' link_target='' av_uid='av-l0gs1s81' sc_version='1.0']\r\n[av_partner_logo id='11071' av_uid='av-77fzl1' hover='' link='' link_target='' linktitle='' sc_version='1.0']\r\n[av_partner_logo id='11054' av_uid='av-6br31x' hover='' link='' link_target='' linktitle='' sc_version='1.0']\r\n[av_partner_logo id='8078' av_uid='av-59ncc5' hover='' link='' link_target='' linktitle='' sc_version='1.0']\r\n[av_partner_logo id='8166' hover='' link='' link_target='' linktitle='' av_uid='av-l8ll8uz2' sc_version='1.0']\r\n[av_partner_logo id='8315' hover='' link='' link_target='' linktitle='' av_uid='av-lk9t9mea' sc_version='1.0']\r\n[av_partner_logo id='9312' av_uid='av-7pu2gl' hover='' link='' link_target='' linktitle='' sc_version='1.0']\r\n[av_partner_logo id='11052' av_uid='av-4c4up1' hover='' link='' link_target='' linktitle='' sc_version='1.0']\r\n[av_partner_logo id='9479' av_uid='av-5l0xph' hover='' link='' link_target='' linktitle='' sc_version='1.0']\r\n[av_partner_logo id='9465' av_uid='av-3rieat' hover='' link='' link_target='' linktitle='' sc_version='1.0']\r\n[av_partner_logo id='6535' hover='' link='' linktitle='' link_target='' av_uid='av-l0gs1dr3' sc_version='1.0']\r\n[av_partner_logo id='9890' hover='' link='' link_target='' linktitle='' av_uid='av-lsel1akr' sc_version='1.0']\r\n[av_partner_logo id='9476' av_uid='av-2dphjp' hover='' link='' link_target='' linktitle='' sc_version='1.0']\r\n[av_partner_logo id='11038' av_uid='av-35qsf9' hover='' link='' link_target='' linktitle='' sc_version='1.0']\r\n[av_partner_logo id='8080' av_uid='av-3ln29x' hover='' link='' link_target='' linktitle='' sc_version='1.0']\r\n[av_partner_logo id='9729' hover='' link='' link_target='' linktitle='' av_uid='av-lsel0t27' sc_version='1.0']\r\n[av_partner_logo id='5910' av_uid='av-wtrfnp' hover='' link='' linktitle='' link_target='' sc_version='1.0']\r\n[av_partner_logo id='8086' av_uid='av-2y10f9' hover='' link='' link_target='' linktitle='' sc_version='1.0']\r\n[av_partner_logo id='6539' av_uid='av-2ni2g5' hover='' link='' linktitle='' link_target='' sc_version='1.0']\r\n[av_partner_logo id='7966' hover='' link='' link_target='' linktitle='' av_uid='av-lsel27im' sc_version='1.0']\r\n[av_partner_logo id='6098' hover='' link='' link_target='' linktitle='' av_uid='av-lsel42af' sc_version='1.0']\r\n[av_partner_logo id='8081' hover='' link='' link_target='' linktitle='' av_uid='av-lsel5ajg' sc_version='1.0']\r\n[av_partner_logo id='11040' av_uid='av-29kqlx' hover='' link='' link_target='' linktitle='' sc_version='1.0']\r\n[av_partner_logo id='9313' hover='' link='' link_target='' linktitle='' av_uid='av-l0gs6vyu' sc_version='1.0']\r\n[av_partner_logo id='8096' hover='' link='' link_target='' linktitle='' av_uid='av-lseldlwo' sc_version='1.0']\r\n[av_partner_logo id='8153' hover='' link='' link_target='' linktitle='' av_uid='av-lsellzhq' sc_version='1.0']\r\n[av_partner_logo id='8244' hover='' link='' link_target='' linktitle='' av_uid='av-lselssv5' sc_version='1.0']\r\n[\/av_partner]\r\n\r\n[av_hr class='custom' icon_select='yes' icon='ue87f' font='entypo-fontello' position='center' shadow='no-shadow' height='50' custom_border='av-border-thin' custom_width='250px' custom_margin_top='10px' custom_margin_bottom='30px' custom_border_color='#595959' custom_icon_color='#595959' id='' custom_class='' template_class='' av_uid='av-l0dscygk' sc_version='1.0' admin_preview_bg='']\r\n\r\n[av_button label='Referenzen & Kunden' icon_select='yes-right-icon' icon='ue832' font='entypo-fontello' link='page,4700' link_target='' size='large' position='center' label_display='' title_attr='' color_options='' color='theme-color' custom_bg='#444444' custom_font='#ffffff' btn_color_bg='theme-color' btn_custom_bg='#444444' btn_color_bg_hover='theme-color-highlight' btn_custom_bg_hover='#444444' btn_color_font='theme-color' btn_custom_font='#ffffff' id='' custom_class='' template_class='' av_uid='av-l0ds9r69' sc_version='1.0' admin_preview_bg='']\r\n\r\n[\/av_section]\n\n<style type=\"text\/css\" data-created_by=\"avia_inline_auto\" id=\"style-css-av-k5wevtf9-21245ba859cd31b89037081cfabfafda\">\n.avia-section.av-k5wevtf9-21245ba859cd31b89037081cfabfafda .av-parallax .av-parallax-inner{\nbackground-repeat:no-repeat;\nbackground-image:url(https:\/\/www.grether-photography.com\/wp-content\/uploads\/2025\/02\/Gebaeudeaufnahmen.jpg);\nbackground-position:50% 50%;\nbackground-attachment:scroll;\n}\n.avia-section.av-k5wevtf9-21245ba859cd31b89037081cfabfafda .av-section-color-overlay{\nopacity:0.6;\nbackground-color:#020202;\n}\n<\/style>\n<div id='av_section_2'  class='avia-section av-k5wevtf9-21245ba859cd31b89037081cfabfafda main_color avia-section-default avia-no-border-styling  avia-builder-el-13  el_after_av_postcontent  el_before_av_section  av-parallax-section avia-bg-style-parallax av-section-color-overlay-active av-minimum-height av-minimum-height-75  container_wrap fullsize'  data-section-bg-repeat='no-repeat' data-av_minimum_height_pc='75'><div class='av-parallax' data-avia-parallax-ratio='0.3' ><div class='av-parallax-inner main_color avia-full-stretch'><\/div><\/div><div class=\"av-section-color-overlay-wrap\"><div class=\"av-section-color-overlay\"><\/div><div class='container av-section-cont-open' ><div class='template-page content  av-content-full alpha units'><div class='post-entry post-entry-type-page post-entry-2305'><div class='entry-content-wrapper clearfix'>\n\n<style type=\"text\/css\" data-created_by=\"avia_inline_auto\" id=\"style-css-av-7v32v-f045b4434fe33af684a145169b3caf1d\">\n.flex_column.av-7v32v-f045b4434fe33af684a145169b3caf1d{\n-webkit-border-radius:0px 0px 0px 0px;\n-moz-border-radius:0px 0px 0px 0px;\nborder-radius:0px 0px 0px 0px;\npadding:0px 0px 0px 0px;\n}\n<\/style>\n<div class='flex_column av-7v32v-f045b4434fe33af684a145169b3caf1d av_one_full  avia-builder-el-14  avia-builder-el-no-sibling  first flex_column_div av-animated-generic pop-up av-zero-column-padding '     ><p>\n<style type=\"text\/css\" data-created_by=\"avia_inline_auto\" id=\"style-css-av-k8r5lb34-b809108cc733eadc66df4a6e50831c28\">\n#top .av-special-heading.av-k8r5lb34-b809108cc733eadc66df4a6e50831c28{\npadding-bottom:10px;\ncolor:#ffffff;\n}\nbody .av-special-heading.av-k8r5lb34-b809108cc733eadc66df4a6e50831c28 .av-special-heading-tag .heading-char{\nfont-size:25px;\n}\n.av-special-heading.av-k8r5lb34-b809108cc733eadc66df4a6e50831c28 .special-heading-inner-border{\nborder-color:#ffffff;\n}\n.av-special-heading.av-k8r5lb34-b809108cc733eadc66df4a6e50831c28 .av-subheading{\nfont-size:15px;\n}\n<\/style>\n<div  class='av-special-heading av-k8r5lb34-b809108cc733eadc66df4a6e50831c28 av-special-heading-h2 custom-color-heading blockquote modern-quote modern-centered  avia-builder-el-15  el_before_av_hr  avia-builder-el-first '><h2 class='av-special-heading-tag'  itemprop=\"headline\"  >Ihre Ideen verwirklichen<\/h2><div class=\"special-heading-border\"><div class=\"special-heading-inner-border\"><\/div><\/div><\/div><br \/>\n\n<style type=\"text\/css\" data-created_by=\"avia_inline_auto\" id=\"style-css-av-k5wbd76n-18-923e89f61c7232a748068901453e2979\">\n#top .hr.av-k5wbd76n-18-923e89f61c7232a748068901453e2979{\nmargin-top:30px;\nmargin-bottom:30px;\n}\n.hr.av-k5wbd76n-18-923e89f61c7232a748068901453e2979 .hr-inner{\nwidth:80px;\nborder-color:#ffffff;\n}\n<\/style>\n<div  class='hr av-k5wbd76n-18-923e89f61c7232a748068901453e2979 hr-custom  avia-builder-el-16  el_after_av_heading  el_before_av_textblock  hr-center hr-icon-no'><span class='hr-inner inner-border-av-border-fat'><span class=\"hr-inner-style\"><\/span><\/span><\/div><br \/>\n\n<style type=\"text\/css\" data-created_by=\"avia_inline_auto\" id=\"style-css-av-k66sjxgm-72a0586fb862052493a55e6627dec2ce\">\n#top .av_textblock_section.av-k66sjxgm-72a0586fb862052493a55e6627dec2ce .avia_textblock{\nfont-size:24px;\ncolor:#ffffff;\n}\n<\/style>\n<section  class='av_textblock_section av-k66sjxgm-72a0586fb862052493a55e6627dec2ce'  itemscope=\"itemscope\" itemtype=\"https:\/\/schema.org\/CreativeWork\" ><div class='avia_textblock av_inherit_color'  itemprop=\"text\" ><p style=\"text-align: center;\">\u00a0Sie suchen nach einem Fotografen f\u00fcr Meilen oder Feldmeilen im Kanton Z\u00fcrich?<br \/>\nIch freue mich darauf, von Ihren Ideen zu h\u00f6ren.<\/p>\n<\/div><\/section><br \/>\n\n<style type=\"text\/css\" data-created_by=\"avia_inline_auto\" id=\"style-css-av-k5wbd76n-16-072314cd46a09eff8db3e8530471a4e2\">\n#top .hr.av-k5wbd76n-16-072314cd46a09eff8db3e8530471a4e2{\nmargin-top:30px;\nmargin-bottom:30px;\n}\n.hr.av-k5wbd76n-16-072314cd46a09eff8db3e8530471a4e2 .hr-inner{\nwidth:80px;\nborder-color:#ffffff;\n}\n<\/style>\n<div  class='hr av-k5wbd76n-16-072314cd46a09eff8db3e8530471a4e2 hr-custom  avia-builder-el-18  el_after_av_textblock  el_before_av_button  hr-center hr-icon-no'><span class='hr-inner inner-border-av-border-fat'><span class=\"hr-inner-style\"><\/span><\/span><\/div><br \/>\n<div  class='avia-button-wrap av-k5wbvrky-17-2757a1f0bbe37462aaf5f48fcebf5b94-wrap avia-button-center  avia-builder-el-19  el_after_av_hr  avia-builder-el-last '><a href='https:\/\/www.grether-photography.com\/en\/kontakt\/'  class='avia-button av-k5wbvrky-17-2757a1f0bbe37462aaf5f48fcebf5b94 avia-icon_select-yes-right-icon avia-size-large avia-position-center avia-color-light'  ><span class='avia_iconbox_title' >Ich berate Sie gerne<\/span><span class='avia_button_icon avia_button_icon_right' aria-hidden='true' data-av_icon='\ue832' data-av_iconfont='entypo-fontello'><\/span><\/a><\/div><\/p><\/div>\n\n<\/div><\/div><\/div><!-- close content main div --><\/div><\/div><\/div><div id='av_section_3'  class='avia-section av-nc888-1cee2ba56c62525467f8092af618a9f1 alternate_color avia-section-default avia-no-border-styling  avia-builder-el-20  el_after_av_section  el_before_av_postcontent  avia-bg-style-scroll container_wrap fullsize'  ><div class='container av-section-cont-open' ><div class='template-page content  av-content-full alpha units'><div class='post-entry post-entry-type-page post-entry-2305'><div class='entry-content-wrapper clearfix'>\n\n<style type=\"text\/css\" data-created_by=\"avia_inline_auto\" id=\"style-css-av-k5wbrmfc-19-8f40574bf124a25931d95852812b7962\">\n#top .flex_column.av-k5wbrmfc-19-8f40574bf124a25931d95852812b7962{\nmargin-top:30px;\nmargin-bottom:30px;\n}\n.flex_column.av-k5wbrmfc-19-8f40574bf124a25931d95852812b7962{\n-webkit-border-radius:0px 0px 0px 0px;\n-moz-border-radius:0px 0px 0px 0px;\nborder-radius:0px 0px 0px 0px;\npadding:0px 0px 0px 0px;\n}\n.responsive #top #wrap_all .flex_column.av-k5wbrmfc-19-8f40574bf124a25931d95852812b7962{\nmargin-top:30px;\nmargin-bottom:30px;\n}\n<\/style>\n<div class='flex_column av-k5wbrmfc-19-8f40574bf124a25931d95852812b7962 av_one_half  avia-builder-el-21  el_before_av_one_half  avia-builder-el-first  first flex_column_div av-animated-generic top-to-bottom av-zero-column-padding '     ><p>\n<style type=\"text\/css\" data-created_by=\"avia_inline_auto\" id=\"style-css-av-18pou8-c08214bf524ccae30fecacd4e2331d99\">\n#top .av-special-heading.av-18pou8-c08214bf524ccae30fecacd4e2331d99{\npadding-bottom:25px;\n}\nbody .av-special-heading.av-18pou8-c08214bf524ccae30fecacd4e2331d99 .av-special-heading-tag .heading-char{\nfont-size:25px;\n}\n.av-special-heading.av-18pou8-c08214bf524ccae30fecacd4e2331d99 .av-subheading{\nfont-size:15px;\n}\n<\/style>\n<div  class='av-special-heading av-18pou8-c08214bf524ccae30fecacd4e2331d99 av-special-heading-h3 blockquote modern-quote  avia-builder-el-22  el_before_av_image  avia-builder-el-first  av-linked-heading'><h3 class='av-special-heading-tag'  itemprop=\"headline\"  >Ihr Fotograf<\/h3><div class=\"special-heading-border\"><div class=\"special-heading-inner-border\"><\/div><\/div><\/div><br \/>\n\n<style type=\"text\/css\" data-created_by=\"avia_inline_auto\" id=\"style-css-av-2umv-88afd44d182e7fb367c41b88772c8da4\">\n.avia-image-container.av-2umv-88afd44d182e7fb367c41b88772c8da4 img.avia_image{\nbox-shadow:none;\n}\n.avia-image-container.av-2umv-88afd44d182e7fb367c41b88772c8da4 .av-image-caption-overlay-center{\ncolor:#ffffff;\n}\n<\/style>\n<div  class='avia-image-container av-2umv-88afd44d182e7fb367c41b88772c8da4 av-styling- avia-align-center  avia-builder-el-23  el_after_av_heading  el_before_av_textblock '   itemprop=\"image\" itemscope=\"itemscope\" itemtype=\"https:\/\/schema.org\/ImageObject\" ><div class=\"avia-image-container-inner\"><div class=\"avia-image-overlay-wrap\"><img decoding=\"async\" class='wp-image-4666 avia-img-lazy-loading-not-4666 avia_image ' src=\"https:\/\/www.grether-photography.com\/wp-content\/uploads\/2020\/07\/Portrait_Laurin.jpg\" alt='' title='Portrait_Laurin'  height=\"1708\" width=\"2560\"  itemprop=\"thumbnailUrl\" srcset=\"https:\/\/www.grether-photography.com\/wp-content\/uploads\/2020\/07\/Portrait_Laurin.jpg 2560w, https:\/\/www.grether-photography.com\/wp-content\/uploads\/2020\/07\/Portrait_Laurin-300x200.jpg 300w, https:\/\/www.grether-photography.com\/wp-content\/uploads\/2020\/07\/Portrait_Laurin-1030x687.jpg 1030w, https:\/\/www.grether-photography.com\/wp-content\/uploads\/2020\/07\/Portrait_Laurin-768x512.jpg 768w, https:\/\/www.grether-photography.com\/wp-content\/uploads\/2020\/07\/Portrait_Laurin-1536x1025.jpg 1536w, https:\/\/www.grether-photography.com\/wp-content\/uploads\/2020\/07\/Portrait_Laurin-2048x1366.jpg 2048w, https:\/\/www.grether-photography.com\/wp-content\/uploads\/2020\/07\/Portrait_Laurin-18x12.jpg 18w, https:\/\/www.grether-photography.com\/wp-content\/uploads\/2020\/07\/Portrait_Laurin-1500x1001.jpg 1500w, https:\/\/www.grether-photography.com\/wp-content\/uploads\/2020\/07\/Portrait_Laurin-705x470.jpg 705w\" sizes=\"(max-width: 2560px) 100vw, 2560px\" \/><\/div><\/div><\/div><br \/>\n<section  class='av_textblock_section av-k5wbumfz-2b633359d0e43c498c91353024c541fb'  itemscope=\"itemscope\" itemtype=\"https:\/\/schema.org\/CreativeWork\" ><div class='avia_textblock'  itemprop=\"text\" ><p><em><strong>Laurin Grether:<\/strong> F\u00fcr Sie unterwegs als Fotograf f\u00fcr Firmen, Events, Immobilien, Protraits, Drohnenfotos und vieles mehr.<\/em><\/p>\n<\/div><\/section><br \/>\n\n<style type=\"text\/css\" data-created_by=\"avia_inline_auto\" id=\"style-css-av-k5wbd76n-15-afa833af24fe82ae805f150f166af6d1\">\n#top .hr.hr-invisible.av-k5wbd76n-15-afa833af24fe82ae805f150f166af6d1{\nheight:20px;\n}\n<\/style>\n<div  class='hr av-k5wbd76n-15-afa833af24fe82ae805f150f166af6d1 hr-invisible  avia-builder-el-25  el_after_av_textblock  avia-builder-el-last '><span class='hr-inner '><span class=\"hr-inner-style\"><\/span><\/span><\/div><\/p><\/div>\n<style type=\"text\/css\" data-created_by=\"avia_inline_auto\" id=\"style-css-av-k5wbrmfc-13-9f3327a7077feee434a74b3420b1c8a3\">\n#top .flex_column.av-k5wbrmfc-13-9f3327a7077feee434a74b3420b1c8a3{\nmargin-top:30px;\nmargin-bottom:30px;\n}\n.flex_column.av-k5wbrmfc-13-9f3327a7077feee434a74b3420b1c8a3{\n-webkit-border-radius:0px 0px 0px 0px;\n-moz-border-radius:0px 0px 0px 0px;\nborder-radius:0px 0px 0px 0px;\npadding:0px 0px 0px 0px;\n}\n.responsive #top #wrap_all .flex_column.av-k5wbrmfc-13-9f3327a7077feee434a74b3420b1c8a3{\nmargin-top:30px;\nmargin-bottom:30px;\n}\n<\/style>\n<div class='flex_column av-k5wbrmfc-13-9f3327a7077feee434a74b3420b1c8a3 av_one_half  avia-builder-el-26  el_after_av_one_half  avia-builder-el-last  flex_column_div av-animated-generic top-to-bottom av-zero-column-padding '     ><p>\n<style type=\"text\/css\" data-created_by=\"avia_inline_auto\" id=\"style-css-av-149r4g-fd37fe935503822dfd258afe47ea83fa\">\n#top .av-special-heading.av-149r4g-fd37fe935503822dfd258afe47ea83fa{\npadding-bottom:25px;\n}\nbody .av-special-heading.av-149r4g-fd37fe935503822dfd258afe47ea83fa .av-special-heading-tag .heading-char{\nfont-size:25px;\n}\n.av-special-heading.av-149r4g-fd37fe935503822dfd258afe47ea83fa .av-subheading{\nfont-size:15px;\n}\n<\/style>\n<div  class='av-special-heading av-149r4g-fd37fe935503822dfd258afe47ea83fa av-special-heading-h3 blockquote modern-quote  avia-builder-el-27  el_before_av_iconlist  avia-builder-el-first  av-linked-heading'><h3 class='av-special-heading-tag'  itemprop=\"headline\"  >In der ganzen Schweiz f\u00fcr Sie da<\/h3><div class=\"special-heading-border\"><div class=\"special-heading-inner-border\"><\/div><\/div><\/div><br \/>\n\n<style type=\"text\/css\" data-created_by=\"avia_inline_auto\" id=\"style-css-av-k6c4hnu5-5cda258ff13e472403f0926ff713be64\">\n#top .avia-icon-list-container.av-k6c4hnu5-5cda258ff13e472403f0926ff713be64 .iconlist_icon{\ncolor:#ffffff;\nbackground-color:#353535;\n}\n<\/style>\n<div  class='avia-icon-list-container av-k6c4hnu5-5cda258ff13e472403f0926ff713be64  avia-builder-el-28  el_after_av_heading  el_before_av_textblock '><ul class='avia-icon-list avia_animate_when_almost_visible avia-icon-list-left av-iconlist-small av-k6c4hnu5-5cda258ff13e472403f0926ff713be64 avia-iconlist-animate'>\n<li><div class='iconlist_icon av-uqpl4-568817829742751b3911b094dea0b50b avia-font-entypo-fontello'><span class='iconlist-char' aria-hidden='true' data-av_icon='\ue881' data-av_iconfont='entypo-fontello'><\/span><\/div><article class=\"article-icon-entry av-iconlist-empty\"  itemscope=\"itemscope\" itemtype=\"https:\/\/schema.org\/CreativeWork\" ><div class=\"iconlist_content_wrap\"><header class=\"entry-content-header\"><div class='av_iconlist_title iconlist_title_small  '  itemprop=\"headline\" ><a href='https:\/\/www.grether-photography.com\/en\/ostschweiz\/fotograf-st-gallen\/' title='Als Fotograf habe ich auch Kunden in St. Gallen '>Als Fotograf habe ich auch Kunden in St. Gallen <\/a><\/div><\/header><div class='iconlist_content '  itemprop=\"text\" ><\/div><\/div><footer class=\"entry-footer\"><\/footer><\/article><div class=\"iconlist-timeline\"><\/div><\/li>\n<li><div class='iconlist_icon av-p9lwo-46c08f84e07e389416188aeb140268e3 avia-font-entypo-fontello'><span class='iconlist-char' aria-hidden='true' data-av_icon='\ue881' data-av_iconfont='entypo-fontello'><\/span><\/div><article class=\"article-icon-entry av-iconlist-empty\"  itemscope=\"itemscope\" itemtype=\"https:\/\/schema.org\/CreativeWork\" ><div class=\"iconlist_content_wrap\"><header class=\"entry-content-header\"><div class='av_iconlist_title iconlist_title_small  '  itemprop=\"headline\" ><a href='https:\/\/www.grether-photography.com\/en\/ostschweiz\/fotograf-landquart-bad-ragaz\/' title='Fotoshootings in Bad Ragaz oder Landquart'>Fotoshootings in Bad Ragaz oder Landquart<\/a><\/div><\/header><div class='iconlist_content '  itemprop=\"text\" ><\/div><\/div><footer class=\"entry-footer\"><\/footer><\/article><div class=\"iconlist-timeline\"><\/div><\/li>\n<li><div class='iconlist_icon av-kba5k-942a78eef8779aa5ab5bf2cc73c4fcba avia-font-entypo-fontello'><span class='iconlist-char' aria-hidden='true' data-av_icon='\ue881' data-av_iconfont='entypo-fontello'><\/span><\/div><article class=\"article-icon-entry av-iconlist-empty\"  itemscope=\"itemscope\" itemtype=\"https:\/\/schema.org\/CreativeWork\" ><div class=\"iconlist_content_wrap\"><header class=\"entry-content-header\"><div class='av_iconlist_title iconlist_title_small  '  itemprop=\"headline\" ><a href='https:\/\/www.grether-photography.com\/en\/dienstleistungen\/immobilienfotografie\/' title='Immobilien und Architektur - \u00dcbersicht'>Immobilien und Architektur - \u00dcbersicht<\/a><\/div><\/header><div class='iconlist_content '  itemprop=\"text\" ><\/div><\/div><footer class=\"entry-footer\"><\/footer><\/article><div class=\"iconlist-timeline\"><\/div><\/li>\n<li><div class='iconlist_icon av-fhlu8-aa5d4ee5113738c8f83b85bdbd623cc1 avia-font-entypo-fontello'><span class='iconlist-char' aria-hidden='true' data-av_icon='\ue881' data-av_iconfont='entypo-fontello'><\/span><\/div><article class=\"article-icon-entry av-iconlist-empty\"  itemscope=\"itemscope\" itemtype=\"https:\/\/schema.org\/CreativeWork\" ><div class=\"iconlist_content_wrap\"><header class=\"entry-content-header\"><div class='av_iconlist_title iconlist_title_small  '  itemprop=\"headline\" ><a href='https:\/\/www.grether-photography.com\/en\/zuerich-aargau\/fotograf-aarau\/' title='Als Fotograf in Aarau f\u00fcr Firmen und Private'>Als Fotograf in Aarau f\u00fcr Firmen und Private<\/a><\/div><\/header><div class='iconlist_content '  itemprop=\"text\" ><\/div><\/div><footer class=\"entry-footer\"><\/footer><\/article><div class=\"iconlist-timeline\"><\/div><\/li>\n<li><div class='iconlist_icon av-150m8-22c400aae3491c88d4747fb7a7a7bc2a avia-font-entypo-fontello'><span class='iconlist-char' aria-hidden='true' data-av_icon='\ue881' data-av_iconfont='entypo-fontello'><\/span><\/div><article class=\"article-icon-entry av-iconlist-empty\"  itemscope=\"itemscope\" itemtype=\"https:\/\/schema.org\/CreativeWork\" ><div class=\"iconlist_content_wrap\"><header class=\"entry-content-header\"><div class='av_iconlist_title iconlist_title_small  '  itemprop=\"headline\" ><a href='https:\/\/www.grether-photography.com\/en\/zuerich-aargau\/fotograf-mellingen-oberrohrdorf-niederrohrdorf\/' title='Werbefotos vom Fotografen auch in Mellingen'>Werbefotos vom Fotografen auch in Mellingen<\/a><\/div><\/header><div class='iconlist_content '  itemprop=\"text\" ><\/div><\/div><footer class=\"entry-footer\"><\/footer><\/article><div class=\"iconlist-timeline\"><\/div><\/li>\n<\/ul><\/div><br \/>\n<section  class='av_textblock_section av-k5wbumfz-12-42398410a84dddb70bb6fe0caf3937c2'  itemscope=\"itemscope\" itemtype=\"https:\/\/schema.org\/CreativeWork\" ><div class='avia_textblock'  itemprop=\"text\" ><p>Ich habe angepasste Preise und arbeite f\u00fcr grosse KMUs, Industrie-Unternehmen aber auch Firmen wie Red Bull oder die Boston Consulting Group. Events, Portrait-Shootings und B\u00fcro- und Produktions-Sessions geh\u00f6ren zu meinem Alltag. Als Fotograf in Meilen und dem angrenzenden Feldmeilen setze ich auf Tiefensch\u00e4rfe: Qualit\u00e4t ist wichtig. Deshalb ist meine Ausr\u00fcstung (Fotokamera, Blitz-Anlage, Objektive) auf dem neusten Stand. Fragen Sie an, ich erl\u00e4utere Ihnen das Vorgehen, Angebot und Preise.<\/p>\n<\/div><\/section><br \/>\n\n<style type=\"text\/css\" data-created_by=\"avia_inline_auto\" id=\"style-css-av-k5wbd76n-11-db03cf9e79a4bd8d355cb4bc88557b6a\">\n#top .hr.hr-invisible.av-k5wbd76n-11-db03cf9e79a4bd8d355cb4bc88557b6a{\nheight:20px;\n}\n<\/style>\n<div  class='hr av-k5wbd76n-11-db03cf9e79a4bd8d355cb4bc88557b6a hr-invisible  avia-builder-el-30  el_after_av_textblock  el_before_av_buttonrow '><span class='hr-inner '><span class=\"hr-inner-style\"><\/span><\/span><\/div><br \/>\n<div  class='avia-buttonrow-wrap av-kewxp7nr-2d3b281201091957b99f0f4976930a1f avia-buttonrow-left  avia-builder-el-31  el_after_av_hr  avia-builder-el-last '>\n\n<style type=\"text\/css\" data-created_by=\"avia_inline_auto\" id=\"style-css-av-g1gco-5d8b894c757d81da0e484c110e11ee2f\">\n#top #wrap_all .avia-button.av-g1gco-5d8b894c757d81da0e484c110e11ee2f{\nmargin-bottom:30px;\nmargin-right:30px;\n}\n<\/style>\n<a href='https:\/\/www.grether-photography.com\/en\/kontakt\/'  class='avia-button av-g1gco-5d8b894c757d81da0e484c110e11ee2f avia-icon_select-yes-left-icon avia-size-large avia-color-theme-color'  ><span class='avia_button_icon avia_button_icon_left ' aria-hidden='true' data-av_icon='\ue83c' data-av_iconfont='entypo-fontello'><\/span><span class='avia_iconbox_title' >Kontakt<\/span><\/a>\n\n<style type=\"text\/css\" data-created_by=\"avia_inline_auto\" id=\"style-css-av-bal48-4aef9fde07c43ef8621e4d2b188f889d\">\n#top #wrap_all .avia-button.av-bal48-4aef9fde07c43ef8621e4d2b188f889d{\nmargin-bottom:30px;\nmargin-right:30px;\n}\n<\/style>\n<a href='https:\/\/www.grether-photography.com\/en\/ueber-mich\/'  class='avia-button av-bal48-4aef9fde07c43ef8621e4d2b188f889d avia-icon_select-yes-left-icon avia-size-large avia-color-theme-color'  ><span class='avia_button_icon avia_button_icon_left ' aria-hidden='true' data-av_icon='\ue80a' data-av_iconfont='entypo-fontello'><\/span><span class='avia_iconbox_title' >\u00dcber mich<\/span><\/a>\n<\/div><\/p><\/div>[av_masonry_gallery ids='10576,6182,11201,8509,7139' caption_elements='title excerpt' caption_styling='' caption_display='always' img_copyright='' size='fixed' orientation='' image_size='masonry' gap='large' columns='5' av-desktop-columns='' av-medium-columns='' av-small-columns='' av-mini-columns='' items='24' paginate='none' color='' custom_bg='' img_copyright_font='' av-desktop-font-img_copyright_font='' av-medium-font-img_copyright_font='' av-small-font-img_copyright_font='' av-mini-font-img_copyright_font='' img_copyright_color='' img_copyright_bg='' animation='active' animation_duration='' animation_custom_bg_color='' animation_custom_bg_color_multi_list='' animation_z_index_curtain='100' overlay_fx='' container_links='active' link_dest='' lightbox_text='' img_scrset='' lazy_loading='disabled' alb_description='' id='' custom_class='' template_class='' av_uid='av-l0tc71bo' sc_version='1.0']\r\n\r\n<\/p>\n<div id='av_section_4'  class='avia-section av-k6c0i3a2-179cd1aa5c8603d7875410bcf90e5638 main_color avia-section-huge avia-no-border-styling  avia-builder-el-33  el_after_av_postcontent  el_before_av_section  avia-bg-style-scroll container_wrap fullsize'  ><div class='container av-section-cont-open' ><div class='template-page content  av-content-full alpha units'><div class='post-entry post-entry-type-page post-entry-2305'><div class='entry-content-wrapper clearfix'>\n\n<style type=\"text\/css\" data-created_by=\"avia_inline_auto\" id=\"style-css-av-5ium41-067a8d445c59237c8c89e3f2d86b86d4\">\n#top .av-special-heading.av-5ium41-067a8d445c59237c8c89e3f2d86b86d4{\npadding-bottom:10px;\n}\nbody .av-special-heading.av-5ium41-067a8d445c59237c8c89e3f2d86b86d4 .av-special-heading-tag .heading-char{\nfont-size:25px;\n}\n.av-special-heading.av-5ium41-067a8d445c59237c8c89e3f2d86b86d4 .av-subheading{\nfont-size:25px;\n}\n<\/style>\n<div  class='av-special-heading av-5ium41-067a8d445c59237c8c89e3f2d86b86d4 av-special-heading-h2 blockquote modern-quote modern-centered  avia-builder-el-34  el_before_av_hr  avia-builder-el-first '><h2 class='av-special-heading-tag'  itemprop=\"headline\"  >Fotografie zwischen Kunst und Technik<\/h2><div class='av-subheading av-subheading_below'><p>Fotograf = K\u00fcnstler<\/p>\n<\/div><div class=\"special-heading-border\"><div class=\"special-heading-inner-border\"><\/div><\/div><\/div>\n\n<style type=\"text\/css\" data-created_by=\"avia_inline_auto\" id=\"style-css-av-k5wbd76n-8-b2cf639c21d4b7861f1389877327771e\">\n#top .hr.av-k5wbd76n-8-b2cf639c21d4b7861f1389877327771e{\nmargin-top:30px;\nmargin-bottom:30px;\n}\n.hr.av-k5wbd76n-8-b2cf639c21d4b7861f1389877327771e .hr-inner{\nwidth:80px;\nborder-color:#353535;\n}\n<\/style>\n<div  class='hr av-k5wbd76n-8-b2cf639c21d4b7861f1389877327771e hr-custom  avia-builder-el-35  el_after_av_heading  el_before_av_one_half  hr-center hr-icon-no'><span class='hr-inner inner-border-av-border-fat'><span class=\"hr-inner-style\"><\/span><\/span><\/div>\n\n<style type=\"text\/css\" data-created_by=\"avia_inline_auto\" id=\"style-css-av-kee1c-15e6c8e236246f022f388591a514e488\">\n#top .flex_column.av-kee1c-15e6c8e236246f022f388591a514e488{\nmargin-top:30px;\nmargin-bottom:30px;\n}\n.flex_column.av-kee1c-15e6c8e236246f022f388591a514e488{\n-webkit-border-radius:0px 0px 0px 0px;\n-moz-border-radius:0px 0px 0px 0px;\nborder-radius:0px 0px 0px 0px;\npadding:0px 0px 0px 0px;\n}\n.responsive #top #wrap_all .flex_column.av-kee1c-15e6c8e236246f022f388591a514e488{\nmargin-top:30px;\nmargin-bottom:30px;\n}\n<\/style>\n<div class='flex_column av-kee1c-15e6c8e236246f022f388591a514e488 av_one_half  avia-builder-el-36  el_after_av_hr  el_before_av_one_half  first flex_column_div av-animated-generic pop-up av-zero-column-padding '     ><p><article  class='iconbox iconbox_left av-k8ikc0tz-53cd1742d60751fd3e6fb80077203d5b  avia-builder-el-37  el_before_av_iconlist  avia-builder-el-first '  itemscope=\"itemscope\" itemtype=\"https:\/\/schema.org\/CreativeWork\" ><div class=\"iconbox_content\"><header class=\"entry-content-header\"><div class=\"iconbox_icon heading-color\" aria-hidden='true' data-av_icon='\ue80f' data-av_iconfont='entypo-fontello'><\/div><h3 class='iconbox_content_title '  itemprop=\"headline\" >Gute und hochwertige Fotos<\/h3><\/header><div class='iconbox_content_container '  itemprop=\"text\" ><p>Ihr Fotograf in Meilen und Feldmeilen erstellt hochwertige Fotos. Gute Fotos setzen zwei Aspekte voraus:<\/p>\n<\/div><\/div><footer class=\"entry-footer\"><\/footer><\/article><br \/>\n\n<style type=\"text\/css\" data-created_by=\"avia_inline_auto\" id=\"style-css-av-k6c4hnu5-10-75bded19d5cd1028ebbe581fdc38aaa6\">\n#top .avia-icon-list-container.av-k6c4hnu5-10-75bded19d5cd1028ebbe581fdc38aaa6 .iconlist_icon{\ncolor:#ffffff;\nbackground-color:#353535;\n}\n<\/style>\n<div  class='avia-icon-list-container av-k6c4hnu5-10-75bded19d5cd1028ebbe581fdc38aaa6  avia-builder-el-38  el_after_av_icon_box  avia-builder-el-last '><ul class='avia-icon-list avia_animate_when_almost_visible avia-icon-list-left av-iconlist-small av-k6c4hnu5-10-75bded19d5cd1028ebbe581fdc38aaa6 avia-iconlist-animate'>\n<li><div class='iconlist_icon av-3t0bi9-dc8d4de5702526cacc9193833b8403ce avia-font-entypo-fontello'><span class='iconlist-char' aria-hidden='true' data-av_icon='\ue812' data-av_iconfont='entypo-fontello'><\/span><\/div><article class=\"article-icon-entry av-iconlist-empty\"  itemscope=\"itemscope\" itemtype=\"https:\/\/schema.org\/CreativeWork\" ><div class=\"iconlist_content_wrap\"><header class=\"entry-content-header\"><div class='av_iconlist_title iconlist_title_small  '  itemprop=\"headline\" >Gute Technik (Die Fotoausr\u00fcstung)<\/div><\/header><div class='iconlist_content '  itemprop=\"text\" ><\/div><\/div><footer class=\"entry-footer\"><\/footer><\/article><div class=\"iconlist-timeline\"><\/div><\/li>\n<li><div class='iconlist_icon av-2z9aep-68ad2492d0a504163197702feea9fe65 avia-font-entypo-fontello'><span class='iconlist-char' aria-hidden='true' data-av_icon='\ue812' data-av_iconfont='entypo-fontello'><\/span><\/div><article class=\"article-icon-entry av-iconlist-empty\"  itemscope=\"itemscope\" itemtype=\"https:\/\/schema.org\/CreativeWork\" ><div class=\"iconlist_content_wrap\"><header class=\"entry-content-header\"><div class='av_iconlist_title iconlist_title_small  '  itemprop=\"headline\" >der Blick des K\u00fcnstlers auf das Foto<\/div><\/header><div class='iconlist_content '  itemprop=\"text\" ><\/div><\/div><footer class=\"entry-footer\"><\/footer><\/article><div class=\"iconlist-timeline\"><\/div><\/li>\n<\/ul><\/div><\/p><\/div>\n<style type=\"text\/css\" data-created_by=\"avia_inline_auto\" id=\"style-css-av-kee1c-6-c431d23b990f2b8984799dc59184bd14\">\n#top .flex_column.av-kee1c-6-c431d23b990f2b8984799dc59184bd14{\nmargin-top:30px;\nmargin-bottom:30px;\n}\n.flex_column.av-kee1c-6-c431d23b990f2b8984799dc59184bd14{\n-webkit-border-radius:0px 0px 0px 0px;\n-moz-border-radius:0px 0px 0px 0px;\nborder-radius:0px 0px 0px 0px;\npadding:0px 0px 0px 0px;\n}\n.responsive #top #wrap_all .flex_column.av-kee1c-6-c431d23b990f2b8984799dc59184bd14{\nmargin-top:30px;\nmargin-bottom:30px;\n}\n<\/style>\n<div class='flex_column av-kee1c-6-c431d23b990f2b8984799dc59184bd14 av_one_half  avia-builder-el-39  el_after_av_one_half  avia-builder-el-last  flex_column_div av-animated-generic pop-up av-zero-column-padding '     ><article  class='iconbox iconbox_left av-k8ikc0tz-5-8125f366a2c84c1d8054c7e61d968c84  avia-builder-el-40  avia-builder-el-no-sibling '  itemscope=\"itemscope\" itemtype=\"https:\/\/schema.org\/CreativeWork\" ><div class=\"iconbox_content\"><header class=\"entry-content-header\"><div class=\"iconbox_icon heading-color\" aria-hidden='true' data-av_icon='\ue82b' data-av_iconfont='entypo-fontello'><\/div><h3 class='iconbox_content_title '  itemprop=\"headline\" >Enzigartige Geschichten<\/h3><\/header><div class='iconbox_content_container '  itemprop=\"text\" ><p>K\u00fcnstler k\u00f6nnte bei der Fotografie auch durch das Wort \u201eGeschichtenerz\u00e4hler\u201c ersetzt werden. Denn jedes Foto erz\u00e4hlt eine einzigartige Geschichte. Dies trifft sowohl auf das Business-Foto zu, das Ihre Mitarbeiter und Ihr Unternehmen zeigt, wie auch auf das Familienfoto. Welche Geschichte m\u00f6chten Sie erz\u00e4hlen?<\/p>\n<\/div><\/div><footer class=\"entry-footer\"><\/footer><\/article><\/div>\n\n<\/div><\/div><\/div><!-- close content main div --><\/div><\/div><div id='av_section_5'  class='avia-section av-q0w7-22-874d69d74951f8946c8f168080e2688e alternate_color avia-section-huge avia-no-border-styling  avia-builder-el-41  el_after_av_section  el_before_av_postcontent  avia-bg-style-scroll container_wrap fullsize'  ><div class='container av-section-cont-open' ><div class='template-page content  av-content-full alpha units'><div class='post-entry post-entry-type-page post-entry-2305'><div class='entry-content-wrapper clearfix'>\n\n<style type=\"text\/css\" data-created_by=\"avia_inline_auto\" id=\"style-css-av-2snlb5-1798fcab2c7d46545d19faeb04b3bd6d\">\n#top .av-special-heading.av-2snlb5-1798fcab2c7d46545d19faeb04b3bd6d{\npadding-bottom:10px;\n}\nbody .av-special-heading.av-2snlb5-1798fcab2c7d46545d19faeb04b3bd6d .av-special-heading-tag .heading-char{\nfont-size:25px;\n}\n.av-special-heading.av-2snlb5-1798fcab2c7d46545d19faeb04b3bd6d .av-subheading{\nfont-size:25px;\n}\n<\/style>\n<div  class='av-special-heading av-2snlb5-1798fcab2c7d46545d19faeb04b3bd6d av-special-heading-h2 blockquote modern-quote modern-centered  avia-builder-el-42  el_before_av_hr  avia-builder-el-first  av-linked-heading'><h2 class='av-special-heading-tag'  itemprop=\"headline\"  >Der Fotograf f\u00fcr Feldmeilen und Meilen<\/h2><div class='av-subheading av-subheading_below'><p>Idealer Ort f\u00fcr Firmen-Shootings, Event-Fotografie und Portraits<\/p>\n<\/div><div class=\"special-heading-border\"><div class=\"special-heading-inner-border\"><\/div><\/div><\/div>\n\n<style type=\"text\/css\" data-created_by=\"avia_inline_auto\" id=\"style-css-av-k5wbd76n-7-ad6fe16b21756674ffbff56ecd509f3c\">\n#top .hr.av-k5wbd76n-7-ad6fe16b21756674ffbff56ecd509f3c{\nmargin-top:30px;\nmargin-bottom:50px;\n}\n.hr.av-k5wbd76n-7-ad6fe16b21756674ffbff56ecd509f3c .hr-inner{\nwidth:80px;\nborder-color:#353535;\n}\n<\/style>\n<div  class='hr av-k5wbd76n-7-ad6fe16b21756674ffbff56ecd509f3c hr-custom  avia-builder-el-43  el_after_av_heading  el_before_av_one_half  hr-center hr-icon-no'><span class='hr-inner inner-border-av-border-fat'><span class=\"hr-inner-style\"><\/span><\/span><\/div>\n\n<style type=\"text\/css\" data-created_by=\"avia_inline_auto\" id=\"style-css-av-t5uv-8f8ce4c633fa67b5054ead0693aa4a02\">\n.flex_column.av-t5uv-8f8ce4c633fa67b5054ead0693aa4a02{\n-webkit-border-radius:0px 0px 0px 0px;\n-moz-border-radius:0px 0px 0px 0px;\nborder-radius:0px 0px 0px 0px;\npadding:0px 0px 0px 0px;\n}\n<\/style>\n<div class='flex_column av-t5uv-8f8ce4c633fa67b5054ead0693aa4a02 av_one_half  avia-builder-el-44  el_after_av_hr  el_before_av_one_half  first flex_column_div av-animated-generic bottom-to-top av-zero-column-padding '     ><section  class='av_textblock_section av-k5wbumfz-9-37b133a5e69f748e9dacb419ed5b7013'  itemscope=\"itemscope\" itemtype=\"https:\/\/schema.org\/CreativeWork\" ><div class='avia_textblock'  itemprop=\"text\" ><h3 style=\"text-align: right;\">Am Z\u00fcrichsee gelegen<\/h3>\n<\/div><\/section><br \/>\n\n<style type=\"text\/css\" data-created_by=\"avia_inline_auto\" id=\"style-css-av-k5wbd76n-4-554730060651fbd6bec5794741cec254\">\n#top .hr.hr-invisible.av-k5wbd76n-4-554730060651fbd6bec5794741cec254{\nheight:5px;\n}\n<\/style>\n<div  class='hr av-k5wbd76n-4-554730060651fbd6bec5794741cec254 hr-invisible  avia-builder-el-46  el_after_av_textblock  el_before_av_textblock '><span class='hr-inner '><span class=\"hr-inner-style\"><\/span><\/span><\/div><br \/>\n<section  class='av_textblock_section av-k5wbumfz-2-c7924f72411fb9b1159fa7e19a51b8fd'  itemscope=\"itemscope\" itemtype=\"https:\/\/schema.org\/CreativeWork\" ><div class='avia_textblock'  itemprop=\"text\" ><p style=\"text-align: right;\">Wenn Sie einen Fotografen f\u00fcr Meilen bzw. Feldmeilen ben\u00f6tigen, dann ist es zu interessanten Motiven aus Natur und Kultur meistens nicht mehr weit. Denn die Ortschaften liegen am sch\u00f6nen Z\u00fcrichsee.<\/p>\n<p style=\"text-align: right;\">Wie w\u00e4re es mit einem lebhaften Familienfoto auf der H\u00e4ngebr\u00fccke \u00fcber das Beugenbachtobel zwischen Meilen und Obermeilen? Oder mit einem Fernblick zum Z\u00fcrichsee?<\/p>\n<\/div><\/section><br \/>\n\n<style type=\"text\/css\" data-created_by=\"avia_inline_auto\" id=\"style-css-av-k5wbd76n-1-fc6679d1f50b86d5f8ac7bc1c4d34173\">\n#top .hr.hr-invisible.av-k5wbd76n-1-fc6679d1f50b86d5f8ac7bc1c4d34173{\nheight:15px;\n}\n<\/style>\n<div  class='hr av-k5wbd76n-1-fc6679d1f50b86d5f8ac7bc1c4d34173 hr-invisible  avia-builder-el-48  el_after_av_textblock  el_before_av_button '><span class='hr-inner '><span class=\"hr-inner-style\"><\/span><\/span><\/div><br \/>\n<div  class='avia-button-wrap av-k5wbvrky-14-72282e73cdc3894a083748d8240b43fd-wrap avia-button-right  avia-builder-el-49  el_after_av_hr  avia-builder-el-last '><a href='https:\/\/www.grether-photography.com\/en\/kontakt\/'  class='avia-button av-k5wbvrky-14-72282e73cdc3894a083748d8240b43fd avia-icon_select-yes-right-icon avia-size-large avia-position-right avia-color-theme-color'  ><span class='avia_iconbox_title' >Fotoshooting buchen<\/span><span class='avia_button_icon avia_button_icon_right' aria-hidden='true' data-av_icon='\ue832' data-av_iconfont='entypo-fontello'><\/span><\/a><\/div><\/p><\/div>\n<style type=\"text\/css\" data-created_by=\"avia_inline_auto\" id=\"style-css-av-t5uv-3-8d53ed993246f3bac2ad672a5e0f41ab\">\n.flex_column.av-t5uv-3-8d53ed993246f3bac2ad672a5e0f41ab{\n-webkit-border-radius:0px 0px 0px 0px;\n-moz-border-radius:0px 0px 0px 0px;\nborder-radius:0px 0px 0px 0px;\npadding:0px 0px 0px 0px;\n}\n<\/style>\n<div class='flex_column av-t5uv-3-8d53ed993246f3bac2ad672a5e0f41ab av_one_half  avia-builder-el-50  el_after_av_one_half  avia-builder-el-last  flex_column_div av-animated-generic bottom-to-top av-zero-column-padding '     ><p>\n<style type=\"text\/css\" data-created_by=\"avia_inline_auto\" id=\"style-css-av-k8ikqu43-c5e78c45c433f1d8c0e0d79421bd7e7f\">\n.avia-image-container.av-k8ikqu43-c5e78c45c433f1d8c0e0d79421bd7e7f img.avia_image{\nbox-shadow:none;\n}\n.avia-image-container.av-k8ikqu43-c5e78c45c433f1d8c0e0d79421bd7e7f .av-image-caption-overlay-center{\ncolor:#ffffff;\n}\n<\/style>\n<div  class='avia-image-container av-k8ikqu43-c5e78c45c433f1d8c0e0d79421bd7e7f av-styling- avia-align-center  avia-builder-el-51  el_before_av_textblock  avia-builder-el-first '   itemprop=\"image\" itemscope=\"itemscope\" itemtype=\"https:\/\/schema.org\/ImageObject\" ><div class=\"avia-image-container-inner\"><div class=\"avia-image-overlay-wrap\"><img decoding=\"async\" class='wp-image-5790 avia-img-lazy-loading-not-5790 avia_image ' src=\"https:\/\/www.grether-photography.com\/wp-content\/uploads\/2021\/03\/familiehund.jpg\" alt='' title='familiehund'  height=\"813\" width=\"1220\"  itemprop=\"thumbnailUrl\" srcset=\"https:\/\/www.grether-photography.com\/wp-content\/uploads\/2021\/03\/familiehund.jpg 1220w, https:\/\/www.grether-photography.com\/wp-content\/uploads\/2021\/03\/familiehund-300x200.jpg 300w, https:\/\/www.grether-photography.com\/wp-content\/uploads\/2021\/03\/familiehund-1030x686.jpg 1030w, https:\/\/www.grether-photography.com\/wp-content\/uploads\/2021\/03\/familiehund-768x512.jpg 768w, https:\/\/www.grether-photography.com\/wp-content\/uploads\/2021\/03\/familiehund-18x12.jpg 18w, https:\/\/www.grether-photography.com\/wp-content\/uploads\/2021\/03\/familiehund-705x470.jpg 705w\" sizes=\"(max-width: 1220px) 100vw, 1220px\" \/><\/div><\/div><\/div><br \/>\n<section  class='av_textblock_section av-l1dpot3z-07133cd09ac40779d1f582af06d1626a'  itemscope=\"itemscope\" itemtype=\"https:\/\/schema.org\/CreativeWork\" ><div class='avia_textblock'  itemprop=\"text\" ><p><em>Fotoshootings f\u00fcr Familien wie z.B. Familie Gerber aus Meilen.<\/em><\/p>\n<\/div><\/section><\/p><\/div>\n\n[av_section min_height='50' min_height_pc='25' min_height_px='500px' shadow='no-border-styling' bottom_border='no-border-styling' bottom_border_diagonal_color='#333333' bottom_border_diagonal_direction='' bottom_border_style='' padding='huge' custom_margin='0px' custom_margin_sync='true' av-desktop-custom_margin='' av-desktop-custom_margin_sync='true' av-medium-custom_margin='' av-medium-custom_margin_sync='true' av-small-custom_margin='' av-small-custom_margin_sync='true' av-mini-custom_margin='' av-mini-custom_margin_sync='true' svg_div_top='' svg_div_top_color='#333333' svg_div_top_width='100' svg_div_top_height='50' svg_div_top_max_height='none' svg_div_top_opacity='' svg_div_bottom='' svg_div_bottom_color='#333333' svg_div_bottom_width='100' svg_div_bottom_height='50' svg_div_bottom_max_height='none' svg_div_bottom_opacity='' color='main_color' background='bg_color' custom_bg='#000000' background_gradient_direction='vertical' background_gradient_color1='' background_gradient_color2='' background_gradient_color3='' src='https:\/\/www.grether-photography.com\/wp-content\/uploads\/2020\/01\/laurinfinal.jpg' attachment='441' attachment_size='full' attach='parallax' position='center left' repeat='no-repeat' video='' video_ratio='16:9' overlay_enable='aviaTBoverlay_enable' overlay_opacity='0.5' overlay_color='#5e5e5e' overlay_pattern='' overlay_custom_pattern='' custom_arrow_bg='' css_position_z_index='' av-desktop-css_position_z_index='' av-medium-css_position_z_index='' av-small-css_position_z_index='' av-mini-css_position_z_index='' id='' custom_class='' template_class='' aria_label='' av_element_hidden_in_editor='0' av_uid='av-k5wnmmam' sc_version='1.0']\r\n[av_two_fifth first min_height='' vertical_alignment='' space='' custom_margin='' margin='0px' row_boxshadow='' row_boxshadow_color='' row_boxshadow_width='10' link='' linktarget='' link_hover='' title_attr='' alt_attr='' padding='0px' highlight='' highlight_size='' border='' border_color='' radius='0px' column_boxshadow='' column_boxshadow_color='' column_boxshadow_width='10' background='bg_color' background_color='' background_gradient_color1='' background_gradient_color2='' background_gradient_direction='vertical' src='' background_position='top left' background_repeat='no-repeat' animation='' mobile_breaking='' mobile_display='' av_uid='av-76bpq']\r\n\r\n[\/av_two_fifth][av_three_fifth min_height='' vertical_alignment='' space='' custom_margin='' margin='0px' row_boxshadow='' row_boxshadow_color='' row_boxshadow_width='10' link='' linktarget='' link_hover='' title_attr='' alt_attr='' padding='0px' highlight='' highlight_size='' border='' border_color='' radius='0px' column_boxshadow='' column_boxshadow_color='' column_boxshadow_width='10' background='bg_color' background_color='' background_gradient_color1='' background_gradient_color2='' background_gradient_direction='vertical' src='' background_position='top left' background_repeat='no-repeat' animation='' mobile_breaking='' mobile_display='' av_uid='av-12g9r']\r\n\r\n[av_font_icon icon='ue833' font='entypo-fontello' style='' caption='' link='' linktarget='' size='55px' position='center' animation='' color='#ffffff' av_uid='av-k5wno1ds' custom_class='' admin_preview_bg=''][\/av_font_icon]\r\n\r\n[av_textblock size='30' font_color='custom' color='#ffffff' av-medium-font-size='' av-small-font-size='' av-mini-font-size='' av_uid='av-k5wnowjw' custom_class='' admin_preview_bg='']\r\n<p style=\"text-align: center;\"><em>Fotos bedeuten, mehr vom Leben zu haben. Das gilt f\u00fcr meine Kunden. Aber auch f\u00fcr mich als Ihr Fotograf.<\/em><\/p>\r\n[\/av_textblock]\r\n\r\n[av_button label='Laurin Grether' link='page,20' link_target='' size='large' position='center' label_display='' icon_select='yes-right-icon' icon='ue832' font='entypo-fontello' color='light' custom_bg='#444444' custom_font='#ffffff' av_uid='av-k5wbvrky' custom_class='' admin_preview_bg='']\r\n\r\n[\/av_three_fifth]\r\n[\/av_section]\r\n\r\n\n","protected":false},"excerpt":{"rendered":"","protected":false},"author":1,"featured_media":0,"parent":3143,"menu_order":3,"comment_status":"closed","ping_status":"closed","template":"","meta":{"footnotes":""},"folder":[],"class_list":["post-2305","page","type-page","status-publish","hentry"],"yoast_head":"<!-- This site is optimized with the Yoast SEO plugin v27.5 - https:\/\/yoast.com\/product\/yoast-seo-wordpress\/ -->\n<title>Profi-Fotograf f\u00fcr Meilen und Feldmeilen | Grether Fotografie<\/title>\n<meta name=\"description\" content=\"Firmen-Fotos, Events, Portraits, Immobilien: Sie sind auf der Suche nach einem Fotografen f\u00fcr eine Fotosession in Meilen - ich bin f\u00fcr Sie da?\" \/>\n<meta name=\"robots\" content=\"index, follow, max-snippet:-1, max-image-preview:large, max-video-preview:-1\" \/>\n<link rel=\"canonical\" href=\"https:\/\/www.grether-photography.com\/en\/zuerich-aargau\/photographer-meilen-feldmeilen\/\" \/>\n<meta property=\"og:locale\" content=\"en_US\" \/>\n<meta property=\"og:type\" content=\"article\" \/>\n<meta property=\"og:title\" content=\"Profi-Fotograf f\u00fcr Meilen und Feldmeilen | Grether Fotografie\" \/>\n<meta property=\"og:description\" content=\"Firmen-Fotos, Events, Portraits, Immobilien: Sie sind auf der Suche nach einem Fotografen f\u00fcr eine Fotosession in Meilen - ich bin f\u00fcr Sie da?\" \/>\n<meta property=\"og:url\" content=\"https:\/\/www.grether-photography.com\/en\/zuerich-aargau\/photographer-meilen-feldmeilen\/\" \/>\n<meta property=\"og:site_name\" content=\"Grether Photography\" \/>\n<meta property=\"article:publisher\" content=\"https:\/\/www.facebook.com\/laurin.grether\" \/>\n<meta property=\"article:modified_time\" content=\"2025-03-25T17:06:42+00:00\" \/>\n<meta property=\"og:image\" content=\"https:\/\/www.grether-photography.com\/wp-content\/uploads\/2020\/05\/og-image.png\" \/>\n\t<meta property=\"og:image:width\" content=\"1200\" \/>\n\t<meta property=\"og:image:height\" content=\"630\" \/>\n\t<meta property=\"og:image:type\" content=\"image\/png\" \/>\n<meta name=\"twitter:label1\" content=\"Est. reading time\" \/>\n\t<meta name=\"twitter:data1\" content=\"8 minutes\" \/>\n<script type=\"application\/ld+json\" class=\"yoast-schema-graph\">{\"@context\":\"https:\\\/\\\/schema.org\",\"@graph\":[{\"@type\":\"WebPage\",\"@id\":\"https:\\\/\\\/www.grether-photography.com\\\/zuerich-aargau\\\/fotograf-meilen-feldmeilen\\\/\",\"url\":\"https:\\\/\\\/www.grether-photography.com\\\/zuerich-aargau\\\/fotograf-meilen-feldmeilen\\\/\",\"name\":\"Profi-Fotograf f\u00fcr Meilen und Feldmeilen | Grether Fotografie\",\"isPartOf\":{\"@id\":\"https:\\\/\\\/www.grether-photography.com\\\/#website\"},\"datePublished\":\"2020-02-22T18:06:10+00:00\",\"dateModified\":\"2025-03-25T17:06:42+00:00\",\"description\":\"Firmen-Fotos, Events, Portraits, Immobilien: Sie sind auf der Suche nach einem Fotografen f\u00fcr eine Fotosession in Meilen - ich bin f\u00fcr Sie da?\",\"breadcrumb\":{\"@id\":\"https:\\\/\\\/www.grether-photography.com\\\/zuerich-aargau\\\/fotograf-meilen-feldmeilen\\\/#breadcrumb\"},\"inLanguage\":\"en-US\",\"potentialAction\":[{\"@type\":\"ReadAction\",\"target\":[\"https:\\\/\\\/www.grether-photography.com\\\/zuerich-aargau\\\/fotograf-meilen-feldmeilen\\\/\"]}]},{\"@type\":\"BreadcrumbList\",\"@id\":\"https:\\\/\\\/www.grether-photography.com\\\/zuerich-aargau\\\/fotograf-meilen-feldmeilen\\\/#breadcrumb\",\"itemListElement\":[{\"@type\":\"ListItem\",\"position\":1,\"name\":\"Startseite\",\"item\":\"https:\\\/\\\/www.grether-photography.com\\\/startseite\\\/\"},{\"@type\":\"ListItem\",\"position\":2,\"name\":\"Z\u00fcrich Aargau\",\"item\":\"https:\\\/\\\/www.grether-photography.com\\\/zuerich-aargau\\\/\"},{\"@type\":\"ListItem\",\"position\":3,\"name\":\"Fotograf Meilen, Feldmeilen\"}]},{\"@type\":\"WebSite\",\"@id\":\"https:\\\/\\\/www.grether-photography.com\\\/#website\",\"url\":\"https:\\\/\\\/www.grether-photography.com\\\/\",\"name\":\"Grether Photography\",\"description\":\"Ihr Fotograf f\u00fcr das professionelle Fotoshooting\",\"potentialAction\":[{\"@type\":\"SearchAction\",\"target\":{\"@type\":\"EntryPoint\",\"urlTemplate\":\"https:\\\/\\\/www.grether-photography.com\\\/?s={search_term_string}\"},\"query-input\":{\"@type\":\"PropertyValueSpecification\",\"valueRequired\":true,\"valueName\":\"search_term_string\"}}],\"inLanguage\":\"en-US\"}]}<\/script>\n<!-- \/ Yoast SEO plugin. -->","yoast_head_json":{"title":"Professional photographer for miles and field miles | Grether Photography","description":"Corporate photos, events, portraits, real estate: you are looking for a photographer for a photo session in Meilen - I am here for you?","robots":{"index":"index","follow":"follow","max-snippet":"max-snippet:-1","max-image-preview":"max-image-preview:large","max-video-preview":"max-video-preview:-1"},"canonical":"https:\/\/www.grether-photography.com\/en\/zuerich-aargau\/photographer-meilen-feldmeilen\/","og_locale":"en_US","og_type":"article","og_title":"Profi-Fotograf f\u00fcr Meilen und Feldmeilen | Grether Fotografie","og_description":"Firmen-Fotos, Events, Portraits, Immobilien: Sie sind auf der Suche nach einem Fotografen f\u00fcr eine Fotosession in Meilen - ich bin f\u00fcr Sie da?","og_url":"https:\/\/www.grether-photography.com\/en\/zuerich-aargau\/photographer-meilen-feldmeilen\/","og_site_name":"Grether Photography","article_publisher":"https:\/\/www.facebook.com\/laurin.grether","article_modified_time":"2025-03-25T17:06:42+00:00","og_image":[{"width":1200,"height":630,"url":"https:\/\/www.grether-photography.com\/wp-content\/uploads\/2020\/05\/og-image.png","type":"image\/png"}],"twitter_misc":{"Est. reading time":"8 minutes"},"schema":{"@context":"https:\/\/schema.org","@graph":[{"@type":"WebPage","@id":"https:\/\/www.grether-photography.com\/zuerich-aargau\/fotograf-meilen-feldmeilen\/","url":"https:\/\/www.grether-photography.com\/zuerich-aargau\/fotograf-meilen-feldmeilen\/","name":"Professional photographer for miles and field miles | Grether Photography","isPartOf":{"@id":"https:\/\/www.grether-photography.com\/#website"},"datePublished":"2020-02-22T18:06:10+00:00","dateModified":"2025-03-25T17:06:42+00:00","description":"Corporate photos, events, portraits, real estate: you are looking for a photographer for a photo session in Meilen - I am here for you?","breadcrumb":{"@id":"https:\/\/www.grether-photography.com\/zuerich-aargau\/fotograf-meilen-feldmeilen\/#breadcrumb"},"inLanguage":"en-US","potentialAction":[{"@type":"ReadAction","target":["https:\/\/www.grether-photography.com\/zuerich-aargau\/fotograf-meilen-feldmeilen\/"]}]},{"@type":"BreadcrumbList","@id":"https:\/\/www.grether-photography.com\/zuerich-aargau\/fotograf-meilen-feldmeilen\/#breadcrumb","itemListElement":[{"@type":"ListItem","position":1,"name":"Startseite","item":"https:\/\/www.grether-photography.com\/startseite\/"},{"@type":"ListItem","position":2,"name":"Z\u00fcrich Aargau","item":"https:\/\/www.grether-photography.com\/zuerich-aargau\/"},{"@type":"ListItem","position":3,"name":"Fotograf Meilen, Feldmeilen"}]},{"@type":"WebSite","@id":"https:\/\/www.grether-photography.com\/#website","url":"https:\/\/www.grether-photography.com\/","name":"Grether Photography","description":"Your photographer for the professional photo shoot","potentialAction":[{"@type":"SearchAction","target":{"@type":"EntryPoint","urlTemplate":"https:\/\/www.grether-photography.com\/?s={search_term_string}"},"query-input":{"@type":"PropertyValueSpecification","valueRequired":true,"valueName":"search_term_string"}}],"inLanguage":"en-US"}]}},"_links":{"self":[{"href":"https:\/\/www.grether-photography.com\/en\/wp-json\/wp\/v2\/pages\/2305","targetHints":{"allow":["GET"]}}],"collection":[{"href":"https:\/\/www.grether-photography.com\/en\/wp-json\/wp\/v2\/pages"}],"about":[{"href":"https:\/\/www.grether-photography.com\/en\/wp-json\/wp\/v2\/types\/page"}],"author":[{"embeddable":true,"href":"https:\/\/www.grether-photography.com\/en\/wp-json\/wp\/v2\/users\/1"}],"replies":[{"embeddable":true,"href":"https:\/\/www.grether-photography.com\/en\/wp-json\/wp\/v2\/comments?post=2305"}],"version-history":[{"count":7,"href":"https:\/\/www.grether-photography.com\/en\/wp-json\/wp\/v2\/pages\/2305\/revisions"}],"predecessor-version":[{"id":12116,"href":"https:\/\/www.grether-photography.com\/en\/wp-json\/wp\/v2\/pages\/2305\/revisions\/12116"}],"up":[{"embeddable":true,"href":"https:\/\/www.grether-photography.com\/en\/wp-json\/wp\/v2\/pages\/3143"}],"wp:attachment":[{"href":"https:\/\/www.grether-photography.com\/en\/wp-json\/wp\/v2\/media?parent=2305"}],"wp:term":[{"taxonomy":"folder","embeddable":true,"href":"https:\/\/www.grether-photography.com\/en\/wp-json\/wp\/v2\/folder?post=2305"}],"curies":[{"name":"wp","href":"https:\/\/api.w.org\/{rel}","templated":true}]}}