{"id":2567,"date":"2020-03-03T10:14:47","date_gmt":"2020-03-03T09:14:47","guid":{"rendered":"http:\/\/grether-photography.aretis-staging.ch\/?page_id=2567"},"modified":"2025-03-26T11:21:19","modified_gmt":"2025-03-26T10:21:19","slug":"photographer-thalwil-rueschlikon-kilchberg","status":"publish","type":"page","link":"https:\/\/www.grether-photography.com\/en\/zuerich-aargau\/fotograf-thalwil-rueschlikon-kilchberg\/","title":{"rendered":"Photographer Thalwil, R\u00fcschlikon, Kilchberg"},"content":{"rendered":"<div id='layer_slider_1'  class='avia-layerslider main_color avia-shadow  avia-builder-el-0  el_before_av_section  avia-builder-el-first  container_wrap fullsize'  style='height: 751px;'  ><link href=\"https:\/\/fonts.googleapis.com\/css?family=Open+Sans:100,100i,200,200i,300,300i,400,400i,500,500i,600,600i,700,700i,800,800i,900,900i%7CMontserrat:100,100i,200,200i,300,300i,400,400i,500,500i,600,600i,700,700i,800,800i,900,900i\" rel=\"stylesheet\"><div id=\"layerslider_191_1apgc9phhtfal\"  class=\"ls-wp-container fitvidsignore ls-selectable\" style=\"width:1200px;height:750px;margin:0 auto;margin-bottom: 0px;\"><div class=\"ls-slide\" data-ls=\"bgsize:cover;bgposition:50% 50%;bgcolor:#ffffff;duration:4000;parallaxevent:scroll;parallaxdurationmove:0;\"><img decoding=\"async\" width=\"2560\" height=\"1229\" src=\"https:\/\/www.grether-photography.com\/wp-content\/uploads\/2022\/03\/laurinbalkenalt-scaled.jpg?ver=1771508145\" class=\"ls-bg\" alt=\"\" srcset=\"https:\/\/www.grether-photography.com\/wp-content\/uploads\/2022\/03\/laurinbalkenalt-scaled.jpg 2560w, https:\/\/www.grether-photography.com\/wp-content\/uploads\/2022\/03\/laurinbalkenalt-300x144.jpg 300w, https:\/\/www.grether-photography.com\/wp-content\/uploads\/2022\/03\/laurinbalkenalt-1030x494.jpg 1030w, https:\/\/www.grether-photography.com\/wp-content\/uploads\/2022\/03\/laurinbalkenalt-768x369.jpg 768w, https:\/\/www.grether-photography.com\/wp-content\/uploads\/2022\/03\/laurinbalkenalt-1536x737.jpg 1536w, https:\/\/www.grether-photography.com\/wp-content\/uploads\/2022\/03\/laurinbalkenalt-2048x983.jpg 2048w, https:\/\/www.grether-photography.com\/wp-content\/uploads\/2022\/03\/laurinbalkenalt-18x9.jpg 18w, https:\/\/www.grether-photography.com\/wp-content\/uploads\/2022\/03\/laurinbalkenalt-1500x720.jpg 1500w, https:\/\/www.grether-photography.com\/wp-content\/uploads\/2022\/03\/laurinbalkenalt-705x338.jpg 705w\" sizes=\"(max-width: 2560px) 100vw, 2560px\" \/><p style=\"text-shadow: 0 1px 2px rgba(0,0,0,0.3);top:117px;left:-16px;text-align:initial;font-weight:400;font-style:normal;font-family:Open Sans;color:#ffffff;font-size:75px;text-decoration:none;\" class=\"ls-l ls-text-layer\" data-ls=\"showinfo:1;offsetxin:random(-100,100);offsetyin:-20;durationin:1100;rotateyin:random(-45,45);scalexin:random(2,4);clipin:0 0 100% 0;transitionout:false;static:forever;position:relative;\">Ihr Fotograf<\/p><p style=\"top:378px;left:48px;text-align:initial;font-weight:400;font-style:normal;text-decoration:none;font-family:Open Sans;color:#ffffff;font-size:35px;\" class=\"ls-l ls-text-layer\" data-ls=\"showinfo:1;offsetxin:80;durationin:750;delayin:1800;easingin:easeOutExpo;static:forever;position:relative;\">F\u00fcr Familien, Business &amp; Lifestyle<\/p><span style=\"top:374px;left:-15px;text-align:initial;font-weight:400;font-style:italic;text-decoration:none;font-family:Montserrat;font-size:44px;line-height:48px;color:#ab74ed;\" class=\"ls-l ls-icon-layer\" data-ls=\"showinfo:1;offsetxin:80;durationin:750;delayin:1500;easingin:easeOutExpo;rotatein:random(-45,45);rotatexin:random(-45,45);static:forever;position:relative;\"><i class=\"fa fa-check-circle\"><\/i><\/span><p style=\"top:444px;left:44px;text-align:initial;font-weight:400;font-style:normal;text-decoration:none;font-family:Open Sans;color:#ffffff;font-size:35px;\" class=\"ls-l ls-text-layer\" data-ls=\"showinfo:1;offsetxin:80;durationin:750;delayin:2400;easingin:easeOutExpo;static:forever;position:relative;\">Hochwertige Fotos<\/p><span style=\"top:443px;left:-15px;text-align:initial;font-weight:400;font-style:italic;text-decoration:none;font-family:Montserrat;font-size:44px;line-height:44px;color:#ab74ed;\" class=\"ls-l ls-icon-layer\" data-ls=\"showinfo:1;offsetxin:80;durationin:750;delayin:2100;easingin:easeOutExpo;rotatein:random(-45,45);rotatexin:random(-45,45);static:forever;position:relative;\"><i class=\"fa fa-check-circle\"><\/i><\/span><p style=\"top:512px;left:43px;text-align:initial;font-weight:400;font-style:normal;text-decoration:none;font-family:Open Sans;color:#ffffff;font-size:35px;\" class=\"ls-l ls-text-layer\" data-ls=\"showinfo:1;offsetxin:80;durationin:750;delayin:3000;easingin:easeOutExpo;static:forever;position:relative;\">Werbewirksame Fotos<\/p><span style=\"top:508px;left:-15px;text-align:initial;font-weight:400;font-style:italic;text-decoration:none;font-family:Montserrat;font-size:44px;color:#ab74ed;\" class=\"ls-l ls-icon-layer\" data-ls=\"showinfo:1;offsetxin:80;durationin:750;delayin:2700;easingin:easeOutExpo;rotatein:random(-45,45);rotatexin:random(-45,45);static:forever;position:relative;\"><i class=\"fa fa-check-circle\"><\/i><\/span><p style=\"top:270px;left:-16px;text-align:initial;font-weight:400;font-style:normal;text-decoration:none;font-family:Open Sans;color:#ffffff;font-size:38px;\" class=\"ls-l ls-text-layer\" data-ls=\"showinfo:1;offsetxin:80;durationin:750;delayin:1000;easingin:easeOutExpo;static:forever;position:relative;\">F\u00dcR THALWIL, KILCHBERG &amp; R\u00dcSCHLIKON<\/p><a style=\"\" class=\"ls-l\" href=\"#1\" target=\"ls-scroll\" data-ls=\"offsetyin:40;durationin:500;delayin:4100;offsetxout:-80;durationout:400;parallax:true;parallaxlevel:-10;position:relative;\" rel=\"noopener\"><img decoding=\"async\" width=\"96\" height=\"96\" src=\"https:\/\/www.grether-photography.com\/wp-content\/uploads\/layerslider\/Spezialbrote-Layer\/pfeil-unten.png\" class=\"ls-img-layer\" alt=\"\" srcset=\"https:\/\/www.grether-photography.com\/wp-content\/uploads\/layerslider\/Spezialbrote-Layer\/pfeil-unten.png 96w, https:\/\/www.grether-photography.com\/wp-content\/uploads\/layerslider\/Spezialbrote-Layer\/pfeil-unten-80x80.png 80w, https:\/\/www.grether-photography.com\/wp-content\/uploads\/layerslider\/Spezialbrote-Layer\/pfeil-unten-36x36.png 36w\" sizes=\"(max-width: 96px) 100vw, 96px\" style=\"top:613px;left:567px;\"><\/a><img decoding=\"async\" width=\"174\" height=\"148\" src=\"https:\/\/www.grether-photography.com\/wp-content\/uploads\/2020\/03\/fotograf_icon.png\" class=\"ls-l ls-img-layer\" alt=\"\" style=\"top:133px;left:836px;width:92px;height:80px;font-size:13px;line-height:falsepx;\" data-ls=\"offsetxin:left;offsetyin:bottom;durationin:1300;delayin:3050;rotatein:random(-45,555);scalexin:random(4,6);transformperspectivein:800;position:relative;\"><\/div><\/div><\/div>\n<div id='av_section_1'  class='avia-section av-q0w7-f50951526780940132cd5d97ce6e3dd0 main_color avia-section-huge avia-no-border-styling  avia-builder-el-1  el_after_av_layerslider  el_before_av_postcontent  avia-bg-style-scroll container_wrap fullsize'  ><div class='container av-section-cont-open' ><div class='template-page content  av-content-full alpha units'><div class='post-entry post-entry-type-page post-entry-2567'><div class='entry-content-wrapper clearfix'>\n\n<style type=\"text\/css\" data-created_by=\"avia_inline_auto\" id=\"style-css-av-5biruv-b5142f7141f4208d1da8d71102a8abbc\">\n#top .av-special-heading.av-5biruv-b5142f7141f4208d1da8d71102a8abbc{\npadding-bottom:10px;\n}\nbody .av-special-heading.av-5biruv-b5142f7141f4208d1da8d71102a8abbc .av-special-heading-tag .heading-char{\nfont-size:25px;\n}\n.av-special-heading.av-5biruv-b5142f7141f4208d1da8d71102a8abbc .av-subheading{\nfont-size:25px;\n}\n<\/style>\n<div  class='av-special-heading av-5biruv-b5142f7141f4208d1da8d71102a8abbc av-special-heading-h1 blockquote modern-quote modern-centered  avia-builder-el-2  el_before_av_hr  avia-builder-el-first  av-linked-heading'><h1 class='av-special-heading-tag'  itemprop=\"headline\"  >Thalwil, R\u00fcschlikon und Kilchberg:<br \/>Ihr Fotograf im Kanton Z\u00fcrich<\/h1><div class=\"special-heading-border\"><div class=\"special-heading-inner-border\"><\/div><\/div><\/div>\n\n<style type=\"text\/css\" data-created_by=\"avia_inline_auto\" id=\"style-css-av-k5wbd76n-1cf7013c91522e86ddccf4ae6ab14441\">\n#top .hr.av-k5wbd76n-1cf7013c91522e86ddccf4ae6ab14441{\nmargin-top:30px;\nmargin-bottom:30px;\n}\n.hr.av-k5wbd76n-1cf7013c91522e86ddccf4ae6ab14441 .hr-inner{\nwidth:80px;\nborder-color:#353535;\n}\n<\/style>\n<div  class='hr av-k5wbd76n-1cf7013c91522e86ddccf4ae6ab14441 hr-custom  avia-builder-el-3  el_after_av_heading  el_before_av_one_half  hr-center hr-icon-no'><span class='hr-inner inner-border-av-border-fat'><span class=\"hr-inner-style\"><\/span><\/span><\/div>\n\n<style type=\"text\/css\" data-created_by=\"avia_inline_auto\" id=\"style-css-av-k5wbrmfc-eb4024d21e4c02c21f27a6477042b78e\">\n#top .flex_column.av-k5wbrmfc-eb4024d21e4c02c21f27a6477042b78e{\nmargin-top:30px;\nmargin-bottom:30px;\n}\n.flex_column.av-k5wbrmfc-eb4024d21e4c02c21f27a6477042b78e{\n-webkit-border-radius:0px 0px 0px 0px;\n-moz-border-radius:0px 0px 0px 0px;\nborder-radius:0px 0px 0px 0px;\npadding:0px 0px 0px 0px;\n}\n.responsive #top #wrap_all .flex_column.av-k5wbrmfc-eb4024d21e4c02c21f27a6477042b78e{\nmargin-top:30px;\nmargin-bottom:30px;\n}\n<\/style>\n<div class='flex_column av-k5wbrmfc-eb4024d21e4c02c21f27a6477042b78e av_one_half  avia-builder-el-4  el_after_av_hr  el_before_av_one_half  first flex_column_div av-animated-generic left-to-right av-zero-column-padding '     ><p>\n<style type=\"text\/css\" data-created_by=\"avia_inline_auto\" id=\"style-css-av-k8ikahc9-d53849d62b165fd59894b7a4853aa813\">\n.avia-image-container.av-k8ikahc9-d53849d62b165fd59894b7a4853aa813 img.avia_image{\nbox-shadow:none;\n}\n.avia-image-container.av-k8ikahc9-d53849d62b165fd59894b7a4853aa813 .av-image-caption-overlay-center{\ncolor:#ffffff;\n}\n<\/style>\n<div  class='avia-image-container av-k8ikahc9-d53849d62b165fd59894b7a4853aa813 av-styling- avia-align-center  avia-builder-el-5  el_before_av_textblock  avia-builder-el-first '   itemprop=\"image\" itemscope=\"itemscope\" itemtype=\"https:\/\/schema.org\/ImageObject\" ><div class=\"avia-image-container-inner\"><div class=\"avia-image-overlay-wrap\"><img decoding=\"async\" class='wp-image-5580 avia-img-lazy-loading-not-5580 avia_image ' src=\"https:\/\/www.grether-photography.com\/wp-content\/uploads\/2020\/12\/familienfoto1.jpg\" alt='' title='Familienfotografie'  height=\"1044\" width=\"1566\"  itemprop=\"thumbnailUrl\" srcset=\"https:\/\/www.grether-photography.com\/wp-content\/uploads\/2020\/12\/familienfoto1.jpg 1566w, https:\/\/www.grether-photography.com\/wp-content\/uploads\/2020\/12\/familienfoto1-300x200.jpg 300w, https:\/\/www.grether-photography.com\/wp-content\/uploads\/2020\/12\/familienfoto1-1030x687.jpg 1030w, https:\/\/www.grether-photography.com\/wp-content\/uploads\/2020\/12\/familienfoto1-768x512.jpg 768w, https:\/\/www.grether-photography.com\/wp-content\/uploads\/2020\/12\/familienfoto1-1536x1024.jpg 1536w, https:\/\/www.grether-photography.com\/wp-content\/uploads\/2020\/12\/familienfoto1-1500x1000.jpg 1500w, https:\/\/www.grether-photography.com\/wp-content\/uploads\/2020\/12\/familienfoto1-705x470.jpg 705w\" sizes=\"(max-width: 1566px) 100vw, 1566px\" \/><\/div><\/div><\/div><br \/>\n<section  class='av_textblock_section av-l1ezyb9c-784ed828b96b2e300e38fcb9ae382efe'  itemscope=\"itemscope\" itemtype=\"https:\/\/schema.org\/CreativeWork\" ><div class='avia_textblock'  itemprop=\"text\" ><p><em>Fotoshootings f\u00fcr Familien wie z.B. Familie Gerber aus Thalwil.<\/em><\/p>\n<\/div><\/section><\/p><\/div>\n<style type=\"text\/css\" data-created_by=\"avia_inline_auto\" id=\"style-css-av-k5wbrmfc-25-e11de2bf60d8eec902ebdafe99e0cc5e\">\n#top .flex_column.av-k5wbrmfc-25-e11de2bf60d8eec902ebdafe99e0cc5e{\nmargin-top:30px;\nmargin-bottom:30px;\n}\n.flex_column.av-k5wbrmfc-25-e11de2bf60d8eec902ebdafe99e0cc5e{\n-webkit-border-radius:0px 0px 0px 0px;\n-moz-border-radius:0px 0px 0px 0px;\nborder-radius:0px 0px 0px 0px;\npadding:0px 0px 0px 0px;\n}\n.responsive #top #wrap_all .flex_column.av-k5wbrmfc-25-e11de2bf60d8eec902ebdafe99e0cc5e{\nmargin-top:30px;\nmargin-bottom:30px;\n}\n<\/style>\n<div class='flex_column av-k5wbrmfc-25-e11de2bf60d8eec902ebdafe99e0cc5e av_one_half  avia-builder-el-7  el_after_av_one_half  avia-builder-el-last  flex_column_div av-animated-generic top-to-bottom av-zero-column-padding '     ><p>\n<style type=\"text\/css\" data-created_by=\"avia_inline_auto\" id=\"style-css-av-44rmwn-63ee9a93b8dca7455bf12905890f165a\">\n#top .av-special-heading.av-44rmwn-63ee9a93b8dca7455bf12905890f165a{\npadding-bottom:10px;\n}\nbody .av-special-heading.av-44rmwn-63ee9a93b8dca7455bf12905890f165a .av-special-heading-tag .heading-char{\nfont-size:25px;\n}\n.av-special-heading.av-44rmwn-63ee9a93b8dca7455bf12905890f165a .av-subheading{\nfont-size:15px;\n}\n<\/style>\n<div  class='av-special-heading av-44rmwn-63ee9a93b8dca7455bf12905890f165a av-special-heading-h3 blockquote modern-quote  avia-builder-el-8  el_before_av_textblock  avia-builder-el-first  av-linked-heading'><h3 class='av-special-heading-tag'  itemprop=\"headline\"  >Angebot vom Fotografen<\/h3><div class=\"special-heading-border\"><div class=\"special-heading-inner-border\"><\/div><\/div><\/div><br \/>\n<section  class='av_textblock_section av-k6c0jumv-83fd00dbf34ae6c8aec2bb8f3333651c'  itemscope=\"itemscope\" itemtype=\"https:\/\/schema.org\/CreativeWork\" ><div class='avia_textblock'  itemprop=\"text\" ><p>Lang ist es her, als das Familienfoto ein einmaliges Ereignis war. \u201eEinmalig\u201c ist hier auch w\u00f6rtlich zu nehmen, in manchen Familien gab es dieses Ereignis auch tatschlich nur einmal. Und wer in den Unterlagen der eigenen Grosseltern bl\u00e4ttert, findet vielleicht ein einziges solches Foto und macht sich interessiert Gedanken dar\u00fcber, welche Personen der alten Generation denn nun auf diesem Bild sind.<\/p>\n<p>Was haben sich die Zeiten f\u00fcr den Fotograf auch in Thalwil oder Rueschlikon doch ge\u00e4ndert: Heute sind Fotos allgegenw\u00e4rtig, wir posten unser Mittagessen in den sozialen Netzwerken und hoffen, dass sich das noch irgendwer anschauen m\u00f6chte. Oft sind wir regelrecht verwundert, wie wenig Aufmerksamkeit wir noch erzielen.<\/p>\n<\/div><\/section><br \/>\n\n<style type=\"text\/css\" data-created_by=\"avia_inline_auto\" id=\"style-css-av-k5wbd76n-26-9533272954f5a10b9afded5efecae4d7\">\n#top .hr.hr-invisible.av-k5wbd76n-26-9533272954f5a10b9afded5efecae4d7{\nheight:20px;\n}\n<\/style>\n<div  class='hr av-k5wbd76n-26-9533272954f5a10b9afded5efecae4d7 hr-invisible  avia-builder-el-10  el_after_av_textblock  el_before_av_button '><span class='hr-inner '><span class=\"hr-inner-style\"><\/span><\/span><\/div><br \/>\n<div  class='avia-button-wrap av-k5wbvrky-461052722b97d4ff5934c31fb6d51d65-wrap avia-button-left  avia-builder-el-11  el_after_av_hr  avia-builder-el-last '><a href='https:\/\/www.grether-photography.com\/en\/kontakt\/'  class='avia-button av-k5wbvrky-461052722b97d4ff5934c31fb6d51d65 avia-icon_select-yes-right-icon avia-size-large avia-position-left avia-color-theme-color'  ><span class='avia_iconbox_title' >Termin vereinbaren<\/span><span class='avia_button_icon avia_button_icon_right' aria-hidden='true' data-av_icon='\ue832' data-av_iconfont='entypo-fontello'><\/span><\/a><\/div><\/p><\/div>\n\n[av_masonry_gallery ids='6419,8508,11241,6975,11156' caption_elements='title excerpt' caption_styling='' caption_display='always' img_copyright='' size='fixed' orientation='' image_size='masonry' gap='large' columns='5' av-desktop-columns='' av-medium-columns='' av-small-columns='' av-mini-columns='' items='24' paginate='none' color='' custom_bg='' img_copyright_font='' av-desktop-font-img_copyright_font='' av-medium-font-img_copyright_font='' av-small-font-img_copyright_font='' av-mini-font-img_copyright_font='' img_copyright_color='' img_copyright_bg='' animation='active' animation_duration='' animation_custom_bg_color='' animation_custom_bg_color_multi_list='' animation_z_index_curtain='100' overlay_fx='' container_links='active' link_dest='' lightbox_text='' img_scrset='' lazy_loading='disabled' alb_description='' id='' custom_class='' template_class='' av_uid='av-l0tc71bo' sc_version='1.0']\r\n\r\n\n<div id='av_section_2'  class='avia-section av-k6c0i3a2-7a6ccf7e4f897681472913d44d479073 alternate_color avia-section-huge avia-no-border-styling  avia-builder-el-13  el_after_av_postcontent  el_before_av_section  avia-bg-style-scroll container_wrap fullsize'  ><div class='container av-section-cont-open' ><div class='template-page content  av-content-full alpha units'><div class='post-entry post-entry-type-page post-entry-2567'><div class='entry-content-wrapper clearfix'>\n\n<style type=\"text\/css\" data-created_by=\"avia_inline_auto\" id=\"style-css-av-k8zusctx-024f272b1d52898bd598ee7e80f14546\">\n#top .av-special-heading.av-k8zusctx-024f272b1d52898bd598ee7e80f14546{\npadding-bottom:10px;\n}\nbody .av-special-heading.av-k8zusctx-024f272b1d52898bd598ee7e80f14546 .av-special-heading-tag .heading-char{\nfont-size:25px;\n}\n.av-special-heading.av-k8zusctx-024f272b1d52898bd598ee7e80f14546 .av-subheading{\nfont-size:25px;\n}\n<\/style>\n<div  class='av-special-heading av-k8zusctx-024f272b1d52898bd598ee7e80f14546 av-special-heading-h2 blockquote modern-quote modern-centered  avia-builder-el-14  el_before_av_hr  avia-builder-el-first '><h2 class='av-special-heading-tag'  itemprop=\"headline\"  >Ein einzigartiges Familienfoto<\/h2><div class='av-subheading av-subheading_below'><p>Bleibende Erinnerungen<\/p>\n<\/div><div class=\"special-heading-border\"><div class=\"special-heading-inner-border\"><\/div><\/div><\/div>\n\n<style type=\"text\/css\" data-created_by=\"avia_inline_auto\" id=\"style-css-av-k5wbd76n-23-ccb6a1ea5d3e49c4e3d41a02cc2a3b90\">\n#top .hr.av-k5wbd76n-23-ccb6a1ea5d3e49c4e3d41a02cc2a3b90{\nmargin-top:30px;\nmargin-bottom:30px;\n}\n.hr.av-k5wbd76n-23-ccb6a1ea5d3e49c4e3d41a02cc2a3b90 .hr-inner{\nwidth:80px;\nborder-color:#353535;\n}\n<\/style>\n<div  class='hr av-k5wbd76n-23-ccb6a1ea5d3e49c4e3d41a02cc2a3b90 hr-custom  avia-builder-el-15  el_after_av_heading  el_before_av_one_half  hr-center hr-icon-no'><span class='hr-inner inner-border-av-border-fat'><span class=\"hr-inner-style\"><\/span><\/span><\/div>\n\n<style type=\"text\/css\" data-created_by=\"avia_inline_auto\" id=\"style-css-av-kee1c-15e6c8e236246f022f388591a514e488\">\n#top .flex_column.av-kee1c-15e6c8e236246f022f388591a514e488{\nmargin-top:30px;\nmargin-bottom:30px;\n}\n.flex_column.av-kee1c-15e6c8e236246f022f388591a514e488{\n-webkit-border-radius:0px 0px 0px 0px;\n-moz-border-radius:0px 0px 0px 0px;\nborder-radius:0px 0px 0px 0px;\npadding:0px 0px 0px 0px;\n}\n.responsive #top #wrap_all .flex_column.av-kee1c-15e6c8e236246f022f388591a514e488{\nmargin-top:30px;\nmargin-bottom:30px;\n}\n<\/style>\n<div class='flex_column av-kee1c-15e6c8e236246f022f388591a514e488 av_one_half  avia-builder-el-16  el_after_av_hr  el_before_av_one_half  first flex_column_div av-animated-generic pop-up av-zero-column-padding '     ><article  class='iconbox iconbox_left av-k8ikc0tz-7e031298f37225128c4d0566de2fd2f7  avia-builder-el-17  avia-builder-el-no-sibling '  itemscope=\"itemscope\" itemtype=\"https:\/\/schema.org\/CreativeWork\" ><div class=\"iconbox_content\"><header class=\"entry-content-header\"><div class=\"iconbox_icon heading-color\" aria-hidden='true' data-av_icon='\ue80f' data-av_iconfont='entypo-fontello'><\/div><h3 class='iconbox_content_title '  itemprop=\"headline\" >Professionelles Fotoshooting<\/h3><\/header><div class='iconbox_content_container '  itemprop=\"text\" ><p>Wie w\u00e4re es, zwischen all diesen belanglosen Schnappsch\u00fcssen wieder einmal ein richtig professionelles Foto erstellen zu lassen? Ein einzigartiges Familienfoto, \u00fcber das unsere Enkel eines Tages staunen werden? So wie in der guten alten Zeit? Gerne komme ich als Ihr Profi-Fotograf f\u00fcr diesen Anlass nach Thalwil, R\u00fcschlikon oder Kilchberg.<\/p>\n<\/div><\/div><footer class=\"entry-footer\"><\/footer><\/article><\/div>\n<style type=\"text\/css\" data-created_by=\"avia_inline_auto\" id=\"style-css-av-kee1c-20-e4a2125b676b35d40f09b74dd45ea994\">\n#top .flex_column.av-kee1c-20-e4a2125b676b35d40f09b74dd45ea994{\nmargin-top:30px;\nmargin-bottom:30px;\n}\n.flex_column.av-kee1c-20-e4a2125b676b35d40f09b74dd45ea994{\n-webkit-border-radius:0px 0px 0px 0px;\n-moz-border-radius:0px 0px 0px 0px;\nborder-radius:0px 0px 0px 0px;\npadding:0px 0px 0px 0px;\n}\n.responsive #top #wrap_all .flex_column.av-kee1c-20-e4a2125b676b35d40f09b74dd45ea994{\nmargin-top:30px;\nmargin-bottom:30px;\n}\n<\/style>\n<div class='flex_column av-kee1c-20-e4a2125b676b35d40f09b74dd45ea994 av_one_half  avia-builder-el-18  el_after_av_one_half  avia-builder-el-last  flex_column_div av-animated-generic pop-up av-zero-column-padding '     ><article  class='iconbox iconbox_left av-k8ikc0tz-19-592379ca6db055f5440c4fb872fd59dd  avia-builder-el-19  avia-builder-el-no-sibling '  itemscope=\"itemscope\" itemtype=\"https:\/\/schema.org\/CreativeWork\" ><div class=\"iconbox_content\"><header class=\"entry-content-header\"><div class=\"iconbox_icon heading-color\" aria-hidden='true' data-av_icon='\ue80e' data-av_iconfont='entypo-fontello'><\/div><h3 class='iconbox_content_title '  itemprop=\"headline\" >Mehr als nur ein Foto<\/h3><\/header><div class='iconbox_content_container '  itemprop=\"text\" ><p>Familienfotos k\u00f6nnen so unterschiedlich sein. Einfach nur nach vorne schauen und l\u00e4cheln? Oder gibt es ein Alleinstellungsmerkmal, das Ihre Familie charakterisiert? Vielleicht m\u00f6chten Sie dies auf dem Foto abbilden. Oder eine einzigartige Stimmung einfangen, die zu Ihrer Familie passt?<\/p>\n<\/div><\/div><footer class=\"entry-footer\"><\/footer><\/article><\/div>\n\n<\/div><\/div><\/div><!-- close content main div --><\/div><\/div><div id='av_section_3'  class='avia-section av-nc888-26b66276b998fd4c71f6cda9f4579382 main_color avia-section-default avia-no-border-styling  avia-builder-el-20  el_after_av_section  el_before_av_postcontent  avia-bg-style-scroll container_wrap fullsize'  ><div class='container av-section-cont-open' ><div class='template-page content  av-content-full alpha units'><div class='post-entry post-entry-type-page post-entry-2567'><div class='entry-content-wrapper clearfix'>\n\n<style type=\"text\/css\" data-created_by=\"avia_inline_auto\" id=\"style-css-av-k5wbrmfc-24-a6d1de1080cb5586734350c3c18e66aa\">\n#top .flex_column.av-k5wbrmfc-24-a6d1de1080cb5586734350c3c18e66aa{\nmargin-top:30px;\nmargin-bottom:30px;\n}\n.flex_column.av-k5wbrmfc-24-a6d1de1080cb5586734350c3c18e66aa{\n-webkit-border-radius:0px 0px 0px 0px;\n-moz-border-radius:0px 0px 0px 0px;\nborder-radius:0px 0px 0px 0px;\npadding:0px 0px 0px 0px;\n}\n.responsive #top #wrap_all .flex_column.av-k5wbrmfc-24-a6d1de1080cb5586734350c3c18e66aa{\nmargin-top:30px;\nmargin-bottom:30px;\n}\n<\/style>\n<div class='flex_column av-k5wbrmfc-24-a6d1de1080cb5586734350c3c18e66aa av_one_half  avia-builder-el-21  el_before_av_one_half  avia-builder-el-first  first flex_column_div av-animated-generic top-to-bottom av-zero-column-padding '     ><p>\n<style type=\"text\/css\" data-created_by=\"avia_inline_auto\" id=\"style-css-av-byjhf3-7a58faa75e8fd60daece3361f7b5ae4c\">\n#top .av-special-heading.av-byjhf3-7a58faa75e8fd60daece3361f7b5ae4c{\npadding-bottom:25px;\n}\nbody .av-special-heading.av-byjhf3-7a58faa75e8fd60daece3361f7b5ae4c .av-special-heading-tag .heading-char{\nfont-size:25px;\n}\n.av-special-heading.av-byjhf3-7a58faa75e8fd60daece3361f7b5ae4c .av-subheading{\nfont-size:15px;\n}\n<\/style>\n<div  class='av-special-heading av-byjhf3-7a58faa75e8fd60daece3361f7b5ae4c av-special-heading-h3 blockquote modern-quote  avia-builder-el-22  el_before_av_image  avia-builder-el-first  av-linked-heading'><h3 class='av-special-heading-tag'  itemprop=\"headline\"  >Ihr Fotograf<\/h3><div class=\"special-heading-border\"><div class=\"special-heading-inner-border\"><\/div><\/div><\/div><br \/>\n\n<style type=\"text\/css\" data-created_by=\"avia_inline_auto\" id=\"style-css-av-2umv-88afd44d182e7fb367c41b88772c8da4\">\n.avia-image-container.av-2umv-88afd44d182e7fb367c41b88772c8da4 img.avia_image{\nbox-shadow:none;\n}\n.avia-image-container.av-2umv-88afd44d182e7fb367c41b88772c8da4 .av-image-caption-overlay-center{\ncolor:#ffffff;\n}\n<\/style>\n<div  class='avia-image-container av-2umv-88afd44d182e7fb367c41b88772c8da4 av-styling- avia-align-center  avia-builder-el-23  el_after_av_heading  el_before_av_textblock '   itemprop=\"image\" itemscope=\"itemscope\" itemtype=\"https:\/\/schema.org\/ImageObject\" ><div class=\"avia-image-container-inner\"><div class=\"avia-image-overlay-wrap\"><img decoding=\"async\" class='wp-image-4666 avia-img-lazy-loading-not-4666 avia_image ' src=\"https:\/\/www.grether-photography.com\/wp-content\/uploads\/2020\/07\/Portrait_Laurin.jpg\" alt='' title='Portrait_Laurin'  height=\"1708\" width=\"2560\"  itemprop=\"thumbnailUrl\" srcset=\"https:\/\/www.grether-photography.com\/wp-content\/uploads\/2020\/07\/Portrait_Laurin.jpg 2560w, https:\/\/www.grether-photography.com\/wp-content\/uploads\/2020\/07\/Portrait_Laurin-300x200.jpg 300w, https:\/\/www.grether-photography.com\/wp-content\/uploads\/2020\/07\/Portrait_Laurin-1030x687.jpg 1030w, https:\/\/www.grether-photography.com\/wp-content\/uploads\/2020\/07\/Portrait_Laurin-768x512.jpg 768w, https:\/\/www.grether-photography.com\/wp-content\/uploads\/2020\/07\/Portrait_Laurin-1536x1025.jpg 1536w, https:\/\/www.grether-photography.com\/wp-content\/uploads\/2020\/07\/Portrait_Laurin-2048x1366.jpg 2048w, https:\/\/www.grether-photography.com\/wp-content\/uploads\/2020\/07\/Portrait_Laurin-18x12.jpg 18w, https:\/\/www.grether-photography.com\/wp-content\/uploads\/2020\/07\/Portrait_Laurin-1500x1001.jpg 1500w, https:\/\/www.grether-photography.com\/wp-content\/uploads\/2020\/07\/Portrait_Laurin-705x470.jpg 705w\" sizes=\"(max-width: 2560px) 100vw, 2560px\" \/><\/div><\/div><\/div><br \/>\n<section  class='av_textblock_section av-k5wbumfz-2b633359d0e43c498c91353024c541fb'  itemscope=\"itemscope\" itemtype=\"https:\/\/schema.org\/CreativeWork\" ><div class='avia_textblock'  itemprop=\"text\" ><p><em><strong>Laurin Grether:<\/strong> F\u00fcr Sie unterwegs als Fotograf f\u00fcr Firmen, Events, Immobilien, Protraits, Drohnenfotos und vieles mehr.<\/em><\/p>\n<\/div><\/section><br \/>\n\n<style type=\"text\/css\" data-created_by=\"avia_inline_auto\" id=\"style-css-av-k5wbd76n-21-d18b5f56f49a6eeeb20be7e7b071d885\">\n#top .hr.hr-invisible.av-k5wbd76n-21-d18b5f56f49a6eeeb20be7e7b071d885{\nheight:20px;\n}\n<\/style>\n<div  class='hr av-k5wbd76n-21-d18b5f56f49a6eeeb20be7e7b071d885 hr-invisible  avia-builder-el-25  el_after_av_textblock  avia-builder-el-last '><span class='hr-inner '><span class=\"hr-inner-style\"><\/span><\/span><\/div><\/p><\/div>\n<style type=\"text\/css\" data-created_by=\"avia_inline_auto\" id=\"style-css-av-k5wbrmfc-18-7acb6e3cbcfbddd9fad00c4771d4c3d6\">\n#top .flex_column.av-k5wbrmfc-18-7acb6e3cbcfbddd9fad00c4771d4c3d6{\nmargin-top:30px;\nmargin-bottom:30px;\n}\n.flex_column.av-k5wbrmfc-18-7acb6e3cbcfbddd9fad00c4771d4c3d6{\n-webkit-border-radius:0px 0px 0px 0px;\n-moz-border-radius:0px 0px 0px 0px;\nborder-radius:0px 0px 0px 0px;\npadding:0px 0px 0px 0px;\n}\n.responsive #top #wrap_all .flex_column.av-k5wbrmfc-18-7acb6e3cbcfbddd9fad00c4771d4c3d6{\nmargin-top:30px;\nmargin-bottom:30px;\n}\n<\/style>\n<div class='flex_column av-k5wbrmfc-18-7acb6e3cbcfbddd9fad00c4771d4c3d6 av_one_half  avia-builder-el-26  el_after_av_one_half  avia-builder-el-last  flex_column_div av-animated-generic top-to-bottom av-zero-column-padding '     ><p>\n<style type=\"text\/css\" data-created_by=\"avia_inline_auto\" id=\"style-css-av-b69lwf-a17b0ecba901642eb303071f6bcadbde\">\n#top .av-special-heading.av-b69lwf-a17b0ecba901642eb303071f6bcadbde{\npadding-bottom:25px;\n}\nbody .av-special-heading.av-b69lwf-a17b0ecba901642eb303071f6bcadbde .av-special-heading-tag .heading-char{\nfont-size:25px;\n}\n.av-special-heading.av-b69lwf-a17b0ecba901642eb303071f6bcadbde .av-subheading{\nfont-size:15px;\n}\n<\/style>\n<div  class='av-special-heading av-b69lwf-a17b0ecba901642eb303071f6bcadbde av-special-heading-h3 blockquote modern-quote  avia-builder-el-27  el_before_av_iconlist  avia-builder-el-first  av-linked-heading'><h3 class='av-special-heading-tag'  itemprop=\"headline\"  >In der ganzen Schweiz f\u00fcr Sie da<\/h3><div class=\"special-heading-border\"><div class=\"special-heading-inner-border\"><\/div><\/div><\/div><br \/>\n\n<style type=\"text\/css\" data-created_by=\"avia_inline_auto\" id=\"style-css-av-k6c4hnu5-5cda258ff13e472403f0926ff713be64\">\n#top .avia-icon-list-container.av-k6c4hnu5-5cda258ff13e472403f0926ff713be64 .iconlist_icon{\ncolor:#ffffff;\nbackground-color:#353535;\n}\n<\/style>\n<div  class='avia-icon-list-container av-k6c4hnu5-5cda258ff13e472403f0926ff713be64  avia-builder-el-28  el_after_av_heading  el_before_av_textblock '><ul class='avia-icon-list avia_animate_when_almost_visible avia-icon-list-left av-iconlist-small av-k6c4hnu5-5cda258ff13e472403f0926ff713be64 avia-iconlist-animate'>\n<li><div class='iconlist_icon av-8qzw1r-7090b87d8e954f84fba8a392b23e896c avia-font-entypo-fontello'><span class='iconlist-char' aria-hidden='true' data-av_icon='\ue881' data-av_iconfont='entypo-fontello'><\/span><\/div><article class=\"article-icon-entry av-iconlist-empty\"  itemscope=\"itemscope\" itemtype=\"https:\/\/schema.org\/CreativeWork\" ><div class=\"iconlist_content_wrap\"><header class=\"entry-content-header\"><div class='av_iconlist_title iconlist_title_small  '  itemprop=\"headline\" ><a href='https:\/\/www.grether-photography.com\/en\/dienstleistungen\/immobilienfotografie\/' title='Meine Dienstleistung als Immobilien-Fotograf'>Meine Dienstleistung als Immobilien-Fotograf<\/a><\/div><\/header><div class='iconlist_content '  itemprop=\"text\" ><\/div><\/div><footer class=\"entry-footer\"><\/footer><\/article><div class=\"iconlist-timeline\"><\/div><\/li>\n<li><div class='iconlist_icon av-73tm8f-ca5572f16488719905e71d3f1fcd2e5a avia-font-entypo-fontello'><span class='iconlist-char' aria-hidden='true' data-av_icon='\ue881' data-av_iconfont='entypo-fontello'><\/span><\/div><article class=\"article-icon-entry av-iconlist-empty\"  itemscope=\"itemscope\" itemtype=\"https:\/\/schema.org\/CreativeWork\" ><div class=\"iconlist_content_wrap\"><header class=\"entry-content-header\"><div class='av_iconlist_title iconlist_title_small  '  itemprop=\"headline\" ><a href='https:\/\/www.grether-photography.com\/en\/ostschweiz\/schwarz-weiss-fotograf-glarus-stgallen\/' title='Eindr\u00fcckliche Schwarz-Weiss-Fotografie'>Eindr\u00fcckliche Schwarz-Weiss-Fotografie<\/a><\/div><\/header><div class='iconlist_content '  itemprop=\"text\" ><\/div><\/div><footer class=\"entry-footer\"><\/footer><\/article><div class=\"iconlist-timeline\"><\/div><\/li>\n<li><div class='iconlist_icon av-5dx6gv-16dc16192698bd8d94edbc51311d386a avia-font-entypo-fontello'><span class='iconlist-char' aria-hidden='true' data-av_icon='\ue881' data-av_iconfont='entypo-fontello'><\/span><\/div><article class=\"article-icon-entry av-iconlist-empty\"  itemscope=\"itemscope\" itemtype=\"https:\/\/schema.org\/CreativeWork\" ><div class=\"iconlist_content_wrap\"><header class=\"entry-content-header\"><div class='av_iconlist_title iconlist_title_small  '  itemprop=\"headline\" ><a href='https:\/\/www.grether-photography.com\/en\/luzern-zug-schwyz\/fotograf-freienbach-altendorf-lachen\/' title='Ihr Fotograf auch f\u00fcr Freienbach, Altendorf, Lachen'>Ihr Fotograf auch f\u00fcr Freienbach, Altendorf, Lachen<\/a><\/div><\/header><div class='iconlist_content '  itemprop=\"text\" ><\/div><\/div><footer class=\"entry-footer\"><\/footer><\/article><div class=\"iconlist-timeline\"><\/div><\/li>\n<li><div class='iconlist_icon av-3wao0f-df3a61b854eae36e03ab7bd6e8c06649 avia-font-entypo-fontello'><span class='iconlist-char' aria-hidden='true' data-av_icon='\ue881' data-av_iconfont='entypo-fontello'><\/span><\/div><article class=\"article-icon-entry av-iconlist-empty\"  itemscope=\"itemscope\" itemtype=\"https:\/\/schema.org\/CreativeWork\" ><div class=\"iconlist_content_wrap\"><header class=\"entry-content-header\"><div class='av_iconlist_title iconlist_title_small  '  itemprop=\"headline\" ><a href='https:\/\/www.grether-photography.com\/en\/luzern-zug-schwyz\/architekturfotograf-luzern-zug-schwyz\/' title='Ich bin Architekturfotograf auch f\u00fcr Luzern und Zug'>Ich bin Architekturfotograf auch f\u00fcr Luzern und Zug<\/a><\/div><\/header><div class='iconlist_content '  itemprop=\"text\" ><\/div><\/div><footer class=\"entry-footer\"><\/footer><\/article><div class=\"iconlist-timeline\"><\/div><\/li>\n<li><div class='iconlist_icon av-bk3vj-306e6006fb89403919ec999278d815fd avia-font-entypo-fontello'><span class='iconlist-char' aria-hidden='true' data-av_icon='\ue881' data-av_iconfont='entypo-fontello'><\/span><\/div><article class=\"article-icon-entry av-iconlist-empty\"  itemscope=\"itemscope\" itemtype=\"https:\/\/schema.org\/CreativeWork\" ><div class=\"iconlist_content_wrap\"><header class=\"entry-content-header\"><div class='av_iconlist_title iconlist_title_small  '  itemprop=\"headline\" ><a href='https:\/\/www.grether-photography.com\/en\/ostschweiz\/fotograf-lenzerheide\/' title='Als Fotograf im Einsatz auch auf der Lenzerheide'>Als Fotograf im Einsatz auch auf der Lenzerheide<\/a><\/div><\/header><div class='iconlist_content '  itemprop=\"text\" ><\/div><\/div><footer class=\"entry-footer\"><\/footer><\/article><div class=\"iconlist-timeline\"><\/div><\/li>\n<\/ul><\/div><br \/>\n<section  class='av_textblock_section av-k5wbumfz-17-e77f4376ddd6781d0b1aea97f9abeed0'  itemscope=\"itemscope\" itemtype=\"https:\/\/schema.org\/CreativeWork\" ><div class='avia_textblock'  itemprop=\"text\" ><p>Ich fotografiere Unternehmen und ihre Angestellten: Brauchen Sie neue Fotos f\u00fcr die Webseite? Aber auch Events, Kongresse, Messen stehen auf dem Programm. Oder Immobilienfotografie &#8211; auch mit der Drohne: Als Fotograf bin ich von der Architekturfotografie mit ihren Formen, Linien und Farben begeistert. Ob in Thalwil oder dem weiteren Z\u00fcrichsee: Rufen Sie mich an und verlangen Sie nach einer kostenlosen Beratung.<\/p>\n<\/div><\/section><br \/>\n\n<style type=\"text\/css\" data-created_by=\"avia_inline_auto\" id=\"style-css-av-k5wbd76n-16-3785cbbc916abd9f89ab331f217499a6\">\n#top .hr.hr-invisible.av-k5wbd76n-16-3785cbbc916abd9f89ab331f217499a6{\nheight:20px;\n}\n<\/style>\n<div  class='hr av-k5wbd76n-16-3785cbbc916abd9f89ab331f217499a6 hr-invisible  avia-builder-el-30  el_after_av_textblock  el_before_av_buttonrow '><span class='hr-inner '><span class=\"hr-inner-style\"><\/span><\/span><\/div><br \/>\n<div  class='avia-buttonrow-wrap av-kewxp7nr-2d3b281201091957b99f0f4976930a1f avia-buttonrow-left  avia-builder-el-31  el_after_av_hr  avia-builder-el-last '>\n\n<style type=\"text\/css\" data-created_by=\"avia_inline_auto\" id=\"style-css-av-g1gco-5d8b894c757d81da0e484c110e11ee2f\">\n#top #wrap_all .avia-button.av-g1gco-5d8b894c757d81da0e484c110e11ee2f{\nmargin-bottom:30px;\nmargin-right:30px;\n}\n<\/style>\n<a href='https:\/\/www.grether-photography.com\/en\/kontakt\/'  class='avia-button av-g1gco-5d8b894c757d81da0e484c110e11ee2f avia-icon_select-yes-left-icon avia-size-large avia-color-theme-color'  ><span class='avia_button_icon avia_button_icon_left ' aria-hidden='true' data-av_icon='\ue83c' data-av_iconfont='entypo-fontello'><\/span><span class='avia_iconbox_title' >Kontakt<\/span><\/a>\n\n<style type=\"text\/css\" data-created_by=\"avia_inline_auto\" id=\"style-css-av-bal48-4aef9fde07c43ef8621e4d2b188f889d\">\n#top #wrap_all .avia-button.av-bal48-4aef9fde07c43ef8621e4d2b188f889d{\nmargin-bottom:30px;\nmargin-right:30px;\n}\n<\/style>\n<a href='https:\/\/www.grether-photography.com\/en\/ueber-mich\/'  class='avia-button av-bal48-4aef9fde07c43ef8621e4d2b188f889d avia-icon_select-yes-left-icon avia-size-large avia-color-theme-color'  ><span class='avia_button_icon avia_button_icon_left ' aria-hidden='true' data-av_icon='\ue80a' data-av_iconfont='entypo-fontello'><\/span><span class='avia_iconbox_title' >\u00dcber mich<\/span><\/a>\n<\/div><\/p><\/div>[av_section min_height='' min_height_pc='25' min_height_px='500px' padding='default' custom_margin='0px' custom_margin_sync='true' color='alternate_color' background='bg_color' custom_bg='' background_gradient_color1='' background_gradient_color2='' background_gradient_direction='vertical' src='' attachment='' attachment_size='' attach='scroll' position='top left' repeat='no-repeat' video='' video_ratio='16:9' overlay_opacity='0.5' overlay_color='' overlay_pattern='' overlay_custom_pattern='' shadow='no-border-styling' bottom_border='no-border-styling' bottom_border_diagonal_color='#333333' bottom_border_diagonal_direction='' bottom_border_style='' custom_arrow_bg='' id='' custom_class='' template_class='' aria_label='' av_element_hidden_in_editor='0' av_uid='av-13x5jb9' sc_version='1.0']\r\n\r\n[av_textblock textblock_styling_align='' textblock_styling='' textblock_styling_gap='' textblock_styling_mobile='' size='' av-desktop-font-size='' av-medium-font-size='' av-small-font-size='' av-mini-font-size='' font_color='' color='' id='' custom_class='' template_class='' av_uid='av-l6gfudwv' sc_version='1.0' admin_preview_bg='']\r\n<h3 style=\"text-align: center;\">Kundenreferenzen<\/h3>\r\n[\/av_textblock]\r\n\r\n[av_gallery ids='8166,8078,6535,6533,6532,6531,6166,4821,4830' style='thumbnails' preview_size='portfolio' crop_big_preview_thumbnail='avia-gallery-big-crop-thumb' thumb_size='portfolio' columns='3' imagelink='avianolink noLightbox' link_dest='' lightbox_text='caption' lazyload='avia_lazyload' img_scrset='' html_lazy_loading='disabled' av-desktop-hide='aviaTBav-desktop-hide' alb_description='' id='' custom_class='' template_class='' av_uid='av-l8lyne7z' sc_version='1.0' admin_preview_bg='']\r\n\r\n[av_partner heading='' type='slider' columns='6' navigation='no' control_layout='av-control-default' nav_visibility_desktop='' nav_arrow_color='' nav_arrow_bg_color='' nav_dots_color='' nav_dot_active_color='' size='no scaling' img_size_behave='' border='' img_border='' img_border_width='' img_border_width_sync='true' img_border_color='' border_radius='' border_radius_sync='true' box_shadow='' box_shadow_style='0px,0px,0px,0px' box_shadow_color='' padding='' padding_sync='true' animation='fade' transition_speed='' autoplay='true' interval='3' heading_tag='' heading_class='' img_scrset='' lazy_loading='enabled' av-medium-hide='aviaTBav-medium-hide' av-small-hide='aviaTBav-small-hide' av-mini-hide='aviaTBav-mini-hide' el_id='' custom_class='' template_class='' av_uid='av-13dv3b9' sc_version='1.0']\r\n[av_partner_logo id='6166' hover='' link='' linktitle='' link_target='' av_uid='av-zxscud' sc_version='1.0']\r\n[av_partner_logo id='8150' hover='' link='' link_target='' linktitle='' av_uid='av-l8ll9x3r' sc_version='1.0']\r\n[av_partner_logo id='8394' hover='' link='' link_target='' linktitle='' av_uid='av-ljy9o05t' sc_version='1.0']\r\n[av_partner_logo id='11111' av_uid='av-70u8l']\r\n[av_partner_logo id='8161' hover='' link='' link_target='' linktitle='' av_uid='av-l8ll9mbs' sc_version='1.0']\r\n[av_partner_logo id='6165' hover='' link='' linktitle='' link_target='' av_uid='av-u3x23p' sc_version='1.0']\r\n[av_partner_logo id='6532' hover='' link='' linktitle='' link_target='' av_uid='av-l0gs1z1c' sc_version='1.0']\r\n[av_partner_logo id='11064' av_uid='av-ympk5' hover='' link='' link_target='' linktitle='' sc_version='1.0']\r\n[av_partner_logo id='5909' av_uid='av-sav0tx' hover='' link='' linktitle='' link_target='' sc_version='1.0']\r\n[av_partner_logo id='6533' hover='' link='' linktitle='' link_target='' av_uid='av-l0gs1s81' sc_version='1.0']\r\n[av_partner_logo id='11071' av_uid='av-77fzl1' hover='' link='' link_target='' linktitle='' sc_version='1.0']\r\n[av_partner_logo id='11054' av_uid='av-6br31x' hover='' link='' link_target='' linktitle='' sc_version='1.0']\r\n[av_partner_logo id='8078' av_uid='av-59ncc5' hover='' link='' link_target='' linktitle='' sc_version='1.0']\r\n[av_partner_logo id='8166' hover='' link='' link_target='' linktitle='' av_uid='av-l8ll8uz2' sc_version='1.0']\r\n[av_partner_logo id='8315' hover='' link='' link_target='' linktitle='' av_uid='av-lk9t9mea' sc_version='1.0']\r\n[av_partner_logo id='9312' av_uid='av-7pu2gl' hover='' link='' link_target='' linktitle='' sc_version='1.0']\r\n[av_partner_logo id='11052' av_uid='av-4c4up1' hover='' link='' link_target='' linktitle='' sc_version='1.0']\r\n[av_partner_logo id='9479' av_uid='av-5l0xph' hover='' link='' link_target='' linktitle='' sc_version='1.0']\r\n[av_partner_logo id='9465' av_uid='av-3rieat' hover='' link='' link_target='' linktitle='' sc_version='1.0']\r\n[av_partner_logo id='6535' hover='' link='' linktitle='' link_target='' av_uid='av-l0gs1dr3' sc_version='1.0']\r\n[av_partner_logo id='9890' hover='' link='' link_target='' linktitle='' av_uid='av-lsel1akr' sc_version='1.0']\r\n[av_partner_logo id='9476' av_uid='av-2dphjp' hover='' link='' link_target='' linktitle='' sc_version='1.0']\r\n[av_partner_logo id='11038' av_uid='av-35qsf9' hover='' link='' link_target='' linktitle='' sc_version='1.0']\r\n[av_partner_logo id='8080' av_uid='av-3ln29x' hover='' link='' link_target='' linktitle='' sc_version='1.0']\r\n[av_partner_logo id='9729' hover='' link='' link_target='' linktitle='' av_uid='av-lsel0t27' sc_version='1.0']\r\n[av_partner_logo id='5910' av_uid='av-wtrfnp' hover='' link='' linktitle='' link_target='' sc_version='1.0']\r\n[av_partner_logo id='8086' av_uid='av-2y10f9' hover='' link='' link_target='' linktitle='' sc_version='1.0']\r\n[av_partner_logo id='6539' av_uid='av-2ni2g5' hover='' link='' linktitle='' link_target='' sc_version='1.0']\r\n[av_partner_logo id='7966' hover='' link='' link_target='' linktitle='' av_uid='av-lsel27im' sc_version='1.0']\r\n[av_partner_logo id='6098' hover='' link='' link_target='' linktitle='' av_uid='av-lsel42af' sc_version='1.0']\r\n[av_partner_logo id='8081' hover='' link='' link_target='' linktitle='' av_uid='av-lsel5ajg' sc_version='1.0']\r\n[av_partner_logo id='11040' av_uid='av-29kqlx' hover='' link='' link_target='' linktitle='' sc_version='1.0']\r\n[av_partner_logo id='9313' hover='' link='' link_target='' linktitle='' av_uid='av-l0gs6vyu' sc_version='1.0']\r\n[av_partner_logo id='8096' hover='' link='' link_target='' linktitle='' av_uid='av-lseldlwo' sc_version='1.0']\r\n[av_partner_logo id='8153' hover='' link='' link_target='' linktitle='' av_uid='av-lsellzhq' sc_version='1.0']\r\n[av_partner_logo id='8244' hover='' link='' link_target='' linktitle='' av_uid='av-lselssv5' sc_version='1.0']\r\n[\/av_partner]\r\n\r\n[av_hr class='custom' icon_select='yes' icon='ue87f' font='entypo-fontello' position='center' shadow='no-shadow' height='50' custom_border='av-border-thin' custom_width='250px' custom_margin_top='10px' custom_margin_bottom='30px' custom_border_color='#595959' custom_icon_color='#595959' id='' custom_class='' template_class='' av_uid='av-l0dscygk' sc_version='1.0' admin_preview_bg='']\r\n\r\n[av_button label='Referenzen & Kunden' icon_select='yes-right-icon' icon='ue832' font='entypo-fontello' link='page,4700' link_target='' size='large' position='center' label_display='' title_attr='' color_options='' color='theme-color' custom_bg='#444444' custom_font='#ffffff' btn_color_bg='theme-color' btn_custom_bg='#444444' btn_color_bg_hover='theme-color-highlight' btn_custom_bg_hover='#444444' btn_color_font='theme-color' btn_custom_font='#ffffff' id='' custom_class='' template_class='' av_uid='av-l0ds9r69' sc_version='1.0' admin_preview_bg='']\r\n\r\n[\/av_section]<\/p>\n\n<style type=\"text\/css\" data-created_by=\"avia_inline_auto\" id=\"style-css-av-k5wevtf9-25e6df8e7488b00d3868593db9cb1ab5\">\n.avia-section.av-k5wevtf9-25e6df8e7488b00d3868593db9cb1ab5 .av-parallax .av-parallax-inner{\nbackground-repeat:no-repeat;\nbackground-image:url(https:\/\/www.grether-photography.com\/wp-content\/uploads\/2025\/03\/switzerlandevent.jpg);\nbackground-position:50% 100%;\nbackground-attachment:scroll;\n}\n.avia-section.av-k5wevtf9-25e6df8e7488b00d3868593db9cb1ab5 .av-section-color-overlay{\nopacity:0.7;\nbackground-color:#020202;\n}\n<\/style>\n<div id='av_section_4'  class='avia-section av-k5wevtf9-25e6df8e7488b00d3868593db9cb1ab5 main_color avia-section-huge avia-no-border-styling  avia-builder-el-33  el_after_av_postcontent  el_before_av_section  av-parallax-section avia-bg-style-parallax av-section-color-overlay-active av-minimum-height av-minimum-height-50  container_wrap fullsize'  data-section-bg-repeat='no-repeat' data-av_minimum_height_pc='50'><div class='av-parallax' data-avia-parallax-ratio='0.3' ><div class='av-parallax-inner main_color avia-full-stretch'><\/div><\/div><div class=\"av-section-color-overlay-wrap\"><div class=\"av-section-color-overlay\"><\/div><div class='container av-section-cont-open' ><div class='template-page content  av-content-full alpha units'><div class='post-entry post-entry-type-page post-entry-2567'><div class='entry-content-wrapper clearfix'>\n\n<style type=\"text\/css\" data-created_by=\"avia_inline_auto\" id=\"style-css-av-7v32v-f045b4434fe33af684a145169b3caf1d\">\n.flex_column.av-7v32v-f045b4434fe33af684a145169b3caf1d{\n-webkit-border-radius:0px 0px 0px 0px;\n-moz-border-radius:0px 0px 0px 0px;\nborder-radius:0px 0px 0px 0px;\npadding:0px 0px 0px 0px;\n}\n<\/style>\n<div class='flex_column av-7v32v-f045b4434fe33af684a145169b3caf1d av_one_full  avia-builder-el-34  el_before_av_one_full  avia-builder-el-first  first flex_column_div av-animated-generic pop-up av-zero-column-padding '     ><p>\n<style type=\"text\/css\" data-created_by=\"avia_inline_auto\" id=\"style-css-av-k904knp3-9aadae245456cde1670805ae134be5ef\">\n#top .av-special-heading.av-k904knp3-9aadae245456cde1670805ae134be5ef{\npadding-bottom:10px;\ncolor:#ffffff;\n}\nbody .av-special-heading.av-k904knp3-9aadae245456cde1670805ae134be5ef .av-special-heading-tag .heading-char{\nfont-size:25px;\n}\n.av-special-heading.av-k904knp3-9aadae245456cde1670805ae134be5ef .special-heading-inner-border{\nborder-color:#ffffff;\n}\n.av-special-heading.av-k904knp3-9aadae245456cde1670805ae134be5ef .av-subheading{\nfont-size:15px;\n}\n<\/style>\n<div  class='av-special-heading av-k904knp3-9aadae245456cde1670805ae134be5ef av-special-heading-h2 custom-color-heading blockquote modern-quote modern-centered  avia-builder-el-35  el_before_av_hr  avia-builder-el-first  av-linked-heading'><h2 class='av-special-heading-tag'  itemprop=\"headline\"  >Fotografie in Thalwil, <br \/>Kilchberg und R\u00fcschlikon<\/h2><div class=\"special-heading-border\"><div class=\"special-heading-inner-border\"><\/div><\/div><\/div><br \/>\n\n<style type=\"text\/css\" data-created_by=\"avia_inline_auto\" id=\"style-css-av-k5wbd76n-13-ab5573adfe0d71803b673fff3d9b3c39\">\n#top .hr.av-k5wbd76n-13-ab5573adfe0d71803b673fff3d9b3c39{\nmargin-top:30px;\nmargin-bottom:30px;\n}\n.hr.av-k5wbd76n-13-ab5573adfe0d71803b673fff3d9b3c39 .hr-inner{\nwidth:80px;\nborder-color:#ffffff;\n}\n<\/style>\n<div  class='hr av-k5wbd76n-13-ab5573adfe0d71803b673fff3d9b3c39 hr-custom  avia-builder-el-36  el_after_av_heading  avia-builder-el-last  hr-center hr-icon-no'><span class='hr-inner inner-border-av-border-fat'><span class=\"hr-inner-style\"><\/span><\/span><\/div><\/p><\/div>\n<style type=\"text\/css\" data-created_by=\"avia_inline_auto\" id=\"style-css-av-7v32v-12-8dd3f3b8aad8f9384061870c7a33b664\">\n.flex_column.av-7v32v-12-8dd3f3b8aad8f9384061870c7a33b664{\n-webkit-border-radius:0px 0px 0px 0px;\n-moz-border-radius:0px 0px 0px 0px;\nborder-radius:0px 0px 0px 0px;\npadding:0px 0px 0px 0px;\n}\n<\/style>\n<div class='flex_column av-7v32v-12-8dd3f3b8aad8f9384061870c7a33b664 av_one_full  avia-builder-el-37  el_after_av_one_full  el_before_av_one_third  first flex_column_div av-animated-generic pop-up av-zero-column-padding column-top-margin'     ><style type=\"text\/css\" data-created_by=\"avia_inline_auto\" id=\"style-css-av-k66sjxgm-694ba8e2999db4c4530c766ee01012c7\">\n#top .av_textblock_section.av-k66sjxgm-694ba8e2999db4c4530c766ee01012c7 .avia_textblock{\nfont-size:24px;\ncolor:#ffffff;\n}\n<\/style>\n<section  class='av_textblock_section av-k66sjxgm-694ba8e2999db4c4530c766ee01012c7'  itemscope=\"itemscope\" itemtype=\"https:\/\/schema.org\/CreativeWork\" ><div class='avia_textblock av_inherit_color'  itemprop=\"text\" ><p style=\"text-align: center;\">Ich bin auch Ihr Fotograf f\u00fcr<\/p>\n<\/div><\/section><\/div>\n<style type=\"text\/css\" data-created_by=\"avia_inline_auto\" id=\"style-css-av-6loidz-43fd145748d41ce153ce23b7ef1d747f\">\n.flex_column.av-6loidz-43fd145748d41ce153ce23b7ef1d747f{\n-webkit-border-radius:0px 0px 0px 0px;\n-moz-border-radius:0px 0px 0px 0px;\nborder-radius:0px 0px 0px 0px;\npadding:0px 0px 0px 0px;\n}\n<\/style>\n<div class='flex_column av-6loidz-43fd145748d41ce153ce23b7ef1d747f av_one_third  avia-builder-el-39  el_after_av_one_full  el_before_av_one_third  first flex_column_div av-zero-column-padding column-top-margin'     ><style type=\"text\/css\" data-created_by=\"avia_inline_auto\" id=\"style-css-av-k8zv2q5p-28eb63fbc4e0390c42f08e8ff57ea41b\">\n.av_font_icon.av-k8zv2q5p-28eb63fbc4e0390c42f08e8ff57ea41b{\ncolor:#ffffff;\nborder-color:#ffffff;\n}\n.av_font_icon.av-k8zv2q5p-28eb63fbc4e0390c42f08e8ff57ea41b .av-icon-char{\nfont-size:50px;\nline-height:50px;\nwidth:50px;\n}\n<\/style>\n<span  class='av_font_icon av-k8zv2q5p-28eb63fbc4e0390c42f08e8ff57ea41b avia_animate_when_visible av-icon-style-border avia-icon-pos-center avia-icon-animate'><span class='av-icon-char' aria-hidden='true' data-av_icon='\ue802' data-av_iconfont='fontello' ><\/span><span class='av_icon_caption av-special-font'>Architekturfotografie<\/span><\/span><\/div>\n<style type=\"text\/css\" data-created_by=\"avia_inline_auto\" id=\"style-css-av-3m5mjb-52d77537df6b1eb538a8b87659466261\">\n.flex_column.av-3m5mjb-52d77537df6b1eb538a8b87659466261{\n-webkit-border-radius:0px 0px 0px 0px;\n-moz-border-radius:0px 0px 0px 0px;\nborder-radius:0px 0px 0px 0px;\npadding:0px 0px 0px 0px;\n}\n<\/style>\n<div class='flex_column av-3m5mjb-52d77537df6b1eb538a8b87659466261 av_one_third  avia-builder-el-41  el_after_av_one_third  el_before_av_one_third  flex_column_div av-zero-column-padding column-top-margin'     ><style type=\"text\/css\" data-created_by=\"avia_inline_auto\" id=\"style-css-av-k8zv2q5p-8-c42f3d13f71eb1964efe695910cb7ce1\">\n.av_font_icon.av-k8zv2q5p-8-c42f3d13f71eb1964efe695910cb7ce1{\ncolor:#ffffff;\nborder-color:#ffffff;\n}\n.av_font_icon.av-k8zv2q5p-8-c42f3d13f71eb1964efe695910cb7ce1 .av-icon-char{\nfont-size:50px;\nline-height:50px;\nwidth:50px;\n}\n<\/style>\n<span  class='av_font_icon av-k8zv2q5p-8-c42f3d13f71eb1964efe695910cb7ce1 avia_animate_when_visible av-icon-style-border avia-icon-pos-center avia-icon-animate'><span class='av-icon-char' aria-hidden='true' data-av_icon='\ue800' data-av_iconfont='fontello' ><\/span><span class='av_icon_caption av-special-font'>Businessfotografie<\/span><\/span><\/div>\n<style type=\"text\/css\" data-created_by=\"avia_inline_auto\" id=\"style-css-av-2pksbb-1c12e76c3bfa2e49a3ad220f791ed5a0\">\n.flex_column.av-2pksbb-1c12e76c3bfa2e49a3ad220f791ed5a0{\n-webkit-border-radius:0px 0px 0px 0px;\n-moz-border-radius:0px 0px 0px 0px;\nborder-radius:0px 0px 0px 0px;\npadding:0px 0px 0px 0px;\n}\n<\/style>\n<div class='flex_column av-2pksbb-1c12e76c3bfa2e49a3ad220f791ed5a0 av_one_third  avia-builder-el-43  el_after_av_one_third  el_before_av_one_full  flex_column_div av-zero-column-padding column-top-margin'     ><style type=\"text\/css\" data-created_by=\"avia_inline_auto\" id=\"style-css-av-k8zv2q5p-7-1d39f0ea2fe4fac7b8574c1d2a7c5aa5\">\n.av_font_icon.av-k8zv2q5p-7-1d39f0ea2fe4fac7b8574c1d2a7c5aa5{\ncolor:#ffffff;\nborder-color:#ffffff;\n}\n.av_font_icon.av-k8zv2q5p-7-1d39f0ea2fe4fac7b8574c1d2a7c5aa5 .av-icon-char{\nfont-size:50px;\nline-height:50px;\nwidth:50px;\n}\n<\/style>\n<span  class='av_font_icon av-k8zv2q5p-7-1d39f0ea2fe4fac7b8574c1d2a7c5aa5 avia_animate_when_visible av-icon-style-border avia-icon-pos-center avia-icon-animate'><span class='av-icon-char' aria-hidden='true' data-av_icon='\ue809' data-av_iconfont='fontello' ><\/span><span class='av_icon_caption av-special-font'>Eventfotografie<\/span><\/span><\/div>\n<style type=\"text\/css\" data-created_by=\"avia_inline_auto\" id=\"style-css-av-7v32v-10-f13bfe61a0ff5ba30d438f6700ae3cb2\">\n.flex_column.av-7v32v-10-f13bfe61a0ff5ba30d438f6700ae3cb2{\n-webkit-border-radius:0px 0px 0px 0px;\n-moz-border-radius:0px 0px 0px 0px;\nborder-radius:0px 0px 0px 0px;\npadding:0px 0px 0px 0px;\n}\n<\/style>\n<div class='flex_column av-7v32v-10-f13bfe61a0ff5ba30d438f6700ae3cb2 av_one_full  avia-builder-el-45  el_after_av_one_third  avia-builder-el-last  first flex_column_div av-animated-generic pop-up av-zero-column-padding column-top-margin'     ><style type=\"text\/css\" data-created_by=\"avia_inline_auto\" id=\"style-css-av-k66sjxgm-9-de2dc1bfcc9ac1401cf99e9b97475f20\">\n#top .av_textblock_section.av-k66sjxgm-9-de2dc1bfcc9ac1401cf99e9b97475f20 .avia_textblock{\nfont-size:24px;\ncolor:#ffffff;\n}\n<\/style>\n<section  class='av_textblock_section av-k66sjxgm-9-de2dc1bfcc9ac1401cf99e9b97475f20'  itemscope=\"itemscope\" itemtype=\"https:\/\/schema.org\/CreativeWork\" ><div class='avia_textblock av_inherit_color'  itemprop=\"text\" ><p style=\"text-align: center;\">&#8230;und vieles mehr. Fragen Sie einfach nach.<\/p>\n<\/div><\/section><br \/>\n\n<style type=\"text\/css\" data-created_by=\"avia_inline_auto\" id=\"style-css-av-k5wbd76n-11-cd60ba1a638a7f1d804ed3548d715408\">\n#top .hr.av-k5wbd76n-11-cd60ba1a638a7f1d804ed3548d715408{\nmargin-top:30px;\nmargin-bottom:30px;\n}\n.hr.av-k5wbd76n-11-cd60ba1a638a7f1d804ed3548d715408 .hr-inner{\nwidth:80px;\nborder-color:#ffffff;\n}\n<\/style>\n<div  class='hr av-k5wbd76n-11-cd60ba1a638a7f1d804ed3548d715408 hr-custom  avia-builder-el-47  el_after_av_textblock  el_before_av_button  hr-center hr-icon-no'><span class='hr-inner inner-border-av-border-fat'><span class=\"hr-inner-style\"><\/span><\/span><\/div><br \/>\n<div  class='avia-button-wrap av-k5wbvrky-22-d7cc92bb95481ae5237fc4f98448aa5c-wrap avia-button-center  avia-builder-el-48  el_after_av_hr  avia-builder-el-last '><a href='https:\/\/www.grether-photography.com\/en\/kontakt\/'  class='avia-button av-k5wbvrky-22-d7cc92bb95481ae5237fc4f98448aa5c avia-icon_select-yes-right-icon avia-size-large avia-position-center avia-color-light'  ><span class='avia_iconbox_title' >Ich berate Sie gerne<\/span><span class='avia_button_icon avia_button_icon_right' aria-hidden='true' data-av_icon='\ue832' data-av_iconfont='entypo-fontello'><\/span><\/a><\/div><\/p><\/div>\n\n<\/div><\/div><\/div><!-- close content main div --><\/div><\/div><\/div><div id='av_section_5'  class='avia-section av-q0w7-27-2ad62b6311173833765a05eb4d64716b main_color avia-section-huge avia-no-border-styling  avia-builder-el-49  el_after_av_section  el_before_av_postcontent  avia-bg-style-scroll container_wrap fullsize'  ><div class='container av-section-cont-open' ><div class='template-page content  av-content-full alpha units'><div class='post-entry post-entry-type-page post-entry-2567'><div class='entry-content-wrapper clearfix'>\n\n<style type=\"text\/css\" data-created_by=\"avia_inline_auto\" id=\"style-css-av-7w9gn-a1f0b0d0a43c9faab11944cbbd2efbea\">\n#top .av-special-heading.av-7w9gn-a1f0b0d0a43c9faab11944cbbd2efbea{\npadding-bottom:10px;\n}\nbody .av-special-heading.av-7w9gn-a1f0b0d0a43c9faab11944cbbd2efbea .av-special-heading-tag .heading-char{\nfont-size:25px;\n}\n.av-special-heading.av-7w9gn-a1f0b0d0a43c9faab11944cbbd2efbea .av-subheading{\nfont-size:25px;\n}\n<\/style>\n<div  class='av-special-heading av-7w9gn-a1f0b0d0a43c9faab11944cbbd2efbea av-special-heading-h2 blockquote modern-quote modern-centered  avia-builder-el-50  el_before_av_hr  avia-builder-el-first  av-linked-heading'><h2 class='av-special-heading-tag'  itemprop=\"headline\"  >Der Fotograf f\u00fcr Kilchberg, <br \/>R\u00fcschlikon und Thalwil<\/h2><div class=\"special-heading-border\"><div class=\"special-heading-inner-border\"><\/div><\/div><\/div>\n\n<style type=\"text\/css\" data-created_by=\"avia_inline_auto\" id=\"style-css-av-k5wbd76n-6-7ee790343b56c5a3eeb123f3ffd6ef4c\">\n#top .hr.av-k5wbd76n-6-7ee790343b56c5a3eeb123f3ffd6ef4c{\nmargin-top:30px;\nmargin-bottom:30px;\n}\n.hr.av-k5wbd76n-6-7ee790343b56c5a3eeb123f3ffd6ef4c .hr-inner{\nwidth:80px;\nborder-color:#353535;\n}\n<\/style>\n<div  class='hr av-k5wbd76n-6-7ee790343b56c5a3eeb123f3ffd6ef4c hr-custom  avia-builder-el-51  el_after_av_heading  el_before_av_one_half  hr-center hr-icon-no'><span class='hr-inner inner-border-av-border-fat'><span class=\"hr-inner-style\"><\/span><\/span><\/div>\n\n<style type=\"text\/css\" data-created_by=\"avia_inline_auto\" id=\"style-css-av-k5wbrmfc-15-233a9ef8378451170da6b9bff3fe431b\">\n#top .flex_column.av-k5wbrmfc-15-233a9ef8378451170da6b9bff3fe431b{\nmargin-top:30px;\nmargin-bottom:30px;\n}\n.flex_column.av-k5wbrmfc-15-233a9ef8378451170da6b9bff3fe431b{\n-webkit-border-radius:0px 0px 0px 0px;\n-moz-border-radius:0px 0px 0px 0px;\nborder-radius:0px 0px 0px 0px;\npadding:0px 0px 0px 0px;\n}\n.responsive #top #wrap_all .flex_column.av-k5wbrmfc-15-233a9ef8378451170da6b9bff3fe431b{\nmargin-top:30px;\nmargin-bottom:30px;\n}\n<\/style>\n<div class='flex_column av-k5wbrmfc-15-233a9ef8378451170da6b9bff3fe431b av_one_half  avia-builder-el-52  el_after_av_hr  el_before_av_one_half  first flex_column_div av-animated-generic top-to-bottom av-zero-column-padding '     ><section  class='av_textblock_section av-k5wbumfz-14-7bb8578d36889e65f8a56c912b19a0ff'  itemscope=\"itemscope\" itemtype=\"https:\/\/schema.org\/CreativeWork\" ><div class='avia_textblock'  itemprop=\"text\" ><h3 style=\"text-align: right;\">Hochwertige Business-Fotos<\/h3>\n<\/div><\/section><br \/>\n\n<style type=\"text\/css\" data-created_by=\"avia_inline_auto\" id=\"style-css-av-k5wbd76n-4-554730060651fbd6bec5794741cec254\">\n#top .hr.hr-invisible.av-k5wbd76n-4-554730060651fbd6bec5794741cec254{\nheight:5px;\n}\n<\/style>\n<div  class='hr av-k5wbd76n-4-554730060651fbd6bec5794741cec254 hr-invisible  avia-builder-el-54  el_after_av_textblock  el_before_av_textblock '><span class='hr-inner '><span class=\"hr-inner-style\"><\/span><\/span><\/div><br \/>\n<section  class='av_textblock_section av-k5wbumfz-2-c7924f72411fb9b1159fa7e19a51b8fd'  itemscope=\"itemscope\" itemtype=\"https:\/\/schema.org\/CreativeWork\" ><div class='avia_textblock'  itemprop=\"text\" ><p style=\"text-align: right;\">Im Kanton Z\u00fcrich liegen die Ortschaften Thalwil, R\u00fcschlikon und Kilchberg. Im Zusammenhang mit Kilchberg denken wir nat\u00fcrlich zun\u00e4chst an Schokolade. Und tats\u00e4chlich ist Kilchberg der Firmensitz eines grossen internationalen Schokoladeherstellers.<\/p>\n<p style=\"text-align: right;\">Keine Frage: Hier werden auch Businessfotos ben\u00f6tigt. Eine sch\u00f6ne Kulisse f\u00fcr Outdoorfotos bietet der Z\u00fcrichsee. Auch im Ortsgebiet von R\u00fcschlikon gibt es sch\u00f6ne Ansichten des Z\u00fcrichsees als Hintergrund f\u00fcr Ihr Foto.<\/p>\n<p style=\"text-align: right;\">In Thalwil bieten sich auch der Wildpark und die H\u00e4nge des Zimmerbergs f\u00fcr einen sch\u00f6nen Fotobackground an.<\/p>\n<\/div><\/section><br \/>\n\n<style type=\"text\/css\" data-created_by=\"avia_inline_auto\" id=\"style-css-av-k5wbd76n-1-fc6679d1f50b86d5f8ac7bc1c4d34173\">\n#top .hr.hr-invisible.av-k5wbd76n-1-fc6679d1f50b86d5f8ac7bc1c4d34173{\nheight:15px;\n}\n<\/style>\n<div  class='hr av-k5wbd76n-1-fc6679d1f50b86d5f8ac7bc1c4d34173 hr-invisible  avia-builder-el-56  el_after_av_textblock  el_before_av_button '><span class='hr-inner '><span class=\"hr-inner-style\"><\/span><\/span><\/div><br \/>\n<div  class='avia-button-wrap av-k5wbvrky-5-672aaa40cbab90c3e1fa6db71dbe8447-wrap avia-button-right  avia-builder-el-57  el_after_av_hr  avia-builder-el-last '><a href='https:\/\/www.grether-photography.com\/en\/kontakt\/'  class='avia-button av-k5wbvrky-5-672aaa40cbab90c3e1fa6db71dbe8447 avia-icon_select-yes-right-icon avia-size-large avia-position-right avia-color-theme-color'  ><span class='avia_iconbox_title' >Fotoshooting buchen<\/span><span class='avia_button_icon avia_button_icon_right' aria-hidden='true' data-av_icon='\ue832' data-av_iconfont='entypo-fontello'><\/span><\/a><\/div><\/p><\/div>\n<style type=\"text\/css\" data-created_by=\"avia_inline_auto\" id=\"style-css-av-k5wbrmfc-3-db6507ac5a94c7465ad871ca83a5e103\">\n#top .flex_column.av-k5wbrmfc-3-db6507ac5a94c7465ad871ca83a5e103{\nmargin-top:30px;\nmargin-bottom:30px;\n}\n.flex_column.av-k5wbrmfc-3-db6507ac5a94c7465ad871ca83a5e103{\n-webkit-border-radius:0px 0px 0px 0px;\n-moz-border-radius:0px 0px 0px 0px;\nborder-radius:0px 0px 0px 0px;\npadding:0px 0px 0px 0px;\n}\n.responsive #top #wrap_all .flex_column.av-k5wbrmfc-3-db6507ac5a94c7465ad871ca83a5e103{\nmargin-top:30px;\nmargin-bottom:30px;\n}\n<\/style>\n<div class='flex_column av-k5wbrmfc-3-db6507ac5a94c7465ad871ca83a5e103 av_one_half  avia-builder-el-58  el_after_av_one_half  avia-builder-el-last  flex_column_div av-animated-generic top-to-bottom av-zero-column-padding '     ><p>\n<style type=\"text\/css\" data-created_by=\"avia_inline_auto\" id=\"style-css-av-k8ikqu43-bad7bd4efd57dff77230db7dc6339727\">\n.avia-image-container.av-k8ikqu43-bad7bd4efd57dff77230db7dc6339727 img.avia_image{\nbox-shadow:none;\n}\n.avia-image-container.av-k8ikqu43-bad7bd4efd57dff77230db7dc6339727 .av-image-caption-overlay-center{\ncolor:#ffffff;\n}\n<\/style>\n<div  class='avia-image-container av-k8ikqu43-bad7bd4efd57dff77230db7dc6339727 av-styling- avia-align-center  avia-builder-el-59  el_before_av_textblock  avia-builder-el-first '   itemprop=\"image\" itemscope=\"itemscope\" itemtype=\"https:\/\/schema.org\/ImageObject\" ><div class=\"avia-image-container-inner\"><div class=\"avia-image-overlay-wrap\"><img decoding=\"async\" class='wp-image-10590 avia-img-lazy-loading-not-10590 avia_image ' src=\"https:\/\/www.grether-photography.com\/wp-content\/uploads\/2024\/02\/zahnarzt3.jpg\" alt='' title='zahnarzt3'  height=\"934\" width=\"1400\"  itemprop=\"thumbnailUrl\" srcset=\"https:\/\/www.grether-photography.com\/wp-content\/uploads\/2024\/02\/zahnarzt3.jpg 1400w, https:\/\/www.grether-photography.com\/wp-content\/uploads\/2024\/02\/zahnarzt3-300x200.jpg 300w, https:\/\/www.grether-photography.com\/wp-content\/uploads\/2024\/02\/zahnarzt3-1030x687.jpg 1030w, https:\/\/www.grether-photography.com\/wp-content\/uploads\/2024\/02\/zahnarzt3-768x512.jpg 768w, https:\/\/www.grether-photography.com\/wp-content\/uploads\/2024\/02\/zahnarzt3-18x12.jpg 18w, https:\/\/www.grether-photography.com\/wp-content\/uploads\/2024\/02\/zahnarzt3-705x470.jpg 705w\" sizes=\"(max-width: 1400px) 100vw, 1400px\" \/><\/div><\/div><\/div><br \/>\n<section  class='av_textblock_section av-l1f060k0-c209ee37992d42a36a8bb0c5b1b6992e'  itemscope=\"itemscope\" itemtype=\"https:\/\/schema.org\/CreativeWork\" ><div class='avia_textblock'  itemprop=\"text\" ><p><em>Ich unterst\u00fctze Sie gerne als Business Fotograf.<\/em><\/p>\n<\/div><\/section><\/p><\/div>\n\n[av_section min_height='50' min_height_pc='25' min_height_px='500px' shadow='no-border-styling' bottom_border='no-border-styling' bottom_border_diagonal_color='#333333' bottom_border_diagonal_direction='' bottom_border_style='' padding='huge' custom_margin='0px' custom_margin_sync='true' av-desktop-custom_margin='' av-desktop-custom_margin_sync='true' av-medium-custom_margin='' av-medium-custom_margin_sync='true' av-small-custom_margin='' av-small-custom_margin_sync='true' av-mini-custom_margin='' av-mini-custom_margin_sync='true' svg_div_top='' svg_div_top_color='#333333' svg_div_top_width='100' svg_div_top_height='50' svg_div_top_max_height='none' svg_div_top_opacity='' svg_div_bottom='' svg_div_bottom_color='#333333' svg_div_bottom_width='100' svg_div_bottom_height='50' svg_div_bottom_max_height='none' svg_div_bottom_opacity='' color='main_color' background='bg_color' custom_bg='#000000' background_gradient_direction='vertical' background_gradient_color1='' background_gradient_color2='' background_gradient_color3='' src='https:\/\/www.grether-photography.com\/wp-content\/uploads\/2020\/01\/laurinfinal.jpg' attachment='441' attachment_size='full' attach='parallax' position='center left' repeat='no-repeat' video='' video_ratio='16:9' overlay_enable='aviaTBoverlay_enable' overlay_opacity='0.5' overlay_color='#5e5e5e' overlay_pattern='' overlay_custom_pattern='' custom_arrow_bg='' css_position_z_index='' av-desktop-css_position_z_index='' av-medium-css_position_z_index='' av-small-css_position_z_index='' av-mini-css_position_z_index='' id='' custom_class='' template_class='' aria_label='' av_element_hidden_in_editor='0' av_uid='av-k5wnmmam' sc_version='1.0']\r\n[av_two_fifth first min_height='' vertical_alignment='' space='' custom_margin='' margin='0px' row_boxshadow='' row_boxshadow_color='' row_boxshadow_width='10' link='' linktarget='' link_hover='' title_attr='' alt_attr='' padding='0px' highlight='' highlight_size='' border='' border_color='' radius='0px' column_boxshadow='' column_boxshadow_color='' column_boxshadow_width='10' background='bg_color' background_color='' background_gradient_color1='' background_gradient_color2='' background_gradient_direction='vertical' src='' background_position='top left' background_repeat='no-repeat' animation='' mobile_breaking='' mobile_display='' av_uid='av-76bpq']\r\n\r\n[\/av_two_fifth][av_three_fifth min_height='' vertical_alignment='' space='' custom_margin='' margin='0px' row_boxshadow='' row_boxshadow_color='' row_boxshadow_width='10' link='' linktarget='' link_hover='' title_attr='' alt_attr='' padding='0px' highlight='' highlight_size='' border='' border_color='' radius='0px' column_boxshadow='' column_boxshadow_color='' column_boxshadow_width='10' background='bg_color' background_color='' background_gradient_color1='' background_gradient_color2='' background_gradient_direction='vertical' src='' background_position='top left' background_repeat='no-repeat' animation='' mobile_breaking='' mobile_display='' av_uid='av-12g9r']\r\n\r\n[av_font_icon icon='ue833' font='entypo-fontello' style='' caption='' link='' linktarget='' size='55px' position='center' animation='' color='#ffffff' av_uid='av-k5wno1ds' custom_class='' admin_preview_bg=''][\/av_font_icon]\r\n\r\n[av_textblock size='30' font_color='custom' color='#ffffff' av-medium-font-size='' av-small-font-size='' av-mini-font-size='' av_uid='av-k5wnowjw' custom_class='' admin_preview_bg='']\r\n<p style=\"text-align: center;\"><em>Meine Herausforderung ist, etwas sichtbar zu machen, das der Masse nicht mehr pr\u00e4sent ist. Das Verborgene aktuell machen.<\/em><\/p>\r\n[\/av_textblock]\r\n\r\n[av_button label='Das ist Ihr Fotograf' icon_select='yes-right-icon' icon='ue832' font='entypo-fontello' size='large' position='center' label_display='' title_attr='' color='light' custom_bg='#444444' custom_font='#ffffff' link='page,20' link_target='' id='' custom_class='' av_uid='av-k5wbvrky' admin_preview_bg='']\r\n\r\n[\/av_three_fifth]\r\n[\/av_section]\r\n\r\n\n","protected":false},"excerpt":{"rendered":"","protected":false},"author":1,"featured_media":0,"parent":3143,"menu_order":3,"comment_status":"closed","ping_status":"closed","template":"","meta":{"footnotes":""},"folder":[],"class_list":["post-2567","page","type-page","status-publish","hentry"],"yoast_head":"<!-- This site is optimized with the Yoast SEO plugin v27.5 - https:\/\/yoast.com\/product\/yoast-seo-wordpress\/ -->\n<title>Ihr Fotograf f\u00fcr Thalwil, Kilchberg und R\u00fcschlikon | Profi-Fotos<\/title>\n<meta name=\"description\" content=\"Fotosessions f\u00fcr Firmen, Events, Immobilien und Private: Ich bin mit professionellem Equipment und zu fairen Preisen schnell bei Ihnen vor Ort.\" \/>\n<meta name=\"robots\" content=\"index, follow, max-snippet:-1, max-image-preview:large, max-video-preview:-1\" \/>\n<link rel=\"canonical\" href=\"https:\/\/www.grether-photography.com\/en\/zuerich-aargau\/photographer-thalwil-rueschlikon-kilchberg\/\" \/>\n<meta property=\"og:locale\" content=\"en_US\" \/>\n<meta property=\"og:type\" content=\"article\" \/>\n<meta property=\"og:title\" content=\"Ihr Fotograf f\u00fcr Thalwil, Kilchberg und R\u00fcschlikon | Profi-Fotos\" \/>\n<meta property=\"og:description\" content=\"Fotosessions f\u00fcr Firmen, Events, Immobilien und Private: Ich bin mit professionellem Equipment und zu fairen Preisen schnell bei Ihnen vor Ort.\" \/>\n<meta property=\"og:url\" content=\"https:\/\/www.grether-photography.com\/en\/zuerich-aargau\/photographer-thalwil-rueschlikon-kilchberg\/\" \/>\n<meta property=\"og:site_name\" content=\"Grether Photography\" \/>\n<meta property=\"article:publisher\" content=\"https:\/\/www.facebook.com\/laurin.grether\" \/>\n<meta property=\"article:modified_time\" content=\"2025-03-26T10:21:19+00:00\" \/>\n<meta property=\"og:image\" content=\"https:\/\/www.grether-photography.com\/wp-content\/uploads\/2020\/05\/og-image.png\" \/>\n\t<meta property=\"og:image:width\" content=\"1200\" \/>\n\t<meta property=\"og:image:height\" content=\"630\" \/>\n\t<meta property=\"og:image:type\" content=\"image\/png\" \/>\n<meta name=\"twitter:label1\" content=\"Est. reading time\" \/>\n\t<meta name=\"twitter:data1\" content=\"8 minutes\" \/>\n<script type=\"application\/ld+json\" class=\"yoast-schema-graph\">{\"@context\":\"https:\\\/\\\/schema.org\",\"@graph\":[{\"@type\":\"WebPage\",\"@id\":\"https:\\\/\\\/www.grether-photography.com\\\/zuerich-aargau\\\/fotograf-thalwil-rueschlikon-kilchberg\\\/\",\"url\":\"https:\\\/\\\/www.grether-photography.com\\\/zuerich-aargau\\\/fotograf-thalwil-rueschlikon-kilchberg\\\/\",\"name\":\"Ihr Fotograf f\u00fcr Thalwil, Kilchberg und R\u00fcschlikon | Profi-Fotos\",\"isPartOf\":{\"@id\":\"https:\\\/\\\/www.grether-photography.com\\\/#website\"},\"datePublished\":\"2020-03-03T09:14:47+00:00\",\"dateModified\":\"2025-03-26T10:21:19+00:00\",\"description\":\"Fotosessions f\u00fcr Firmen, Events, Immobilien und Private: Ich bin mit professionellem Equipment und zu fairen Preisen schnell bei Ihnen vor Ort.\",\"breadcrumb\":{\"@id\":\"https:\\\/\\\/www.grether-photography.com\\\/zuerich-aargau\\\/fotograf-thalwil-rueschlikon-kilchberg\\\/#breadcrumb\"},\"inLanguage\":\"en-US\",\"potentialAction\":[{\"@type\":\"ReadAction\",\"target\":[\"https:\\\/\\\/www.grether-photography.com\\\/zuerich-aargau\\\/fotograf-thalwil-rueschlikon-kilchberg\\\/\"]}]},{\"@type\":\"BreadcrumbList\",\"@id\":\"https:\\\/\\\/www.grether-photography.com\\\/zuerich-aargau\\\/fotograf-thalwil-rueschlikon-kilchberg\\\/#breadcrumb\",\"itemListElement\":[{\"@type\":\"ListItem\",\"position\":1,\"name\":\"Startseite\",\"item\":\"https:\\\/\\\/www.grether-photography.com\\\/startseite\\\/\"},{\"@type\":\"ListItem\",\"position\":2,\"name\":\"Z\u00fcrich Aargau\",\"item\":\"https:\\\/\\\/www.grether-photography.com\\\/zuerich-aargau\\\/\"},{\"@type\":\"ListItem\",\"position\":3,\"name\":\"Fotograf Thalwil, R\u00fcschlikon, Kilchberg\"}]},{\"@type\":\"WebSite\",\"@id\":\"https:\\\/\\\/www.grether-photography.com\\\/#website\",\"url\":\"https:\\\/\\\/www.grether-photography.com\\\/\",\"name\":\"Grether Photography\",\"description\":\"Ihr Fotograf f\u00fcr das professionelle Fotoshooting\",\"potentialAction\":[{\"@type\":\"SearchAction\",\"target\":{\"@type\":\"EntryPoint\",\"urlTemplate\":\"https:\\\/\\\/www.grether-photography.com\\\/?s={search_term_string}\"},\"query-input\":{\"@type\":\"PropertyValueSpecification\",\"valueRequired\":true,\"valueName\":\"search_term_string\"}}],\"inLanguage\":\"en-US\"}]}<\/script>\n<!-- \/ Yoast SEO plugin. -->","yoast_head_json":{"title":"Your photographer for Thalwil, Kilchberg and R\u00fcschlikon | Professional Photos","description":"Photo sessions for companies, events, real estate and private: I am quickly at your location with professional equipment and at fair prices.","robots":{"index":"index","follow":"follow","max-snippet":"max-snippet:-1","max-image-preview":"max-image-preview:large","max-video-preview":"max-video-preview:-1"},"canonical":"https:\/\/www.grether-photography.com\/en\/zuerich-aargau\/photographer-thalwil-rueschlikon-kilchberg\/","og_locale":"en_US","og_type":"article","og_title":"Ihr Fotograf f\u00fcr Thalwil, Kilchberg und R\u00fcschlikon | Profi-Fotos","og_description":"Fotosessions f\u00fcr Firmen, Events, Immobilien und Private: Ich bin mit professionellem Equipment und zu fairen Preisen schnell bei Ihnen vor Ort.","og_url":"https:\/\/www.grether-photography.com\/en\/zuerich-aargau\/photographer-thalwil-rueschlikon-kilchberg\/","og_site_name":"Grether Photography","article_publisher":"https:\/\/www.facebook.com\/laurin.grether","article_modified_time":"2025-03-26T10:21:19+00:00","og_image":[{"width":1200,"height":630,"url":"https:\/\/www.grether-photography.com\/wp-content\/uploads\/2020\/05\/og-image.png","type":"image\/png"}],"twitter_misc":{"Est. reading time":"8 minutes"},"schema":{"@context":"https:\/\/schema.org","@graph":[{"@type":"WebPage","@id":"https:\/\/www.grether-photography.com\/zuerich-aargau\/fotograf-thalwil-rueschlikon-kilchberg\/","url":"https:\/\/www.grether-photography.com\/zuerich-aargau\/fotograf-thalwil-rueschlikon-kilchberg\/","name":"Your photographer for Thalwil, Kilchberg and R\u00fcschlikon | Professional Photos","isPartOf":{"@id":"https:\/\/www.grether-photography.com\/#website"},"datePublished":"2020-03-03T09:14:47+00:00","dateModified":"2025-03-26T10:21:19+00:00","description":"Photo sessions for companies, events, real estate and private: I am quickly at your location with professional equipment and at fair prices.","breadcrumb":{"@id":"https:\/\/www.grether-photography.com\/zuerich-aargau\/fotograf-thalwil-rueschlikon-kilchberg\/#breadcrumb"},"inLanguage":"en-US","potentialAction":[{"@type":"ReadAction","target":["https:\/\/www.grether-photography.com\/zuerich-aargau\/fotograf-thalwil-rueschlikon-kilchberg\/"]}]},{"@type":"BreadcrumbList","@id":"https:\/\/www.grether-photography.com\/zuerich-aargau\/fotograf-thalwil-rueschlikon-kilchberg\/#breadcrumb","itemListElement":[{"@type":"ListItem","position":1,"name":"Startseite","item":"https:\/\/www.grether-photography.com\/startseite\/"},{"@type":"ListItem","position":2,"name":"Z\u00fcrich Aargau","item":"https:\/\/www.grether-photography.com\/zuerich-aargau\/"},{"@type":"ListItem","position":3,"name":"Fotograf Thalwil, R\u00fcschlikon, Kilchberg"}]},{"@type":"WebSite","@id":"https:\/\/www.grether-photography.com\/#website","url":"https:\/\/www.grether-photography.com\/","name":"Grether Photography","description":"Your photographer for the professional photo shoot","potentialAction":[{"@type":"SearchAction","target":{"@type":"EntryPoint","urlTemplate":"https:\/\/www.grether-photography.com\/?s={search_term_string}"},"query-input":{"@type":"PropertyValueSpecification","valueRequired":true,"valueName":"search_term_string"}}],"inLanguage":"en-US"}]}},"_links":{"self":[{"href":"https:\/\/www.grether-photography.com\/en\/wp-json\/wp\/v2\/pages\/2567","targetHints":{"allow":["GET"]}}],"collection":[{"href":"https:\/\/www.grether-photography.com\/en\/wp-json\/wp\/v2\/pages"}],"about":[{"href":"https:\/\/www.grether-photography.com\/en\/wp-json\/wp\/v2\/types\/page"}],"author":[{"embeddable":true,"href":"https:\/\/www.grether-photography.com\/en\/wp-json\/wp\/v2\/users\/1"}],"replies":[{"embeddable":true,"href":"https:\/\/www.grether-photography.com\/en\/wp-json\/wp\/v2\/comments?post=2567"}],"version-history":[{"count":8,"href":"https:\/\/www.grether-photography.com\/en\/wp-json\/wp\/v2\/pages\/2567\/revisions"}],"predecessor-version":[{"id":12122,"href":"https:\/\/www.grether-photography.com\/en\/wp-json\/wp\/v2\/pages\/2567\/revisions\/12122"}],"up":[{"embeddable":true,"href":"https:\/\/www.grether-photography.com\/en\/wp-json\/wp\/v2\/pages\/3143"}],"wp:attachment":[{"href":"https:\/\/www.grether-photography.com\/en\/wp-json\/wp\/v2\/media?parent=2567"}],"wp:term":[{"taxonomy":"folder","embeddable":true,"href":"https:\/\/www.grether-photography.com\/en\/wp-json\/wp\/v2\/folder?post=2567"}],"curies":[{"name":"wp","href":"https:\/\/api.w.org\/{rel}","templated":true}]}}