{"id":2796,"date":"2020-03-09T19:23:51","date_gmt":"2020-03-09T18:23:51","guid":{"rendered":"http:\/\/grether-photography.aretis-staging.ch\/?page_id=2796"},"modified":"2023-10-04T09:26:15","modified_gmt":"2023-10-04T07:26:15","slug":"black-and-white-photographer-lucerne-zug-schwyz","status":"publish","type":"page","link":"https:\/\/www.grether-photography.com\/en\/luzern-zug-schwyz\/schwarz-weiss-fotograf-luzern-zug-schwyz\/","title":{"rendered":"Black and white photographer Lucerne, Zug, Schwyz"},"content":{"rendered":"<div id='layer_slider_1'  class='avia-layerslider main_color avia-shadow  avia-builder-el-0  el_before_av_section  avia-builder-el-first  container_wrap fullsize'  style='height: 751px;'  ><link href=\"https:\/\/fonts.googleapis.com\/css?family=Open+Sans:100,100i,200,200i,300,300i,400,400i,500,500i,600,600i,700,700i,800,800i,900,900i%7CMontserrat:100,100i,200,200i,300,300i,400,400i,500,500i,600,600i,700,700i,800,800i,900,900i\" rel=\"stylesheet\"><div id=\"layerslider_157_190ntsta2a23s\"  class=\"ls-wp-container fitvidsignore ls-selectable\" style=\"width:1200px;height:750px;margin:0 auto;margin-bottom: 0px;\"><div class=\"ls-slide\" data-ls=\"bgsize:cover;bgposition:50% 50%;bgcolor:#ffffff;duration:4000;parallaxevent:scroll;parallaxdurationmove:0;\"><img decoding=\"async\" width=\"2560\" height=\"1229\" src=\"https:\/\/www.grether-photography.com\/wp-content\/uploads\/2022\/03\/laurinbalkenalt-scaled.jpg?ver=1771508145\" class=\"ls-bg\" alt=\"\" srcset=\"https:\/\/www.grether-photography.com\/wp-content\/uploads\/2022\/03\/laurinbalkenalt-scaled.jpg 2560w, https:\/\/www.grether-photography.com\/wp-content\/uploads\/2022\/03\/laurinbalkenalt-300x144.jpg 300w, https:\/\/www.grether-photography.com\/wp-content\/uploads\/2022\/03\/laurinbalkenalt-1030x494.jpg 1030w, https:\/\/www.grether-photography.com\/wp-content\/uploads\/2022\/03\/laurinbalkenalt-768x369.jpg 768w, https:\/\/www.grether-photography.com\/wp-content\/uploads\/2022\/03\/laurinbalkenalt-1536x737.jpg 1536w, https:\/\/www.grether-photography.com\/wp-content\/uploads\/2022\/03\/laurinbalkenalt-2048x983.jpg 2048w, https:\/\/www.grether-photography.com\/wp-content\/uploads\/2022\/03\/laurinbalkenalt-18x9.jpg 18w, https:\/\/www.grether-photography.com\/wp-content\/uploads\/2022\/03\/laurinbalkenalt-1500x720.jpg 1500w, https:\/\/www.grether-photography.com\/wp-content\/uploads\/2022\/03\/laurinbalkenalt-705x338.jpg 705w\" sizes=\"(max-width: 2560px) 100vw, 2560px\" \/><p style=\"text-shadow: 0 1px 2px rgba(0,0,0,0.3);top:117px;left:-16px;text-align:initial;font-weight:400;font-style:normal;font-family:Open Sans;color:#ffffff;font-size:75px;text-decoration:none;\" class=\"ls-l ls-text-layer\" data-ls=\"showinfo:1;offsetxin:random(-100,100);offsetyin:-20;durationin:1100;rotateyin:random(-45,45);scalexin:random(2,4);clipin:0 0 100% 0;transitionout:false;static:forever;position:relative;\">Schwarz-weiss Fotografie<\/p><p style=\"top:378px;left:48px;text-align:initial;font-weight:400;font-style:normal;text-decoration:none;font-family:Open Sans;color:#ffffff;font-size:35px;\" class=\"ls-l ls-text-layer\" data-ls=\"showinfo:1;offsetxin:80;durationin:750;delayin:1800;easingin:easeOutExpo;static:forever;position:relative;\">Erinnerungsfotos<\/p><span style=\"top:374px;left:-15px;text-align:initial;font-weight:400;font-style:italic;text-decoration:none;font-family:Montserrat;font-size:44px;line-height:48px;color:#ab74ed;\" class=\"ls-l ls-icon-layer\" data-ls=\"showinfo:1;offsetxin:80;durationin:750;delayin:1500;easingin:easeOutExpo;rotatein:random(-45,45);rotatexin:random(-45,45);static:forever;position:relative;\"><i class=\"fa fa-check-circle\"><\/i><\/span><p style=\"top:444px;left:44px;text-align:initial;font-weight:400;font-style:normal;text-decoration:none;font-family:Open Sans;color:#ffffff;font-size:35px;\" class=\"ls-l ls-text-layer\" data-ls=\"showinfo:1;offsetxin:80;durationin:750;delayin:2400;easingin:easeOutExpo;static:forever;position:relative;\">Familienfotos<\/p><span style=\"top:443px;left:-15px;text-align:initial;font-weight:400;font-style:italic;text-decoration:none;font-family:Montserrat;font-size:44px;line-height:44px;color:#ab74ed;\" class=\"ls-l ls-icon-layer\" data-ls=\"showinfo:1;offsetxin:80;durationin:750;delayin:2100;easingin:easeOutExpo;rotatein:random(-45,45);rotatexin:random(-45,45);static:forever;position:relative;\"><i class=\"fa fa-check-circle\"><\/i><\/span><p style=\"top:512px;left:43px;text-align:initial;font-weight:400;font-style:normal;text-decoration:none;font-family:Open Sans;color:#ffffff;font-size:35px;\" class=\"ls-l ls-text-layer\" data-ls=\"showinfo:1;offsetxin:80;durationin:750;delayin:3000;easingin:easeOutExpo;static:forever;position:relative;\">Moderne Portraits<\/p><span style=\"top:508px;left:-15px;text-align:initial;font-weight:400;font-style:italic;text-decoration:none;font-family:Montserrat;font-size:44px;color:#ab74ed;\" class=\"ls-l ls-icon-layer\" data-ls=\"showinfo:1;offsetxin:80;durationin:750;delayin:2700;easingin:easeOutExpo;rotatein:random(-45,45);rotatexin:random(-45,45);static:forever;position:relative;\"><i class=\"fa fa-check-circle\"><\/i><\/span><p style=\"top:270px;left:-16px;text-align:initial;font-weight:400;font-style:normal;text-decoration:none;font-family:Open Sans;color:#ffffff;font-size:40px;\" class=\"ls-l ls-text-layer\" data-ls=\"showinfo:1;offsetxin:80;durationin:750;delayin:1000;easingin:easeOutExpo;static:forever;position:relative;\">F\u00dcR LUZERN, ZUG &amp; SCHWYZ<\/p><a style=\"\" class=\"ls-l\" href=\"#1\" target=\"ls-scroll\" data-ls=\"offsetyin:40;durationin:500;delayin:4100;offsetxout:-80;durationout:400;parallax:true;parallaxlevel:-10;position:relative;\" rel=\"noopener\"><img decoding=\"async\" width=\"96\" height=\"96\" src=\"https:\/\/www.grether-photography.com\/wp-content\/uploads\/layerslider\/Spezialbrote-Layer\/pfeil-unten.png\" class=\"ls-img-layer\" alt=\"\" srcset=\"https:\/\/www.grether-photography.com\/wp-content\/uploads\/layerslider\/Spezialbrote-Layer\/pfeil-unten.png 96w, https:\/\/www.grether-photography.com\/wp-content\/uploads\/layerslider\/Spezialbrote-Layer\/pfeil-unten-80x80.png 80w, https:\/\/www.grether-photography.com\/wp-content\/uploads\/layerslider\/Spezialbrote-Layer\/pfeil-unten-36x36.png 36w\" sizes=\"(max-width: 96px) 100vw, 96px\" style=\"top:613px;left:567px;\"><\/a><img decoding=\"async\" width=\"174\" height=\"148\" src=\"https:\/\/www.grether-photography.com\/wp-content\/uploads\/2020\/02\/schwarz-weiss_icon.png\" class=\"ls-l ls-img-layer\" alt=\"\" style=\"top:125px;left:985px;width:101px;height:87px;font-size:13px;line-height:falsepx;\" data-ls=\"offsetxin:left;offsetyin:bottom;durationin:1300;delayin:3050;rotatein:random(-45,555);scalexin:random(4,6);transformperspectivein:800;position:relative;\"><\/div><\/div><\/div>\n<div id='av_section_1'  class='avia-section av-q0w7-58ef7a5dc6f693bf2ab9eba18a346cc2 main_color avia-section-large avia-no-shadow  avia-builder-el-1  el_after_av_layerslider  el_before_av_postcontent  avia-bg-style-scroll container_wrap fullsize'  ><div class='container av-section-cont-open' ><div class='template-page content  av-content-full alpha units'><div class='post-entry post-entry-type-page post-entry-2796'><div class='entry-content-wrapper clearfix'>\n\n<style type=\"text\/css\" data-created_by=\"avia_inline_auto\" id=\"style-css-av-7mhj6k-6212ea86368b64f4df5f5e87ad89132e\">\n#top .av-special-heading.av-7mhj6k-6212ea86368b64f4df5f5e87ad89132e{\npadding-bottom:10px;\n}\nbody .av-special-heading.av-7mhj6k-6212ea86368b64f4df5f5e87ad89132e .av-special-heading-tag .heading-char{\nfont-size:25px;\n}\n.av-special-heading.av-7mhj6k-6212ea86368b64f4df5f5e87ad89132e .av-subheading{\nfont-size:25px;\n}\n<\/style>\n<div  class='av-special-heading av-7mhj6k-6212ea86368b64f4df5f5e87ad89132e av-special-heading-h1 blockquote modern-quote modern-centered  avia-builder-el-2  el_before_av_hr  avia-builder-el-first  av-linked-heading'><h1 class='av-special-heading-tag'  itemprop=\"headline\"  >Engagierter Schwarz-Weiss Fotograf<br \/>\nf\u00fcr Luzern, Zug und Schwyz<\/h1><div class=\"special-heading-border\"><div class=\"special-heading-inner-border\"><\/div><\/div><\/div>\n\n<style type=\"text\/css\" data-created_by=\"avia_inline_auto\" id=\"style-css-av-k5wbd76n-1cf7013c91522e86ddccf4ae6ab14441\">\n#top .hr.av-k5wbd76n-1cf7013c91522e86ddccf4ae6ab14441{\nmargin-top:30px;\nmargin-bottom:30px;\n}\n.hr.av-k5wbd76n-1cf7013c91522e86ddccf4ae6ab14441 .hr-inner{\nwidth:80px;\nborder-color:#353535;\n}\n<\/style>\n<div  class='hr av-k5wbd76n-1cf7013c91522e86ddccf4ae6ab14441 hr-custom  avia-builder-el-3  el_after_av_heading  el_before_av_one_third  hr-center hr-icon-no'><span class='hr-inner inner-border-av-border-fat'><span class=\"hr-inner-style\"><\/span><\/span><\/div>\n\n<style type=\"text\/css\" data-created_by=\"avia_inline_auto\" id=\"style-css-av-k5wbrmfc-54edb8963c02cf47dd684b31d838e5bb\">\n#top .flex_column.av-k5wbrmfc-54edb8963c02cf47dd684b31d838e5bb{\nmargin-top:30px;\nmargin-bottom:30px;\n}\n.flex_column.av-k5wbrmfc-54edb8963c02cf47dd684b31d838e5bb{\n-webkit-border-radius:0px 0px 0px 0px;\n-moz-border-radius:0px 0px 0px 0px;\nborder-radius:0px 0px 0px 0px;\npadding:0px 0px 0px 0px;\n}\n.responsive #top #wrap_all .flex_column.av-k5wbrmfc-54edb8963c02cf47dd684b31d838e5bb{\nmargin-top:30px;\nmargin-bottom:30px;\n}\n<\/style>\n<div class='flex_column av-k5wbrmfc-54edb8963c02cf47dd684b31d838e5bb av_one_third  avia-builder-el-4  el_after_av_hr  el_before_av_one_third  first flex_column_div av-animated-generic top-to-bottom av-zero-column-padding '     ><p><article  class='iconbox iconbox_left av-k7kuazjf-51c4aa2441bee92cf2a57be1a801b0ba  avia-builder-el-5  el_before_av_iconlist  avia-builder-el-first '  itemscope=\"itemscope\" itemtype=\"https:\/\/schema.org\/CreativeWork\" ><div class=\"iconbox_content\"><header class=\"entry-content-header\"><div class=\"iconbox_icon heading-color\" aria-hidden='true' data-av_icon='\ue80f' data-av_iconfont='entypo-fontello'><\/div><h3 class='iconbox_content_title '  itemprop=\"headline\" >Die Fotografie<\/h3><\/header><div class='iconbox_content_container '  itemprop=\"text\" ><p>Traditionell gibt es in der Fotografie zwei Optionen:<\/p>\n<\/div><\/div><footer class=\"entry-footer\"><\/footer><\/article><br \/>\n\n<style type=\"text\/css\" data-created_by=\"avia_inline_auto\" id=\"style-css-av-k6c4hnu5-90d02bb0c07f7b5b57287bcabaed1041\">\n#top .avia-icon-list-container.av-k6c4hnu5-90d02bb0c07f7b5b57287bcabaed1041 .iconlist_icon{\ncolor:#ffffff;\nbackground-color:#353535;\n}\n<\/style>\n<div  class='avia-icon-list-container av-k6c4hnu5-90d02bb0c07f7b5b57287bcabaed1041  avia-builder-el-6  el_after_av_icon_box  avia-builder-el-last '><ul class='avia-icon-list avia_animate_when_almost_visible avia-icon-list-left av-iconlist-small av-k6c4hnu5-90d02bb0c07f7b5b57287bcabaed1041 avia-iconlist-animate'>\n<li><div class='iconlist_icon av-4dipoc-94a2b83abfed813a02bf8f766da9d09f avia-font-entypo-fontello'><span class='iconlist-char' aria-hidden='true' data-av_icon='\ue889' data-av_iconfont='entypo-fontello'><\/span><\/div><article class=\"article-icon-entry av-iconlist-empty\"  itemscope=\"itemscope\" itemtype=\"https:\/\/schema.org\/CreativeWork\" ><div class=\"iconlist_content_wrap\"><header class=\"entry-content-header\"><div class='av_iconlist_title iconlist_title_small  '  itemprop=\"headline\" >Das Farbfoto <\/div><\/header><div class='iconlist_content '  itemprop=\"text\" ><\/div><\/div><footer class=\"entry-footer\"><\/footer><\/article><div class=\"iconlist-timeline\"><\/div><\/li>\n<li><div class='iconlist_icon av-2er4po-1ad355ebeceb5b6772fb7d66806b84de avia-font-entypo-fontello'><span class='iconlist-char' aria-hidden='true' data-av_icon='\ue889' data-av_iconfont='entypo-fontello'><\/span><\/div><article class=\"article-icon-entry av-iconlist-empty\"  itemscope=\"itemscope\" itemtype=\"https:\/\/schema.org\/CreativeWork\" ><div class=\"iconlist_content_wrap\"><header class=\"entry-content-header\"><div class='av_iconlist_title iconlist_title_small  '  itemprop=\"headline\" >das Schwarz-Weiss-Foto<\/div><\/header><div class='iconlist_content '  itemprop=\"text\" ><\/div><\/div><footer class=\"entry-footer\"><\/footer><\/article><div class=\"iconlist-timeline\"><\/div><\/li>\n<\/ul><\/div><\/p><\/div>\n<style type=\"text\/css\" data-created_by=\"avia_inline_auto\" id=\"style-css-av-k5wbrmfc-24-b5362f6ce44ff827f2aa5b9717f46c2d\">\n#top .flex_column.av-k5wbrmfc-24-b5362f6ce44ff827f2aa5b9717f46c2d{\nmargin-top:30px;\nmargin-bottom:30px;\n}\n.flex_column.av-k5wbrmfc-24-b5362f6ce44ff827f2aa5b9717f46c2d{\n-webkit-border-radius:0px 0px 0px 0px;\n-moz-border-radius:0px 0px 0px 0px;\nborder-radius:0px 0px 0px 0px;\npadding:0px 0px 0px 0px;\n}\n.responsive #top #wrap_all .flex_column.av-k5wbrmfc-24-b5362f6ce44ff827f2aa5b9717f46c2d{\nmargin-top:30px;\nmargin-bottom:30px;\n}\n<\/style>\n<div class='flex_column av-k5wbrmfc-24-b5362f6ce44ff827f2aa5b9717f46c2d av_one_third  avia-builder-el-7  el_after_av_one_third  el_before_av_one_third  flex_column_div av-animated-generic top-to-bottom av-zero-column-padding '     ><article  class='iconbox iconbox_left av-k7kuazjf-23-8555154c0551ef77064d0c2bb479e6ff  avia-builder-el-8  avia-builder-el-no-sibling '  itemscope=\"itemscope\" itemtype=\"https:\/\/schema.org\/CreativeWork\" ><div class=\"iconbox_content\"><header class=\"entry-content-header\"><div class=\"iconbox_icon heading-color\" aria-hidden='true' data-av_icon='\ue80d' data-av_iconfont='entypo-fontello'><\/div><h3 class='iconbox_content_title '  itemprop=\"headline\" >Kinofilme<\/h3><\/header><div class='iconbox_content_container '  itemprop=\"text\" ><p>Ich mache noch schwarz-weisse Fotos. F\u00fcr das Kino aber werden heute so gut wie keine Schwarz-Weiss Filme mehr produziert. In den 1960er Jahren war der Farbfilm etabliert und Kinozuschauer von heute erwarten nicht nur satte Farben, sondern auch 3D-Effekte.<\/p>\n<\/div><\/div><footer class=\"entry-footer\"><\/footer><\/article><\/div>\n<style type=\"text\/css\" data-created_by=\"avia_inline_auto\" id=\"style-css-av-k5wbrmfc-21-29ac614345a270fea3fab968ff6daf9c\">\n#top .flex_column.av-k5wbrmfc-21-29ac614345a270fea3fab968ff6daf9c{\nmargin-top:30px;\nmargin-bottom:30px;\n}\n.flex_column.av-k5wbrmfc-21-29ac614345a270fea3fab968ff6daf9c{\n-webkit-border-radius:0px 0px 0px 0px;\n-moz-border-radius:0px 0px 0px 0px;\nborder-radius:0px 0px 0px 0px;\npadding:0px 0px 0px 0px;\n}\n.responsive #top #wrap_all .flex_column.av-k5wbrmfc-21-29ac614345a270fea3fab968ff6daf9c{\nmargin-top:30px;\nmargin-bottom:30px;\n}\n<\/style>\n<div class='flex_column av-k5wbrmfc-21-29ac614345a270fea3fab968ff6daf9c av_one_third  avia-builder-el-9  el_after_av_one_third  avia-builder-el-last  flex_column_div av-animated-generic top-to-bottom av-zero-column-padding '     ><article  class='iconbox iconbox_left av-k7kuazjf-20-12bed5d1676d21a830b8fc8819892fa2  avia-builder-el-10  avia-builder-el-no-sibling '  itemscope=\"itemscope\" itemtype=\"https:\/\/schema.org\/CreativeWork\" ><div class=\"iconbox_content\"><header class=\"entry-content-header\"><div class=\"iconbox_icon heading-color\" aria-hidden='true' data-av_icon='\ue80e' data-av_iconfont='entypo-fontello'><\/div><h3 class='iconbox_content_title '  itemprop=\"headline\" >Schwerpunkt der Kunst<\/h3><\/header><div class='iconbox_content_container '  itemprop=\"text\" ><p>Bei der Fotografie gibt es eine ganz andere Entwicklung zu beobachten: Hier war der Schwerpunkt der Kunst vieler Fotografen viele Jahre in der Schwarz-Weiss Fotografie angesiedelt, obwohl technisch gesehen l\u00e4ngst die farbige Fotografie m\u00f6glich war.<\/p>\n<\/div><\/div><footer class=\"entry-footer\"><\/footer><\/article><\/div>\n\n[av_section min_height='' min_height_pc='25' min_height_px='500px' padding='default' custom_margin='0px' custom_margin_sync='true' color='alternate_color' background='bg_color' custom_bg='' background_gradient_color1='' background_gradient_color2='' background_gradient_direction='vertical' src='' attachment='' attachment_size='' attach='scroll' position='top left' repeat='no-repeat' video='' video_ratio='16:9' overlay_opacity='0.5' overlay_color='' overlay_pattern='' overlay_custom_pattern='' shadow='no-border-styling' bottom_border='no-border-styling' bottom_border_diagonal_color='#333333' bottom_border_diagonal_direction='' bottom_border_style='' custom_arrow_bg='' id='' custom_class='' template_class='' aria_label='' av_element_hidden_in_editor='0' av_uid='av-13x5jb9' sc_version='1.0']\r\n\r\n[av_textblock textblock_styling_align='' textblock_styling='' textblock_styling_gap='' textblock_styling_mobile='' size='' av-desktop-font-size='' av-medium-font-size='' av-small-font-size='' av-mini-font-size='' font_color='' color='' id='' custom_class='' template_class='' av_uid='av-l6gfudwv' sc_version='1.0' admin_preview_bg='']\r\n<h3 style=\"text-align: center;\">Kundenreferenzen<\/h3>\r\n[\/av_textblock]\r\n\r\n[av_gallery ids='8166,8078,6535,6533,6532,6531,6166,4821,4830' style='thumbnails' preview_size='portfolio' crop_big_preview_thumbnail='avia-gallery-big-crop-thumb' thumb_size='portfolio' columns='3' imagelink='avianolink noLightbox' link_dest='' lightbox_text='caption' lazyload='avia_lazyload' img_scrset='' html_lazy_loading='disabled' av-desktop-hide='aviaTBav-desktop-hide' alb_description='' id='' custom_class='' template_class='' av_uid='av-l8lyne7z' sc_version='1.0' admin_preview_bg='']\r\n\r\n[av_partner heading='' type='slider' columns='6' navigation='no' control_layout='av-control-default' nav_visibility_desktop='' nav_arrow_color='' nav_arrow_bg_color='' nav_dots_color='' nav_dot_active_color='' size='no scaling' img_size_behave='' border='' img_border='' img_border_width='' img_border_width_sync='true' img_border_color='' border_radius='' border_radius_sync='true' box_shadow='' box_shadow_style='0px,0px,0px,0px' box_shadow_color='' padding='' padding_sync='true' animation='fade' transition_speed='' autoplay='true' interval='3' heading_tag='' heading_class='' img_scrset='' lazy_loading='enabled' av-medium-hide='aviaTBav-medium-hide' av-small-hide='aviaTBav-small-hide' av-mini-hide='aviaTBav-mini-hide' el_id='' custom_class='' template_class='' av_uid='av-13dv3b9' sc_version='1.0']\r\n[av_partner_logo id='6166' hover='' link='' linktitle='' link_target='' av_uid='av-zxscud' sc_version='1.0']\r\n[av_partner_logo id='8150' hover='' link='' link_target='' linktitle='' av_uid='av-l8ll9x3r' sc_version='1.0']\r\n[av_partner_logo id='8394' hover='' link='' link_target='' linktitle='' av_uid='av-ljy9o05t' sc_version='1.0']\r\n[av_partner_logo id='11111' av_uid='av-70u8l']\r\n[av_partner_logo id='8161' hover='' link='' link_target='' linktitle='' av_uid='av-l8ll9mbs' sc_version='1.0']\r\n[av_partner_logo id='6165' hover='' link='' linktitle='' link_target='' av_uid='av-u3x23p' sc_version='1.0']\r\n[av_partner_logo id='6532' hover='' link='' linktitle='' link_target='' av_uid='av-l0gs1z1c' sc_version='1.0']\r\n[av_partner_logo id='11064' av_uid='av-ympk5' hover='' link='' link_target='' linktitle='' sc_version='1.0']\r\n[av_partner_logo id='5909' av_uid='av-sav0tx' hover='' link='' linktitle='' link_target='' sc_version='1.0']\r\n[av_partner_logo id='6533' hover='' link='' linktitle='' link_target='' av_uid='av-l0gs1s81' sc_version='1.0']\r\n[av_partner_logo id='11071' av_uid='av-77fzl1' hover='' link='' link_target='' linktitle='' sc_version='1.0']\r\n[av_partner_logo id='11054' av_uid='av-6br31x' hover='' link='' link_target='' linktitle='' sc_version='1.0']\r\n[av_partner_logo id='8078' av_uid='av-59ncc5' hover='' link='' link_target='' linktitle='' sc_version='1.0']\r\n[av_partner_logo id='8166' hover='' link='' link_target='' linktitle='' av_uid='av-l8ll8uz2' sc_version='1.0']\r\n[av_partner_logo id='8315' hover='' link='' link_target='' linktitle='' av_uid='av-lk9t9mea' sc_version='1.0']\r\n[av_partner_logo id='9312' av_uid='av-7pu2gl' hover='' link='' link_target='' linktitle='' sc_version='1.0']\r\n[av_partner_logo id='11052' av_uid='av-4c4up1' hover='' link='' link_target='' linktitle='' sc_version='1.0']\r\n[av_partner_logo id='9479' av_uid='av-5l0xph' hover='' link='' link_target='' linktitle='' sc_version='1.0']\r\n[av_partner_logo id='9465' av_uid='av-3rieat' hover='' link='' link_target='' linktitle='' sc_version='1.0']\r\n[av_partner_logo id='6535' hover='' link='' linktitle='' link_target='' av_uid='av-l0gs1dr3' sc_version='1.0']\r\n[av_partner_logo id='9890' hover='' link='' link_target='' linktitle='' av_uid='av-lsel1akr' sc_version='1.0']\r\n[av_partner_logo id='9476' av_uid='av-2dphjp' hover='' link='' link_target='' linktitle='' sc_version='1.0']\r\n[av_partner_logo id='11038' av_uid='av-35qsf9' hover='' link='' link_target='' linktitle='' sc_version='1.0']\r\n[av_partner_logo id='8080' av_uid='av-3ln29x' hover='' link='' link_target='' linktitle='' sc_version='1.0']\r\n[av_partner_logo id='9729' hover='' link='' link_target='' linktitle='' av_uid='av-lsel0t27' sc_version='1.0']\r\n[av_partner_logo id='5910' av_uid='av-wtrfnp' hover='' link='' linktitle='' link_target='' sc_version='1.0']\r\n[av_partner_logo id='8086' av_uid='av-2y10f9' hover='' link='' link_target='' linktitle='' sc_version='1.0']\r\n[av_partner_logo id='6539' av_uid='av-2ni2g5' hover='' link='' linktitle='' link_target='' sc_version='1.0']\r\n[av_partner_logo id='7966' hover='' link='' link_target='' linktitle='' av_uid='av-lsel27im' sc_version='1.0']\r\n[av_partner_logo id='6098' hover='' link='' link_target='' linktitle='' av_uid='av-lsel42af' sc_version='1.0']\r\n[av_partner_logo id='8081' hover='' link='' link_target='' linktitle='' av_uid='av-lsel5ajg' sc_version='1.0']\r\n[av_partner_logo id='11040' av_uid='av-29kqlx' hover='' link='' link_target='' linktitle='' sc_version='1.0']\r\n[av_partner_logo id='9313' hover='' link='' link_target='' linktitle='' av_uid='av-l0gs6vyu' sc_version='1.0']\r\n[av_partner_logo id='8096' hover='' link='' link_target='' linktitle='' av_uid='av-lseldlwo' sc_version='1.0']\r\n[av_partner_logo id='8153' hover='' link='' link_target='' linktitle='' av_uid='av-lsellzhq' sc_version='1.0']\r\n[av_partner_logo id='8244' hover='' link='' link_target='' linktitle='' av_uid='av-lselssv5' sc_version='1.0']\r\n[\/av_partner]\r\n\r\n[av_hr class='custom' icon_select='yes' icon='ue87f' font='entypo-fontello' position='center' shadow='no-shadow' height='50' custom_border='av-border-thin' custom_width='250px' custom_margin_top='10px' custom_margin_bottom='30px' custom_border_color='#595959' custom_icon_color='#595959' id='' custom_class='' template_class='' av_uid='av-l0dscygk' sc_version='1.0' admin_preview_bg='']\r\n\r\n[av_button label='Referenzen & Kunden' icon_select='yes-right-icon' icon='ue832' font='entypo-fontello' link='page,4700' link_target='' size='large' position='center' label_display='' title_attr='' color_options='' color='theme-color' custom_bg='#444444' custom_font='#ffffff' btn_color_bg='theme-color' btn_custom_bg='#444444' btn_color_bg_hover='theme-color-highlight' btn_custom_bg_hover='#444444' btn_color_font='theme-color' btn_custom_font='#ffffff' id='' custom_class='' template_class='' av_uid='av-l0ds9r69' sc_version='1.0' admin_preview_bg='']\r\n\r\n[\/av_section]\n\n<style type=\"text\/css\" data-created_by=\"avia_inline_auto\" id=\"style-css-av-q0w7-26-8d0fcb91704002b9d7da2f29131a5fee\">\n.avia-section.av-q0w7-26-8d0fcb91704002b9d7da2f29131a5fee .av-parallax .av-parallax-inner{\nbackground-repeat:no-repeat;\nbackground-image:url(https:\/\/www.grether-photography.com\/wp-content\/uploads\/2020\/02\/11B3395.jpg);\nbackground-position:0% 50%;\nbackground-attachment:scroll;\n}\n.avia-section.av-q0w7-26-8d0fcb91704002b9d7da2f29131a5fee .av-section-color-overlay{\nopacity:0.6;\nbackground-color:#020202;\n}\n<\/style>\n<div id='av_section_2'  class='avia-section av-q0w7-26-8d0fcb91704002b9d7da2f29131a5fee alternate_color avia-section-huge avia-shadow  avia-builder-el-12  el_after_av_postcontent  el_before_av_section  av-parallax-section avia-bg-style-parallax av-section-color-overlay-active av-minimum-height av-minimum-height-75  container_wrap fullsize'  data-section-bg-repeat='no-repeat' data-av_minimum_height_pc='75'><div class='av-parallax' data-avia-parallax-ratio='0.3' ><div class='av-parallax-inner alternate_color avia-full-stretch'><\/div><\/div><div class=\"av-section-color-overlay-wrap\"><div class=\"av-section-color-overlay\"><\/div><div class='container av-section-cont-open' ><div class='template-page content  av-content-full alpha units'><div class='post-entry post-entry-type-page post-entry-2796'><div class='entry-content-wrapper clearfix'>\n\n<style type=\"text\/css\" data-created_by=\"avia_inline_auto\" id=\"style-css-av-2pgi64-c10bd7f468e0ee1ee009eeac146fbcab\">\n#top .av-special-heading.av-2pgi64-c10bd7f468e0ee1ee009eeac146fbcab{\npadding-bottom:10px;\ncolor:#ffffff;\n}\nbody .av-special-heading.av-2pgi64-c10bd7f468e0ee1ee009eeac146fbcab .av-special-heading-tag .heading-char{\nfont-size:25px;\n}\n.av-special-heading.av-2pgi64-c10bd7f468e0ee1ee009eeac146fbcab .special-heading-inner-border{\nborder-color:#ffffff;\n}\n.av-special-heading.av-2pgi64-c10bd7f468e0ee1ee009eeac146fbcab .av-subheading{\nfont-size:25px;\n}\n<\/style>\n<div  class='av-special-heading av-2pgi64-c10bd7f468e0ee1ee009eeac146fbcab av-special-heading-h2 custom-color-heading blockquote modern-quote modern-centered  avia-builder-el-13  el_before_av_hr  avia-builder-el-first  av-linked-heading'><h2 class='av-special-heading-tag'  itemprop=\"headline\"  >Hochwertige Schwarz-Weiss Fotos<\/h2><div class=\"special-heading-border\"><div class=\"special-heading-inner-border\"><\/div><\/div><\/div>\n\n<style type=\"text\/css\" data-created_by=\"avia_inline_auto\" id=\"style-css-av-k5wbd76n-25-ef86ef93a56f1cbd76ac24a910bdad84\">\n#top .hr.av-k5wbd76n-25-ef86ef93a56f1cbd76ac24a910bdad84{\nmargin-top:30px;\nmargin-bottom:50px;\n}\n.hr.av-k5wbd76n-25-ef86ef93a56f1cbd76ac24a910bdad84 .hr-inner{\nwidth:80px;\nborder-color:#ffffff;\n}\n<\/style>\n<div  class='hr av-k5wbd76n-25-ef86ef93a56f1cbd76ac24a910bdad84 hr-custom  avia-builder-el-14  el_after_av_heading  el_before_av_one_full  hr-center hr-icon-no'><span class='hr-inner inner-border-av-border-fat'><span class=\"hr-inner-style\"><\/span><\/span><\/div>\n\n<style type=\"text\/css\" data-created_by=\"avia_inline_auto\" id=\"style-css-av-k6rpd68x-5d015e0b342817bc6756a79e89d33f4e\">\n#top .flex_column.av-k6rpd68x-5d015e0b342817bc6756a79e89d33f4e{\nmargin-top:0px;\nmargin-bottom:30px;\n}\n.flex_column.av-k6rpd68x-5d015e0b342817bc6756a79e89d33f4e{\n-webkit-border-radius:0px 0px 0px 0px;\n-moz-border-radius:0px 0px 0px 0px;\nborder-radius:0px 0px 0px 0px;\npadding:0px 0px 0px 0px;\n}\n.responsive #top #wrap_all .flex_column.av-k6rpd68x-5d015e0b342817bc6756a79e89d33f4e{\nmargin-top:0px;\nmargin-bottom:30px;\n}\n<\/style>\n<div class='flex_column av-k6rpd68x-5d015e0b342817bc6756a79e89d33f4e av_one_full  avia-builder-el-15  el_after_av_hr  el_before_av_hr  first flex_column_div av-zero-column-padding '     ><style type=\"text\/css\" data-created_by=\"avia_inline_auto\" id=\"style-css-av-k6rpdfxs-8d23e1eab657593b82375fd29405931a\">\n#top .av_textblock_section.av-k6rpdfxs-8d23e1eab657593b82375fd29405931a .avia_textblock{\nfont-size:22px;\ncolor:#ffffff;\n}\n<\/style>\n<section  class='av_textblock_section av-k6rpdfxs-8d23e1eab657593b82375fd29405931a'  itemscope=\"itemscope\" itemtype=\"https:\/\/schema.org\/CreativeWork\" ><div class='avia_textblock av_inherit_color'  itemprop=\"text\" ><p style=\"text-align: center;\">Eines meiner Bilder: Auch heute noch wird viel in Schwarz-Weiss fotografiert.<br \/>\nIch bin Ihr schwarz-weiss Fotograf in Luzern, Zug und Schwyz.<\/p>\n<\/div><\/section><\/div>\n<style type=\"text\/css\" data-created_by=\"avia_inline_auto\" id=\"style-css-av-k5wbd76n-17-53a121f83559c4430466758bd0dd337d\">\n#top .hr.av-k5wbd76n-17-53a121f83559c4430466758bd0dd337d{\nmargin-top:30px;\nmargin-bottom:50px;\n}\n.hr.av-k5wbd76n-17-53a121f83559c4430466758bd0dd337d .hr-inner{\nwidth:80px;\nborder-color:#ffffff;\n}\n<\/style>\n<div  class='hr av-k5wbd76n-17-53a121f83559c4430466758bd0dd337d hr-custom  avia-builder-el-17  el_after_av_one_full  el_before_av_one_full  hr-center hr-icon-no'><span class='hr-inner inner-border-av-border-fat'><span class=\"hr-inner-style\"><\/span><\/span><\/div>\n\n<style type=\"text\/css\" data-created_by=\"avia_inline_auto\" id=\"style-css-av-k6rpd68x-16-6860a9d7bc19cdf766f0f448791ff0ed\">\n#top .flex_column.av-k6rpd68x-16-6860a9d7bc19cdf766f0f448791ff0ed{\nmargin-top:0px;\nmargin-bottom:30px;\n}\n.flex_column.av-k6rpd68x-16-6860a9d7bc19cdf766f0f448791ff0ed{\n-webkit-border-radius:0px 0px 0px 0px;\n-moz-border-radius:0px 0px 0px 0px;\nborder-radius:0px 0px 0px 0px;\npadding:0px 0px 0px 0px;\n}\n.responsive #top #wrap_all .flex_column.av-k6rpd68x-16-6860a9d7bc19cdf766f0f448791ff0ed{\nmargin-top:0px;\nmargin-bottom:30px;\n}\n<\/style>\n<div class='flex_column av-k6rpd68x-16-6860a9d7bc19cdf766f0f448791ff0ed av_one_full  avia-builder-el-18  el_after_av_hr  avia-builder-el-last  first flex_column_div av-animated-generic pop-up av-zero-column-padding '     ><div  class='avia-button-wrap av-k5wbvrky-663b77b8fdbaeb953097e7dd51471198-wrap avia-button-center  avia-builder-el-19  avia-builder-el-no-sibling '><a href=''  class='avia-button av-k5wbvrky-663b77b8fdbaeb953097e7dd51471198 avia-icon_select-yes-right-icon avia-size-x-large avia-position-center avia-color-light'  ><span class='avia_iconbox_title' >Portfolio anschauen<\/span><span class='avia_button_icon avia_button_icon_right' aria-hidden='true' data-av_icon='\ue832' data-av_iconfont='entypo-fontello'><\/span><\/a><\/div><\/div>\n\n<\/div><\/div><\/div><!-- close content main div --><\/div><\/div><\/div><div id='av_section_3'  class='avia-section av-nc888-1cee2ba56c62525467f8092af618a9f1 alternate_color avia-section-default avia-no-border-styling  avia-builder-el-20  el_after_av_section  el_before_av_section  avia-bg-style-scroll container_wrap fullsize'  ><div class='container av-section-cont-open' ><div class='template-page content  av-content-full alpha units'><div class='post-entry post-entry-type-page post-entry-2796'><div class='entry-content-wrapper clearfix'>\n\n<style type=\"text\/css\" data-created_by=\"avia_inline_auto\" id=\"style-css-av-k5wbrmfc-19-8f40574bf124a25931d95852812b7962\">\n#top .flex_column.av-k5wbrmfc-19-8f40574bf124a25931d95852812b7962{\nmargin-top:30px;\nmargin-bottom:30px;\n}\n.flex_column.av-k5wbrmfc-19-8f40574bf124a25931d95852812b7962{\n-webkit-border-radius:0px 0px 0px 0px;\n-moz-border-radius:0px 0px 0px 0px;\nborder-radius:0px 0px 0px 0px;\npadding:0px 0px 0px 0px;\n}\n.responsive #top #wrap_all .flex_column.av-k5wbrmfc-19-8f40574bf124a25931d95852812b7962{\nmargin-top:30px;\nmargin-bottom:30px;\n}\n<\/style>\n<div class='flex_column av-k5wbrmfc-19-8f40574bf124a25931d95852812b7962 av_one_half  avia-builder-el-21  el_before_av_one_half  avia-builder-el-first  first flex_column_div av-animated-generic top-to-bottom av-zero-column-padding '     ><p>\n<style type=\"text\/css\" data-created_by=\"avia_inline_auto\" id=\"style-css-av-3jdyr0-a0436c517613ba713cb4b35e0c8ab8f0\">\n#top .av-special-heading.av-3jdyr0-a0436c517613ba713cb4b35e0c8ab8f0{\npadding-bottom:25px;\n}\nbody .av-special-heading.av-3jdyr0-a0436c517613ba713cb4b35e0c8ab8f0 .av-special-heading-tag .heading-char{\nfont-size:25px;\n}\n.av-special-heading.av-3jdyr0-a0436c517613ba713cb4b35e0c8ab8f0 .av-subheading{\nfont-size:15px;\n}\n<\/style>\n<div  class='av-special-heading av-3jdyr0-a0436c517613ba713cb4b35e0c8ab8f0 av-special-heading-h3 blockquote modern-quote  avia-builder-el-22  el_before_av_image  avia-builder-el-first  av-linked-heading'><h3 class='av-special-heading-tag'  itemprop=\"headline\"  >Ihr Fotograf<\/h3><div class=\"special-heading-border\"><div class=\"special-heading-inner-border\"><\/div><\/div><\/div><br \/>\n\n<style type=\"text\/css\" data-created_by=\"avia_inline_auto\" id=\"style-css-av-2umv-88afd44d182e7fb367c41b88772c8da4\">\n.avia-image-container.av-2umv-88afd44d182e7fb367c41b88772c8da4 img.avia_image{\nbox-shadow:none;\n}\n.avia-image-container.av-2umv-88afd44d182e7fb367c41b88772c8da4 .av-image-caption-overlay-center{\ncolor:#ffffff;\n}\n<\/style>\n<div  class='avia-image-container av-2umv-88afd44d182e7fb367c41b88772c8da4 av-styling- avia-align-center  avia-builder-el-23  el_after_av_heading  el_before_av_textblock '   itemprop=\"image\" itemscope=\"itemscope\" itemtype=\"https:\/\/schema.org\/ImageObject\" ><div class=\"avia-image-container-inner\"><div class=\"avia-image-overlay-wrap\"><img decoding=\"async\" class='wp-image-4666 avia-img-lazy-loading-not-4666 avia_image ' src=\"https:\/\/www.grether-photography.com\/wp-content\/uploads\/2020\/07\/Portrait_Laurin.jpg\" alt='' title='Portrait_Laurin'  height=\"1708\" width=\"2560\"  itemprop=\"thumbnailUrl\" srcset=\"https:\/\/www.grether-photography.com\/wp-content\/uploads\/2020\/07\/Portrait_Laurin.jpg 2560w, https:\/\/www.grether-photography.com\/wp-content\/uploads\/2020\/07\/Portrait_Laurin-300x200.jpg 300w, https:\/\/www.grether-photography.com\/wp-content\/uploads\/2020\/07\/Portrait_Laurin-1030x687.jpg 1030w, https:\/\/www.grether-photography.com\/wp-content\/uploads\/2020\/07\/Portrait_Laurin-768x512.jpg 768w, https:\/\/www.grether-photography.com\/wp-content\/uploads\/2020\/07\/Portrait_Laurin-1536x1025.jpg 1536w, https:\/\/www.grether-photography.com\/wp-content\/uploads\/2020\/07\/Portrait_Laurin-2048x1366.jpg 2048w, https:\/\/www.grether-photography.com\/wp-content\/uploads\/2020\/07\/Portrait_Laurin-18x12.jpg 18w, https:\/\/www.grether-photography.com\/wp-content\/uploads\/2020\/07\/Portrait_Laurin-1500x1001.jpg 1500w, https:\/\/www.grether-photography.com\/wp-content\/uploads\/2020\/07\/Portrait_Laurin-705x470.jpg 705w\" sizes=\"(max-width: 2560px) 100vw, 2560px\" \/><\/div><\/div><\/div><br \/>\n<section  class='av_textblock_section av-k5wbumfz-1e1aebda7d7f8477b1d62ea593e15577'  itemscope=\"itemscope\" itemtype=\"https:\/\/schema.org\/CreativeWork\" ><div class='avia_textblock'  itemprop=\"text\" ><p><em><strong>Laurin Grether:<\/strong> F\u00fcr Sie unterwegs als Fotograf f\u00fcr Firmen, private Anl\u00e4sse, Immobilien, Familien, Protraits und vieles mehr.<br \/>\n<\/em><\/p>\n<\/div><\/section><br \/>\n\n<style type=\"text\/css\" data-created_by=\"avia_inline_auto\" id=\"style-css-av-k5wbd76n-15-afa833af24fe82ae805f150f166af6d1\">\n#top .hr.hr-invisible.av-k5wbd76n-15-afa833af24fe82ae805f150f166af6d1{\nheight:20px;\n}\n<\/style>\n<div  class='hr av-k5wbd76n-15-afa833af24fe82ae805f150f166af6d1 hr-invisible  avia-builder-el-25  el_after_av_textblock  avia-builder-el-last '><span class='hr-inner '><span class=\"hr-inner-style\"><\/span><\/span><\/div><\/p><\/div>\n<style type=\"text\/css\" data-created_by=\"avia_inline_auto\" id=\"style-css-av-k5wbrmfc-13-9f3327a7077feee434a74b3420b1c8a3\">\n#top .flex_column.av-k5wbrmfc-13-9f3327a7077feee434a74b3420b1c8a3{\nmargin-top:30px;\nmargin-bottom:30px;\n}\n.flex_column.av-k5wbrmfc-13-9f3327a7077feee434a74b3420b1c8a3{\n-webkit-border-radius:0px 0px 0px 0px;\n-moz-border-radius:0px 0px 0px 0px;\nborder-radius:0px 0px 0px 0px;\npadding:0px 0px 0px 0px;\n}\n.responsive #top #wrap_all .flex_column.av-k5wbrmfc-13-9f3327a7077feee434a74b3420b1c8a3{\nmargin-top:30px;\nmargin-bottom:30px;\n}\n<\/style>\n<div class='flex_column av-k5wbrmfc-13-9f3327a7077feee434a74b3420b1c8a3 av_one_half  avia-builder-el-26  el_after_av_one_half  avia-builder-el-last  flex_column_div av-animated-generic top-to-bottom av-zero-column-padding '     ><p>\n<style type=\"text\/css\" data-created_by=\"avia_inline_auto\" id=\"style-css-av-2uqel8-22cd2b25897da01e0945e3dab0f36ce4\">\n#top .av-special-heading.av-2uqel8-22cd2b25897da01e0945e3dab0f36ce4{\npadding-bottom:25px;\n}\nbody .av-special-heading.av-2uqel8-22cd2b25897da01e0945e3dab0f36ce4 .av-special-heading-tag .heading-char{\nfont-size:25px;\n}\n.av-special-heading.av-2uqel8-22cd2b25897da01e0945e3dab0f36ce4 .av-subheading{\nfont-size:15px;\n}\n<\/style>\n<div  class='av-special-heading av-2uqel8-22cd2b25897da01e0945e3dab0f36ce4 av-special-heading-h3 blockquote modern-quote  avia-builder-el-27  el_before_av_iconlist  avia-builder-el-first  av-linked-heading'><h3 class='av-special-heading-tag'  itemprop=\"headline\"  >In der ganzen Schweiz f\u00fcr Sie da<\/h3><div class=\"special-heading-border\"><div class=\"special-heading-inner-border\"><\/div><\/div><\/div><br \/>\n\n<style type=\"text\/css\" data-created_by=\"avia_inline_auto\" id=\"style-css-av-k6c4hnu5-22-0a659d77481b3cc19e22af0f4ca9b471\">\n#top .avia-icon-list-container.av-k6c4hnu5-22-0a659d77481b3cc19e22af0f4ca9b471 .iconlist_icon{\ncolor:#ffffff;\nbackground-color:#353535;\n}\n<\/style>\n<div  class='avia-icon-list-container av-k6c4hnu5-22-0a659d77481b3cc19e22af0f4ca9b471  avia-builder-el-28  el_after_av_heading  el_before_av_textblock '><ul class='avia-icon-list avia_animate_when_almost_visible avia-icon-list-left av-iconlist-small av-k6c4hnu5-22-0a659d77481b3cc19e22af0f4ca9b471 avia-iconlist-animate'>\n<li><div class='iconlist_icon av-9f637h-a159da5bc6f95af6251a9e8330eecf2b avia-font-entypo-fontello'><span class='iconlist-char' aria-hidden='true' data-av_icon='\ue881' data-av_iconfont='entypo-fontello'><\/span><\/div><article class=\"article-icon-entry av-iconlist-empty\"  itemscope=\"itemscope\" itemtype=\"https:\/\/schema.org\/CreativeWork\" ><div class=\"iconlist_content_wrap\"><header class=\"entry-content-header\"><div class='av_iconlist_title iconlist_title_small  '  itemprop=\"headline\" ><a href='https:\/\/www.grether-photography.com\/en\/luzern-zug-schwyz\/schwarz-weiss-fotograf-luzern-zug-schwyz\/' title='Meine Dienstleistung als Schwarz-Weiss-Fotograf'>Meine Dienstleistung als Schwarz-Weiss-Fotograf<\/a><\/div><\/header><div class='iconlist_content '  itemprop=\"text\" ><\/div><\/div><footer class=\"entry-footer\"><\/footer><\/article><div class=\"iconlist-timeline\"><\/div><\/li>\n<li><div class='iconlist_icon av-rv64t-eb4318c6f5e6cceaa65491485dceed0c avia-font-entypo-fontello'><span class='iconlist-char' aria-hidden='true' data-av_icon='\ue881' data-av_iconfont='entypo-fontello'><\/span><\/div><article class=\"article-icon-entry av-iconlist-empty\"  itemscope=\"itemscope\" itemtype=\"https:\/\/schema.org\/CreativeWork\" ><div class=\"iconlist_content_wrap\"><header class=\"entry-content-header\"><div class='av_iconlist_title iconlist_title_small  '  itemprop=\"headline\" ><a href='https:\/\/www.grether-photography.com\/en\/zuerich-aargau\/fotograf-aarau\/' title='Ihr Fotograf auch in St\u00e4dten wie Aarau'>Ihr Fotograf auch in St\u00e4dten wie Aarau<\/a><\/div><\/header><div class='iconlist_content '  itemprop=\"text\" ><\/div><\/div><footer class=\"entry-footer\"><\/footer><\/article><div class=\"iconlist-timeline\"><\/div><\/li>\n<li><div class='iconlist_icon av-6inve5-d72cf74c0427666591581fba1bed2540 avia-font-entypo-fontello'><span class='iconlist-char' aria-hidden='true' data-av_icon='\ue881' data-av_iconfont='entypo-fontello'><\/span><\/div><article class=\"article-icon-entry av-iconlist-empty\"  itemscope=\"itemscope\" itemtype=\"https:\/\/schema.org\/CreativeWork\" ><div class=\"iconlist_content_wrap\"><header class=\"entry-content-header\"><div class='av_iconlist_title iconlist_title_small  '  itemprop=\"headline\" ><a href='https:\/\/www.grether-photography.com\/en\/zuerich-aargau\/fotograf-baden\/' title='Rufen Sie mich f\u00fcr Fotos doch mal nach Baden'>Rufen Sie mich f\u00fcr Fotos doch mal nach Baden<\/a><\/div><\/header><div class='iconlist_content '  itemprop=\"text\" ><\/div><\/div><footer class=\"entry-footer\"><\/footer><\/article><div class=\"iconlist-timeline\"><\/div><\/li>\n<li><div class='iconlist_icon av-4s37pp-9c41979d76ef59558ddfe42e666a811a avia-font-entypo-fontello'><span class='iconlist-char' aria-hidden='true' data-av_icon='\ue881' data-av_iconfont='entypo-fontello'><\/span><\/div><article class=\"article-icon-entry av-iconlist-empty\"  itemscope=\"itemscope\" itemtype=\"https:\/\/schema.org\/CreativeWork\" ><div class=\"iconlist_content_wrap\"><header class=\"entry-content-header\"><div class='av_iconlist_title iconlist_title_small  '  itemprop=\"headline\" ><a href='https:\/\/www.grether-photography.com\/en\/zuerich-aargau\/fotograf-schlieren\/' title='Professionelle Fotografie f\u00fcr Industriegebiete'>Professionelle Fotografie f\u00fcr Industriegebiete<\/a><\/div><\/header><div class='iconlist_content '  itemprop=\"text\" ><\/div><\/div><footer class=\"entry-footer\"><\/footer><\/article><div class=\"iconlist-timeline\"><\/div><\/li>\n<li><div class='iconlist_icon av-31rk3x-1d7e4dd3f1c313f3975099e2e2932130 avia-font-entypo-fontello'><span class='iconlist-char' aria-hidden='true' data-av_icon='\ue881' data-av_iconfont='entypo-fontello'><\/span><\/div><article class=\"article-icon-entry av-iconlist-empty\"  itemscope=\"itemscope\" itemtype=\"https:\/\/schema.org\/CreativeWork\" ><div class=\"iconlist_content_wrap\"><header class=\"entry-content-header\"><div class='av_iconlist_title iconlist_title_small  '  itemprop=\"headline\" ><a href='https:\/\/www.grether-photography.com\/en\/zuerich-aargau\/immobilienfotograf-zuerich-aargau\/' title='Immobilienfotos in St\u00e4dten und D\u00f6rfern'>Immobilienfotos in St\u00e4dten und D\u00f6rfern<\/a><\/div><\/header><div class='iconlist_content '  itemprop=\"text\" ><\/div><\/div><footer class=\"entry-footer\"><\/footer><\/article><div class=\"iconlist-timeline\"><\/div><\/li>\n<\/ul><\/div><br \/>\n<section  class='av_textblock_section av-k5wbumfz-12-dbf268302a8037b91f07075986bc37f7'  itemscope=\"itemscope\" itemtype=\"https:\/\/schema.org\/CreativeWork\" ><div class='avia_textblock'  itemprop=\"text\" ><p>Schwarz-weiss Fotos haben ihren speziellen Reiz: Ich kann Ihnen eindr\u00fcckliche Fotos liefern. Ob Architektur, Portratis, Immobilien oder Business. Oder Einblicke in Ihr k\u00fcnstlerisches Schaffen: Fragen Sie nach meinem Angebot.<\/p>\n<\/div><\/section><br \/>\n\n<style type=\"text\/css\" data-created_by=\"avia_inline_auto\" id=\"style-css-av-k5wbd76n-11-db03cf9e79a4bd8d355cb4bc88557b6a\">\n#top .hr.hr-invisible.av-k5wbd76n-11-db03cf9e79a4bd8d355cb4bc88557b6a{\nheight:20px;\n}\n<\/style>\n<div  class='hr av-k5wbd76n-11-db03cf9e79a4bd8d355cb4bc88557b6a hr-invisible  avia-builder-el-30  el_after_av_textblock  el_before_av_buttonrow '><span class='hr-inner '><span class=\"hr-inner-style\"><\/span><\/span><\/div><br \/>\n<div  class='avia-buttonrow-wrap av-kewxp7nr-2d3b281201091957b99f0f4976930a1f avia-buttonrow-left  avia-builder-el-31  el_after_av_hr  avia-builder-el-last '>\n\n<style type=\"text\/css\" data-created_by=\"avia_inline_auto\" id=\"style-css-av-g1gco-5d8b894c757d81da0e484c110e11ee2f\">\n#top #wrap_all .avia-button.av-g1gco-5d8b894c757d81da0e484c110e11ee2f{\nmargin-bottom:30px;\nmargin-right:30px;\n}\n<\/style>\n<a href='https:\/\/www.grether-photography.com\/en\/kontakt\/'  class='avia-button av-g1gco-5d8b894c757d81da0e484c110e11ee2f avia-icon_select-yes-left-icon avia-size-large avia-color-theme-color'  ><span class='avia_button_icon avia_button_icon_left ' aria-hidden='true' data-av_icon='\ue83c' data-av_iconfont='entypo-fontello'><\/span><span class='avia_iconbox_title' >Kontakt<\/span><\/a>\n\n<style type=\"text\/css\" data-created_by=\"avia_inline_auto\" id=\"style-css-av-bal48-4aef9fde07c43ef8621e4d2b188f889d\">\n#top #wrap_all .avia-button.av-bal48-4aef9fde07c43ef8621e4d2b188f889d{\nmargin-bottom:30px;\nmargin-right:30px;\n}\n<\/style>\n<a href='https:\/\/www.grether-photography.com\/en\/ueber-mich\/'  class='avia-button av-bal48-4aef9fde07c43ef8621e4d2b188f889d avia-icon_select-yes-left-icon avia-size-large avia-color-theme-color'  ><span class='avia_button_icon avia_button_icon_left ' aria-hidden='true' data-av_icon='\ue80a' data-av_iconfont='entypo-fontello'><\/span><span class='avia_iconbox_title' >\u00dcber mich<\/span><\/a>\n<\/div><\/p><\/div>\n\n<\/div><\/div><\/div><!-- close content main div --><\/div><\/div><div id='av_section_4'  class='avia-section av-q0w7-18-499f271b3f2d82097b5af7a3a78fe531 main_color avia-section-huge avia-no-border-styling  avia-builder-el-32  el_after_av_section  el_before_av_masonry_gallery  avia-bg-style-scroll container_wrap fullsize'  ><div class='container av-section-cont-open' ><div class='template-page content  av-content-full alpha units'><div class='post-entry post-entry-type-page post-entry-2796'><div class='entry-content-wrapper clearfix'>\n\n<style type=\"text\/css\" data-created_by=\"avia_inline_auto\" id=\"style-css-av-k7kut4ii-0104abba5cef30597edf1a6ff65c2b2a\">\n#top .av-special-heading.av-k7kut4ii-0104abba5cef30597edf1a6ff65c2b2a{\npadding-bottom:10px;\n}\nbody .av-special-heading.av-k7kut4ii-0104abba5cef30597edf1a6ff65c2b2a .av-special-heading-tag .heading-char{\nfont-size:25px;\n}\n.av-special-heading.av-k7kut4ii-0104abba5cef30597edf1a6ff65c2b2a .av-subheading{\nfont-size:25px;\n}\n<\/style>\n<div  class='av-special-heading av-k7kut4ii-0104abba5cef30597edf1a6ff65c2b2a av-special-heading-h5 blockquote modern-quote modern-centered  avia-builder-el-33  el_before_av_hr  avia-builder-el-first '><h5 class='av-special-heading-tag'  itemprop=\"headline\"  >Das Portrait in Schwarz-Weiss<\/h5><div class='av-subheading av-subheading_below'><p>Regt die Fantasie des Betrachters an:<\/p>\n<\/div><div class=\"special-heading-border\"><div class=\"special-heading-inner-border\"><\/div><\/div><\/div>\n\n<style type=\"text\/css\" data-created_by=\"avia_inline_auto\" id=\"style-css-av-k5wbd76n-9-375aa69ac5375144d387e82cbe20339f\">\n#top .hr.av-k5wbd76n-9-375aa69ac5375144d387e82cbe20339f{\nmargin-top:30px;\nmargin-bottom:30px;\n}\n.hr.av-k5wbd76n-9-375aa69ac5375144d387e82cbe20339f .hr-inner{\nwidth:80px;\nborder-color:#353535;\n}\n<\/style>\n<div  class='hr av-k5wbd76n-9-375aa69ac5375144d387e82cbe20339f hr-custom  avia-builder-el-34  el_after_av_heading  el_before_av_one_third  hr-center hr-icon-no'><span class='hr-inner inner-border-av-border-fat'><span class=\"hr-inner-style\"><\/span><\/span><\/div>\n\n<style type=\"text\/css\" data-created_by=\"avia_inline_auto\" id=\"style-css-av-k5wbrmfc-10-1ff1c9d4a39957d481d8023554f43ccb\">\n#top .flex_column.av-k5wbrmfc-10-1ff1c9d4a39957d481d8023554f43ccb{\nmargin-top:30px;\nmargin-bottom:30px;\n}\n.flex_column.av-k5wbrmfc-10-1ff1c9d4a39957d481d8023554f43ccb{\n-webkit-border-radius:0px 0px 0px 0px;\n-moz-border-radius:0px 0px 0px 0px;\nborder-radius:0px 0px 0px 0px;\npadding:0px 0px 0px 0px;\n}\n.responsive #top #wrap_all .flex_column.av-k5wbrmfc-10-1ff1c9d4a39957d481d8023554f43ccb{\nmargin-top:30px;\nmargin-bottom:30px;\n}\n<\/style>\n<div class='flex_column av-k5wbrmfc-10-1ff1c9d4a39957d481d8023554f43ccb av_one_third  avia-builder-el-35  el_after_av_hr  el_before_av_one_third  first flex_column_div av-animated-generic top-to-bottom av-zero-column-padding '     ><article  class='iconbox iconbox_top av-k5wfl4hj-7d0da1d50d70e58c4d6c19bd99a4de5e  avia-builder-el-36  avia-builder-el-no-sibling  main_color'  itemscope=\"itemscope\" itemtype=\"https:\/\/schema.org\/CreativeWork\" ><div class=\"iconbox_content\"><header class=\"entry-content-header\"><div class=\"iconbox_icon heading-color\" aria-hidden='true' data-av_icon='\ue80a' data-av_iconfont='entypo-fontello'><\/div><h3 class='iconbox_content_title '  itemprop=\"headline\" >Besser in schwarz-weiss<\/h3><\/header><div class='iconbox_content_container '  itemprop=\"text\" ><p>Sehe ich besser aus in Schwarz-Weiss? Viele Menschen denken das. Eine Ansicht, der ich als Schwarz-Weiss Fotograf f\u00fcr Luzern, Zug und Schwyz gerne Rechnung trage: ein Schwarz-Weiss Foto kann eine eigene k\u00fcnstlerische Note entwickeln.<\/p>\n<\/div><\/div><footer class=\"entry-footer\"><\/footer><\/article><\/div>\n<style type=\"text\/css\" data-created_by=\"avia_inline_auto\" id=\"style-css-av-k5wbrmfc-7-afaba5808d753f20cc94dbabf8fa9254\">\n#top .flex_column.av-k5wbrmfc-7-afaba5808d753f20cc94dbabf8fa9254{\nmargin-top:30px;\nmargin-bottom:30px;\n}\n.flex_column.av-k5wbrmfc-7-afaba5808d753f20cc94dbabf8fa9254{\n-webkit-border-radius:0px 0px 0px 0px;\n-moz-border-radius:0px 0px 0px 0px;\nborder-radius:0px 0px 0px 0px;\npadding:0px 0px 0px 0px;\n}\n.responsive #top #wrap_all .flex_column.av-k5wbrmfc-7-afaba5808d753f20cc94dbabf8fa9254{\nmargin-top:30px;\nmargin-bottom:30px;\n}\n<\/style>\n<div class='flex_column av-k5wbrmfc-7-afaba5808d753f20cc94dbabf8fa9254 av_one_third  avia-builder-el-37  el_after_av_one_third  el_before_av_one_third  flex_column_div av-animated-generic top-to-bottom av-zero-column-padding '     ><article  class='iconbox iconbox_top av-k5wfl4hj-6-0ed005d8f7de31727263086c871bd435  avia-builder-el-38  avia-builder-el-no-sibling  main_color'  itemscope=\"itemscope\" itemtype=\"https:\/\/schema.org\/CreativeWork\" ><div class=\"iconbox_content\"><header class=\"entry-content-header\"><div class=\"iconbox_icon heading-color\" aria-hidden='true' data-av_icon='\ue826' data-av_iconfont='entypo-fontello'><\/div><h3 class='iconbox_content_title '  itemprop=\"headline\" >Realit\u00e4tsfern<\/h3><\/header><div class='iconbox_content_container '  itemprop=\"text\" ><p>Aber woher kommt der Gedanke, dass ein Schwarz-Weiss Foto das eigene Portrait noch sch\u00f6ner machen k\u00f6nnte? Nun, durch den Entzug von Farben entsteht eine Abbildung, die sich etwas weiter von der Realit\u00e4t entfernt als das Farbfoto.<\/p>\n<\/div><\/div><footer class=\"entry-footer\"><\/footer><\/article><\/div>\n<style type=\"text\/css\" data-created_by=\"avia_inline_auto\" id=\"style-css-av-k5wbrmfc-5-8e2b91cda6da8d979ff7fc2330e42031\">\n#top .flex_column.av-k5wbrmfc-5-8e2b91cda6da8d979ff7fc2330e42031{\nmargin-top:30px;\nmargin-bottom:30px;\n}\n.flex_column.av-k5wbrmfc-5-8e2b91cda6da8d979ff7fc2330e42031{\n-webkit-border-radius:0px 0px 0px 0px;\n-moz-border-radius:0px 0px 0px 0px;\nborder-radius:0px 0px 0px 0px;\npadding:0px 0px 0px 0px;\n}\n.responsive #top #wrap_all .flex_column.av-k5wbrmfc-5-8e2b91cda6da8d979ff7fc2330e42031{\nmargin-top:30px;\nmargin-bottom:30px;\n}\n<\/style>\n<div class='flex_column av-k5wbrmfc-5-8e2b91cda6da8d979ff7fc2330e42031 av_one_third  avia-builder-el-39  el_after_av_one_third  avia-builder-el-last  flex_column_div av-animated-generic top-to-bottom av-zero-column-padding '     ><article  class='iconbox iconbox_top av-k5wfl4hj-4-30832532ea3d2c004722a14464e2ffe8  avia-builder-el-40  avia-builder-el-no-sibling  main_color'  itemscope=\"itemscope\" itemtype=\"https:\/\/schema.org\/CreativeWork\" ><div class=\"iconbox_content\"><header class=\"entry-content-header\"><div class=\"iconbox_icon heading-color\" aria-hidden='true' data-av_icon='\ue837' data-av_iconfont='entypo-fontello'><\/div><h3 class='iconbox_content_title '  itemprop=\"headline\" >Ziel der Kunst<\/h3><\/header><div class='iconbox_content_container '  itemprop=\"text\" ><p>Und die Zielsetzung von Kunst ist nicht unbedingt, die Wirklichkeit abzubilden. Kunst kann auch eine ganz neue Interpretation der Realit\u00e4t erschaffen. Und hierzu kann die Schwarz-Weiss Fotografie eine interessante Technik sein.<\/p>\n<\/div><\/div><footer class=\"entry-footer\"><\/footer><\/article><\/div>\n\n\n<style type=\"text\/css\" data-created_by=\"avia_inline_auto\" id=\"style-css-av-dz7-8b83d2ddaeb513b71631fae2c9f392d1\">\n#top .av-masonry.av-dz7-8b83d2ddaeb513b71631fae2c9f392d1{\nbackground-color:#efefef;\n}\n<\/style>\n<div id='av-masonry-1' class='av-masonry av-dz7-8b83d2ddaeb513b71631fae2c9f392d1 noHover av-fixed-size av-large-gap av-hover-overlay- av-masonry-animation-active av-masonry-col-4 av-caption-always av-caption-style- av-masonry-gallery ' data-post_id=\"2796\"><div class=\"av-masonry-container isotope av-js-disabled\"><div class='av-masonry-entry isotope-item av-masonry-item-no-image '><\/div><a href=\"https:\/\/www.grether-photography.com\/wp-content\/uploads\/2020\/03\/schwarz-weiss-fotograf_luzern-zug-schwyz1.jpg\" data-srcset=\"https:\/\/www.grether-photography.com\/wp-content\/uploads\/2020\/03\/schwarz-weiss-fotograf_luzern-zug-schwyz1.jpg 1000w, https:\/\/www.grether-photography.com\/wp-content\/uploads\/2020\/03\/schwarz-weiss-fotograf_luzern-zug-schwyz1-300x200.jpg 300w, https:\/\/www.grether-photography.com\/wp-content\/uploads\/2020\/03\/schwarz-weiss-fotograf_luzern-zug-schwyz1-768x512.jpg 768w, https:\/\/www.grether-photography.com\/wp-content\/uploads\/2020\/03\/schwarz-weiss-fotograf_luzern-zug-schwyz1-705x470.jpg 705w, https:\/\/www.grether-photography.com\/wp-content\/uploads\/2020\/03\/schwarz-weiss-fotograf_luzern-zug-schwyz1-450x300.jpg 450w\" data-sizes=\"(max-width: 1000px) 100vw, 1000px\"  aria-label=\"image image with no title\"  id='av-masonry-1-item-2821' data-av-masonry-item='2821' class='av-masonry-entry isotope-item post-2821 attachment type-attachment status-inherit hentry  av-masonry-item-with-image' title=\"\" alt=\"\"    itemprop=\"thumbnailUrl\" ><div class='av-inner-masonry-sizer'><\/div><figure class='av-inner-masonry main_color'><div class=\"av-masonry-outerimage-container\"><div class='av-masonry-image-container' style=\"background-image: url(https:\/\/www.grether-photography.com\/wp-content\/uploads\/2020\/03\/schwarz-weiss-fotograf_luzern-zug-schwyz1-705x470.jpg);\"  ><\/div><\/div><\/figure><\/a><!--end av-masonry entry--><a href=\"https:\/\/www.grether-photography.com\/wp-content\/uploads\/2020\/03\/blackwhite.jpg\" data-srcset=\"https:\/\/www.grether-photography.com\/wp-content\/uploads\/2020\/03\/blackwhite.jpg 1604w, https:\/\/www.grether-photography.com\/wp-content\/uploads\/2020\/03\/blackwhite-300x200.jpg 300w, https:\/\/www.grether-photography.com\/wp-content\/uploads\/2020\/03\/blackwhite-1030x686.jpg 1030w, https:\/\/www.grether-photography.com\/wp-content\/uploads\/2020\/03\/blackwhite-768x512.jpg 768w, https:\/\/www.grether-photography.com\/wp-content\/uploads\/2020\/03\/blackwhite-1536x1024.jpg 1536w, https:\/\/www.grether-photography.com\/wp-content\/uploads\/2020\/03\/blackwhite-18x12.jpg 18w, https:\/\/www.grether-photography.com\/wp-content\/uploads\/2020\/03\/blackwhite-1500x1000.jpg 1500w, https:\/\/www.grether-photography.com\/wp-content\/uploads\/2020\/03\/blackwhite-705x470.jpg 705w\" data-sizes=\"(max-width: 1604px) 100vw, 1604px\"  aria-label=\"image blackwhite\"  id='av-masonry-1-item-2819' data-av-masonry-item='2819' class='av-masonry-entry isotope-item post-2819 attachment type-attachment status-inherit hentry  av-masonry-item-with-image' title=\"blackwhite\" alt=\"\"    itemprop=\"thumbnailUrl\" ><div class='av-inner-masonry-sizer'><\/div><figure class='av-inner-masonry main_color'><div class=\"av-masonry-outerimage-container\"><div class='av-masonry-image-container' style=\"background-image: url(https:\/\/www.grether-photography.com\/wp-content\/uploads\/2020\/03\/blackwhite-705x470.jpg);\"  title=\"blackwhite\"  ><\/div><\/div><\/figure><\/a><!--end av-masonry entry--><a href=\"https:\/\/www.grether-photography.com\/wp-content\/uploads\/2020\/03\/schwarz-weiss-fotografie__glarus-stgallen4.jpg\" data-srcset=\"https:\/\/www.grether-photography.com\/wp-content\/uploads\/2020\/03\/schwarz-weiss-fotografie__glarus-stgallen4.jpg 1000w, https:\/\/www.grether-photography.com\/wp-content\/uploads\/2020\/03\/schwarz-weiss-fotografie__glarus-stgallen4-300x200.jpg 300w, https:\/\/www.grether-photography.com\/wp-content\/uploads\/2020\/03\/schwarz-weiss-fotografie__glarus-stgallen4-768x512.jpg 768w, https:\/\/www.grether-photography.com\/wp-content\/uploads\/2020\/03\/schwarz-weiss-fotografie__glarus-stgallen4-705x470.jpg 705w, https:\/\/www.grether-photography.com\/wp-content\/uploads\/2020\/03\/schwarz-weiss-fotografie__glarus-stgallen4-450x300.jpg 450w\" data-sizes=\"(max-width: 1000px) 100vw, 1000px\"  aria-label=\"image image with no title\"  id='av-masonry-1-item-2540' data-av-masonry-item='2540' class='av-masonry-entry isotope-item post-2540 attachment type-attachment status-inherit hentry  av-masonry-item-with-image' title=\"\" alt=\"\"    itemprop=\"thumbnailUrl\" ><div class='av-inner-masonry-sizer'><\/div><figure class='av-inner-masonry main_color'><div class=\"av-masonry-outerimage-container\"><div class='av-masonry-image-container' style=\"background-image: url(https:\/\/www.grether-photography.com\/wp-content\/uploads\/2020\/03\/schwarz-weiss-fotografie__glarus-stgallen4-705x470.jpg);\"  ><\/div><\/div><\/figure><\/a><!--end av-masonry entry--><a href=\"https:\/\/www.grether-photography.com\/wp-content\/uploads\/2020\/01\/startseite_masonry14.jpg\" data-srcset=\"https:\/\/www.grether-photography.com\/wp-content\/uploads\/2020\/01\/startseite_masonry14.jpg 900w, https:\/\/www.grether-photography.com\/wp-content\/uploads\/2020\/01\/startseite_masonry14-300x200.jpg 300w, https:\/\/www.grether-photography.com\/wp-content\/uploads\/2020\/01\/startseite_masonry14-768x512.jpg 768w, https:\/\/www.grether-photography.com\/wp-content\/uploads\/2020\/01\/startseite_masonry14-705x470.jpg 705w, https:\/\/www.grether-photography.com\/wp-content\/uploads\/2020\/01\/startseite_masonry14-450x300.jpg 450w\" data-sizes=\"(max-width: 900px) 100vw, 900px\"  aria-label=\"image image with no title\"  id='av-masonry-1-item-193' data-av-masonry-item='193' class='av-masonry-entry isotope-item post-193 attachment type-attachment status-inherit hentry  av-masonry-item-with-image' title=\"\" alt=\"\"    itemprop=\"thumbnailUrl\" ><div class='av-inner-masonry-sizer'><\/div><figure class='av-inner-masonry main_color'><div class=\"av-masonry-outerimage-container\"><div class='av-masonry-image-container' style=\"background-image: url(https:\/\/www.grether-photography.com\/wp-content\/uploads\/2020\/01\/startseite_masonry14-705x470.jpg);\"  ><\/div><\/div><\/figure><\/a><!--end av-masonry entry--><\/div><\/div>\n<div id='av_section_5'  class='avia-section av-6d1wv3-23f17f7956e03cf1e699cac0863d5b85 main_color avia-section-huge avia-no-border-styling  avia-builder-el-42  el_after_av_masonry_gallery  el_before_av_postcontent  avia-bg-style-scroll container_wrap fullsize'  ><div class='container av-section-cont-open' ><div class='template-page content  av-content-full alpha units'><div class='post-entry post-entry-type-page post-entry-2796'><div class='entry-content-wrapper clearfix'>\n\n<style type=\"text\/css\" data-created_by=\"avia_inline_auto\" id=\"style-css-av-44xff0-b8ac2812d365ef486d901355ab6da744\">\n#top .av-special-heading.av-44xff0-b8ac2812d365ef486d901355ab6da744{\npadding-bottom:10px;\n}\nbody .av-special-heading.av-44xff0-b8ac2812d365ef486d901355ab6da744 .av-special-heading-tag .heading-char{\nfont-size:25px;\n}\n.av-special-heading.av-44xff0-b8ac2812d365ef486d901355ab6da744 .av-subheading{\nfont-size:25px;\n}\n<\/style>\n<div  class='av-special-heading av-44xff0-b8ac2812d365ef486d901355ab6da744 av-special-heading-h2 blockquote modern-quote modern-centered  avia-builder-el-43  el_before_av_hr  avia-builder-el-first '><h2 class='av-special-heading-tag'  itemprop=\"headline\"  >Schwarz-Weiss in Zeiten der digitalen Fotografie<\/h2><div class='av-subheading av-subheading_below'><p>Einen tollen Look schaffen<\/p>\n<\/div><div class=\"special-heading-border\"><div class=\"special-heading-inner-border\"><\/div><\/div><\/div>\n\n<style type=\"text\/css\" data-created_by=\"avia_inline_auto\" id=\"style-css-av-k5wbd76n-8-b2cf639c21d4b7861f1389877327771e\">\n#top .hr.av-k5wbd76n-8-b2cf639c21d4b7861f1389877327771e{\nmargin-top:30px;\nmargin-bottom:30px;\n}\n.hr.av-k5wbd76n-8-b2cf639c21d4b7861f1389877327771e .hr-inner{\nwidth:80px;\nborder-color:#353535;\n}\n<\/style>\n<div  class='hr av-k5wbd76n-8-b2cf639c21d4b7861f1389877327771e hr-custom  avia-builder-el-44  el_after_av_heading  el_before_av_one_half  hr-center hr-icon-no'><span class='hr-inner inner-border-av-border-fat'><span class=\"hr-inner-style\"><\/span><\/span><\/div>\n\n<style type=\"text\/css\" data-created_by=\"avia_inline_auto\" id=\"style-css-av-3pkev3-3fae211787c23a1d75db6f18a9ddb6de\">\n#top .flex_column.av-3pkev3-3fae211787c23a1d75db6f18a9ddb6de{\nmargin-top:30px;\nmargin-bottom:30px;\n}\n.flex_column.av-3pkev3-3fae211787c23a1d75db6f18a9ddb6de{\n-webkit-border-radius:0px 0px 0px 0px;\n-moz-border-radius:0px 0px 0px 0px;\nborder-radius:0px 0px 0px 0px;\npadding:0px 0px 0px 0px;\n}\n.responsive #top #wrap_all .flex_column.av-3pkev3-3fae211787c23a1d75db6f18a9ddb6de{\nmargin-top:30px;\nmargin-bottom:30px;\n}\n<\/style>\n<div class='flex_column av-3pkev3-3fae211787c23a1d75db6f18a9ddb6de av_one_half  avia-builder-el-45  el_after_av_hr  el_before_av_one_half  first flex_column_div av-zero-column-padding '     ><style type=\"text\/css\" data-created_by=\"avia_inline_auto\" id=\"style-css-av-4g039o-565132d5b682b1b8a0f5f5dc2bbea3fd\">\n.avia-image-container.av-4g039o-565132d5b682b1b8a0f5f5dc2bbea3fd img.avia_image{\nbox-shadow:none;\n}\n.avia-image-container.av-4g039o-565132d5b682b1b8a0f5f5dc2bbea3fd .av-image-caption-overlay-center{\ncolor:#ffffff;\n}\n<\/style>\n<div  class='avia-image-container av-4g039o-565132d5b682b1b8a0f5f5dc2bbea3fd av-styling- avia-align-center  avia-builder-el-46  avia-builder-el-no-sibling '   itemprop=\"image\" itemscope=\"itemscope\" itemtype=\"https:\/\/schema.org\/ImageObject\" ><div class=\"avia-image-container-inner\"><div class=\"avia-image-overlay-wrap\"><img decoding=\"async\" class='wp-image-1891 avia-img-lazy-loading-not-1891 avia_image ' src=\"https:\/\/www.grether-photography.com\/wp-content\/uploads\/2020\/02\/schwarz-weiss-fotograf_zuerich-aargau4.jpg\" alt='' title=''  height=\"667\" width=\"1000\"  itemprop=\"thumbnailUrl\" srcset=\"https:\/\/www.grether-photography.com\/wp-content\/uploads\/2020\/02\/schwarz-weiss-fotograf_zuerich-aargau4.jpg 1000w, https:\/\/www.grether-photography.com\/wp-content\/uploads\/2020\/02\/schwarz-weiss-fotograf_zuerich-aargau4-300x200.jpg 300w, https:\/\/www.grether-photography.com\/wp-content\/uploads\/2020\/02\/schwarz-weiss-fotograf_zuerich-aargau4-768x512.jpg 768w, https:\/\/www.grether-photography.com\/wp-content\/uploads\/2020\/02\/schwarz-weiss-fotograf_zuerich-aargau4-705x470.jpg 705w, https:\/\/www.grether-photography.com\/wp-content\/uploads\/2020\/02\/schwarz-weiss-fotograf_zuerich-aargau4-450x300.jpg 450w\" sizes=\"(max-width: 1000px) 100vw, 1000px\" \/><\/div><\/div><\/div><\/div>\n<style type=\"text\/css\" data-created_by=\"avia_inline_auto\" id=\"style-css-av-3pkev3-2-7aecc5238baf091d6f9b5ff6b6eb84ae\">\n#top .flex_column.av-3pkev3-2-7aecc5238baf091d6f9b5ff6b6eb84ae{\nmargin-top:30px;\nmargin-bottom:30px;\n}\n.flex_column.av-3pkev3-2-7aecc5238baf091d6f9b5ff6b6eb84ae{\n-webkit-border-radius:0px 0px 0px 0px;\n-moz-border-radius:0px 0px 0px 0px;\nborder-radius:0px 0px 0px 0px;\npadding:0px 0px 0px 0px;\n}\n.responsive #top #wrap_all .flex_column.av-3pkev3-2-7aecc5238baf091d6f9b5ff6b6eb84ae{\nmargin-top:30px;\nmargin-bottom:30px;\n}\n<\/style>\n<div class='flex_column av-3pkev3-2-7aecc5238baf091d6f9b5ff6b6eb84ae av_one_half  avia-builder-el-47  el_after_av_one_half  avia-builder-el-last  flex_column_div av-zero-column-padding '     ><p>\n<style type=\"text\/css\" data-created_by=\"avia_inline_auto\" id=\"style-css-av-28r2xo-579d09363d91e49df938d6faf8e383f7\">\n#top .av-special-heading.av-28r2xo-579d09363d91e49df938d6faf8e383f7{\npadding-bottom:10px;\n}\nbody .av-special-heading.av-28r2xo-579d09363d91e49df938d6faf8e383f7 .av-special-heading-tag .heading-char{\nfont-size:25px;\n}\n.av-special-heading.av-28r2xo-579d09363d91e49df938d6faf8e383f7 .av-subheading{\nfont-size:15px;\n}\n<\/style>\n<div  class='av-special-heading av-28r2xo-579d09363d91e49df938d6faf8e383f7 av-special-heading-h3 blockquote modern-quote  avia-builder-el-48  el_before_av_textblock  avia-builder-el-first '><h3 class='av-special-heading-tag'  itemprop=\"headline\"  >Graustufen und die Nachbearbeitung<\/h3><div class=\"special-heading-border\"><div class=\"special-heading-inner-border\"><\/div><\/div><\/div><br \/>\n<section  class='av_textblock_section av-k6krixsu-cf25db6553a3539bb9f32e8e46d00447'  itemscope=\"itemscope\" itemtype=\"https:\/\/schema.org\/CreativeWork\" ><div class='avia_textblock'  itemprop=\"text\" ><p>Nicht selten wird zun\u00e4chst ein Farbbild hergestellt, auch dann, wenn das Endprodukt ein Schwarz-Weiss Foto sein soll. Die Konvertierung in Graustufen erfolgt dann in der Nachbearbeitung.<\/p>\n<p>Ein Farbbild als Basis bietet auch mehr M\u00f6glichkeiten der Optimierung der Bildwerte. In digitalen Zeiten gibt es den \u201eSchwarz-Weiss-Film\u201c eigentlich nicht mehr. Und doch gelingt es mit den passenden Einstellungen f\u00fcr die Belichtung und die Kontraste genau jenen Look herzustellen, den Sie sich f\u00fcr ein Schwarz-Weiss-Foto w\u00fcnschen.<\/p>\n<\/div><\/section><br \/>\n\n<style type=\"text\/css\" data-created_by=\"avia_inline_auto\" id=\"style-css-av-k5wbd76n-3-dd274d804c89a2ca51bb1839c7b11c27\">\n#top .hr.hr-invisible.av-k5wbd76n-3-dd274d804c89a2ca51bb1839c7b11c27{\nheight:15px;\n}\n<\/style>\n<div  class='hr av-k5wbd76n-3-dd274d804c89a2ca51bb1839c7b11c27 hr-invisible  avia-builder-el-50  el_after_av_textblock  el_before_av_button '><span class='hr-inner '><span class=\"hr-inner-style\"><\/span><\/span><\/div><br \/>\n<div  class='avia-button-wrap av-k5wbvrky-14-2de70865322bc007431cc66de65b0636-wrap avia-button-left  avia-builder-el-51  el_after_av_hr  avia-builder-el-last '><a href='https:\/\/www.grether-photography.com\/en\/kontakt\/'  class='avia-button av-k5wbvrky-14-2de70865322bc007431cc66de65b0636 avia-icon_select-yes-right-icon avia-size-large avia-position-left avia-color-theme-color'  ><span class='avia_iconbox_title' >Fotoshooting buchen<\/span><span class='avia_button_icon avia_button_icon_right' aria-hidden='true' data-av_icon='\ue832' data-av_iconfont='entypo-fontello'><\/span><\/a><\/div><\/p><\/div><\/p>\n","protected":false},"excerpt":{"rendered":"","protected":false},"author":1,"featured_media":0,"parent":1341,"menu_order":0,"comment_status":"closed","ping_status":"closed","template":"","meta":{"footnotes":""},"folder":[],"class_list":["post-2796","page","type-page","status-publish","hentry"],"yoast_head":"<!-- This site is optimized with the Yoast SEO plugin v27.5 - https:\/\/yoast.com\/product\/yoast-seo-wordpress\/ -->\n<title>Schwarz-Weiss Fotograf f\u00fcr Luzern, Zug und Schwyz | Grether Fotografie<\/title>\n<meta name=\"description\" content=\"Ich mache f\u00fcr Sie als Schwarz-Weiss-Fotograf k\u00fcnstlerisch anspruchsvolle Bilder. F\u00fcr Private und Firmen. Portratis. In Zug, Schwyz und Luzern.\" \/>\n<meta name=\"robots\" content=\"index, follow, max-snippet:-1, max-image-preview:large, max-video-preview:-1\" \/>\n<link rel=\"canonical\" href=\"https:\/\/www.grether-photography.com\/en\/lucerne-zug-schwyz\/black-and-white-photographer-lucerne-zug-schwyz\/\" \/>\n<meta property=\"og:locale\" content=\"en_US\" \/>\n<meta property=\"og:type\" content=\"article\" \/>\n<meta property=\"og:title\" content=\"Schwarz-Weiss Fotograf f\u00fcr Luzern, Zug und Schwyz | Grether Fotografie\" \/>\n<meta property=\"og:description\" content=\"Ich mache f\u00fcr Sie als Schwarz-Weiss-Fotograf k\u00fcnstlerisch anspruchsvolle Bilder. F\u00fcr Private und Firmen. Portratis. In Zug, Schwyz und Luzern.\" \/>\n<meta property=\"og:url\" content=\"https:\/\/www.grether-photography.com\/en\/lucerne-zug-schwyz\/black-and-white-photographer-lucerne-zug-schwyz\/\" \/>\n<meta property=\"og:site_name\" content=\"Grether Photography\" \/>\n<meta property=\"article:publisher\" content=\"https:\/\/www.facebook.com\/laurin.grether\" \/>\n<meta property=\"article:modified_time\" content=\"2023-10-04T07:26:15+00:00\" \/>\n<meta property=\"og:image\" content=\"https:\/\/www.grether-photography.com\/wp-content\/uploads\/2020\/05\/og-image.png\" \/>\n\t<meta property=\"og:image:width\" content=\"1200\" \/>\n\t<meta property=\"og:image:height\" content=\"630\" \/>\n\t<meta property=\"og:image:type\" content=\"image\/png\" \/>\n<meta name=\"twitter:label1\" content=\"Est. reading time\" \/>\n\t<meta name=\"twitter:data1\" content=\"11 minutes\" \/>\n<script type=\"application\/ld+json\" class=\"yoast-schema-graph\">{\"@context\":\"https:\\\/\\\/schema.org\",\"@graph\":[{\"@type\":\"WebPage\",\"@id\":\"https:\\\/\\\/www.grether-photography.com\\\/luzern-zug-schwyz\\\/schwarz-weiss-fotograf-luzern-zug-schwyz\\\/\",\"url\":\"https:\\\/\\\/www.grether-photography.com\\\/luzern-zug-schwyz\\\/schwarz-weiss-fotograf-luzern-zug-schwyz\\\/\",\"name\":\"Schwarz-Weiss Fotograf f\u00fcr Luzern, Zug und Schwyz | Grether Fotografie\",\"isPartOf\":{\"@id\":\"https:\\\/\\\/www.grether-photography.com\\\/#website\"},\"datePublished\":\"2020-03-09T18:23:51+00:00\",\"dateModified\":\"2023-10-04T07:26:15+00:00\",\"description\":\"Ich mache f\u00fcr Sie als Schwarz-Weiss-Fotograf k\u00fcnstlerisch anspruchsvolle Bilder. F\u00fcr Private und Firmen. Portratis. In Zug, Schwyz und Luzern.\",\"breadcrumb\":{\"@id\":\"https:\\\/\\\/www.grether-photography.com\\\/luzern-zug-schwyz\\\/schwarz-weiss-fotograf-luzern-zug-schwyz\\\/#breadcrumb\"},\"inLanguage\":\"en-US\",\"potentialAction\":[{\"@type\":\"ReadAction\",\"target\":[\"https:\\\/\\\/www.grether-photography.com\\\/luzern-zug-schwyz\\\/schwarz-weiss-fotograf-luzern-zug-schwyz\\\/\"]}]},{\"@type\":\"BreadcrumbList\",\"@id\":\"https:\\\/\\\/www.grether-photography.com\\\/luzern-zug-schwyz\\\/schwarz-weiss-fotograf-luzern-zug-schwyz\\\/#breadcrumb\",\"itemListElement\":[{\"@type\":\"ListItem\",\"position\":1,\"name\":\"Startseite\",\"item\":\"https:\\\/\\\/www.grether-photography.com\\\/startseite\\\/\"},{\"@type\":\"ListItem\",\"position\":2,\"name\":\"Luzern Schwyz Zug\",\"item\":\"https:\\\/\\\/www.grether-photography.com\\\/luzern-zug-schwyz\\\/\"},{\"@type\":\"ListItem\",\"position\":3,\"name\":\"Schwarz-Weiss Fotograf Luzern, Zug, Schwyz\"}]},{\"@type\":\"WebSite\",\"@id\":\"https:\\\/\\\/www.grether-photography.com\\\/#website\",\"url\":\"https:\\\/\\\/www.grether-photography.com\\\/\",\"name\":\"Grether Photography\",\"description\":\"Ihr Fotograf f\u00fcr das professionelle Fotoshooting\",\"potentialAction\":[{\"@type\":\"SearchAction\",\"target\":{\"@type\":\"EntryPoint\",\"urlTemplate\":\"https:\\\/\\\/www.grether-photography.com\\\/?s={search_term_string}\"},\"query-input\":{\"@type\":\"PropertyValueSpecification\",\"valueRequired\":true,\"valueName\":\"search_term_string\"}}],\"inLanguage\":\"en-US\"}]}<\/script>\n<!-- \/ Yoast SEO plugin. -->","yoast_head_json":{"title":"Black and white photographer for Lucerne, Zug and Schwyz | Grether Photography","description":"I make for you as a black and white photographer artistically sophisticated images. For private and corporate. Portraits. In Zug, Schwyz and Lucerne.","robots":{"index":"index","follow":"follow","max-snippet":"max-snippet:-1","max-image-preview":"max-image-preview:large","max-video-preview":"max-video-preview:-1"},"canonical":"https:\/\/www.grether-photography.com\/en\/lucerne-zug-schwyz\/black-and-white-photographer-lucerne-zug-schwyz\/","og_locale":"en_US","og_type":"article","og_title":"Schwarz-Weiss Fotograf f\u00fcr Luzern, Zug und Schwyz | Grether Fotografie","og_description":"Ich mache f\u00fcr Sie als Schwarz-Weiss-Fotograf k\u00fcnstlerisch anspruchsvolle Bilder. F\u00fcr Private und Firmen. Portratis. In Zug, Schwyz und Luzern.","og_url":"https:\/\/www.grether-photography.com\/en\/lucerne-zug-schwyz\/black-and-white-photographer-lucerne-zug-schwyz\/","og_site_name":"Grether Photography","article_publisher":"https:\/\/www.facebook.com\/laurin.grether","article_modified_time":"2023-10-04T07:26:15+00:00","og_image":[{"width":1200,"height":630,"url":"https:\/\/www.grether-photography.com\/wp-content\/uploads\/2020\/05\/og-image.png","type":"image\/png"}],"twitter_misc":{"Est. reading time":"11 minutes"},"schema":{"@context":"https:\/\/schema.org","@graph":[{"@type":"WebPage","@id":"https:\/\/www.grether-photography.com\/luzern-zug-schwyz\/schwarz-weiss-fotograf-luzern-zug-schwyz\/","url":"https:\/\/www.grether-photography.com\/luzern-zug-schwyz\/schwarz-weiss-fotograf-luzern-zug-schwyz\/","name":"Black and white photographer for Lucerne, Zug and Schwyz | Grether Photography","isPartOf":{"@id":"https:\/\/www.grether-photography.com\/#website"},"datePublished":"2020-03-09T18:23:51+00:00","dateModified":"2023-10-04T07:26:15+00:00","description":"I make for you as a black and white photographer artistically sophisticated images. For private and corporate. Portraits. In Zug, Schwyz and Lucerne.","breadcrumb":{"@id":"https:\/\/www.grether-photography.com\/luzern-zug-schwyz\/schwarz-weiss-fotograf-luzern-zug-schwyz\/#breadcrumb"},"inLanguage":"en-US","potentialAction":[{"@type":"ReadAction","target":["https:\/\/www.grether-photography.com\/luzern-zug-schwyz\/schwarz-weiss-fotograf-luzern-zug-schwyz\/"]}]},{"@type":"BreadcrumbList","@id":"https:\/\/www.grether-photography.com\/luzern-zug-schwyz\/schwarz-weiss-fotograf-luzern-zug-schwyz\/#breadcrumb","itemListElement":[{"@type":"ListItem","position":1,"name":"Startseite","item":"https:\/\/www.grether-photography.com\/startseite\/"},{"@type":"ListItem","position":2,"name":"Luzern Schwyz Zug","item":"https:\/\/www.grether-photography.com\/luzern-zug-schwyz\/"},{"@type":"ListItem","position":3,"name":"Schwarz-Weiss Fotograf Luzern, Zug, Schwyz"}]},{"@type":"WebSite","@id":"https:\/\/www.grether-photography.com\/#website","url":"https:\/\/www.grether-photography.com\/","name":"Grether Photography","description":"Your photographer for the professional photo shoot","potentialAction":[{"@type":"SearchAction","target":{"@type":"EntryPoint","urlTemplate":"https:\/\/www.grether-photography.com\/?s={search_term_string}"},"query-input":{"@type":"PropertyValueSpecification","valueRequired":true,"valueName":"search_term_string"}}],"inLanguage":"en-US"}]}},"_links":{"self":[{"href":"https:\/\/www.grether-photography.com\/en\/wp-json\/wp\/v2\/pages\/2796","targetHints":{"allow":["GET"]}}],"collection":[{"href":"https:\/\/www.grether-photography.com\/en\/wp-json\/wp\/v2\/pages"}],"about":[{"href":"https:\/\/www.grether-photography.com\/en\/wp-json\/wp\/v2\/types\/page"}],"author":[{"embeddable":true,"href":"https:\/\/www.grether-photography.com\/en\/wp-json\/wp\/v2\/users\/1"}],"replies":[{"embeddable":true,"href":"https:\/\/www.grether-photography.com\/en\/wp-json\/wp\/v2\/comments?post=2796"}],"version-history":[{"count":5,"href":"https:\/\/www.grether-photography.com\/en\/wp-json\/wp\/v2\/pages\/2796\/revisions"}],"predecessor-version":[{"id":9408,"href":"https:\/\/www.grether-photography.com\/en\/wp-json\/wp\/v2\/pages\/2796\/revisions\/9408"}],"up":[{"embeddable":true,"href":"https:\/\/www.grether-photography.com\/en\/wp-json\/wp\/v2\/pages\/1341"}],"wp:attachment":[{"href":"https:\/\/www.grether-photography.com\/en\/wp-json\/wp\/v2\/media?parent=2796"}],"wp:term":[{"taxonomy":"folder","embeddable":true,"href":"https:\/\/www.grether-photography.com\/en\/wp-json\/wp\/v2\/folder?post=2796"}],"curies":[{"name":"wp","href":"https:\/\/api.w.org\/{rel}","templated":true}]}}