{"id":3114,"date":"2020-03-26T11:49:39","date_gmt":"2020-03-26T10:49:39","guid":{"rendered":"http:\/\/grether-photography.aretis-staging.ch\/?page_id=3114"},"modified":"2025-03-26T14:28:47","modified_gmt":"2025-03-26T13:28:47","slug":"photographer-lucerne","status":"publish","type":"page","link":"https:\/\/www.grether-photography.com\/en\/luzern-zug-schwyz\/fotograf-luzern\/","title":{"rendered":"Photographer Lucerne"},"content":{"rendered":"<div id='layer_slider_1'  class='avia-layerslider main_color avia-shadow  avia-builder-el-0  el_before_av_section  avia-builder-el-first  container_wrap fullsize'  style='height: 751px;'  ><link href=\"https:\/\/fonts.googleapis.com\/css?family=Open+Sans:100,100i,200,200i,300,300i,400,400i,500,500i,600,600i,700,700i,800,800i,900,900i%7CMontserrat:100,100i,200,200i,300,300i,400,400i,500,500i,600,600i,700,700i,800,800i,900,900i\" rel=\"stylesheet\"><div id=\"layerslider_152_1i13f5mvfd3bd\"  class=\"ls-wp-container fitvidsignore ls-selectable\" style=\"width:1200px;height:750px;margin:0 auto;margin-bottom: 0px;\"><div class=\"ls-slide\" data-ls=\"bgsize:cover;bgposition:50% 50%;bgcolor:#ffffff;duration:4000;parallaxevent:scroll;parallaxdurationmove:0;\"><img decoding=\"async\" width=\"2560\" height=\"1229\" src=\"https:\/\/www.grether-photography.com\/wp-content\/uploads\/2022\/03\/laurinbalkenalt-scaled.jpg?ver=1771508145\" class=\"ls-bg\" alt=\"\" srcset=\"https:\/\/www.grether-photography.com\/wp-content\/uploads\/2022\/03\/laurinbalkenalt-scaled.jpg 2560w, https:\/\/www.grether-photography.com\/wp-content\/uploads\/2022\/03\/laurinbalkenalt-300x144.jpg 300w, https:\/\/www.grether-photography.com\/wp-content\/uploads\/2022\/03\/laurinbalkenalt-1030x494.jpg 1030w, https:\/\/www.grether-photography.com\/wp-content\/uploads\/2022\/03\/laurinbalkenalt-768x369.jpg 768w, https:\/\/www.grether-photography.com\/wp-content\/uploads\/2022\/03\/laurinbalkenalt-1536x737.jpg 1536w, https:\/\/www.grether-photography.com\/wp-content\/uploads\/2022\/03\/laurinbalkenalt-2048x983.jpg 2048w, https:\/\/www.grether-photography.com\/wp-content\/uploads\/2022\/03\/laurinbalkenalt-18x9.jpg 18w, https:\/\/www.grether-photography.com\/wp-content\/uploads\/2022\/03\/laurinbalkenalt-1500x720.jpg 1500w, https:\/\/www.grether-photography.com\/wp-content\/uploads\/2022\/03\/laurinbalkenalt-705x338.jpg 705w\" sizes=\"(max-width: 2560px) 100vw, 2560px\" \/><p style=\"text-shadow: 0 1px 2px rgba(0,0,0,0.3);top:117px;left:-16px;text-align:initial;font-weight:400;font-style:normal;font-family:Open Sans;color:#ffffff;font-size:75px;text-decoration:none;\" class=\"ls-l ls-text-layer\" data-ls=\"showinfo:1;offsetxin:random(-100,100);offsetyin:-20;durationin:1100;rotateyin:random(-45,45);scalexin:random(2,4);clipin:0 0 100% 0;transitionout:false;static:forever;position:relative;\">Ihr Fotograf in Luzern<\/p><p style=\"top:378px;left:48px;text-align:initial;font-weight:400;font-style:normal;text-decoration:none;font-family:Open Sans;color:#ffffff;font-size:35px;\" class=\"ls-l ls-text-layer\" data-ls=\"showinfo:1;offsetxin:80;durationin:750;delayin:1800;easingin:easeOutExpo;static:forever;position:relative;\">Werbewirksame Fotos<\/p><span style=\"top:374px;left:-15px;text-align:initial;font-weight:400;font-style:italic;text-decoration:none;font-family:Montserrat;font-size:44px;line-height:48px;color:#ab74ed;\" class=\"ls-l ls-icon-layer\" data-ls=\"showinfo:1;offsetxin:80;durationin:750;delayin:1500;easingin:easeOutExpo;rotatein:random(-45,45);rotatexin:random(-45,45);static:forever;position:relative;\"><i class=\"fa fa-check-circle\"><\/i><\/span><p style=\"top:444px;left:44px;text-align:initial;font-weight:400;font-style:normal;text-decoration:none;font-family:Open Sans;color:#ffffff;font-size:35px;\" class=\"ls-l ls-text-layer\" data-ls=\"showinfo:1;offsetxin:80;durationin:750;delayin:2400;easingin:easeOutExpo;static:forever;position:relative;\">Schnell und fair im Preis<\/p><span style=\"top:443px;left:-15px;text-align:initial;font-weight:400;font-style:italic;text-decoration:none;font-family:Montserrat;font-size:44px;line-height:44px;color:#ab74ed;\" class=\"ls-l ls-icon-layer\" data-ls=\"showinfo:1;offsetxin:80;durationin:750;delayin:2100;easingin:easeOutExpo;rotatein:random(-45,45);rotatexin:random(-45,45);static:forever;position:relative;\"><i class=\"fa fa-check-circle\"><\/i><\/span><p style=\"top:512px;left:43px;text-align:initial;font-weight:400;font-style:normal;text-decoration:none;font-family:Open Sans;color:#ffffff;font-size:35px;\" class=\"ls-l ls-text-layer\" data-ls=\"showinfo:1;offsetxin:80;durationin:750;delayin:3000;easingin:easeOutExpo;static:forever;position:relative;\">F\u00fcr Firmen und Private<\/p><span style=\"top:508px;left:-15px;text-align:initial;font-weight:400;font-style:italic;text-decoration:none;font-family:Montserrat;font-size:44px;color:#ab74ed;\" class=\"ls-l ls-icon-layer\" data-ls=\"showinfo:1;offsetxin:80;durationin:750;delayin:2700;easingin:easeOutExpo;rotatein:random(-45,45);rotatexin:random(-45,45);static:forever;position:relative;\"><i class=\"fa fa-check-circle\"><\/i><\/span><p style=\"top:270px;left:-16px;text-align:initial;font-weight:400;font-style:normal;text-decoration:none;font-family:Open Sans;color:#ffffff;font-size:40px;\" class=\"ls-l ls-text-layer\" data-ls=\"showinfo:1;offsetxin:80;durationin:750;delayin:1000;easingin:easeOutExpo;static:forever;position:relative;\">PORTRAITS, BUSINESS, EVENTS UVM.<\/p><a style=\"\" class=\"ls-l\" href=\"#1\" target=\"ls-scroll\" data-ls=\"offsetyin:40;durationin:500;delayin:4100;offsetxout:-80;durationout:400;parallax:true;parallaxlevel:-10;position:relative;\" rel=\"noopener\"><img decoding=\"async\" width=\"96\" height=\"96\" src=\"https:\/\/www.grether-photography.com\/wp-content\/uploads\/layerslider\/Spezialbrote-Layer\/pfeil-unten.png\" class=\"ls-img-layer\" alt=\"\" srcset=\"https:\/\/www.grether-photography.com\/wp-content\/uploads\/layerslider\/Spezialbrote-Layer\/pfeil-unten.png 96w, https:\/\/www.grether-photography.com\/wp-content\/uploads\/layerslider\/Spezialbrote-Layer\/pfeil-unten-80x80.png 80w, https:\/\/www.grether-photography.com\/wp-content\/uploads\/layerslider\/Spezialbrote-Layer\/pfeil-unten-36x36.png 36w\" sizes=\"(max-width: 96px) 100vw, 96px\" style=\"top:613px;left:567px;\"><\/a><img decoding=\"async\" width=\"174\" height=\"148\" src=\"https:\/\/www.grether-photography.com\/wp-content\/uploads\/2020\/03\/fotograf_icon.png\" class=\"ls-l ls-img-layer\" alt=\"\" style=\"top:117px;left:919px;width:112px;height:96px;font-size:13px;line-height:falsepx;\" data-ls=\"offsetxin:left;offsetyin:bottom;durationin:1300;delayin:3050;rotatein:random(-45,555);scalexin:random(4,6);transformperspectivein:800;position:relative;\"><\/div><\/div><\/div>\n<div id='av_section_1'  class='avia-section av-q0w7-58ef7a5dc6f693bf2ab9eba18a346cc2 main_color avia-section-large avia-no-shadow  avia-builder-el-1  el_after_av_layerslider  el_before_av_postcontent  avia-bg-style-scroll container_wrap fullsize'  ><div class='container av-section-cont-open' ><div class='template-page content  av-content-full alpha units'><div class='post-entry post-entry-type-page post-entry-3114'><div class='entry-content-wrapper clearfix'>\n\n<style type=\"text\/css\" data-created_by=\"avia_inline_auto\" id=\"style-css-av-kgntj1ht-d0dc2947a68ca46c76ee89b7190c5f14\">\n#top .av-special-heading.av-kgntj1ht-d0dc2947a68ca46c76ee89b7190c5f14{\npadding-bottom:10px;\n}\nbody .av-special-heading.av-kgntj1ht-d0dc2947a68ca46c76ee89b7190c5f14 .av-special-heading-tag .heading-char{\nfont-size:25px;\n}\n.av-special-heading.av-kgntj1ht-d0dc2947a68ca46c76ee89b7190c5f14 .av-subheading{\nfont-size:25px;\n}\n<\/style>\n<div  class='av-special-heading av-kgntj1ht-d0dc2947a68ca46c76ee89b7190c5f14 av-special-heading-h1 blockquote modern-quote modern-centered  avia-builder-el-2  el_before_av_hr  avia-builder-el-first  av-linked-heading'><h1 class='av-special-heading-tag'  itemprop=\"headline\"  >Events, Portraits, Firmen<br \/>\nFotograf f\u00fcr Luzern<\/h1><div class=\"special-heading-border\"><div class=\"special-heading-inner-border\"><\/div><\/div><\/div>\n\n<style type=\"text\/css\" data-created_by=\"avia_inline_auto\" id=\"style-css-av-k5wbd76n-1cf7013c91522e86ddccf4ae6ab14441\">\n#top .hr.av-k5wbd76n-1cf7013c91522e86ddccf4ae6ab14441{\nmargin-top:30px;\nmargin-bottom:30px;\n}\n.hr.av-k5wbd76n-1cf7013c91522e86ddccf4ae6ab14441 .hr-inner{\nwidth:80px;\nborder-color:#353535;\n}\n<\/style>\n<div  class='hr av-k5wbd76n-1cf7013c91522e86ddccf4ae6ab14441 hr-custom  avia-builder-el-3  el_after_av_heading  el_before_av_one_half  hr-center hr-icon-no'><span class='hr-inner inner-border-av-border-fat'><span class=\"hr-inner-style\"><\/span><\/span><\/div>\n\n<style type=\"text\/css\" data-created_by=\"avia_inline_auto\" id=\"style-css-av-k5wbrmfc-54edb8963c02cf47dd684b31d838e5bb\">\n#top .flex_column.av-k5wbrmfc-54edb8963c02cf47dd684b31d838e5bb{\nmargin-top:30px;\nmargin-bottom:30px;\n}\n.flex_column.av-k5wbrmfc-54edb8963c02cf47dd684b31d838e5bb{\n-webkit-border-radius:0px 0px 0px 0px;\n-moz-border-radius:0px 0px 0px 0px;\nborder-radius:0px 0px 0px 0px;\npadding:0px 0px 0px 0px;\n}\n.responsive #top #wrap_all .flex_column.av-k5wbrmfc-54edb8963c02cf47dd684b31d838e5bb{\nmargin-top:30px;\nmargin-bottom:30px;\n}\n<\/style>\n<div class='flex_column av-k5wbrmfc-54edb8963c02cf47dd684b31d838e5bb av_one_half  avia-builder-el-4  el_after_av_hr  el_before_av_one_half  first flex_column_div av-animated-generic top-to-bottom av-zero-column-padding '     ><p>\n<style type=\"text\/css\" data-created_by=\"avia_inline_auto\" id=\"style-css-av-2umv-725d9680c26253f18dbe3d32e00f859a\">\n.avia-image-container.av-2umv-725d9680c26253f18dbe3d32e00f859a img.avia_image{\nbox-shadow:none;\n}\n.avia-image-container.av-2umv-725d9680c26253f18dbe3d32e00f859a .av-image-caption-overlay-center{\ncolor:#ffffff;\n}\n<\/style>\n<div  class='avia-image-container av-2umv-725d9680c26253f18dbe3d32e00f859a av-styling- avia-align-center  avia-builder-el-5  el_before_av_textblock  avia-builder-el-first '   itemprop=\"image\" itemscope=\"itemscope\" itemtype=\"https:\/\/schema.org\/ImageObject\" ><div class=\"avia-image-container-inner\"><div class=\"avia-image-overlay-wrap\"><img decoding=\"async\" class='wp-image-2429 avia-img-lazy-loading-not-2429 avia_image ' src=\"https:\/\/www.grether-photography.com\/wp-content\/uploads\/2020\/02\/businessfotograf_1_.jpg\" alt='' title='businessfotograf_1_'  height=\"954\" width=\"1429\"  itemprop=\"thumbnailUrl\" srcset=\"https:\/\/www.grether-photography.com\/wp-content\/uploads\/2020\/02\/businessfotograf_1_.jpg 1429w, https:\/\/www.grether-photography.com\/wp-content\/uploads\/2020\/02\/businessfotograf_1_-300x200.jpg 300w, https:\/\/www.grether-photography.com\/wp-content\/uploads\/2020\/02\/businessfotograf_1_-1030x688.jpg 1030w, https:\/\/www.grether-photography.com\/wp-content\/uploads\/2020\/02\/businessfotograf_1_-768x513.jpg 768w, https:\/\/www.grether-photography.com\/wp-content\/uploads\/2020\/02\/businessfotograf_1_-18x12.jpg 18w, https:\/\/www.grether-photography.com\/wp-content\/uploads\/2020\/02\/businessfotograf_1_-705x471.jpg 705w\" sizes=\"(max-width: 1429px) 100vw, 1429px\" \/><\/div><\/div><\/div><br \/>\n<section  class='av_textblock_section av-m8n9si9j-c75ec067e00cdc948884fe2f518837a7'  itemscope=\"itemscope\" itemtype=\"https:\/\/schema.org\/CreativeWork\" ><div class='avia_textblock'  itemprop=\"text\" ><p>Business Fotoshooting f\u00fcr die Raiffeisenbank.<\/p>\n<\/div><\/section><\/p><\/div>\n<style type=\"text\/css\" data-created_by=\"avia_inline_auto\" id=\"style-css-av-k5wbrmfc-20-a866fa9bccd54c9a815527ba88a0b93f\">\n#top .flex_column.av-k5wbrmfc-20-a866fa9bccd54c9a815527ba88a0b93f{\nmargin-top:30px;\nmargin-bottom:30px;\n}\n.flex_column.av-k5wbrmfc-20-a866fa9bccd54c9a815527ba88a0b93f{\n-webkit-border-radius:0px 0px 0px 0px;\n-moz-border-radius:0px 0px 0px 0px;\nborder-radius:0px 0px 0px 0px;\npadding:0px 0px 0px 0px;\n}\n.responsive #top #wrap_all .flex_column.av-k5wbrmfc-20-a866fa9bccd54c9a815527ba88a0b93f{\nmargin-top:30px;\nmargin-bottom:30px;\n}\n<\/style>\n<div class='flex_column av-k5wbrmfc-20-a866fa9bccd54c9a815527ba88a0b93f av_one_half  avia-builder-el-7  el_after_av_one_half  avia-builder-el-last  flex_column_div av-animated-generic right-to-left av-zero-column-padding '     ><p>\n<style type=\"text\/css\" data-created_by=\"avia_inline_auto\" id=\"style-css-av-29n0ve-3c510c5267f85616be2fa35506a692aa\">\n#top .av-special-heading.av-29n0ve-3c510c5267f85616be2fa35506a692aa{\npadding-bottom:10px;\n}\nbody .av-special-heading.av-29n0ve-3c510c5267f85616be2fa35506a692aa .av-special-heading-tag .heading-char{\nfont-size:25px;\n}\n.av-special-heading.av-29n0ve-3c510c5267f85616be2fa35506a692aa .av-subheading{\nfont-size:15px;\n}\n<\/style>\n<div  class='av-special-heading av-29n0ve-3c510c5267f85616be2fa35506a692aa av-special-heading-h3 blockquote modern-quote  avia-builder-el-8  el_before_av_textblock  avia-builder-el-first  av-linked-heading'><h3 class='av-special-heading-tag'  itemprop=\"headline\"  >Professionelle Fotoshootings<\/h3><div class=\"special-heading-border\"><div class=\"special-heading-inner-border\"><\/div><\/div><\/div><br \/>\n<section  class='av_textblock_section av-k5wbumfz-1e1aebda7d7f8477b1d62ea593e15577'  itemscope=\"itemscope\" itemtype=\"https:\/\/schema.org\/CreativeWork\" ><div class='avia_textblock'  itemprop=\"text\" ><p>Ob Sportveranstaltung, Musikevent oder die Messe: Viele Fotos werden von den Besuchern gemacht. Doch es kann sinnvoll sein, auch einige professionelle Fotos erstellen zu lassen und diese dann als offizielle Eventfotos zu ver\u00f6ffentlichen.<\/p>\n<p>Damit k\u00f6nnen Sie die offizielle Geschichte zu Ihrer Veranstaltung erz\u00e4hlen. Wenn Sie Ihr Event in Luzern vom Fotografen mit qualitativ hochwertigen Fotos dokumentieren lassen m\u00f6chten, dann bin ich gerne f\u00fcr Sie da.<\/p>\n<\/div><\/section><br \/>\n\n<style type=\"text\/css\" data-created_by=\"avia_inline_auto\" id=\"style-css-av-k875znth-32cf2b4eb956ca7a2ac105cbf692416e\">\n#top .hr.hr-invisible.av-k875znth-32cf2b4eb956ca7a2ac105cbf692416e{\nheight:15px;\n}\n<\/style>\n<div  class='hr av-k875znth-32cf2b4eb956ca7a2ac105cbf692416e hr-invisible  avia-builder-el-10  el_after_av_textblock  el_before_av_button '><span class='hr-inner '><span class=\"hr-inner-style\"><\/span><\/span><\/div><br \/>\n<div  class='avia-button-wrap av-k8760rp7-1db39fe00ced1ac58423773cc721d0f0-wrap avia-button-left  avia-builder-el-11  el_after_av_hr  avia-builder-el-last '><a href='https:\/\/www.grether-photography.com\/en\/kontakt\/'  class='avia-button av-k8760rp7-1db39fe00ced1ac58423773cc721d0f0 avia-icon_select-yes-right-icon avia-size-large avia-position-left avia-color-theme-color'  ><span class='avia_iconbox_title' >Termin vereinbaren<\/span><span class='avia_button_icon avia_button_icon_right' aria-hidden='true' data-av_icon='\ue832' data-av_iconfont='entypo-fontello'><\/span><\/a><\/div><\/p><\/div>\n\n[av_section min_height='' min_height_pc='25' min_height_px='500px' padding='default' custom_margin='0px' custom_margin_sync='true' color='alternate_color' background='bg_color' custom_bg='' background_gradient_color1='' background_gradient_color2='' background_gradient_direction='vertical' src='' attachment='' attachment_size='' attach='scroll' position='top left' repeat='no-repeat' video='' video_ratio='16:9' overlay_opacity='0.5' overlay_color='' overlay_pattern='' overlay_custom_pattern='' shadow='no-border-styling' bottom_border='no-border-styling' bottom_border_diagonal_color='#333333' bottom_border_diagonal_direction='' bottom_border_style='' custom_arrow_bg='' id='' custom_class='' template_class='' aria_label='' av_element_hidden_in_editor='0' av_uid='av-13x5jb9' sc_version='1.0']\r\n\r\n[av_textblock textblock_styling_align='' textblock_styling='' textblock_styling_gap='' textblock_styling_mobile='' size='' av-desktop-font-size='' av-medium-font-size='' av-small-font-size='' av-mini-font-size='' font_color='' color='' id='' custom_class='' template_class='' av_uid='av-l6gfudwv' sc_version='1.0' admin_preview_bg='']\r\n<h3 style=\"text-align: center;\">Kundenreferenzen<\/h3>\r\n[\/av_textblock]\r\n\r\n[av_gallery ids='8166,8078,6535,6533,6532,6531,6166,4821,4830' style='thumbnails' preview_size='portfolio' crop_big_preview_thumbnail='avia-gallery-big-crop-thumb' thumb_size='portfolio' columns='3' imagelink='avianolink noLightbox' link_dest='' lightbox_text='caption' lazyload='avia_lazyload' img_scrset='' html_lazy_loading='disabled' av-desktop-hide='aviaTBav-desktop-hide' alb_description='' id='' custom_class='' template_class='' av_uid='av-l8lyne7z' sc_version='1.0' admin_preview_bg='']\r\n\r\n[av_partner heading='' type='slider' columns='6' navigation='no' control_layout='av-control-default' nav_visibility_desktop='' nav_arrow_color='' nav_arrow_bg_color='' nav_dots_color='' nav_dot_active_color='' size='no scaling' img_size_behave='' border='' img_border='' img_border_width='' img_border_width_sync='true' img_border_color='' border_radius='' border_radius_sync='true' box_shadow='' box_shadow_style='0px,0px,0px,0px' box_shadow_color='' padding='' padding_sync='true' animation='fade' transition_speed='' autoplay='true' interval='3' heading_tag='' heading_class='' img_scrset='' lazy_loading='enabled' av-medium-hide='aviaTBav-medium-hide' av-small-hide='aviaTBav-small-hide' av-mini-hide='aviaTBav-mini-hide' el_id='' custom_class='' template_class='' av_uid='av-13dv3b9' sc_version='1.0']\r\n[av_partner_logo id='6166' hover='' link='' linktitle='' link_target='' av_uid='av-zxscud' sc_version='1.0']\r\n[av_partner_logo id='8150' hover='' link='' link_target='' linktitle='' av_uid='av-l8ll9x3r' sc_version='1.0']\r\n[av_partner_logo id='8394' hover='' link='' link_target='' linktitle='' av_uid='av-ljy9o05t' sc_version='1.0']\r\n[av_partner_logo id='11111' av_uid='av-70u8l']\r\n[av_partner_logo id='8161' hover='' link='' link_target='' linktitle='' av_uid='av-l8ll9mbs' sc_version='1.0']\r\n[av_partner_logo id='6165' hover='' link='' linktitle='' link_target='' av_uid='av-u3x23p' sc_version='1.0']\r\n[av_partner_logo id='6532' hover='' link='' linktitle='' link_target='' av_uid='av-l0gs1z1c' sc_version='1.0']\r\n[av_partner_logo id='11064' av_uid='av-ympk5' hover='' link='' link_target='' linktitle='' sc_version='1.0']\r\n[av_partner_logo id='5909' av_uid='av-sav0tx' hover='' link='' linktitle='' link_target='' sc_version='1.0']\r\n[av_partner_logo id='6533' hover='' link='' linktitle='' link_target='' av_uid='av-l0gs1s81' sc_version='1.0']\r\n[av_partner_logo id='11071' av_uid='av-77fzl1' hover='' link='' link_target='' linktitle='' sc_version='1.0']\r\n[av_partner_logo id='11054' av_uid='av-6br31x' hover='' link='' link_target='' linktitle='' sc_version='1.0']\r\n[av_partner_logo id='8078' av_uid='av-59ncc5' hover='' link='' link_target='' linktitle='' sc_version='1.0']\r\n[av_partner_logo id='8166' hover='' link='' link_target='' linktitle='' av_uid='av-l8ll8uz2' sc_version='1.0']\r\n[av_partner_logo id='8315' hover='' link='' link_target='' linktitle='' av_uid='av-lk9t9mea' sc_version='1.0']\r\n[av_partner_logo id='9312' av_uid='av-7pu2gl' hover='' link='' link_target='' linktitle='' sc_version='1.0']\r\n[av_partner_logo id='11052' av_uid='av-4c4up1' hover='' link='' link_target='' linktitle='' sc_version='1.0']\r\n[av_partner_logo id='9479' av_uid='av-5l0xph' hover='' link='' link_target='' linktitle='' sc_version='1.0']\r\n[av_partner_logo id='9465' av_uid='av-3rieat' hover='' link='' link_target='' linktitle='' sc_version='1.0']\r\n[av_partner_logo id='6535' hover='' link='' linktitle='' link_target='' av_uid='av-l0gs1dr3' sc_version='1.0']\r\n[av_partner_logo id='9890' hover='' link='' link_target='' linktitle='' av_uid='av-lsel1akr' sc_version='1.0']\r\n[av_partner_logo id='9476' av_uid='av-2dphjp' hover='' link='' link_target='' linktitle='' sc_version='1.0']\r\n[av_partner_logo id='11038' av_uid='av-35qsf9' hover='' link='' link_target='' linktitle='' sc_version='1.0']\r\n[av_partner_logo id='8080' av_uid='av-3ln29x' hover='' link='' link_target='' linktitle='' sc_version='1.0']\r\n[av_partner_logo id='9729' hover='' link='' link_target='' linktitle='' av_uid='av-lsel0t27' sc_version='1.0']\r\n[av_partner_logo id='5910' av_uid='av-wtrfnp' hover='' link='' linktitle='' link_target='' sc_version='1.0']\r\n[av_partner_logo id='8086' av_uid='av-2y10f9' hover='' link='' link_target='' linktitle='' sc_version='1.0']\r\n[av_partner_logo id='6539' av_uid='av-2ni2g5' hover='' link='' linktitle='' link_target='' sc_version='1.0']\r\n[av_partner_logo id='7966' hover='' link='' link_target='' linktitle='' av_uid='av-lsel27im' sc_version='1.0']\r\n[av_partner_logo id='6098' hover='' link='' link_target='' linktitle='' av_uid='av-lsel42af' sc_version='1.0']\r\n[av_partner_logo id='8081' hover='' link='' link_target='' linktitle='' av_uid='av-lsel5ajg' sc_version='1.0']\r\n[av_partner_logo id='11040' av_uid='av-29kqlx' hover='' link='' link_target='' linktitle='' sc_version='1.0']\r\n[av_partner_logo id='9313' hover='' link='' link_target='' linktitle='' av_uid='av-l0gs6vyu' sc_version='1.0']\r\n[av_partner_logo id='8096' hover='' link='' link_target='' linktitle='' av_uid='av-lseldlwo' sc_version='1.0']\r\n[av_partner_logo id='8153' hover='' link='' link_target='' linktitle='' av_uid='av-lsellzhq' sc_version='1.0']\r\n[av_partner_logo id='8244' hover='' link='' link_target='' linktitle='' av_uid='av-lselssv5' sc_version='1.0']\r\n[\/av_partner]\r\n\r\n[av_hr class='custom' icon_select='yes' icon='ue87f' font='entypo-fontello' position='center' shadow='no-shadow' height='50' custom_border='av-border-thin' custom_width='250px' custom_margin_top='10px' custom_margin_bottom='30px' custom_border_color='#595959' custom_icon_color='#595959' id='' custom_class='' template_class='' av_uid='av-l0dscygk' sc_version='1.0' admin_preview_bg='']\r\n\r\n[av_button label='Referenzen & Kunden' icon_select='yes-right-icon' icon='ue832' font='entypo-fontello' link='page,4700' link_target='' size='large' position='center' label_display='' title_attr='' color_options='' color='theme-color' custom_bg='#444444' custom_font='#ffffff' btn_color_bg='theme-color' btn_custom_bg='#444444' btn_color_bg_hover='theme-color-highlight' btn_custom_bg_hover='#444444' btn_color_font='theme-color' btn_custom_font='#ffffff' id='' custom_class='' template_class='' av_uid='av-l0ds9r69' sc_version='1.0' admin_preview_bg='']\r\n\r\n[\/av_section]\n\n<style type=\"text\/css\" data-created_by=\"avia_inline_auto\" id=\"style-css-av-q0w7-22-700ba6fe6abf2c798ca4c9fafece9d54\">\n.avia-section.av-q0w7-22-700ba6fe6abf2c798ca4c9fafece9d54 .av-parallax .av-parallax-inner{\nbackground-repeat:no-repeat;\nbackground-image:url(https:\/\/www.grether-photography.com\/wp-content\/uploads\/2025\/03\/switzerlandevent.jpg);\nbackground-position:50% 50%;\nbackground-attachment:scroll;\n}\n.avia-section.av-q0w7-22-700ba6fe6abf2c798ca4c9fafece9d54 .av-section-color-overlay{\nopacity:0.6;\nbackground-color:#020202;\n}\n<\/style>\n<div id='av_section_2'  class='avia-section av-q0w7-22-700ba6fe6abf2c798ca4c9fafece9d54 alternate_color avia-section-huge avia-shadow  avia-builder-el-13  el_after_av_postcontent  el_before_av_section  av-parallax-section avia-bg-style-parallax av-section-color-overlay-active av-minimum-height av-minimum-height-75  container_wrap fullsize'  data-section-bg-repeat='no-repeat' data-av_minimum_height_pc='75'><div class='av-parallax' data-avia-parallax-ratio='0.3' ><div class='av-parallax-inner alternate_color avia-full-stretch'><\/div><\/div><div class=\"av-section-color-overlay-wrap\"><div class=\"av-section-color-overlay\"><\/div><div class='container av-section-cont-open' ><div class='template-page content  av-content-full alpha units'><div class='post-entry post-entry-type-page post-entry-3114'><div class='entry-content-wrapper clearfix'>\n\n<style type=\"text\/css\" data-created_by=\"avia_inline_auto\" id=\"style-css-av-k6rpd68x-5cee5a2da22bfb895ad8c9bced54da34\">\n#top .flex_column.av-k6rpd68x-5cee5a2da22bfb895ad8c9bced54da34{\nmargin-top:0px;\nmargin-bottom:30px;\n}\n.flex_column.av-k6rpd68x-5cee5a2da22bfb895ad8c9bced54da34{\n-webkit-border-radius:0px 0px 0px 0px;\n-moz-border-radius:0px 0px 0px 0px;\nborder-radius:0px 0px 0px 0px;\npadding:0px 0px 0px 0px;\n}\n.responsive #top #wrap_all .flex_column.av-k6rpd68x-5cee5a2da22bfb895ad8c9bced54da34{\nmargin-top:0px;\nmargin-bottom:30px;\n}\n<\/style>\n<div class='flex_column av-k6rpd68x-5cee5a2da22bfb895ad8c9bced54da34 av_one_full  avia-builder-el-14  avia-builder-el-no-sibling  first flex_column_div av-animated-generic pop-up av-zero-column-padding '     ><p>\n<style type=\"text\/css\" data-created_by=\"avia_inline_auto\" id=\"style-css-av-29ob62-21278a5567e492a77ebb18aa08bc77d9\">\n#top .av-special-heading.av-29ob62-21278a5567e492a77ebb18aa08bc77d9{\npadding-bottom:10px;\ncolor:#ffffff;\n}\nbody .av-special-heading.av-29ob62-21278a5567e492a77ebb18aa08bc77d9 .av-special-heading-tag .heading-char{\nfont-size:25px;\n}\n.av-special-heading.av-29ob62-21278a5567e492a77ebb18aa08bc77d9 .special-heading-inner-border{\nborder-color:#ffffff;\n}\n.av-special-heading.av-29ob62-21278a5567e492a77ebb18aa08bc77d9 .av-subheading{\nfont-size:25px;\n}\n<\/style>\n<div  class='av-special-heading av-29ob62-21278a5567e492a77ebb18aa08bc77d9 av-special-heading-h2 custom-color-heading blockquote modern-quote modern-centered  avia-builder-el-15  el_before_av_hr  avia-builder-el-first  av-linked-heading'><h2 class='av-special-heading-tag'  itemprop=\"headline\"  >Der Fotograf f\u00fcr Ihr<br \/>\nFotoshooting in Luzern<\/h2><div class=\"special-heading-border\"><div class=\"special-heading-inner-border\"><\/div><\/div><\/div><br \/>\n\n<style type=\"text\/css\" data-created_by=\"avia_inline_auto\" id=\"style-css-av-k5wbd76n-21-4f1e0f06f4a69918a83b363e208353af\">\n#top .hr.av-k5wbd76n-21-4f1e0f06f4a69918a83b363e208353af{\nmargin-top:30px;\nmargin-bottom:50px;\n}\n.hr.av-k5wbd76n-21-4f1e0f06f4a69918a83b363e208353af .hr-inner{\nwidth:80px;\nborder-color:#ffffff;\n}\n<\/style>\n<div  class='hr av-k5wbd76n-21-4f1e0f06f4a69918a83b363e208353af hr-custom  avia-builder-el-16  el_after_av_heading  el_before_av_textblock  hr-center hr-icon-no'><span class='hr-inner inner-border-av-border-fat'><span class=\"hr-inner-style\"><\/span><\/span><\/div><br \/>\n\n<style type=\"text\/css\" data-created_by=\"avia_inline_auto\" id=\"style-css-av-k6rpdfxs-bae0743e9e803a610236f9ad4610a463\">\n#top .av_textblock_section.av-k6rpdfxs-bae0743e9e803a610236f9ad4610a463 .avia_textblock{\nfont-size:24px;\ncolor:#ffffff;\n}\n<\/style>\n<section  class='av_textblock_section av-k6rpdfxs-bae0743e9e803a610236f9ad4610a463'  itemscope=\"itemscope\" itemtype=\"https:\/\/schema.org\/CreativeWork\" ><div class='avia_textblock av_inherit_color'  itemprop=\"text\" ><p style=\"text-align: center;\">Sie ben\u00f6tigen einen Portraitfotografen in Luzern? Oder professionelle Eventfotos? Nehmen sie jetzt Kontakt mit mir auf. Ich bin Ihr Fotograf und schnell vor Ort.<\/p>\n<\/div><\/section><br \/>\n\n<style type=\"text\/css\" data-created_by=\"avia_inline_auto\" id=\"style-css-av-k5wbd76n-13-69391a18eca84409ee3d71196e030377\">\n#top .hr.av-k5wbd76n-13-69391a18eca84409ee3d71196e030377{\nmargin-top:30px;\nmargin-bottom:50px;\n}\n.hr.av-k5wbd76n-13-69391a18eca84409ee3d71196e030377 .hr-inner{\nwidth:80px;\nborder-color:#ffffff;\n}\n<\/style>\n<div  class='hr av-k5wbd76n-13-69391a18eca84409ee3d71196e030377 hr-custom  avia-builder-el-18  el_after_av_textblock  el_before_av_button  hr-center hr-icon-no'><span class='hr-inner inner-border-av-border-fat'><span class=\"hr-inner-style\"><\/span><\/span><\/div><br \/>\n<div  class='avia-button-wrap av-k5wbvrky-75d1b4a95dad7b15d872b3f9c8556efd-wrap avia-button-center  avia-builder-el-19  el_after_av_hr  avia-builder-el-last '><a href='https:\/\/www.grether-photography.com\/en\/kontakt\/'  class='avia-button av-k5wbvrky-75d1b4a95dad7b15d872b3f9c8556efd avia-icon_select-yes-right-icon avia-size-large avia-position-center avia-color-light'  ><span class='avia_iconbox_title' >Kontakt aufnehmen<\/span><span class='avia_button_icon avia_button_icon_right' aria-hidden='true' data-av_icon='\ue832' data-av_iconfont='entypo-fontello'><\/span><\/a><\/div><\/p><\/div>\n\n<\/div><\/div><\/div><!-- close content main div --><\/div><\/div><\/div><div id='av_section_3'  class='avia-section av-q0w7-14-823db29f3aa38dec4ee913bf7f980326 main_color avia-section-huge avia-no-border-styling  avia-builder-el-20  el_after_av_section  el_before_av_postcontent  avia-bg-style-scroll container_wrap fullsize'  ><div class='container av-section-cont-open' ><div class='template-page content  av-content-full alpha units'><div class='post-entry post-entry-type-page post-entry-3114'><div class='entry-content-wrapper clearfix'>\n\n<style type=\"text\/css\" data-created_by=\"avia_inline_auto\" id=\"style-css-av-875pju-2baeca37d233a996231d81074dd3f747\">\n#top .av-special-heading.av-875pju-2baeca37d233a996231d81074dd3f747{\npadding-bottom:10px;\n}\nbody .av-special-heading.av-875pju-2baeca37d233a996231d81074dd3f747 .av-special-heading-tag .heading-char{\nfont-size:25px;\n}\n.av-special-heading.av-875pju-2baeca37d233a996231d81074dd3f747 .av-subheading{\nfont-size:25px;\n}\n<\/style>\n<div  class='av-special-heading av-875pju-2baeca37d233a996231d81074dd3f747 av-special-heading-h2 blockquote modern-quote modern-centered  avia-builder-el-21  el_before_av_hr  avia-builder-el-first '><h2 class='av-special-heading-tag'  itemprop=\"headline\"  >Ihr Portraitfotograf f\u00fcr Luzern<\/h2><div class='av-subheading av-subheading_below'><p>Indoor oder Outdoor<\/p>\n<\/div><div class=\"special-heading-border\"><div class=\"special-heading-inner-border\"><\/div><\/div><\/div>\n\n<style type=\"text\/css\" data-created_by=\"avia_inline_auto\" id=\"style-css-av-k5wbd76n-12-e9210cbb1b836856a989d95edf03264d\">\n#top .hr.av-k5wbd76n-12-e9210cbb1b836856a989d95edf03264d{\nmargin-top:30px;\nmargin-bottom:30px;\n}\n.hr.av-k5wbd76n-12-e9210cbb1b836856a989d95edf03264d .hr-inner{\nwidth:80px;\nborder-color:#353535;\n}\n<\/style>\n<div  class='hr av-k5wbd76n-12-e9210cbb1b836856a989d95edf03264d hr-custom  avia-builder-el-22  el_after_av_heading  el_before_av_one_half  hr-center hr-icon-no'><span class='hr-inner inner-border-av-border-fat'><span class=\"hr-inner-style\"><\/span><\/span><\/div>\n\n<style type=\"text\/css\" data-created_by=\"avia_inline_auto\" id=\"style-css-av-k5wbrmfc-18-26d396303bca7f8cc1e9560a497be7c2\">\n#top .flex_column.av-k5wbrmfc-18-26d396303bca7f8cc1e9560a497be7c2{\nmargin-top:30px;\nmargin-bottom:30px;\n}\n.flex_column.av-k5wbrmfc-18-26d396303bca7f8cc1e9560a497be7c2{\n-webkit-border-radius:0px 0px 0px 0px;\n-moz-border-radius:0px 0px 0px 0px;\nborder-radius:0px 0px 0px 0px;\npadding:0px 0px 0px 0px;\n}\n.responsive #top #wrap_all .flex_column.av-k5wbrmfc-18-26d396303bca7f8cc1e9560a497be7c2{\nmargin-top:30px;\nmargin-bottom:30px;\n}\n<\/style>\n<div class='flex_column av-k5wbrmfc-18-26d396303bca7f8cc1e9560a497be7c2 av_one_half  avia-builder-el-23  el_after_av_hr  el_before_av_one_half  first flex_column_div av-animated-generic pop-up av-zero-column-padding '     ><article  class='iconbox iconbox_left av-k88ohuh8-fe9b38eb512ea9e2b8c2a0a9ae3eecff  avia-builder-el-24  avia-builder-el-no-sibling '  itemscope=\"itemscope\" itemtype=\"https:\/\/schema.org\/CreativeWork\" ><div class=\"iconbox_content\"><header class=\"entry-content-header\"><div class=\"iconbox_icon heading-color\" aria-hidden='true' data-av_icon='\ue82b' data-av_iconfont='entypo-fontello'><\/div><h3 class='iconbox_content_title '  itemprop=\"headline\" >Einsatzbereit in Luzern<\/h3><\/header><div class='iconbox_content_container '  itemprop=\"text\" ><p>Auch als Portraitfotograf bin ich in Luzern einsatzbereit. Vielleicht m\u00f6chten Sie die Ansprechpartner Ihres Unternehmens sympathisch in Szene setzen oder Sie w\u00fcnschen sich ein hochwertiges Bewerbungsfoto? Wir k\u00f6nnen die Fotoshootings Indoor unter den Aspekten der perfekten Belichtung durchf\u00fchren. Oder wir gehen hinaus in die Stadt Luzern und nutzen die Kulisse der Stadt als Hintergrund f\u00fcr das Fotoshooting.<\/p>\n<\/div><\/div><footer class=\"entry-footer\"><\/footer><\/article><\/div>\n<style type=\"text\/css\" data-created_by=\"avia_inline_auto\" id=\"style-css-av-k5wbrmfc-10-c0970e10cdeca54aceb6ab6b3c83ac7d\">\n#top .flex_column.av-k5wbrmfc-10-c0970e10cdeca54aceb6ab6b3c83ac7d{\nmargin-top:30px;\nmargin-bottom:30px;\n}\n.flex_column.av-k5wbrmfc-10-c0970e10cdeca54aceb6ab6b3c83ac7d{\n-webkit-border-radius:0px 0px 0px 0px;\n-moz-border-radius:0px 0px 0px 0px;\nborder-radius:0px 0px 0px 0px;\npadding:0px 0px 0px 0px;\n}\n.responsive #top #wrap_all .flex_column.av-k5wbrmfc-10-c0970e10cdeca54aceb6ab6b3c83ac7d{\nmargin-top:30px;\nmargin-bottom:30px;\n}\n<\/style>\n<div class='flex_column av-k5wbrmfc-10-c0970e10cdeca54aceb6ab6b3c83ac7d av_one_half  avia-builder-el-25  el_after_av_one_half  avia-builder-el-last  flex_column_div av-animated-generic pop-up av-zero-column-padding '     ><article  class='iconbox iconbox_left av-k88ohuh8-9-ab50b93d0308dfdf92d3a37fb38d6e2d  avia-builder-el-26  avia-builder-el-no-sibling '  itemscope=\"itemscope\" itemtype=\"https:\/\/schema.org\/CreativeWork\" ><div class=\"iconbox_content\"><header class=\"entry-content-header\"><div class=\"iconbox_icon heading-color\" aria-hidden='true' data-av_icon='\ue842' data-av_iconfont='entypo-fontello'><\/div><h3 class='iconbox_content_title '  itemprop=\"headline\" >Luzern am Vierwaldst\u00e4ttersee<\/h3><\/header><div class='iconbox_content_container '  itemprop=\"text\" ><p>Am Vierwaldst\u00e4ttersee gelegen bietet Luzern viele sch\u00f6ne Kulissen f\u00fcr einen Outdoor-Hintergrund Ihres Fotoshootings. Wenn typische Wahrzeichen der Stadt in das Foto hineinfliessen sollen, dann bieten sich etwa die blumengeschm\u00fcckte Kapellbr\u00fccke oder der Wasserturm an. Oder wir nutzen das Bergmassiv des Pilatus als Hintergrund f\u00fcr Ihre Fotos.<\/p>\n<\/div><\/div><footer class=\"entry-footer\"><\/footer><\/article><\/div>\n\n[av_masonry_gallery ids='6988,6182,6199,11432,4044' caption_elements='title excerpt' caption_styling='' caption_display='always' img_copyright='' size='fixed' orientation='' image_size='masonry' gap='large' columns='5' av-desktop-columns='' av-medium-columns='' av-small-columns='' av-mini-columns='' items='24' paginate='none' color='' custom_bg='' img_copyright_font='' av-desktop-font-img_copyright_font='' av-medium-font-img_copyright_font='' av-small-font-img_copyright_font='' av-mini-font-img_copyright_font='' img_copyright_color='' img_copyright_bg='' animation='active' animation_duration='' animation_custom_bg_color='' animation_custom_bg_color_multi_list='' animation_z_index_curtain='100' overlay_fx='' container_links='active' link_dest='' lightbox_text='' img_scrset='' lazy_loading='disabled' alb_description='' id='' custom_class='' template_class='' av_uid='av-l0tc71bo' sc_version='1.0']\r\n\r\n\n<div id='av_section_4'  class='avia-section av-nc888-26b66276b998fd4c71f6cda9f4579382 main_color avia-section-default avia-no-border-styling  avia-builder-el-28  el_after_av_postcontent  el_before_av_section  avia-bg-style-scroll container_wrap fullsize'  ><div class='container av-section-cont-open' ><div class='template-page content  av-content-full alpha units'><div class='post-entry post-entry-type-page post-entry-3114'><div class='entry-content-wrapper clearfix'>\n\n<style type=\"text\/css\" data-created_by=\"avia_inline_auto\" id=\"style-css-av-k5wbrmfc-8-f57fa9e09232f40d3a0df92faf2d3026\">\n#top .flex_column.av-k5wbrmfc-8-f57fa9e09232f40d3a0df92faf2d3026{\nmargin-top:30px;\nmargin-bottom:30px;\n}\n.flex_column.av-k5wbrmfc-8-f57fa9e09232f40d3a0df92faf2d3026{\n-webkit-border-radius:0px 0px 0px 0px;\n-moz-border-radius:0px 0px 0px 0px;\nborder-radius:0px 0px 0px 0px;\npadding:0px 0px 0px 0px;\n}\n.responsive #top #wrap_all .flex_column.av-k5wbrmfc-8-f57fa9e09232f40d3a0df92faf2d3026{\nmargin-top:30px;\nmargin-bottom:30px;\n}\n<\/style>\n<div class='flex_column av-k5wbrmfc-8-f57fa9e09232f40d3a0df92faf2d3026 av_one_half  avia-builder-el-29  el_before_av_one_half  avia-builder-el-first  first flex_column_div av-animated-generic top-to-bottom av-zero-column-padding '     ><p>\n<style type=\"text\/css\" data-created_by=\"avia_inline_auto\" id=\"style-css-av-4gjur-afc78633647a35482f5e2d82e29e2602\">\n#top .av-special-heading.av-4gjur-afc78633647a35482f5e2d82e29e2602{\npadding-bottom:25px;\n}\nbody .av-special-heading.av-4gjur-afc78633647a35482f5e2d82e29e2602 .av-special-heading-tag .heading-char{\nfont-size:25px;\n}\n.av-special-heading.av-4gjur-afc78633647a35482f5e2d82e29e2602 .av-subheading{\nfont-size:15px;\n}\n<\/style>\n<div  class='av-special-heading av-4gjur-afc78633647a35482f5e2d82e29e2602 av-special-heading-h3 blockquote modern-quote  avia-builder-el-30  el_before_av_image  avia-builder-el-first  av-linked-heading'><h3 class='av-special-heading-tag'  itemprop=\"headline\"  >Ihr Fotograf<\/h3><div class=\"special-heading-border\"><div class=\"special-heading-inner-border\"><\/div><\/div><\/div><br \/>\n\n<style type=\"text\/css\" data-created_by=\"avia_inline_auto\" id=\"style-css-av-2umv-19-35a332540f2ac570963095179e3057b1\">\n.avia-image-container.av-2umv-19-35a332540f2ac570963095179e3057b1 img.avia_image{\nbox-shadow:none;\n}\n.avia-image-container.av-2umv-19-35a332540f2ac570963095179e3057b1 .av-image-caption-overlay-center{\ncolor:#ffffff;\n}\n<\/style>\n<div  class='avia-image-container av-2umv-19-35a332540f2ac570963095179e3057b1 av-styling- avia-align-center  avia-builder-el-31  el_after_av_heading  el_before_av_textblock '   itemprop=\"image\" itemscope=\"itemscope\" itemtype=\"https:\/\/schema.org\/ImageObject\" ><div class=\"avia-image-container-inner\"><div class=\"avia-image-overlay-wrap\"><img decoding=\"async\" class='wp-image-4666 avia-img-lazy-loading-not-4666 avia_image ' src=\"https:\/\/www.grether-photography.com\/wp-content\/uploads\/2020\/07\/Portrait_Laurin.jpg\" alt='' title='Portrait_Laurin'  height=\"1708\" width=\"2560\"  itemprop=\"thumbnailUrl\" srcset=\"https:\/\/www.grether-photography.com\/wp-content\/uploads\/2020\/07\/Portrait_Laurin.jpg 2560w, https:\/\/www.grether-photography.com\/wp-content\/uploads\/2020\/07\/Portrait_Laurin-300x200.jpg 300w, https:\/\/www.grether-photography.com\/wp-content\/uploads\/2020\/07\/Portrait_Laurin-1030x687.jpg 1030w, https:\/\/www.grether-photography.com\/wp-content\/uploads\/2020\/07\/Portrait_Laurin-768x512.jpg 768w, https:\/\/www.grether-photography.com\/wp-content\/uploads\/2020\/07\/Portrait_Laurin-1536x1025.jpg 1536w, https:\/\/www.grether-photography.com\/wp-content\/uploads\/2020\/07\/Portrait_Laurin-2048x1366.jpg 2048w, https:\/\/www.grether-photography.com\/wp-content\/uploads\/2020\/07\/Portrait_Laurin-18x12.jpg 18w, https:\/\/www.grether-photography.com\/wp-content\/uploads\/2020\/07\/Portrait_Laurin-1500x1001.jpg 1500w, https:\/\/www.grether-photography.com\/wp-content\/uploads\/2020\/07\/Portrait_Laurin-705x470.jpg 705w\" sizes=\"(max-width: 2560px) 100vw, 2560px\" \/><\/div><\/div><\/div><br \/>\n<section  class='av_textblock_section av-k5wbumfz-17-ace60ef76949f85074f1a46d82270a94'  itemscope=\"itemscope\" itemtype=\"https:\/\/schema.org\/CreativeWork\" ><div class='avia_textblock'  itemprop=\"text\" ><p><em><strong>Laurin Grether:<\/strong> F\u00fcr Sie unterwegs als Fotograf f\u00fcr Firmen, private Anl\u00e4sse, Immobilien, Familien, Protraits und vieles mehr.<br \/>\n<\/em><\/p>\n<\/div><\/section><br \/>\n\n<style type=\"text\/css\" data-created_by=\"avia_inline_auto\" id=\"style-css-av-k5wbd76n-11-db03cf9e79a4bd8d355cb4bc88557b6a\">\n#top .hr.hr-invisible.av-k5wbd76n-11-db03cf9e79a4bd8d355cb4bc88557b6a{\nheight:20px;\n}\n<\/style>\n<div  class='hr av-k5wbd76n-11-db03cf9e79a4bd8d355cb4bc88557b6a hr-invisible  avia-builder-el-33  el_after_av_textblock  avia-builder-el-last '><span class='hr-inner '><span class=\"hr-inner-style\"><\/span><\/span><\/div><\/p><\/div>\n<style type=\"text\/css\" data-created_by=\"avia_inline_auto\" id=\"style-css-av-k5wbrmfc-7-afaba5808d753f20cc94dbabf8fa9254\">\n#top .flex_column.av-k5wbrmfc-7-afaba5808d753f20cc94dbabf8fa9254{\nmargin-top:30px;\nmargin-bottom:30px;\n}\n.flex_column.av-k5wbrmfc-7-afaba5808d753f20cc94dbabf8fa9254{\n-webkit-border-radius:0px 0px 0px 0px;\n-moz-border-radius:0px 0px 0px 0px;\nborder-radius:0px 0px 0px 0px;\npadding:0px 0px 0px 0px;\n}\n.responsive #top #wrap_all .flex_column.av-k5wbrmfc-7-afaba5808d753f20cc94dbabf8fa9254{\nmargin-top:30px;\nmargin-bottom:30px;\n}\n<\/style>\n<div class='flex_column av-k5wbrmfc-7-afaba5808d753f20cc94dbabf8fa9254 av_one_half  avia-builder-el-34  el_after_av_one_half  avia-builder-el-last  flex_column_div av-animated-generic top-to-bottom av-zero-column-padding '     ><p>\n<style type=\"text\/css\" data-created_by=\"avia_inline_auto\" id=\"style-css-av-10mav7-51c2b53afda5b7dc0cf27cc3177b12f3\">\n#top .av-special-heading.av-10mav7-51c2b53afda5b7dc0cf27cc3177b12f3{\npadding-bottom:25px;\n}\nbody .av-special-heading.av-10mav7-51c2b53afda5b7dc0cf27cc3177b12f3 .av-special-heading-tag .heading-char{\nfont-size:25px;\n}\n.av-special-heading.av-10mav7-51c2b53afda5b7dc0cf27cc3177b12f3 .av-subheading{\nfont-size:15px;\n}\n<\/style>\n<div  class='av-special-heading av-10mav7-51c2b53afda5b7dc0cf27cc3177b12f3 av-special-heading-h3 blockquote modern-quote  avia-builder-el-35  el_before_av_iconlist  avia-builder-el-first  av-linked-heading'><h3 class='av-special-heading-tag'  itemprop=\"headline\"  >In der ganzen Schweiz f\u00fcr Sie da<\/h3><div class=\"special-heading-border\"><div class=\"special-heading-inner-border\"><\/div><\/div><\/div><br \/>\n\n<style type=\"text\/css\" data-created_by=\"avia_inline_auto\" id=\"style-css-av-k6c4hnu5-a8c659ef8d0e58a7a00a89dc5a6cc770\">\n#top .avia-icon-list-container.av-k6c4hnu5-a8c659ef8d0e58a7a00a89dc5a6cc770 .iconlist_icon{\ncolor:#ffffff;\nbackground-color:#353535;\n}\n<\/style>\n<div  class='avia-icon-list-container av-k6c4hnu5-a8c659ef8d0e58a7a00a89dc5a6cc770  avia-builder-el-36  el_after_av_heading  el_before_av_textblock '><ul class='avia-icon-list avia_animate_when_almost_visible avia-icon-list-left av-iconlist-small av-k6c4hnu5-a8c659ef8d0e58a7a00a89dc5a6cc770 avia-iconlist-animate'>\n<li><div class='iconlist_icon av-wsjrf-db66319a973c51cefdea9ddf9f445434 avia-font-entypo-fontello'><span class='iconlist-char' aria-hidden='true' data-av_icon='\ue881' data-av_iconfont='entypo-fontello'><\/span><\/div><article class=\"article-icon-entry av-iconlist-empty\"  itemscope=\"itemscope\" itemtype=\"https:\/\/schema.org\/CreativeWork\" ><div class=\"iconlist_content_wrap\"><header class=\"entry-content-header\"><div class='av_iconlist_title iconlist_title_small  '  itemprop=\"headline\" ><a href='https:\/\/www.grether-photography.com\/en\/luzern-zug-schwyz\/fotograf-zug\/' title='Ich habe als Fotograf auch Kunden in Zug'>Ich habe als Fotograf auch Kunden in Zug<\/a><\/div><\/header><div class='iconlist_content '  itemprop=\"text\" ><\/div><\/div><footer class=\"entry-footer\"><\/footer><\/article><div class=\"iconlist-timeline\"><\/div><\/li>\n<li><div class='iconlist_icon av-q9amj-f14fca23f279496d1746a7c0bd5cc0a1 avia-font-entypo-fontello'><span class='iconlist-char' aria-hidden='true' data-av_icon='\ue881' data-av_iconfont='entypo-fontello'><\/span><\/div><article class=\"article-icon-entry av-iconlist-empty\"  itemscope=\"itemscope\" itemtype=\"https:\/\/schema.org\/CreativeWork\" ><div class=\"iconlist_content_wrap\"><header class=\"entry-content-header\"><div class='av_iconlist_title iconlist_title_small  '  itemprop=\"headline\" ><a href='https:\/\/www.grether-photography.com\/en\/luzern-zug-schwyz\/portraitfotograf-luzern-zug-schwyz\/' title='Immer beliebt: Portraitfotos privat oder f\u00fcr Firmen'>Immer beliebt: Portraitfotos privat oder f\u00fcr Firmen<\/a><\/div><\/header><div class='iconlist_content '  itemprop=\"text\" ><\/div><\/div><footer class=\"entry-footer\"><\/footer><\/article><div class=\"iconlist-timeline\"><\/div><\/li>\n<li><div class='iconlist_icon av-2c4b7-76056221ac83235e87c5afb0d03813b3 avia-font-entypo-fontello'><span class='iconlist-char' aria-hidden='true' data-av_icon='\ue881' data-av_iconfont='entypo-fontello'><\/span><\/div><article class=\"article-icon-entry av-iconlist-empty\"  itemscope=\"itemscope\" itemtype=\"https:\/\/schema.org\/CreativeWork\" ><div class=\"iconlist_content_wrap\"><header class=\"entry-content-header\"><div class='av_iconlist_title iconlist_title_small  '  itemprop=\"headline\" ><a href='https:\/\/www.grether-photography.com\/en\/zuerich-aargau\/fotograf-aargau\/' title='Als Fotograf im ganzen Aargau im Einsatz'>Als Fotograf im ganzen Aargau im Einsatz<\/a><\/div><\/header><div class='iconlist_content '  itemprop=\"text\" ><\/div><\/div><footer class=\"entry-footer\"><\/footer><\/article><div class=\"iconlist-timeline\"><\/div><\/li>\n<li><div class='iconlist_icon av-cpsgz-45e5a6cf94b714570e92f91fdd10d8f6 avia-font-entypo-fontello'><span class='iconlist-char' aria-hidden='true' data-av_icon='\ue881' data-av_iconfont='entypo-fontello'><\/span><\/div><article class=\"article-icon-entry av-iconlist-empty\"  itemscope=\"itemscope\" itemtype=\"https:\/\/schema.org\/CreativeWork\" ><div class=\"iconlist_content_wrap\"><header class=\"entry-content-header\"><div class='av_iconlist_title iconlist_title_small  '  itemprop=\"headline\" ><a href='https:\/\/www.grether-photography.com\/en\/zuerich-aargau\/fotograf-schlieren\/' title='Ich mache auch Fotos privat oder f\u00fcr Firmen in Schlieren'>Ich mache auch Fotos privat oder f\u00fcr Firmen in Schlieren<\/a><\/div><\/header><div class='iconlist_content '  itemprop=\"text\" ><\/div><\/div><footer class=\"entry-footer\"><\/footer><\/article><div class=\"iconlist-timeline\"><\/div><\/li>\n<li><div class='iconlist_icon av-7ctpn-c4129d30e5aec6e37d34479555a18881 avia-font-entypo-fontello'><span class='iconlist-char' aria-hidden='true' data-av_icon='\ue881' data-av_iconfont='entypo-fontello'><\/span><\/div><article class=\"article-icon-entry av-iconlist-empty\"  itemscope=\"itemscope\" itemtype=\"https:\/\/schema.org\/CreativeWork\" ><div class=\"iconlist_content_wrap\"><header class=\"entry-content-header\"><div class='av_iconlist_title iconlist_title_small  '  itemprop=\"headline\" ><a href='https:\/\/www.grether-photography.com\/en\/zuerich-aargau\/familienfotograf-zuerich-aargau\/' title='Fotos der ganzen Familie - immer ein Hit'>Fotos der ganzen Familie - immer ein Hit<\/a><\/div><\/header><div class='iconlist_content '  itemprop=\"text\" ><\/div><\/div><footer class=\"entry-footer\"><\/footer><\/article><div class=\"iconlist-timeline\"><\/div><\/li>\n<\/ul><\/div><br \/>\n<section  class='av_textblock_section av-k5wbumfz-6-a78278adffcdcc5341f4f3410d65cec6'  itemscope=\"itemscope\" itemtype=\"https:\/\/schema.org\/CreativeWork\" ><div class='avia_textblock'  itemprop=\"text\" ><p>Meine Dienstleistungen im \u00dcberblick: Das Fotoangebot ist vielf\u00e4ltig und erstreckt sich \u00fcber verschiedene Bereiche. Lassen Sie sich inspirieren und rufen Sie mich an &#8211; ich informiere Sie gerne \u00fcber Preise, Einsatz und M\u00f6glichkeiten.<\/p>\n<\/div><\/section><br \/>\n\n<style type=\"text\/css\" data-created_by=\"avia_inline_auto\" id=\"style-css-av-k5wbd76n-5-1836a2e71c776a2a38b97f717adf16a2\">\n#top .hr.hr-invisible.av-k5wbd76n-5-1836a2e71c776a2a38b97f717adf16a2{\nheight:20px;\n}\n<\/style>\n<div  class='hr av-k5wbd76n-5-1836a2e71c776a2a38b97f717adf16a2 hr-invisible  avia-builder-el-38  el_after_av_textblock  el_before_av_buttonrow '><span class='hr-inner '><span class=\"hr-inner-style\"><\/span><\/span><\/div><br \/>\n<div  class='avia-buttonrow-wrap av-kewxp7nr-2d3b281201091957b99f0f4976930a1f avia-buttonrow-left  avia-builder-el-39  el_after_av_hr  avia-builder-el-last '>\n\n<style type=\"text\/css\" data-created_by=\"avia_inline_auto\" id=\"style-css-av-g1gco-5d8b894c757d81da0e484c110e11ee2f\">\n#top #wrap_all .avia-button.av-g1gco-5d8b894c757d81da0e484c110e11ee2f{\nmargin-bottom:30px;\nmargin-right:30px;\n}\n<\/style>\n<a href='https:\/\/www.grether-photography.com\/en\/kontakt\/'  class='avia-button av-g1gco-5d8b894c757d81da0e484c110e11ee2f avia-icon_select-yes-left-icon avia-size-large avia-color-theme-color'  ><span class='avia_button_icon avia_button_icon_left ' aria-hidden='true' data-av_icon='\ue83c' data-av_iconfont='entypo-fontello'><\/span><span class='avia_iconbox_title' >Kontakt<\/span><\/a>\n\n<style type=\"text\/css\" data-created_by=\"avia_inline_auto\" id=\"style-css-av-bal48-4aef9fde07c43ef8621e4d2b188f889d\">\n#top #wrap_all .avia-button.av-bal48-4aef9fde07c43ef8621e4d2b188f889d{\nmargin-bottom:30px;\nmargin-right:30px;\n}\n<\/style>\n<a href='https:\/\/www.grether-photography.com\/en\/ueber-mich\/'  class='avia-button av-bal48-4aef9fde07c43ef8621e4d2b188f889d avia-icon_select-yes-left-icon avia-size-large avia-color-theme-color'  ><span class='avia_button_icon avia_button_icon_left ' aria-hidden='true' data-av_icon='\ue80a' data-av_iconfont='entypo-fontello'><\/span><span class='avia_iconbox_title' >\u00dcber mich<\/span><\/a>\n<\/div><\/p><\/div>\n\n<\/div><\/div><\/div><!-- close content main div --><\/div><\/div><div id='av_section_5'  class='avia-section av-6d1wv3-a15a7fd8d56f08359776b19c6ec56a40 alternate_color avia-section-huge avia-no-border-styling  avia-builder-el-40  el_after_av_section  el_before_av_postcontent  avia-bg-style-scroll container_wrap fullsize'  ><div class='container av-section-cont-open' ><div class='template-page content  av-content-full alpha units'><div class='post-entry post-entry-type-page post-entry-3114'><div class='entry-content-wrapper clearfix'>\n\n<style type=\"text\/css\" data-created_by=\"avia_inline_auto\" id=\"style-css-av-68i76y-3d89a004189b316d243f626e5bc28145\">\n#top .av-special-heading.av-68i76y-3d89a004189b316d243f626e5bc28145{\npadding-bottom:10px;\n}\nbody .av-special-heading.av-68i76y-3d89a004189b316d243f626e5bc28145 .av-special-heading-tag .heading-char{\nfont-size:25px;\n}\n.av-special-heading.av-68i76y-3d89a004189b316d243f626e5bc28145 .av-subheading{\nfont-size:25px;\n}\n<\/style>\n<div  class='av-special-heading av-68i76y-3d89a004189b316d243f626e5bc28145 av-special-heading-h2 blockquote modern-quote modern-centered  avia-builder-el-41  el_before_av_hr  avia-builder-el-first  av-linked-heading'><h2 class='av-special-heading-tag'  itemprop=\"headline\"  >Von der Eventfotografie<br \/>\nbis zur Businessfotografie<\/h2><div class=\"special-heading-border\"><div class=\"special-heading-inner-border\"><\/div><\/div><\/div>\n\n<style type=\"text\/css\" data-created_by=\"avia_inline_auto\" id=\"style-css-av-k5wbd76n-3-f0e3045e1856e838e265911adaa0afba\">\n#top .hr.av-k5wbd76n-3-f0e3045e1856e838e265911adaa0afba{\nmargin-top:30px;\nmargin-bottom:30px;\n}\n.hr.av-k5wbd76n-3-f0e3045e1856e838e265911adaa0afba .hr-inner{\nwidth:80px;\nborder-color:#353535;\n}\n<\/style>\n<div  class='hr av-k5wbd76n-3-f0e3045e1856e838e265911adaa0afba hr-custom  avia-builder-el-42  el_after_av_heading  el_before_av_one_half  hr-center hr-icon-no'><span class='hr-inner inner-border-av-border-fat'><span class=\"hr-inner-style\"><\/span><\/span><\/div>\n\n<style type=\"text\/css\" data-created_by=\"avia_inline_auto\" id=\"style-css-av-3pkev3-650f728ebdccd88ae662443098ff15da\">\n#top .flex_column.av-3pkev3-650f728ebdccd88ae662443098ff15da{\nmargin-top:30px;\nmargin-bottom:30px;\n}\n.flex_column.av-3pkev3-650f728ebdccd88ae662443098ff15da{\n-webkit-border-radius:0px 0px 0px 0px;\n-moz-border-radius:0px 0px 0px 0px;\nborder-radius:0px 0px 0px 0px;\npadding:0px 0px 0px 0px;\n}\n.responsive #top #wrap_all .flex_column.av-3pkev3-650f728ebdccd88ae662443098ff15da{\nmargin-top:30px;\nmargin-bottom:30px;\n}\n<\/style>\n<div class='flex_column av-3pkev3-650f728ebdccd88ae662443098ff15da av_one_half  avia-builder-el-43  el_after_av_hr  el_before_av_one_half  first flex_column_div av-animated-generic bottom-to-top av-zero-column-padding '     ><p>\n<style type=\"text\/css\" data-created_by=\"avia_inline_auto\" id=\"style-css-av-40im2i-17b282a9802d82691e8606e2bb855491\">\n#top .av-special-heading.av-40im2i-17b282a9802d82691e8606e2bb855491{\npadding-bottom:10px;\n}\nbody .av-special-heading.av-40im2i-17b282a9802d82691e8606e2bb855491 .av-special-heading-tag .heading-char{\nfont-size:25px;\n}\n.av-special-heading.av-40im2i-17b282a9802d82691e8606e2bb855491 .av-subheading{\nfont-size:15px;\n}\n<\/style>\n<div  class='av-special-heading av-40im2i-17b282a9802d82691e8606e2bb855491 av-special-heading-h3 blockquote modern-quote  avia-builder-el-44  el_before_av_textblock  avia-builder-el-first '><h3 class='av-special-heading-tag'  itemprop=\"headline\"  >Grosses Angebot<\/h3><div class=\"special-heading-border\"><div class=\"special-heading-inner-border\"><\/div><\/div><\/div><br \/>\n<section  class='av_textblock_section av-k6krixsu-cf25db6553a3539bb9f32e8e46d00447'  itemscope=\"itemscope\" itemtype=\"https:\/\/schema.org\/CreativeWork\" ><div class='avia_textblock'  itemprop=\"text\" ><p>Professionelle Fotografie kennt viele Anwendungen. Hier einige Beispiele:<\/p>\n<\/div><\/section><br \/>\n\n<style type=\"text\/css\" data-created_by=\"avia_inline_auto\" id=\"style-css-av-k6c4hnu5-4-0a6e674a5fc95ed2c22b99e440613243\">\n#top .avia-icon-list-container.av-k6c4hnu5-4-0a6e674a5fc95ed2c22b99e440613243 .iconlist_icon{\ncolor:#ffffff;\nbackground-color:#353535;\n}\n<\/style>\n<div  class='avia-icon-list-container av-k6c4hnu5-4-0a6e674a5fc95ed2c22b99e440613243  avia-builder-el-46  el_after_av_textblock  avia-builder-el-last '><ul class='avia-icon-list avia_animate_when_almost_visible avia-icon-list-left av-iconlist-small av-k6c4hnu5-4-0a6e674a5fc95ed2c22b99e440613243 avia-iconlist-animate'>\n<li><div class='iconlist_icon av-46tt2y-dabb9f7c9e2c32663ab456645ba928c4 avia-font-entypo-fontello'><span class='iconlist-char' aria-hidden='true' data-av_icon='\ue812' data-av_iconfont='entypo-fontello'><\/span><\/div><article class=\"article-icon-entry av-iconlist-empty\"  itemscope=\"itemscope\" itemtype=\"https:\/\/schema.org\/CreativeWork\" ><div class=\"iconlist_content_wrap\"><header class=\"entry-content-header\"><div class='av_iconlist_title iconlist_title_small  '  itemprop=\"headline\" ><a href='https:\/\/www.grether-photography.com\/en\/dienstleistungen\/businessfotografie\/' title='Die Businessfotografie'>Die Businessfotografie<\/a><\/div><\/header><div class='iconlist_content '  itemprop=\"text\" ><\/div><\/div><footer class=\"entry-footer\"><\/footer><\/article><div class=\"iconlist-timeline\"><\/div><\/li>\n<li><div class='iconlist_icon av-6up8mi-9a3f6255f1be973fd10a7fc4757dae7b avia-font-entypo-fontello'><span class='iconlist-char' aria-hidden='true' data-av_icon='\ue812' data-av_iconfont='entypo-fontello'><\/span><\/div><article class=\"article-icon-entry av-iconlist-empty\"  itemscope=\"itemscope\" itemtype=\"https:\/\/schema.org\/CreativeWork\" ><div class=\"iconlist_content_wrap\"><header class=\"entry-content-header\"><div class='av_iconlist_title iconlist_title_small  '  itemprop=\"headline\" ><a href='https:\/\/www.grether-photography.com\/en\/dienstleistungen\/eventfotografie\/' title='Die Eventfotografie'>Die Eventfotografie<\/a><\/div><\/header><div class='iconlist_content '  itemprop=\"text\" ><\/div><\/div><footer class=\"entry-footer\"><\/footer><\/article><div class=\"iconlist-timeline\"><\/div><\/li>\n<li><div class='iconlist_icon av-br7mca-ed99b50caa24377da72a897df1f63ffa avia-font-entypo-fontello'><span class='iconlist-char' aria-hidden='true' data-av_icon='\ue812' data-av_iconfont='entypo-fontello'><\/span><\/div><article class=\"article-icon-entry av-iconlist-empty\"  itemscope=\"itemscope\" itemtype=\"https:\/\/schema.org\/CreativeWork\" ><div class=\"iconlist_content_wrap\"><header class=\"entry-content-header\"><div class='av_iconlist_title iconlist_title_small  '  itemprop=\"headline\" ><a href='https:\/\/www.grether-photography.com\/en\/dienstleistungen\/immobilienfotografie\/' title='Die Immobilienfotografie'>Die Immobilienfotografie<\/a><\/div><\/header><div class='iconlist_content '  itemprop=\"text\" ><\/div><\/div><footer class=\"entry-footer\"><\/footer><\/article><div class=\"iconlist-timeline\"><\/div><\/li>\n<li><div class='iconlist_icon av-6jacyi-7f6ee2ed5e8a9f4b2cabb3e40ca2b0d5 avia-font-entypo-fontello'><span class='iconlist-char' aria-hidden='true' data-av_icon='\ue812' data-av_iconfont='entypo-fontello'><\/span><\/div><article class=\"article-icon-entry av-iconlist-empty\"  itemscope=\"itemscope\" itemtype=\"https:\/\/schema.org\/CreativeWork\" ><div class=\"iconlist_content_wrap\"><header class=\"entry-content-header\"><div class='av_iconlist_title iconlist_title_small  '  itemprop=\"headline\" ><a href='https:\/\/www.grether-photography.com\/en\/dienstleistungen\/portraitfotografie\/' title='Die Portraitfotografie'>Die Portraitfotografie<\/a><\/div><\/header><div class='iconlist_content '  itemprop=\"text\" ><\/div><\/div><footer class=\"entry-footer\"><\/footer><\/article><div class=\"iconlist-timeline\"><\/div><\/li>\n<li><div class='iconlist_icon av-a3lwyy-e8468e8816743e4733cbec94fcad2687 avia-font-entypo-fontello'><span class='iconlist-char' aria-hidden='true' data-av_icon='\ue812' data-av_iconfont='entypo-fontello'><\/span><\/div><article class=\"article-icon-entry av-iconlist-empty\"  itemscope=\"itemscope\" itemtype=\"https:\/\/schema.org\/CreativeWork\" ><div class=\"iconlist_content_wrap\"><header class=\"entry-content-header\"><div class='av_iconlist_title iconlist_title_small  '  itemprop=\"headline\" ><a href='https:\/\/www.grether-photography.com\/en\/dienstleistungen\/drohnenfotografie\/' title='Die Drohnenfotografie'>Die Drohnenfotografie<\/a><\/div><\/header><div class='iconlist_content '  itemprop=\"text\" ><\/div><\/div><footer class=\"entry-footer\"><\/footer><\/article><div class=\"iconlist-timeline\"><\/div><\/li>\n<\/ul><\/div><\/p><\/div>\n<style type=\"text\/css\" data-created_by=\"avia_inline_auto\" id=\"style-css-av-3pkev3-2-451c282bdec3ef5fc6388ef566447e32\">\n#top .flex_column.av-3pkev3-2-451c282bdec3ef5fc6388ef566447e32{\nmargin-top:0px;\nmargin-bottom:0px;\n}\n.flex_column.av-3pkev3-2-451c282bdec3ef5fc6388ef566447e32{\n-webkit-border-radius:0px 0px 0px 0px;\n-moz-border-radius:0px 0px 0px 0px;\nborder-radius:0px 0px 0px 0px;\npadding:0px 0px 0px 0px;\n}\n.responsive #top #wrap_all .flex_column.av-3pkev3-2-451c282bdec3ef5fc6388ef566447e32{\nmargin-top:0px;\nmargin-bottom:0px;\n}\n<\/style>\n<div class='flex_column av-3pkev3-2-451c282bdec3ef5fc6388ef566447e32 av_one_half  avia-builder-el-47  el_after_av_one_half  avia-builder-el-last  flex_column_div av-animated-generic bottom-to-top av-zero-column-padding '     ><p>\n<style type=\"text\/css\" data-created_by=\"avia_inline_auto\" id=\"style-css-av-2uz76y-a9b89364d0a0f9c140c2d729e3a970d5\">\n#top .av-special-heading.av-2uz76y-a9b89364d0a0f9c140c2d729e3a970d5{\npadding-bottom:10px;\n}\nbody .av-special-heading.av-2uz76y-a9b89364d0a0f9c140c2d729e3a970d5 .av-special-heading-tag .heading-char{\nfont-size:25px;\n}\n.av-special-heading.av-2uz76y-a9b89364d0a0f9c140c2d729e3a970d5 .av-subheading{\nfont-size:15px;\n}\n<\/style>\n<div  class='av-special-heading av-2uz76y-a9b89364d0a0f9c140c2d729e3a970d5 av-special-heading-h3 blockquote modern-quote  avia-builder-el-48  el_before_av_textblock  avia-builder-el-first '><h3 class='av-special-heading-tag'  itemprop=\"headline\"  >Gute Planung<\/h3><div class=\"special-heading-border\"><div class=\"special-heading-inner-border\"><\/div><\/div><\/div><br \/>\n<section  class='av_textblock_section av-k6krixsu-1-e02fdc2e93730abeaba9d0ab89b630fb'  itemscope=\"itemscope\" itemtype=\"https:\/\/schema.org\/CreativeWork\" ><div class='avia_textblock'  itemprop=\"text\" ><p>Gute Planung im Vorfeld ist nat\u00fcrlich auch im Zusammenhang mit der Fotografie eine gute Sache. So k\u00f6nnen dann etwa beim Fotoshooting auf Events alle Highlights und Standorte f\u00fcr die Fotografie schon im Vorfeld besprochen werden.<\/p>\n<p>Sie ben\u00f6tigen einen Last-Minute Fotografen? Sicherlich l\u00e4sst sich auch das dann regeln.<\/p>\n<\/div><\/section><br \/>\n\n<style type=\"text\/css\" data-created_by=\"avia_inline_auto\" id=\"style-css-av-k875znth-16-41aa9153d22f6ab38e7849f2029d963a\">\n#top .hr.hr-invisible.av-k875znth-16-41aa9153d22f6ab38e7849f2029d963a{\nheight:15px;\n}\n<\/style>\n<div  class='hr av-k875znth-16-41aa9153d22f6ab38e7849f2029d963a hr-invisible  avia-builder-el-50  el_after_av_textblock  el_before_av_button '><span class='hr-inner '><span class=\"hr-inner-style\"><\/span><\/span><\/div><br \/>\n<div  class='avia-button-wrap av-k8760rp7-15-f6d075072aca63d29cc2a62582d3de87-wrap avia-button-left  avia-builder-el-51  el_after_av_hr  avia-builder-el-last '><a href='https:\/\/www.grether-photography.com\/en\/kontakt\/'  class='avia-button av-k8760rp7-15-f6d075072aca63d29cc2a62582d3de87 avia-icon_select-yes-right-icon avia-size-large avia-position-left avia-color-theme-color'  ><span class='avia_iconbox_title' >Fotoshooting buchen<\/span><span class='avia_button_icon avia_button_icon_right' aria-hidden='true' data-av_icon='\ue832' data-av_iconfont='entypo-fontello'><\/span><\/a><\/div><\/p><\/div>[av_section min_height='50' min_height_pc='25' min_height_px='500px' shadow='no-border-styling' bottom_border='no-border-styling' bottom_border_diagonal_color='#333333' bottom_border_diagonal_direction='' bottom_border_style='' padding='huge' custom_margin='0px' custom_margin_sync='true' av-desktop-custom_margin='' av-desktop-custom_margin_sync='true' av-medium-custom_margin='' av-medium-custom_margin_sync='true' av-small-custom_margin='' av-small-custom_margin_sync='true' av-mini-custom_margin='' av-mini-custom_margin_sync='true' svg_div_top='' svg_div_top_color='#333333' svg_div_top_width='100' svg_div_top_height='50' svg_div_top_max_height='none' svg_div_top_opacity='' svg_div_bottom='' svg_div_bottom_color='#333333' svg_div_bottom_width='100' svg_div_bottom_height='50' svg_div_bottom_max_height='none' svg_div_bottom_opacity='' color='main_color' background='bg_color' custom_bg='#000000' background_gradient_direction='vertical' background_gradient_color1='' background_gradient_color2='' background_gradient_color3='' src='https:\/\/www.grether-photography.com\/wp-content\/uploads\/2020\/01\/laurinfinal.jpg' attachment='441' attachment_size='full' attach='parallax' position='center left' repeat='no-repeat' video='' video_ratio='16:9' overlay_enable='aviaTBoverlay_enable' overlay_opacity='0.5' overlay_color='#5e5e5e' overlay_pattern='' overlay_custom_pattern='' custom_arrow_bg='' css_position_z_index='' av-desktop-css_position_z_index='' av-medium-css_position_z_index='' av-small-css_position_z_index='' av-mini-css_position_z_index='' id='' custom_class='' template_class='' aria_label='' av_element_hidden_in_editor='0' av_uid='av-k5wnmmam' sc_version='1.0']\r\n[av_two_fifth first min_height='' vertical_alignment='' space='' custom_margin='' margin='0px' row_boxshadow='' row_boxshadow_color='' row_boxshadow_width='10' link='' linktarget='' link_hover='' title_attr='' alt_attr='' padding='0px' highlight='' highlight_size='' border='' border_color='' radius='0px' column_boxshadow='' column_boxshadow_color='' column_boxshadow_width='10' background='bg_color' background_color='' background_gradient_color1='' background_gradient_color2='' background_gradient_direction='vertical' src='' background_position='top left' background_repeat='no-repeat' animation='' mobile_breaking='' mobile_display='' av_uid='av-76bpq']\r\n\r\n[\/av_two_fifth][av_three_fifth min_height='' vertical_alignment='' space='' custom_margin='' margin='0px' row_boxshadow='' row_boxshadow_color='' row_boxshadow_width='10' link='' linktarget='' link_hover='' title_attr='' alt_attr='' padding='0px' highlight='' highlight_size='' border='' border_color='' radius='0px' column_boxshadow='' column_boxshadow_color='' column_boxshadow_width='10' background='bg_color' background_color='' background_gradient_color1='' background_gradient_color2='' background_gradient_direction='vertical' src='' background_position='top left' background_repeat='no-repeat' animation='' mobile_breaking='' mobile_display='' av_uid='av-12g9r']\r\n\r\n[av_font_icon icon='ue833' font='entypo-fontello' style='' caption='' link='' linktarget='' size='55px' position='center' animation='' color='#ffffff' av_uid='av-k5wno1ds' custom_class='' admin_preview_bg=''][\/av_font_icon]\r\n\r\n[av_textblock size='30' font_color='custom' color='#ffffff' av-medium-font-size='' av-small-font-size='' av-mini-font-size='' av_uid='av-k5wnowjw' custom_class='' admin_preview_bg='']\r\n<p style=\"text-align: center;\"><em>Ein gutes Foto - da bin ich \u00fcberzeugt - ist eines, auf das man l\u00e4nger als eine Sekunde, ja l\u00e4nger als 10 Sekunden schaut.<\/em><\/p>\r\n[\/av_textblock]\r\n\r\n[av_button label='Laurin Grether' link='page,20' link_target='' size='large' position='center' label_display='' icon_select='yes-right-icon' icon='ue832' font='entypo-fontello' color='light' custom_bg='#444444' custom_font='#ffffff' av_uid='av-k5wbvrky' custom_class='' admin_preview_bg='']\r\n\r\n[\/av_three_fifth]\r\n[\/av_section]\r\n\r\n<\/p>\n","protected":false},"excerpt":{"rendered":"","protected":false},"author":1,"featured_media":0,"parent":1341,"menu_order":0,"comment_status":"closed","ping_status":"closed","template":"","meta":{"footnotes":""},"folder":[],"class_list":["post-3114","page","type-page","status-publish","hentry"],"yoast_head":"<!-- This site is optimized with the Yoast SEO plugin v27.5 - https:\/\/yoast.com\/product\/yoast-seo-wordpress\/ -->\n<title>Fotograf f\u00fcr Ihr Fotoshooting in Luzern | Grether Fotografie<\/title>\n<meta name=\"description\" content=\"Sie ben\u00f6tigen einen Portraitfotografen in Luzern? Oder professionelle Eventfotos? Nehmen sie jetzt Kontakt mit mir auf. Ich bin Ihr Fotograf f\u00fcr Luzern.\" \/>\n<meta name=\"robots\" content=\"index, follow, max-snippet:-1, max-image-preview:large, max-video-preview:-1\" \/>\n<link rel=\"canonical\" href=\"https:\/\/www.grether-photography.com\/en\/lucerne-zug-schwyz\/photographer-lucerne\/\" \/>\n<meta property=\"og:locale\" content=\"en_US\" \/>\n<meta property=\"og:type\" content=\"article\" \/>\n<meta property=\"og:title\" content=\"Fotograf f\u00fcr Ihr Fotoshooting in Luzern | Grether Fotografie\" \/>\n<meta property=\"og:description\" content=\"Sie ben\u00f6tigen einen Portraitfotografen in Luzern? Oder professionelle Eventfotos? Nehmen sie jetzt Kontakt mit mir auf. Ich bin Ihr Fotograf f\u00fcr Luzern.\" \/>\n<meta property=\"og:url\" content=\"https:\/\/www.grether-photography.com\/en\/lucerne-zug-schwyz\/photographer-lucerne\/\" \/>\n<meta property=\"og:site_name\" content=\"Grether Photography\" \/>\n<meta property=\"article:publisher\" content=\"https:\/\/www.facebook.com\/laurin.grether\" \/>\n<meta property=\"article:modified_time\" content=\"2025-03-26T13:28:47+00:00\" \/>\n<meta property=\"og:image\" content=\"https:\/\/www.grether-photography.com\/wp-content\/uploads\/2020\/05\/og-image.png\" \/>\n\t<meta property=\"og:image:width\" content=\"1200\" \/>\n\t<meta property=\"og:image:height\" content=\"630\" \/>\n\t<meta property=\"og:image:type\" content=\"image\/png\" \/>\n<meta name=\"twitter:label1\" content=\"Est. reading time\" \/>\n\t<meta name=\"twitter:data1\" content=\"8 minutes\" \/>\n<script type=\"application\/ld+json\" class=\"yoast-schema-graph\">{\"@context\":\"https:\\\/\\\/schema.org\",\"@graph\":[{\"@type\":\"WebPage\",\"@id\":\"https:\\\/\\\/www.grether-photography.com\\\/luzern-zug-schwyz\\\/fotograf-luzern\\\/\",\"url\":\"https:\\\/\\\/www.grether-photography.com\\\/luzern-zug-schwyz\\\/fotograf-luzern\\\/\",\"name\":\"Fotograf f\u00fcr Ihr Fotoshooting in Luzern | Grether Fotografie\",\"isPartOf\":{\"@id\":\"https:\\\/\\\/www.grether-photography.com\\\/#website\"},\"datePublished\":\"2020-03-26T10:49:39+00:00\",\"dateModified\":\"2025-03-26T13:28:47+00:00\",\"description\":\"Sie ben\u00f6tigen einen Portraitfotografen in Luzern? Oder professionelle Eventfotos? Nehmen sie jetzt Kontakt mit mir auf. Ich bin Ihr Fotograf f\u00fcr Luzern.\",\"breadcrumb\":{\"@id\":\"https:\\\/\\\/www.grether-photography.com\\\/luzern-zug-schwyz\\\/fotograf-luzern\\\/#breadcrumb\"},\"inLanguage\":\"en-US\",\"potentialAction\":[{\"@type\":\"ReadAction\",\"target\":[\"https:\\\/\\\/www.grether-photography.com\\\/luzern-zug-schwyz\\\/fotograf-luzern\\\/\"]}]},{\"@type\":\"BreadcrumbList\",\"@id\":\"https:\\\/\\\/www.grether-photography.com\\\/luzern-zug-schwyz\\\/fotograf-luzern\\\/#breadcrumb\",\"itemListElement\":[{\"@type\":\"ListItem\",\"position\":1,\"name\":\"Startseite\",\"item\":\"https:\\\/\\\/www.grether-photography.com\\\/startseite\\\/\"},{\"@type\":\"ListItem\",\"position\":2,\"name\":\"Luzern Schwyz Zug\",\"item\":\"https:\\\/\\\/www.grether-photography.com\\\/luzern-zug-schwyz\\\/\"},{\"@type\":\"ListItem\",\"position\":3,\"name\":\"Fotograf Luzern\"}]},{\"@type\":\"WebSite\",\"@id\":\"https:\\\/\\\/www.grether-photography.com\\\/#website\",\"url\":\"https:\\\/\\\/www.grether-photography.com\\\/\",\"name\":\"Grether Photography\",\"description\":\"Ihr Fotograf f\u00fcr das professionelle Fotoshooting\",\"potentialAction\":[{\"@type\":\"SearchAction\",\"target\":{\"@type\":\"EntryPoint\",\"urlTemplate\":\"https:\\\/\\\/www.grether-photography.com\\\/?s={search_term_string}\"},\"query-input\":{\"@type\":\"PropertyValueSpecification\",\"valueRequired\":true,\"valueName\":\"search_term_string\"}}],\"inLanguage\":\"en-US\"}]}<\/script>\n<!-- \/ Yoast SEO plugin. -->","yoast_head_json":{"title":"Photographer for your photo shoot in Lucerne | Grether Photography","description":"You need a portrait photographer in Lucerne? Or professional event photos? Contact me now. I am your photographer for Lucerne.","robots":{"index":"index","follow":"follow","max-snippet":"max-snippet:-1","max-image-preview":"max-image-preview:large","max-video-preview":"max-video-preview:-1"},"canonical":"https:\/\/www.grether-photography.com\/en\/lucerne-zug-schwyz\/photographer-lucerne\/","og_locale":"en_US","og_type":"article","og_title":"Fotograf f\u00fcr Ihr Fotoshooting in Luzern | Grether Fotografie","og_description":"Sie ben\u00f6tigen einen Portraitfotografen in Luzern? Oder professionelle Eventfotos? Nehmen sie jetzt Kontakt mit mir auf. Ich bin Ihr Fotograf f\u00fcr Luzern.","og_url":"https:\/\/www.grether-photography.com\/en\/lucerne-zug-schwyz\/photographer-lucerne\/","og_site_name":"Grether Photography","article_publisher":"https:\/\/www.facebook.com\/laurin.grether","article_modified_time":"2025-03-26T13:28:47+00:00","og_image":[{"width":1200,"height":630,"url":"https:\/\/www.grether-photography.com\/wp-content\/uploads\/2020\/05\/og-image.png","type":"image\/png"}],"twitter_misc":{"Est. reading time":"8 minutes"},"schema":{"@context":"https:\/\/schema.org","@graph":[{"@type":"WebPage","@id":"https:\/\/www.grether-photography.com\/luzern-zug-schwyz\/fotograf-luzern\/","url":"https:\/\/www.grether-photography.com\/luzern-zug-schwyz\/fotograf-luzern\/","name":"Photographer for your photo shoot in Lucerne | Grether Photography","isPartOf":{"@id":"https:\/\/www.grether-photography.com\/#website"},"datePublished":"2020-03-26T10:49:39+00:00","dateModified":"2025-03-26T13:28:47+00:00","description":"You need a portrait photographer in Lucerne? Or professional event photos? Contact me now. I am your photographer for Lucerne.","breadcrumb":{"@id":"https:\/\/www.grether-photography.com\/luzern-zug-schwyz\/fotograf-luzern\/#breadcrumb"},"inLanguage":"en-US","potentialAction":[{"@type":"ReadAction","target":["https:\/\/www.grether-photography.com\/luzern-zug-schwyz\/fotograf-luzern\/"]}]},{"@type":"BreadcrumbList","@id":"https:\/\/www.grether-photography.com\/luzern-zug-schwyz\/fotograf-luzern\/#breadcrumb","itemListElement":[{"@type":"ListItem","position":1,"name":"Startseite","item":"https:\/\/www.grether-photography.com\/startseite\/"},{"@type":"ListItem","position":2,"name":"Luzern Schwyz Zug","item":"https:\/\/www.grether-photography.com\/luzern-zug-schwyz\/"},{"@type":"ListItem","position":3,"name":"Fotograf Luzern"}]},{"@type":"WebSite","@id":"https:\/\/www.grether-photography.com\/#website","url":"https:\/\/www.grether-photography.com\/","name":"Grether Photography","description":"Your photographer for the professional photo shoot","potentialAction":[{"@type":"SearchAction","target":{"@type":"EntryPoint","urlTemplate":"https:\/\/www.grether-photography.com\/?s={search_term_string}"},"query-input":{"@type":"PropertyValueSpecification","valueRequired":true,"valueName":"search_term_string"}}],"inLanguage":"en-US"}]}},"_links":{"self":[{"href":"https:\/\/www.grether-photography.com\/en\/wp-json\/wp\/v2\/pages\/3114","targetHints":{"allow":["GET"]}}],"collection":[{"href":"https:\/\/www.grether-photography.com\/en\/wp-json\/wp\/v2\/pages"}],"about":[{"href":"https:\/\/www.grether-photography.com\/en\/wp-json\/wp\/v2\/types\/page"}],"author":[{"embeddable":true,"href":"https:\/\/www.grether-photography.com\/en\/wp-json\/wp\/v2\/users\/1"}],"replies":[{"embeddable":true,"href":"https:\/\/www.grether-photography.com\/en\/wp-json\/wp\/v2\/comments?post=3114"}],"version-history":[{"count":10,"href":"https:\/\/www.grether-photography.com\/en\/wp-json\/wp\/v2\/pages\/3114\/revisions"}],"predecessor-version":[{"id":12184,"href":"https:\/\/www.grether-photography.com\/en\/wp-json\/wp\/v2\/pages\/3114\/revisions\/12184"}],"up":[{"embeddable":true,"href":"https:\/\/www.grether-photography.com\/en\/wp-json\/wp\/v2\/pages\/1341"}],"wp:attachment":[{"href":"https:\/\/www.grether-photography.com\/en\/wp-json\/wp\/v2\/media?parent=3114"}],"wp:term":[{"taxonomy":"folder","embeddable":true,"href":"https:\/\/www.grether-photography.com\/en\/wp-json\/wp\/v2\/folder?post=3114"}],"curies":[{"name":"wp","href":"https:\/\/api.w.org\/{rel}","templated":true}]}}