{"id":3159,"date":"2020-03-26T18:02:47","date_gmt":"2020-03-26T17:02:47","guid":{"rendered":"http:\/\/grether-photography.aretis-staging.ch\/?page_id=3159"},"modified":"2025-03-26T13:39:06","modified_gmt":"2025-03-26T12:39:06","slug":"photographer-st-gallen","status":"publish","type":"page","link":"https:\/\/www.grether-photography.com\/en\/ostschweiz\/fotograf-st-gallen\/","title":{"rendered":"Photographer St. Gallen"},"content":{"rendered":"<div id='layer_slider_1'  class='avia-layerslider main_color avia-shadow  avia-builder-el-0  el_before_av_section  avia-builder-el-first  container_wrap fullsize'  style='height: 751px;'  ><link href=\"https:\/\/fonts.googleapis.com\/css?family=Open+Sans:100,100i,200,200i,300,300i,400,400i,500,500i,600,600i,700,700i,800,800i,900,900i%7CMontserrat:100,100i,200,200i,300,300i,400,400i,500,500i,600,600i,700,700i,800,800i,900,900i\" rel=\"stylesheet\"><div id=\"layerslider_170_16a2tq2owqpm\"  class=\"ls-wp-container fitvidsignore ls-selectable\" style=\"width:1200px;height:750px;margin:0 auto;margin-bottom: 0px;\"><div class=\"ls-slide\" data-ls=\"bgsize:cover;bgposition:50% 50%;bgcolor:#ffffff;duration:4000;parallaxevent:scroll;parallaxdurationmove:0;\"><img decoding=\"async\" width=\"2560\" height=\"1229\" src=\"https:\/\/www.grether-photography.com\/wp-content\/uploads\/2022\/03\/laurinbalkenalt-scaled.jpg?ver=1771508145\" class=\"ls-bg\" alt=\"\" srcset=\"https:\/\/www.grether-photography.com\/wp-content\/uploads\/2022\/03\/laurinbalkenalt-scaled.jpg 2560w, https:\/\/www.grether-photography.com\/wp-content\/uploads\/2022\/03\/laurinbalkenalt-300x144.jpg 300w, https:\/\/www.grether-photography.com\/wp-content\/uploads\/2022\/03\/laurinbalkenalt-1030x494.jpg 1030w, https:\/\/www.grether-photography.com\/wp-content\/uploads\/2022\/03\/laurinbalkenalt-768x369.jpg 768w, https:\/\/www.grether-photography.com\/wp-content\/uploads\/2022\/03\/laurinbalkenalt-1536x737.jpg 1536w, https:\/\/www.grether-photography.com\/wp-content\/uploads\/2022\/03\/laurinbalkenalt-2048x983.jpg 2048w, https:\/\/www.grether-photography.com\/wp-content\/uploads\/2022\/03\/laurinbalkenalt-18x9.jpg 18w, https:\/\/www.grether-photography.com\/wp-content\/uploads\/2022\/03\/laurinbalkenalt-1500x720.jpg 1500w, https:\/\/www.grether-photography.com\/wp-content\/uploads\/2022\/03\/laurinbalkenalt-705x338.jpg 705w\" sizes=\"(max-width: 2560px) 100vw, 2560px\" \/><p style=\"text-shadow: 0 1px 2px rgba(0,0,0,0.3);top:117px;left:-16px;text-align:initial;font-weight:400;font-style:normal;font-family:Open Sans;color:#ffffff;font-size:75px;text-decoration:none;\" class=\"ls-l ls-text-layer\" data-ls=\"showinfo:1;offsetxin:random(-100,100);offsetyin:-20;durationin:1100;rotateyin:random(-45,45);scalexin:random(2,4);clipin:0 0 100% 0;transitionout:false;static:forever;position:relative;\">Ihr Fotograf in St. Gallen<\/p><p style=\"top:378px;left:48px;text-align:initial;font-weight:400;font-style:normal;text-decoration:none;font-family:Open Sans;color:#ffffff;font-size:35px;\" class=\"ls-l ls-text-layer\" data-ls=\"showinfo:1;offsetxin:80;durationin:750;delayin:1800;easingin:easeOutExpo;static:forever;position:relative;\">F\u00fcr Ihre Firmen-Webseite<\/p><span style=\"top:374px;left:-15px;text-align:initial;font-weight:400;font-style:italic;text-decoration:none;font-family:Montserrat;font-size:44px;line-height:48px;color:#ab74ed;\" class=\"ls-l ls-icon-layer\" data-ls=\"showinfo:1;offsetxin:80;durationin:750;delayin:1500;easingin:easeOutExpo;rotatein:random(-45,45);rotatexin:random(-45,45);static:forever;position:relative;\"><i class=\"fa fa-check-circle\"><\/i><\/span><p style=\"top:444px;left:44px;text-align:initial;font-weight:400;font-style:normal;text-decoration:none;font-family:Open Sans;color:#ffffff;font-size:35px;\" class=\"ls-l ls-text-layer\" data-ls=\"showinfo:1;offsetxin:80;durationin:750;delayin:2400;easingin:easeOutExpo;static:forever;position:relative;\">F\u00fcr Events &amp; Business<\/p><span style=\"top:443px;left:-15px;text-align:initial;font-weight:400;font-style:italic;text-decoration:none;font-family:Montserrat;font-size:44px;line-height:44px;color:#ab74ed;\" class=\"ls-l ls-icon-layer\" data-ls=\"showinfo:1;offsetxin:80;durationin:750;delayin:2100;easingin:easeOutExpo;rotatein:random(-45,45);rotatexin:random(-45,45);static:forever;position:relative;\"><i class=\"fa fa-check-circle\"><\/i><\/span><p style=\"top:512px;left:43px;text-align:initial;font-weight:400;font-style:normal;text-decoration:none;font-family:Open Sans;color:#ffffff;font-size:35px;\" class=\"ls-l ls-text-layer\" data-ls=\"showinfo:1;offsetxin:80;durationin:750;delayin:3000;easingin:easeOutExpo;static:forever;position:relative;\">Familienshootings<\/p><span style=\"top:508px;left:-15px;text-align:initial;font-weight:400;font-style:italic;text-decoration:none;font-family:Montserrat;font-size:44px;color:#ab74ed;\" class=\"ls-l ls-icon-layer\" data-ls=\"showinfo:1;offsetxin:80;durationin:750;delayin:2700;easingin:easeOutExpo;rotatein:random(-45,45);rotatexin:random(-45,45);static:forever;position:relative;\"><i class=\"fa fa-check-circle\"><\/i><\/span><p style=\"top:270px;left:-16px;text-align:initial;font-weight:400;font-style:normal;text-decoration:none;font-family:Open Sans;color:#ffffff;font-size:40px;\" class=\"ls-l ls-text-layer\" data-ls=\"showinfo:1;offsetxin:80;durationin:750;delayin:1000;easingin:easeOutExpo;static:forever;position:relative;\">PROFESSIONELLE FOTOSHOOTINGS<\/p><a style=\"\" class=\"ls-l\" href=\"#1\" target=\"ls-scroll\" data-ls=\"offsetyin:40;durationin:500;delayin:4100;offsetxout:-80;durationout:400;parallax:true;parallaxlevel:-10;position:relative;\" rel=\"noopener\"><img decoding=\"async\" width=\"96\" height=\"96\" src=\"https:\/\/www.grether-photography.com\/wp-content\/uploads\/layerslider\/Spezialbrote-Layer\/pfeil-unten.png\" class=\"ls-img-layer\" alt=\"\" srcset=\"https:\/\/www.grether-photography.com\/wp-content\/uploads\/layerslider\/Spezialbrote-Layer\/pfeil-unten.png 96w, https:\/\/www.grether-photography.com\/wp-content\/uploads\/layerslider\/Spezialbrote-Layer\/pfeil-unten-80x80.png 80w, https:\/\/www.grether-photography.com\/wp-content\/uploads\/layerslider\/Spezialbrote-Layer\/pfeil-unten-36x36.png 36w\" sizes=\"(max-width: 96px) 100vw, 96px\" style=\"top:613px;left:567px;\"><\/a><img decoding=\"async\" width=\"174\" height=\"148\" src=\"https:\/\/www.grether-photography.com\/wp-content\/uploads\/2020\/03\/fotograf_icon.png\" class=\"ls-l ls-img-layer\" alt=\"\" style=\"top:136px;left:981px;width:98px;height:85px;font-size:13px;line-height:falsepx;\" data-ls=\"offsetxin:left;offsetyin:bottom;durationin:1300;delayin:3050;rotatein:random(-45,555);scalexin:random(4,6);transformperspectivein:800;position:relative;\"><\/div><\/div><\/div>\n<div id='av_section_1'  class='avia-section av-q0w7-58ef7a5dc6f693bf2ab9eba18a346cc2 main_color avia-section-large avia-no-shadow  avia-builder-el-1  el_after_av_layerslider  el_before_av_postcontent  avia-bg-style-scroll container_wrap fullsize'  ><div class='container av-section-cont-open' ><div class='template-page content  av-content-full alpha units'><div class='post-entry post-entry-type-page post-entry-3159'><div class='entry-content-wrapper clearfix'>\n\n<style type=\"text\/css\" data-created_by=\"avia_inline_auto\" id=\"style-css-av-3pm60n-6f655116ab472149e884d38f134c56b6\">\n#top .av-special-heading.av-3pm60n-6f655116ab472149e884d38f134c56b6{\npadding-bottom:10px;\n}\nbody .av-special-heading.av-3pm60n-6f655116ab472149e884d38f134c56b6 .av-special-heading-tag .heading-char{\nfont-size:25px;\n}\n.av-special-heading.av-3pm60n-6f655116ab472149e884d38f134c56b6 .av-subheading{\nfont-size:25px;\n}\n<\/style>\n<div  class='av-special-heading av-3pm60n-6f655116ab472149e884d38f134c56b6 av-special-heading-h1 blockquote modern-quote modern-centered  avia-builder-el-2  el_before_av_hr  avia-builder-el-first  av-linked-heading'><h1 class='av-special-heading-tag'  itemprop=\"headline\"  >Profi Fotograf f\u00fcr St. Gallen <\/h1><div class='av-subheading av-subheading_below'><p>Fotoshootings und mehr<\/p>\n<\/div><div class=\"special-heading-border\"><div class=\"special-heading-inner-border\"><\/div><\/div><\/div>\n\n<style type=\"text\/css\" data-created_by=\"avia_inline_auto\" id=\"style-css-av-k5wbd76n-1cf7013c91522e86ddccf4ae6ab14441\">\n#top .hr.av-k5wbd76n-1cf7013c91522e86ddccf4ae6ab14441{\nmargin-top:30px;\nmargin-bottom:30px;\n}\n.hr.av-k5wbd76n-1cf7013c91522e86ddccf4ae6ab14441 .hr-inner{\nwidth:80px;\nborder-color:#353535;\n}\n<\/style>\n<div  class='hr av-k5wbd76n-1cf7013c91522e86ddccf4ae6ab14441 hr-custom  avia-builder-el-3  el_after_av_heading  el_before_av_one_half  hr-center hr-icon-no'><span class='hr-inner inner-border-av-border-fat'><span class=\"hr-inner-style\"><\/span><\/span><\/div>\n\n<style type=\"text\/css\" data-created_by=\"avia_inline_auto\" id=\"style-css-av-k5wbrmfc-eb4024d21e4c02c21f27a6477042b78e\">\n#top .flex_column.av-k5wbrmfc-eb4024d21e4c02c21f27a6477042b78e{\nmargin-top:30px;\nmargin-bottom:30px;\n}\n.flex_column.av-k5wbrmfc-eb4024d21e4c02c21f27a6477042b78e{\n-webkit-border-radius:0px 0px 0px 0px;\n-moz-border-radius:0px 0px 0px 0px;\nborder-radius:0px 0px 0px 0px;\npadding:0px 0px 0px 0px;\n}\n.responsive #top #wrap_all .flex_column.av-k5wbrmfc-eb4024d21e4c02c21f27a6477042b78e{\nmargin-top:30px;\nmargin-bottom:30px;\n}\n<\/style>\n<div class='flex_column av-k5wbrmfc-eb4024d21e4c02c21f27a6477042b78e av_one_half  avia-builder-el-4  el_after_av_hr  el_before_av_one_half  first flex_column_div av-animated-generic left-to-right av-zero-column-padding '     ><p>\n<style type=\"text\/css\" data-created_by=\"avia_inline_auto\" id=\"style-css-av-2umv-f8649630f21b5c956b19ea95b425f9bf\">\n.avia-image-container.av-2umv-f8649630f21b5c956b19ea95b425f9bf img.avia_image{\nbox-shadow:none;\n}\n.avia-image-container.av-2umv-f8649630f21b5c956b19ea95b425f9bf .av-image-caption-overlay-center{\ncolor:#ffffff;\n}\n<\/style>\n<div  class='avia-image-container av-2umv-f8649630f21b5c956b19ea95b425f9bf av-styling- avia-align-center  avia-builder-el-5  el_before_av_textblock  avia-builder-el-first '   itemprop=\"image\" itemscope=\"itemscope\" itemtype=\"https:\/\/schema.org\/ImageObject\" ><div class=\"avia-image-container-inner\"><div class=\"avia-image-overlay-wrap\"><img decoding=\"async\" class='wp-image-10576 avia-img-lazy-loading-not-10576 avia_image ' src=\"https:\/\/www.grether-photography.com\/wp-content\/uploads\/2024\/02\/eadsack3.jpg\" alt='' title='Wadsack AG'  height=\"933\" width=\"1400\"  itemprop=\"thumbnailUrl\" srcset=\"https:\/\/www.grether-photography.com\/wp-content\/uploads\/2024\/02\/eadsack3.jpg 1400w, https:\/\/www.grether-photography.com\/wp-content\/uploads\/2024\/02\/eadsack3-300x200.jpg 300w, https:\/\/www.grether-photography.com\/wp-content\/uploads\/2024\/02\/eadsack3-1030x686.jpg 1030w, https:\/\/www.grether-photography.com\/wp-content\/uploads\/2024\/02\/eadsack3-768x512.jpg 768w, https:\/\/www.grether-photography.com\/wp-content\/uploads\/2024\/02\/eadsack3-18x12.jpg 18w, https:\/\/www.grether-photography.com\/wp-content\/uploads\/2024\/02\/eadsack3-705x470.jpg 705w\" sizes=\"(max-width: 1400px) 100vw, 1400px\" \/><\/div><\/div><\/div><br \/>\n<section  class='av_textblock_section av-l1deey8l-7a859a349b4ad81f724bf93a514ff841'  itemscope=\"itemscope\" itemtype=\"https:\/\/schema.org\/CreativeWork\" ><div class='avia_textblock'  itemprop=\"text\" ><p><em>Fotoshootings f\u00fcr Unternehmen wie z.B. Wadsack AG.<\/em><\/p>\n<\/div><\/section><\/p><\/div>\n<style type=\"text\/css\" data-created_by=\"avia_inline_auto\" id=\"style-css-av-k5wbrmfc-21-29ac614345a270fea3fab968ff6daf9c\">\n#top .flex_column.av-k5wbrmfc-21-29ac614345a270fea3fab968ff6daf9c{\nmargin-top:30px;\nmargin-bottom:30px;\n}\n.flex_column.av-k5wbrmfc-21-29ac614345a270fea3fab968ff6daf9c{\n-webkit-border-radius:0px 0px 0px 0px;\n-moz-border-radius:0px 0px 0px 0px;\nborder-radius:0px 0px 0px 0px;\npadding:0px 0px 0px 0px;\n}\n.responsive #top #wrap_all .flex_column.av-k5wbrmfc-21-29ac614345a270fea3fab968ff6daf9c{\nmargin-top:30px;\nmargin-bottom:30px;\n}\n<\/style>\n<div class='flex_column av-k5wbrmfc-21-29ac614345a270fea3fab968ff6daf9c av_one_half  avia-builder-el-7  el_after_av_one_half  avia-builder-el-last  flex_column_div av-animated-generic top-to-bottom av-zero-column-padding '     ><p>\n<style type=\"text\/css\" data-created_by=\"avia_inline_auto\" id=\"style-css-av-2w0x93-a84d9bb4a49314de72a351f75a4568cd\">\n#top .av-special-heading.av-2w0x93-a84d9bb4a49314de72a351f75a4568cd{\npadding-bottom:10px;\n}\nbody .av-special-heading.av-2w0x93-a84d9bb4a49314de72a351f75a4568cd .av-special-heading-tag .heading-char{\nfont-size:25px;\n}\n.av-special-heading.av-2w0x93-a84d9bb4a49314de72a351f75a4568cd .av-subheading{\nfont-size:15px;\n}\n<\/style>\n<div  class='av-special-heading av-2w0x93-a84d9bb4a49314de72a351f75a4568cd av-special-heading-h3 blockquote modern-quote  avia-builder-el-8  el_before_av_textblock  avia-builder-el-first  av-linked-heading'><h3 class='av-special-heading-tag'  itemprop=\"headline\"  >Das richtige Gesp\u00fcr f\u00fcr gute Fotos<\/h3><div class=\"special-heading-border\"><div class=\"special-heading-inner-border\"><\/div><\/div><\/div><br \/>\n<section  class='av_textblock_section av-k5wbumfz-3f8937acd3689d140e71da6a8a526f0a'  itemscope=\"itemscope\" itemtype=\"https:\/\/schema.org\/CreativeWork\" ><div class='avia_textblock'  itemprop=\"text\" ><p>Rein technisch gesehen sind die meisten Menschen heute dazu in der Lage Fotos zu machen. Professionelle Fotografie ist aber noch einmal eine andere Sache.<\/p>\n<p>Hierbei geht es um Belichtung, es geht darum Geschichten zu erz\u00e4hlen, Stimmungen einzufangen und ein Gef\u00fchl f\u00fcr die Pers\u00f6nlichkeit und das Wesen von Menschen zu entwickeln. Gerne komme ich als Ihr professioneller Fotograf in St. Gallen zum Einsatz.<\/p>\n<\/div><\/section><br \/>\n\n<style type=\"text\/css\" data-created_by=\"avia_inline_auto\" id=\"style-css-av-k875znth-32cf2b4eb956ca7a2ac105cbf692416e\">\n#top .hr.hr-invisible.av-k875znth-32cf2b4eb956ca7a2ac105cbf692416e{\nheight:15px;\n}\n<\/style>\n<div  class='hr av-k875znth-32cf2b4eb956ca7a2ac105cbf692416e hr-invisible  avia-builder-el-10  el_after_av_textblock  el_before_av_button '><span class='hr-inner '><span class=\"hr-inner-style\"><\/span><\/span><\/div><br \/>\n<div  class='avia-button-wrap av-k8760rp7-1db39fe00ced1ac58423773cc721d0f0-wrap avia-button-left  avia-builder-el-11  el_after_av_hr  avia-builder-el-last '><a href='https:\/\/www.grether-photography.com\/en\/kontakt\/'  class='avia-button av-k8760rp7-1db39fe00ced1ac58423773cc721d0f0 avia-icon_select-yes-right-icon avia-size-large avia-position-left avia-color-theme-color'  ><span class='avia_iconbox_title' >Termin vereinbaren<\/span><span class='avia_button_icon avia_button_icon_right' aria-hidden='true' data-av_icon='\ue832' data-av_iconfont='entypo-fontello'><\/span><\/a><\/div><\/p><\/div>\n\n[av_section min_height='' min_height_pc='25' min_height_px='500px' padding='default' custom_margin='0px' custom_margin_sync='true' color='alternate_color' background='bg_color' custom_bg='' background_gradient_color1='' background_gradient_color2='' background_gradient_direction='vertical' src='' attachment='' attachment_size='' attach='scroll' position='top left' repeat='no-repeat' video='' video_ratio='16:9' overlay_opacity='0.5' overlay_color='' overlay_pattern='' overlay_custom_pattern='' shadow='no-border-styling' bottom_border='no-border-styling' bottom_border_diagonal_color='#333333' bottom_border_diagonal_direction='' bottom_border_style='' custom_arrow_bg='' id='' custom_class='' template_class='' aria_label='' av_element_hidden_in_editor='0' av_uid='av-13x5jb9' sc_version='1.0']\r\n\r\n[av_textblock textblock_styling_align='' textblock_styling='' textblock_styling_gap='' textblock_styling_mobile='' size='' av-desktop-font-size='' av-medium-font-size='' av-small-font-size='' av-mini-font-size='' font_color='' color='' id='' custom_class='' template_class='' av_uid='av-l6gfudwv' sc_version='1.0' admin_preview_bg='']\r\n<h3 style=\"text-align: center;\">Kundenreferenzen<\/h3>\r\n[\/av_textblock]\r\n\r\n[av_gallery ids='8166,8078,6535,6533,6532,6531,6166,4821,4830' style='thumbnails' preview_size='portfolio' crop_big_preview_thumbnail='avia-gallery-big-crop-thumb' thumb_size='portfolio' columns='3' imagelink='avianolink noLightbox' link_dest='' lightbox_text='caption' lazyload='avia_lazyload' img_scrset='' html_lazy_loading='disabled' av-desktop-hide='aviaTBav-desktop-hide' alb_description='' id='' custom_class='' template_class='' av_uid='av-l8lyne7z' sc_version='1.0' admin_preview_bg='']\r\n\r\n[av_partner heading='' type='slider' columns='6' navigation='no' control_layout='av-control-default' nav_visibility_desktop='' nav_arrow_color='' nav_arrow_bg_color='' nav_dots_color='' nav_dot_active_color='' size='no scaling' img_size_behave='' border='' img_border='' img_border_width='' img_border_width_sync='true' img_border_color='' border_radius='' border_radius_sync='true' box_shadow='' box_shadow_style='0px,0px,0px,0px' box_shadow_color='' padding='' padding_sync='true' animation='fade' transition_speed='' autoplay='true' interval='3' heading_tag='' heading_class='' img_scrset='' lazy_loading='enabled' av-medium-hide='aviaTBav-medium-hide' av-small-hide='aviaTBav-small-hide' av-mini-hide='aviaTBav-mini-hide' el_id='' custom_class='' template_class='' av_uid='av-13dv3b9' sc_version='1.0']\r\n[av_partner_logo id='6166' hover='' link='' linktitle='' link_target='' av_uid='av-zxscud' sc_version='1.0']\r\n[av_partner_logo id='8150' hover='' link='' link_target='' linktitle='' av_uid='av-l8ll9x3r' sc_version='1.0']\r\n[av_partner_logo id='8394' hover='' link='' link_target='' linktitle='' av_uid='av-ljy9o05t' sc_version='1.0']\r\n[av_partner_logo id='11111' av_uid='av-70u8l']\r\n[av_partner_logo id='8161' hover='' link='' link_target='' linktitle='' av_uid='av-l8ll9mbs' sc_version='1.0']\r\n[av_partner_logo id='6165' hover='' link='' linktitle='' link_target='' av_uid='av-u3x23p' sc_version='1.0']\r\n[av_partner_logo id='6532' hover='' link='' linktitle='' link_target='' av_uid='av-l0gs1z1c' sc_version='1.0']\r\n[av_partner_logo id='11064' av_uid='av-ympk5' hover='' link='' link_target='' linktitle='' sc_version='1.0']\r\n[av_partner_logo id='5909' av_uid='av-sav0tx' hover='' link='' linktitle='' link_target='' sc_version='1.0']\r\n[av_partner_logo id='6533' hover='' link='' linktitle='' link_target='' av_uid='av-l0gs1s81' sc_version='1.0']\r\n[av_partner_logo id='11071' av_uid='av-77fzl1' hover='' link='' link_target='' linktitle='' sc_version='1.0']\r\n[av_partner_logo id='11054' av_uid='av-6br31x' hover='' link='' link_target='' linktitle='' sc_version='1.0']\r\n[av_partner_logo id='8078' av_uid='av-59ncc5' hover='' link='' link_target='' linktitle='' sc_version='1.0']\r\n[av_partner_logo id='8166' hover='' link='' link_target='' linktitle='' av_uid='av-l8ll8uz2' sc_version='1.0']\r\n[av_partner_logo id='8315' hover='' link='' link_target='' linktitle='' av_uid='av-lk9t9mea' sc_version='1.0']\r\n[av_partner_logo id='9312' av_uid='av-7pu2gl' hover='' link='' link_target='' linktitle='' sc_version='1.0']\r\n[av_partner_logo id='11052' av_uid='av-4c4up1' hover='' link='' link_target='' linktitle='' sc_version='1.0']\r\n[av_partner_logo id='9479' av_uid='av-5l0xph' hover='' link='' link_target='' linktitle='' sc_version='1.0']\r\n[av_partner_logo id='9465' av_uid='av-3rieat' hover='' link='' link_target='' linktitle='' sc_version='1.0']\r\n[av_partner_logo id='6535' hover='' link='' linktitle='' link_target='' av_uid='av-l0gs1dr3' sc_version='1.0']\r\n[av_partner_logo id='9890' hover='' link='' link_target='' linktitle='' av_uid='av-lsel1akr' sc_version='1.0']\r\n[av_partner_logo id='9476' av_uid='av-2dphjp' hover='' link='' link_target='' linktitle='' sc_version='1.0']\r\n[av_partner_logo id='11038' av_uid='av-35qsf9' hover='' link='' link_target='' linktitle='' sc_version='1.0']\r\n[av_partner_logo id='8080' av_uid='av-3ln29x' hover='' link='' link_target='' linktitle='' sc_version='1.0']\r\n[av_partner_logo id='9729' hover='' link='' link_target='' linktitle='' av_uid='av-lsel0t27' sc_version='1.0']\r\n[av_partner_logo id='5910' av_uid='av-wtrfnp' hover='' link='' linktitle='' link_target='' sc_version='1.0']\r\n[av_partner_logo id='8086' av_uid='av-2y10f9' hover='' link='' link_target='' linktitle='' sc_version='1.0']\r\n[av_partner_logo id='6539' av_uid='av-2ni2g5' hover='' link='' linktitle='' link_target='' sc_version='1.0']\r\n[av_partner_logo id='7966' hover='' link='' link_target='' linktitle='' av_uid='av-lsel27im' sc_version='1.0']\r\n[av_partner_logo id='6098' hover='' link='' link_target='' linktitle='' av_uid='av-lsel42af' sc_version='1.0']\r\n[av_partner_logo id='8081' hover='' link='' link_target='' linktitle='' av_uid='av-lsel5ajg' sc_version='1.0']\r\n[av_partner_logo id='11040' av_uid='av-29kqlx' hover='' link='' link_target='' linktitle='' sc_version='1.0']\r\n[av_partner_logo id='9313' hover='' link='' link_target='' linktitle='' av_uid='av-l0gs6vyu' sc_version='1.0']\r\n[av_partner_logo id='8096' hover='' link='' link_target='' linktitle='' av_uid='av-lseldlwo' sc_version='1.0']\r\n[av_partner_logo id='8153' hover='' link='' link_target='' linktitle='' av_uid='av-lsellzhq' sc_version='1.0']\r\n[av_partner_logo id='8244' hover='' link='' link_target='' linktitle='' av_uid='av-lselssv5' sc_version='1.0']\r\n[\/av_partner]\r\n\r\n[av_hr class='custom' icon_select='yes' icon='ue87f' font='entypo-fontello' position='center' shadow='no-shadow' height='50' custom_border='av-border-thin' custom_width='250px' custom_margin_top='10px' custom_margin_bottom='30px' custom_border_color='#595959' custom_icon_color='#595959' id='' custom_class='' template_class='' av_uid='av-l0dscygk' sc_version='1.0' admin_preview_bg='']\r\n\r\n[av_button label='Referenzen & Kunden' icon_select='yes-right-icon' icon='ue832' font='entypo-fontello' link='page,4700' link_target='' size='large' position='center' label_display='' title_attr='' color_options='' color='theme-color' custom_bg='#444444' custom_font='#ffffff' btn_color_bg='theme-color' btn_custom_bg='#444444' btn_color_bg_hover='theme-color-highlight' btn_custom_bg_hover='#444444' btn_color_font='theme-color' btn_custom_font='#ffffff' id='' custom_class='' template_class='' av_uid='av-l0ds9r69' sc_version='1.0' admin_preview_bg='']\r\n\r\n[\/av_section]\n\n<style type=\"text\/css\" data-created_by=\"avia_inline_auto\" id=\"style-css-av-q0w7-23-f44aa35546e5e69f20d6efff3ff5e932\">\n.avia-section.av-q0w7-23-f44aa35546e5e69f20d6efff3ff5e932 .av-parallax .av-parallax-inner{\nbackground-repeat:no-repeat;\nbackground-image:url(https:\/\/www.grether-photography.com\/wp-content\/uploads\/2025\/03\/federer.jpg);\nbackground-position:50% 50%;\nbackground-attachment:scroll;\n}\n.avia-section.av-q0w7-23-f44aa35546e5e69f20d6efff3ff5e932 .av-section-color-overlay{\nopacity:0.5;\nbackground-color:#020202;\n}\n<\/style>\n<div id='av_section_2'  class='avia-section av-q0w7-23-f44aa35546e5e69f20d6efff3ff5e932 alternate_color avia-section-huge avia-shadow  avia-builder-el-13  el_after_av_postcontent  el_before_av_section  av-parallax-section avia-bg-style-parallax av-section-color-overlay-active av-minimum-height av-minimum-height-75  container_wrap fullsize'  data-section-bg-repeat='no-repeat' data-av_minimum_height_pc='75'><div class='av-parallax' data-avia-parallax-ratio='0.3' ><div class='av-parallax-inner alternate_color avia-full-stretch'><\/div><\/div><div class=\"av-section-color-overlay-wrap\"><div class=\"av-section-color-overlay\"><\/div><div class='container av-section-cont-open' ><div class='template-page content  av-content-full alpha units'><div class='post-entry post-entry-type-page post-entry-3159'><div class='entry-content-wrapper clearfix'>\n\n<style type=\"text\/css\" data-created_by=\"avia_inline_auto\" id=\"style-css-av-k6rpd68x-5cee5a2da22bfb895ad8c9bced54da34\">\n#top .flex_column.av-k6rpd68x-5cee5a2da22bfb895ad8c9bced54da34{\nmargin-top:0px;\nmargin-bottom:30px;\n}\n.flex_column.av-k6rpd68x-5cee5a2da22bfb895ad8c9bced54da34{\n-webkit-border-radius:0px 0px 0px 0px;\n-moz-border-radius:0px 0px 0px 0px;\nborder-radius:0px 0px 0px 0px;\npadding:0px 0px 0px 0px;\n}\n.responsive #top #wrap_all .flex_column.av-k6rpd68x-5cee5a2da22bfb895ad8c9bced54da34{\nmargin-top:0px;\nmargin-bottom:30px;\n}\n<\/style>\n<div class='flex_column av-k6rpd68x-5cee5a2da22bfb895ad8c9bced54da34 av_one_full  avia-builder-el-14  avia-builder-el-no-sibling  first flex_column_div av-animated-generic pop-up av-zero-column-padding '     ><p>\n<style type=\"text\/css\" data-created_by=\"avia_inline_auto\" id=\"style-css-av-k8frgvvi-f7cbc629e3ac21dcc01ccacf66ee0328\">\n#top .av-special-heading.av-k8frgvvi-f7cbc629e3ac21dcc01ccacf66ee0328{\npadding-bottom:10px;\ncolor:#ffffff;\n}\nbody .av-special-heading.av-k8frgvvi-f7cbc629e3ac21dcc01ccacf66ee0328 .av-special-heading-tag .heading-char{\nfont-size:25px;\n}\n.av-special-heading.av-k8frgvvi-f7cbc629e3ac21dcc01ccacf66ee0328 .special-heading-inner-border{\nborder-color:#ffffff;\n}\n.av-special-heading.av-k8frgvvi-f7cbc629e3ac21dcc01ccacf66ee0328 .av-subheading{\nfont-size:25px;\n}\n<\/style>\n<div  class='av-special-heading av-k8frgvvi-f7cbc629e3ac21dcc01ccacf66ee0328 av-special-heading-h2 custom-color-heading blockquote modern-quote modern-centered  avia-builder-el-15  el_before_av_hr  avia-builder-el-first  av-linked-heading'><h2 class='av-special-heading-tag'  itemprop=\"headline\"  >Ihr Fotograf in St. Gallen f\u00fcr<br \/>Portrait- und Eventfotos<\/h2><div class=\"special-heading-border\"><div class=\"special-heading-inner-border\"><\/div><\/div><\/div><br \/>\n\n<style type=\"text\/css\" data-created_by=\"avia_inline_auto\" id=\"style-css-av-k5wbd76n-22-58978a5bc1ec3072865fd5a141915272\">\n#top .hr.av-k5wbd76n-22-58978a5bc1ec3072865fd5a141915272{\nmargin-top:30px;\nmargin-bottom:50px;\n}\n.hr.av-k5wbd76n-22-58978a5bc1ec3072865fd5a141915272 .hr-inner{\nwidth:80px;\nborder-color:#ffffff;\n}\n<\/style>\n<div  class='hr av-k5wbd76n-22-58978a5bc1ec3072865fd5a141915272 hr-custom  avia-builder-el-16  el_after_av_heading  el_before_av_textblock  hr-center hr-icon-no'><span class='hr-inner inner-border-av-border-fat'><span class=\"hr-inner-style\"><\/span><\/span><\/div><br \/>\n\n<style type=\"text\/css\" data-created_by=\"avia_inline_auto\" id=\"style-css-av-k6rpdfxs-22e39bad3ab14cc46acfd8f098a7875c\">\n#top .av_textblock_section.av-k6rpdfxs-22e39bad3ab14cc46acfd8f098a7875c .avia_textblock{\nfont-size:30px;\ncolor:#ffffff;\n}\n<\/style>\n<section  class='av_textblock_section av-k6rpdfxs-22e39bad3ab14cc46acfd8f098a7875c'  itemscope=\"itemscope\" itemtype=\"https:\/\/schema.org\/CreativeWork\" ><div class='avia_textblock av_inherit_color'  itemprop=\"text\" ><p style=\"text-align: center;\">Fotoshootings in der sch\u00f6nen Voralpen-Kulisse von St. Gallen. Ihr Fotograf f\u00fcr Event, Portrait und Business-Fotos.<\/p>\n<\/div><\/section><br \/>\n\n<style type=\"text\/css\" data-created_by=\"avia_inline_auto\" id=\"style-css-av-k5wbd76n-14-2b11ba4cf5cc9ed660b39f780e155de3\">\n#top .hr.hr-invisible.av-k5wbd76n-14-2b11ba4cf5cc9ed660b39f780e155de3{\nheight:20px;\n}\n<\/style>\n<div  class='hr av-k5wbd76n-14-2b11ba4cf5cc9ed660b39f780e155de3 hr-invisible  avia-builder-el-18  el_after_av_textblock  el_before_av_button '><span class='hr-inner '><span class=\"hr-inner-style\"><\/span><\/span><\/div><br \/>\n<div  class='avia-button-wrap av-k5wbvrky-75d1b4a95dad7b15d872b3f9c8556efd-wrap avia-button-center  avia-builder-el-19  el_after_av_hr  avia-builder-el-last '><a href='https:\/\/www.grether-photography.com\/en\/kontakt\/'  class='avia-button av-k5wbvrky-75d1b4a95dad7b15d872b3f9c8556efd avia-icon_select-yes-right-icon avia-size-large avia-position-center avia-color-light'  ><span class='avia_iconbox_title' >Kontakt aufnehmen<\/span><span class='avia_button_icon avia_button_icon_right' aria-hidden='true' data-av_icon='\ue832' data-av_iconfont='entypo-fontello'><\/span><\/a><\/div><\/p><\/div><\/div><\/div><\/div><!-- close content main div --><\/div><\/div><\/div><div id='av_section_3'  class='avia-section av-nc888-26b66276b998fd4c71f6cda9f4579382 main_color avia-section-default avia-no-border-styling  avia-builder-el-20  el_after_av_section  el_before_av_section  avia-bg-style-scroll container_wrap fullsize'  ><div class='container av-section-cont-open' ><div class='template-page content  av-content-full alpha units'><div class='post-entry post-entry-type-page post-entry-3159'><div class='entry-content-wrapper clearfix'>\n\n<style type=\"text\/css\" data-created_by=\"avia_inline_auto\" id=\"style-css-av-k5wbrmfc-19-8f40574bf124a25931d95852812b7962\">\n#top .flex_column.av-k5wbrmfc-19-8f40574bf124a25931d95852812b7962{\nmargin-top:30px;\nmargin-bottom:30px;\n}\n.flex_column.av-k5wbrmfc-19-8f40574bf124a25931d95852812b7962{\n-webkit-border-radius:0px 0px 0px 0px;\n-moz-border-radius:0px 0px 0px 0px;\nborder-radius:0px 0px 0px 0px;\npadding:0px 0px 0px 0px;\n}\n.responsive #top #wrap_all .flex_column.av-k5wbrmfc-19-8f40574bf124a25931d95852812b7962{\nmargin-top:30px;\nmargin-bottom:30px;\n}\n<\/style>\n<div class='flex_column av-k5wbrmfc-19-8f40574bf124a25931d95852812b7962 av_one_half  avia-builder-el-21  el_before_av_one_half  avia-builder-el-first  first flex_column_div av-animated-generic top-to-bottom av-zero-column-padding '     ><p>\n<style type=\"text\/css\" data-created_by=\"avia_inline_auto\" id=\"style-css-av-4ccc8-9628f09f12290dea39c63377d24eaa5f\">\n#top .av-special-heading.av-4ccc8-9628f09f12290dea39c63377d24eaa5f{\npadding-bottom:25px;\n}\nbody .av-special-heading.av-4ccc8-9628f09f12290dea39c63377d24eaa5f .av-special-heading-tag .heading-char{\nfont-size:25px;\n}\n.av-special-heading.av-4ccc8-9628f09f12290dea39c63377d24eaa5f .av-subheading{\nfont-size:15px;\n}\n<\/style>\n<div  class='av-special-heading av-4ccc8-9628f09f12290dea39c63377d24eaa5f av-special-heading-h3 blockquote modern-quote  avia-builder-el-22  el_before_av_image  avia-builder-el-first  av-linked-heading'><h3 class='av-special-heading-tag'  itemprop=\"headline\"  >Ihr Fotograf<\/h3><div class=\"special-heading-border\"><div class=\"special-heading-inner-border\"><\/div><\/div><\/div><br \/>\n\n<style type=\"text\/css\" data-created_by=\"avia_inline_auto\" id=\"style-css-av-2umv-20-db8d8a6a934ac125d769083677212461\">\n.avia-image-container.av-2umv-20-db8d8a6a934ac125d769083677212461 img.avia_image{\nbox-shadow:none;\n}\n.avia-image-container.av-2umv-20-db8d8a6a934ac125d769083677212461 .av-image-caption-overlay-center{\ncolor:#ffffff;\n}\n<\/style>\n<div  class='avia-image-container av-2umv-20-db8d8a6a934ac125d769083677212461 av-styling- avia-align-center  avia-builder-el-23  el_after_av_heading  el_before_av_textblock '   itemprop=\"image\" itemscope=\"itemscope\" itemtype=\"https:\/\/schema.org\/ImageObject\" ><div class=\"avia-image-container-inner\"><div class=\"avia-image-overlay-wrap\"><img decoding=\"async\" class='wp-image-4666 avia-img-lazy-loading-not-4666 avia_image ' src=\"https:\/\/www.grether-photography.com\/wp-content\/uploads\/2020\/07\/Portrait_Laurin.jpg\" alt='' title='Portrait_Laurin'  height=\"1708\" width=\"2560\"  itemprop=\"thumbnailUrl\" srcset=\"https:\/\/www.grether-photography.com\/wp-content\/uploads\/2020\/07\/Portrait_Laurin.jpg 2560w, https:\/\/www.grether-photography.com\/wp-content\/uploads\/2020\/07\/Portrait_Laurin-300x200.jpg 300w, https:\/\/www.grether-photography.com\/wp-content\/uploads\/2020\/07\/Portrait_Laurin-1030x687.jpg 1030w, https:\/\/www.grether-photography.com\/wp-content\/uploads\/2020\/07\/Portrait_Laurin-768x512.jpg 768w, https:\/\/www.grether-photography.com\/wp-content\/uploads\/2020\/07\/Portrait_Laurin-1536x1025.jpg 1536w, https:\/\/www.grether-photography.com\/wp-content\/uploads\/2020\/07\/Portrait_Laurin-2048x1366.jpg 2048w, https:\/\/www.grether-photography.com\/wp-content\/uploads\/2020\/07\/Portrait_Laurin-18x12.jpg 18w, https:\/\/www.grether-photography.com\/wp-content\/uploads\/2020\/07\/Portrait_Laurin-1500x1001.jpg 1500w, https:\/\/www.grether-photography.com\/wp-content\/uploads\/2020\/07\/Portrait_Laurin-705x470.jpg 705w\" sizes=\"(max-width: 2560px) 100vw, 2560px\" \/><\/div><\/div><\/div><br \/>\n<section  class='av_textblock_section av-k5wbumfz-18-3539ff39f8adcf85199c07b7e1f95375'  itemscope=\"itemscope\" itemtype=\"https:\/\/schema.org\/CreativeWork\" ><div class='avia_textblock'  itemprop=\"text\" ><p><em><strong>Laurin Grether:<\/strong> F\u00fcr Sie unterwegs als Fotograf f\u00fcr Firmen, Events, Immobilien, Protraits, Drohnenfotos und vieles mehr.<\/em><\/p>\n<\/div><\/section><br \/>\n\n<style type=\"text\/css\" data-created_by=\"avia_inline_auto\" id=\"style-css-av-k5wbd76n-13-e9046ec5aa709f072fb3c5dd550395f0\">\n#top .hr.hr-invisible.av-k5wbd76n-13-e9046ec5aa709f072fb3c5dd550395f0{\nheight:20px;\n}\n<\/style>\n<div  class='hr av-k5wbd76n-13-e9046ec5aa709f072fb3c5dd550395f0 hr-invisible  avia-builder-el-25  el_after_av_textblock  avia-builder-el-last '><span class='hr-inner '><span class=\"hr-inner-style\"><\/span><\/span><\/div><\/p><\/div>\n<style type=\"text\/css\" data-created_by=\"avia_inline_auto\" id=\"style-css-av-k5wbrmfc-12-8104e7babb4370a46025275c9a119ae0\">\n#top .flex_column.av-k5wbrmfc-12-8104e7babb4370a46025275c9a119ae0{\nmargin-top:30px;\nmargin-bottom:30px;\n}\n.flex_column.av-k5wbrmfc-12-8104e7babb4370a46025275c9a119ae0{\n-webkit-border-radius:0px 0px 0px 0px;\n-moz-border-radius:0px 0px 0px 0px;\nborder-radius:0px 0px 0px 0px;\npadding:0px 0px 0px 0px;\n}\n.responsive #top #wrap_all .flex_column.av-k5wbrmfc-12-8104e7babb4370a46025275c9a119ae0{\nmargin-top:30px;\nmargin-bottom:30px;\n}\n<\/style>\n<div class='flex_column av-k5wbrmfc-12-8104e7babb4370a46025275c9a119ae0 av_one_half  avia-builder-el-26  el_after_av_one_half  avia-builder-el-last  flex_column_div av-animated-generic top-to-bottom av-zero-column-padding '     ><p>\n<style type=\"text\/css\" data-created_by=\"avia_inline_auto\" id=\"style-css-av-45zbs-d024428fa5837df90c7a03381fd95749\">\n#top .av-special-heading.av-45zbs-d024428fa5837df90c7a03381fd95749{\npadding-bottom:25px;\n}\nbody .av-special-heading.av-45zbs-d024428fa5837df90c7a03381fd95749 .av-special-heading-tag .heading-char{\nfont-size:25px;\n}\n.av-special-heading.av-45zbs-d024428fa5837df90c7a03381fd95749 .av-subheading{\nfont-size:15px;\n}\n<\/style>\n<div  class='av-special-heading av-45zbs-d024428fa5837df90c7a03381fd95749 av-special-heading-h3 blockquote modern-quote  avia-builder-el-27  el_before_av_iconlist  avia-builder-el-first  av-linked-heading'><h3 class='av-special-heading-tag'  itemprop=\"headline\"  >Nicht nur in St. Gallen f\u00fcr Sie da<\/h3><div class=\"special-heading-border\"><div class=\"special-heading-inner-border\"><\/div><\/div><\/div><br \/>\n\n<style type=\"text\/css\" data-created_by=\"avia_inline_auto\" id=\"style-css-av-k6c4hnu5-5cda258ff13e472403f0926ff713be64\">\n#top .avia-icon-list-container.av-k6c4hnu5-5cda258ff13e472403f0926ff713be64 .iconlist_icon{\ncolor:#ffffff;\nbackground-color:#353535;\n}\n<\/style>\n<div  class='avia-icon-list-container av-k6c4hnu5-5cda258ff13e472403f0926ff713be64  avia-builder-el-28  el_after_av_heading  el_before_av_textblock '><ul class='avia-icon-list avia_animate_when_almost_visible avia-icon-list-left av-iconlist-small av-k6c4hnu5-5cda258ff13e472403f0926ff713be64 avia-iconlist-animate'>\n<li><div class='iconlist_icon av-3dfbg-07494176736293b2dafaff67ad20beb9 avia-font-entypo-fontello'><span class='iconlist-char' aria-hidden='true' data-av_icon='\ue881' data-av_iconfont='entypo-fontello'><\/span><\/div><article class=\"article-icon-entry av-iconlist-empty\"  itemscope=\"itemscope\" itemtype=\"https:\/\/schema.org\/CreativeWork\" ><div class=\"iconlist_content_wrap\"><header class=\"entry-content-header\"><div class='av_iconlist_title iconlist_title_small  '  itemprop=\"headline\" ><a href='https:\/\/www.grether-photography.com\/en\/ostschweiz\/der-fotograf-fuer-rapperswil-und-jona\/' title='Ihr Fotograf mit Homebase in Rapperswil Jona'>Ihr Fotograf mit Homebase in Rapperswil Jona<\/a><\/div><\/header><div class='iconlist_content '  itemprop=\"text\" ><\/div><\/div><footer class=\"entry-footer\"><\/footer><\/article><div class=\"iconlist-timeline\"><\/div><\/li>\n<li><div class='iconlist_icon av-2vwx0-463201859bbdcd90fbb49ab3c2f43f97 avia-font-entypo-fontello'><span class='iconlist-char' aria-hidden='true' data-av_icon='\ue881' data-av_iconfont='entypo-fontello'><\/span><\/div><article class=\"article-icon-entry av-iconlist-empty\"  itemscope=\"itemscope\" itemtype=\"https:\/\/schema.org\/CreativeWork\" ><div class=\"iconlist_content_wrap\"><header class=\"entry-content-header\"><div class='av_iconlist_title iconlist_title_small  '  itemprop=\"headline\" ><a href='https:\/\/www.grether-photography.com\/en\/zuerich-aargau\/fotograf-kuesnacht-zollikon\/' title='Unterwegs f\u00fcr Sie auch in K\u00fcsnacht und Zollikon'>Unterwegs f\u00fcr Sie auch in K\u00fcsnacht und Zollikon<\/a><\/div><\/header><div class='iconlist_content '  itemprop=\"text\" ><\/div><\/div><footer class=\"entry-footer\"><\/footer><\/article><div class=\"iconlist-timeline\"><\/div><\/li>\n<li><div class='iconlist_icon av-2dabc-5ade909d2c2564ab56cd4ffe67dcff31 avia-font-entypo-fontello'><span class='iconlist-char' aria-hidden='true' data-av_icon='\ue881' data-av_iconfont='entypo-fontello'><\/span><\/div><article class=\"article-icon-entry av-iconlist-empty\"  itemscope=\"itemscope\" itemtype=\"https:\/\/schema.org\/CreativeWork\" ><div class=\"iconlist_content_wrap\"><header class=\"entry-content-header\"><div class='av_iconlist_title iconlist_title_small  '  itemprop=\"headline\" ><a href='https:\/\/www.grether-photography.com\/en\/zuerich-aargau\/fotograf-oerlikon\/' title='Fotografien von St\u00e4dten wie Oerlikon'>Fotografien von St\u00e4dten wie Oerlikon<\/a><\/div><\/header><div class='iconlist_content '  itemprop=\"text\" ><\/div><\/div><footer class=\"entry-footer\"><\/footer><\/article><div class=\"iconlist-timeline\"><\/div><\/li>\n<li><div class='iconlist_icon av-1oh6k-aa026d6defaa807f4b30a971f245f81b avia-font-entypo-fontello'><span class='iconlist-char' aria-hidden='true' data-av_icon='\ue881' data-av_iconfont='entypo-fontello'><\/span><\/div><article class=\"article-icon-entry av-iconlist-empty\"  itemscope=\"itemscope\" itemtype=\"https:\/\/schema.org\/CreativeWork\" ><div class=\"iconlist_content_wrap\"><header class=\"entry-content-header\"><div class='av_iconlist_title iconlist_title_small  '  itemprop=\"headline\" ><a href='https:\/\/www.grether-photography.com\/en\/zuerich-aargau\/fotograf-winterthur\/' title='Als Fotograf in Winterthur auch in schwarzweiss'>Als Fotograf in Winterthur auch in schwarzweiss<\/a><\/div><\/header><div class='iconlist_content '  itemprop=\"text\" ><\/div><\/div><footer class=\"entry-footer\"><\/footer><\/article><div class=\"iconlist-timeline\"><\/div><\/li>\n<li><div class='iconlist_icon av-ziyg-6294eeea24ce92fa3ef40bb5dca18fe9 avia-font-entypo-fontello'><span class='iconlist-char' aria-hidden='true' data-av_icon='\ue881' data-av_iconfont='entypo-fontello'><\/span><\/div><article class=\"article-icon-entry av-iconlist-empty\"  itemscope=\"itemscope\" itemtype=\"https:\/\/schema.org\/CreativeWork\" ><div class=\"iconlist_content_wrap\"><header class=\"entry-content-header\"><div class='av_iconlist_title iconlist_title_small  '  itemprop=\"headline\" ><a href='https:\/\/www.grether-photography.com\/en\/luzern-zug-schwyz\/' title='In den Regionen Luzern, Schwyz, Zug'>In den Regionen Luzern, Schwyz, Zug<\/a><\/div><\/header><div class='iconlist_content '  itemprop=\"text\" ><\/div><\/div><footer class=\"entry-footer\"><\/footer><\/article><div class=\"iconlist-timeline\"><\/div><\/li>\n<\/ul><\/div><br \/>\n<section  class='av_textblock_section av-k5wbumfz-11-b75e176d9392427436555f118a0ff11a'  itemscope=\"itemscope\" itemtype=\"https:\/\/schema.org\/CreativeWork\" ><div class='avia_textblock'  itemprop=\"text\" ><p>Ich bin als Fotograf nicht nur in St. Gallen spezialisiert auf Business, Industrie und Dienstleistungsunternehmen. Dazu geh\u00f6ren auch Shootings von Produktionsabteilungen oder professionelle Portraits von Angestellten. Firmenfotografie f\u00fchrt mich bis in die Familie des Unternehmers: Portraits oder Immobilienbilder sind die logische Folge. Angebot und Preise auf Anfrage.<\/p>\n<\/div><\/section><br \/>\n\n<style type=\"text\/css\" data-created_by=\"avia_inline_auto\" id=\"style-css-av-k5wbd76n-10-c0a4041fb1eb2bb80bd0639fcd22d0ad\">\n#top .hr.hr-invisible.av-k5wbd76n-10-c0a4041fb1eb2bb80bd0639fcd22d0ad{\nheight:20px;\n}\n<\/style>\n<div  class='hr av-k5wbd76n-10-c0a4041fb1eb2bb80bd0639fcd22d0ad hr-invisible  avia-builder-el-30  el_after_av_textblock  el_before_av_buttonrow '><span class='hr-inner '><span class=\"hr-inner-style\"><\/span><\/span><\/div><br \/>\n<div  class='avia-buttonrow-wrap av-kewxp7nr-2d3b281201091957b99f0f4976930a1f avia-buttonrow-left  avia-builder-el-31  el_after_av_hr  avia-builder-el-last '>\n\n<style type=\"text\/css\" data-created_by=\"avia_inline_auto\" id=\"style-css-av-g1gco-5d8b894c757d81da0e484c110e11ee2f\">\n#top #wrap_all .avia-button.av-g1gco-5d8b894c757d81da0e484c110e11ee2f{\nmargin-bottom:30px;\nmargin-right:30px;\n}\n<\/style>\n<a href='https:\/\/www.grether-photography.com\/en\/kontakt\/'  class='avia-button av-g1gco-5d8b894c757d81da0e484c110e11ee2f avia-icon_select-yes-left-icon avia-size-large avia-color-theme-color'  ><span class='avia_button_icon avia_button_icon_left ' aria-hidden='true' data-av_icon='\ue83c' data-av_iconfont='entypo-fontello'><\/span><span class='avia_iconbox_title' >Kontakt<\/span><\/a>\n\n<style type=\"text\/css\" data-created_by=\"avia_inline_auto\" id=\"style-css-av-bal48-4aef9fde07c43ef8621e4d2b188f889d\">\n#top #wrap_all .avia-button.av-bal48-4aef9fde07c43ef8621e4d2b188f889d{\nmargin-bottom:30px;\nmargin-right:30px;\n}\n<\/style>\n<a href='https:\/\/www.grether-photography.com\/en\/ueber-mich\/'  class='avia-button av-bal48-4aef9fde07c43ef8621e4d2b188f889d avia-icon_select-yes-left-icon avia-size-large avia-color-theme-color'  ><span class='avia_button_icon avia_button_icon_left ' aria-hidden='true' data-av_icon='\ue80a' data-av_iconfont='entypo-fontello'><\/span><span class='avia_iconbox_title' >\u00dcber mich<\/span><\/a>\n<\/div><\/p><\/div><\/div><\/div><\/div><!-- close content main div --><\/div><\/div><div id='av_section_4'  class='avia-section av-q0w7-15-eedf833b1bef4630eb5e1417ce846166 main_color avia-section-huge avia-no-border-styling  avia-builder-el-32  el_after_av_section  el_before_av_postcontent  avia-bg-style-scroll container_wrap fullsize'  ><div class='container av-section-cont-open' ><div class='template-page content  av-content-full alpha units'><div class='post-entry post-entry-type-page post-entry-3159'><div class='entry-content-wrapper clearfix'>\n\n<style type=\"text\/css\" data-created_by=\"avia_inline_auto\" id=\"style-css-av-3qcj3b-8f96063132372a3c50bde4ae93ec7609\">\n#top .av-special-heading.av-3qcj3b-8f96063132372a3c50bde4ae93ec7609{\npadding-bottom:10px;\n}\nbody .av-special-heading.av-3qcj3b-8f96063132372a3c50bde4ae93ec7609 .av-special-heading-tag .heading-char{\nfont-size:25px;\n}\n.av-special-heading.av-3qcj3b-8f96063132372a3c50bde4ae93ec7609 .av-subheading{\nfont-size:25px;\n}\n<\/style>\n<div  class='av-special-heading av-3qcj3b-8f96063132372a3c50bde4ae93ec7609 av-special-heading-h2 blockquote modern-quote modern-centered  avia-builder-el-33  el_before_av_hr  avia-builder-el-first '><h2 class='av-special-heading-tag'  itemprop=\"headline\"  >Das Voralpenland als Kulisse <\/h2><div class='av-subheading av-subheading_below'><p>f\u00fcr das Fotoshooting<\/p>\n<\/div><div class=\"special-heading-border\"><div class=\"special-heading-inner-border\"><\/div><\/div><\/div>\n\n<style type=\"text\/css\" data-created_by=\"avia_inline_auto\" id=\"style-css-av-k5wbd76n-8-b2cf639c21d4b7861f1389877327771e\">\n#top .hr.av-k5wbd76n-8-b2cf639c21d4b7861f1389877327771e{\nmargin-top:30px;\nmargin-bottom:30px;\n}\n.hr.av-k5wbd76n-8-b2cf639c21d4b7861f1389877327771e .hr-inner{\nwidth:80px;\nborder-color:#353535;\n}\n<\/style>\n<div  class='hr av-k5wbd76n-8-b2cf639c21d4b7861f1389877327771e hr-custom  avia-builder-el-34  el_after_av_heading  el_before_av_one_half  hr-center hr-icon-no'><span class='hr-inner inner-border-av-border-fat'><span class=\"hr-inner-style\"><\/span><\/span><\/div>\n\n<style type=\"text\/css\" data-created_by=\"avia_inline_auto\" id=\"style-css-av-k5wbrmfc-9-f9f1d4a5d4f0b41375a83a3d0e75bf3e\">\n#top .flex_column.av-k5wbrmfc-9-f9f1d4a5d4f0b41375a83a3d0e75bf3e{\nmargin-top:30px;\nmargin-bottom:30px;\n}\n.flex_column.av-k5wbrmfc-9-f9f1d4a5d4f0b41375a83a3d0e75bf3e{\n-webkit-border-radius:0px 0px 0px 0px;\n-moz-border-radius:0px 0px 0px 0px;\nborder-radius:0px 0px 0px 0px;\npadding:0px 0px 0px 0px;\n}\n.responsive #top #wrap_all .flex_column.av-k5wbrmfc-9-f9f1d4a5d4f0b41375a83a3d0e75bf3e{\nmargin-top:30px;\nmargin-bottom:30px;\n}\n<\/style>\n<div class='flex_column av-k5wbrmfc-9-f9f1d4a5d4f0b41375a83a3d0e75bf3e av_one_half  avia-builder-el-35  el_after_av_hr  el_before_av_one_half  first flex_column_div av-animated-generic top-to-bottom av-zero-column-padding '     ><p>\n<style type=\"text\/css\" data-created_by=\"avia_inline_auto\" id=\"style-css-av-83k9j-51bf5b99839c0a21ba1925273128ad55\">\n#top .av-special-heading.av-83k9j-51bf5b99839c0a21ba1925273128ad55{\npadding-bottom:10px;\n}\nbody .av-special-heading.av-83k9j-51bf5b99839c0a21ba1925273128ad55 .av-special-heading-tag .heading-char{\nfont-size:25px;\n}\n.av-special-heading.av-83k9j-51bf5b99839c0a21ba1925273128ad55 .av-subheading{\nfont-size:15px;\n}\n<\/style>\n<div  class='av-special-heading av-83k9j-51bf5b99839c0a21ba1925273128ad55 av-special-heading-h3 blockquote modern-quote  avia-builder-el-36  el_before_av_textblock  avia-builder-el-first '><h3 class='av-special-heading-tag'  itemprop=\"headline\"  >Meine Kompetenzen<\/h3><div class=\"special-heading-border\"><div class=\"special-heading-inner-border\"><\/div><\/div><\/div><br \/>\n<section  class='av_textblock_section av-k7elsqiw-bd35881ea47528220f0bd485b8ad96cd'  itemscope=\"itemscope\" itemtype=\"https:\/\/schema.org\/CreativeWork\" ><div class='avia_textblock'  itemprop=\"text\" ><p>Welcher Hintergrund darf es f\u00fcr das Foto sein? Hier bieten sich unterschiedliche Optionen an:<\/p>\n<\/div><\/section><br \/>\n\n<style type=\"text\/css\" data-created_by=\"avia_inline_auto\" id=\"style-css-av-k7elveey-504a2a83c5c1468236e089709f75b353\">\n#top .avia-icon-list-container.av-k7elveey-504a2a83c5c1468236e089709f75b353 .iconlist_icon{\ncolor:#ffffff;\nbackground-color:#353535;\n}\n<\/style>\n<div  class='avia-icon-list-container av-k7elveey-504a2a83c5c1468236e089709f75b353  avia-builder-el-38  el_after_av_textblock  avia-builder-el-last '><ul class='avia-icon-list avia_animate_when_almost_visible avia-icon-list-left av-iconlist-big av-k7elveey-504a2a83c5c1468236e089709f75b353 avia-iconlist-animate'>\n<li><div class='iconlist_icon av-6l9y5j-14c227d5b1b74b084f6c800f6117073b avia-font-entypo-fontello'><span class='iconlist-char' aria-hidden='true' data-av_icon='\ue881' data-av_iconfont='entypo-fontello'><\/span><\/div><article class=\"article-icon-entry \"  itemscope=\"itemscope\" itemtype=\"https:\/\/schema.org\/CreativeWork\" ><div class=\"iconlist_content_wrap\"><header class=\"entry-content-header\"><\/header><div class='iconlist_content '  itemprop=\"text\" ><p>Ein Fotoshooting im Fotostudio<\/p>\n<\/div><\/div><footer class=\"entry-footer\"><\/footer><\/article><div class=\"iconlist-timeline\"><\/div><\/li>\n<li><div class='iconlist_icon av-fzrqv-91eb8af746d973a8092dc0d1ceff5de3 avia-font-entypo-fontello'><span class='iconlist-char' aria-hidden='true' data-av_icon='\ue881' data-av_iconfont='entypo-fontello'><\/span><\/div><article class=\"article-icon-entry \"  itemscope=\"itemscope\" itemtype=\"https:\/\/schema.org\/CreativeWork\" ><div class=\"iconlist_content_wrap\"><header class=\"entry-content-header\"><\/header><div class='iconlist_content '  itemprop=\"text\" ><p>das Fotoshooting bei Ihnen zu Hause oder in Ihrem Unternehmen<\/p>\n<\/div><\/div><footer class=\"entry-footer\"><\/footer><\/article><div class=\"iconlist-timeline\"><\/div><\/li>\n<li><div class='iconlist_icon av-2o9fiv-4b2b4289599910031c1af13e4987b352 avia-font-entypo-fontello'><span class='iconlist-char' aria-hidden='true' data-av_icon='\ue881' data-av_iconfont='entypo-fontello'><\/span><\/div><article class=\"article-icon-entry \"  itemscope=\"itemscope\" itemtype=\"https:\/\/schema.org\/CreativeWork\" ><div class=\"iconlist_content_wrap\"><header class=\"entry-content-header\"><\/header><div class='iconlist_content '  itemprop=\"text\" ><p>ein Outdoor-Fotoshooting in nat\u00fcrlicher Kulisse<\/p>\n<\/div><\/div><footer class=\"entry-footer\"><\/footer><\/article><div class=\"iconlist-timeline\"><\/div><\/li>\n<\/ul><\/div><\/p><\/div>\n<style type=\"text\/css\" data-created_by=\"avia_inline_auto\" id=\"style-css-av-k5wbrmfc-6-797c3f38db2d3519b10ef33dab0ab96b\">\n#top .flex_column.av-k5wbrmfc-6-797c3f38db2d3519b10ef33dab0ab96b{\nmargin-top:30px;\nmargin-bottom:30px;\n}\n.flex_column.av-k5wbrmfc-6-797c3f38db2d3519b10ef33dab0ab96b{\n-webkit-border-radius:0px 0px 0px 0px;\n-moz-border-radius:0px 0px 0px 0px;\nborder-radius:0px 0px 0px 0px;\npadding:0px 0px 0px 0px;\n}\n.responsive #top #wrap_all .flex_column.av-k5wbrmfc-6-797c3f38db2d3519b10ef33dab0ab96b{\nmargin-top:30px;\nmargin-bottom:30px;\n}\n<\/style>\n<div class='flex_column av-k5wbrmfc-6-797c3f38db2d3519b10ef33dab0ab96b av_one_half  avia-builder-el-39  el_after_av_one_half  avia-builder-el-last  flex_column_div av-animated-generic top-to-bottom av-zero-column-padding '     ><p>\n<style type=\"text\/css\" data-created_by=\"avia_inline_auto\" id=\"style-css-av-k8915hwc-3f5a277c6809de4af8c8065f7592261f\">\n#top .av-special-heading.av-k8915hwc-3f5a277c6809de4af8c8065f7592261f{\npadding-bottom:10px;\n}\nbody .av-special-heading.av-k8915hwc-3f5a277c6809de4af8c8065f7592261f .av-special-heading-tag .heading-char{\nfont-size:25px;\n}\n.av-special-heading.av-k8915hwc-3f5a277c6809de4af8c8065f7592261f .av-subheading{\nfont-size:15px;\n}\n<\/style>\n<div  class='av-special-heading av-k8915hwc-3f5a277c6809de4af8c8065f7592261f av-special-heading-h3 blockquote modern-quote  avia-builder-el-40  el_before_av_textblock  avia-builder-el-first '><h3 class='av-special-heading-tag'  itemprop=\"headline\"  >Heimat- und naturverbunden<\/h3><div class=\"special-heading-border\"><div class=\"special-heading-inner-border\"><\/div><\/div><\/div><br \/>\n<section  class='av_textblock_section av-k7elsqiw-5-4c75d4a0a09cf9f449b106e5b059e08f'  itemscope=\"itemscope\" itemtype=\"https:\/\/schema.org\/CreativeWork\" ><div class='avia_textblock'  itemprop=\"text\" ><p>Wenn Sie etwa ein Familienshooting mit heimatverbundenem Hintergrund im Sinn haben, dann bieten sich in St. Gallen die sch\u00f6nen Voralpen-Kulissen an.<\/p>\n<p>Ein Blick auf den S\u00e4ntis, den Hohen Kasten oder die malerischen Almwiesen rund um St. Gallen pr\u00e4sentieren einen sch\u00f6nen Hintergrund f\u00fcr das Shooting naturverbundener Familien.<\/p>\n<p>Und wenn Sie etwas weiterfahren m\u00f6chten: Bis zum Bodensee ist es meistens auch nicht weit.<\/p>\n<\/div><\/section><br \/>\n\n<style type=\"text\/css\" data-created_by=\"avia_inline_auto\" id=\"style-css-av-k875znth-17-054a6013427eaec6be7d2335fee92fc3\">\n#top .hr.hr-invisible.av-k875znth-17-054a6013427eaec6be7d2335fee92fc3{\nheight:15px;\n}\n<\/style>\n<div  class='hr av-k875znth-17-054a6013427eaec6be7d2335fee92fc3 hr-invisible  avia-builder-el-42  el_after_av_textblock  el_before_av_button '><span class='hr-inner '><span class=\"hr-inner-style\"><\/span><\/span><\/div><br \/>\n<div  class='avia-button-wrap av-k8760rp7-16-5ee1e9713c8d8cbb9ce363fcedba5f50-wrap avia-button-left  avia-builder-el-43  el_after_av_hr  avia-builder-el-last '><a href='https:\/\/www.grether-photography.com\/en\/dienstleistungen\/'  class='avia-button av-k8760rp7-16-5ee1e9713c8d8cbb9ce363fcedba5f50 avia-icon_select-yes-right-icon avia-size-large avia-position-left avia-color-theme-color'  ><span class='avia_iconbox_title' >Dienstleistungen<\/span><span class='avia_button_icon avia_button_icon_right' aria-hidden='true' data-av_icon='\ue832' data-av_iconfont='entypo-fontello'><\/span><\/a><\/div><\/p><\/div>\n<\/p>\n[av_masonry_gallery ids='6988,6182,6199,11432,4044' caption_elements='title excerpt' caption_styling='' caption_display='always' img_copyright='' size='fixed' orientation='' image_size='masonry' gap='large' columns='5' av-desktop-columns='' av-medium-columns='' av-small-columns='' av-mini-columns='' items='24' paginate='none' color='' custom_bg='' img_copyright_font='' av-desktop-font-img_copyright_font='' av-medium-font-img_copyright_font='' av-small-font-img_copyright_font='' av-mini-font-img_copyright_font='' img_copyright_color='' img_copyright_bg='' animation='active' animation_duration='' animation_custom_bg_color='' animation_custom_bg_color_multi_list='' animation_z_index_curtain='100' overlay_fx='' container_links='active' link_dest='' lightbox_text='' img_scrset='' lazy_loading='disabled' alb_description='' id='' custom_class='' template_class='' av_uid='av-l0tc71bo' sc_version='1.0']\r\n\r\n\n<div id='av_section_5'  class='avia-section av-6d1wv3-23f17f7956e03cf1e699cac0863d5b85 main_color avia-section-huge avia-no-border-styling  avia-builder-el-45  el_after_av_postcontent  el_before_av_postcontent  avia-bg-style-scroll container_wrap fullsize'  ><div class='container av-section-cont-open' ><div class='template-page content  av-content-full alpha units'><div class='post-entry post-entry-type-page post-entry-3159'><div class='entry-content-wrapper clearfix'>\n\n<style type=\"text\/css\" data-created_by=\"avia_inline_auto\" id=\"style-css-av-261kev-3bfbc59e44eefd5d46a4a897aaa36565\">\n#top .av-special-heading.av-261kev-3bfbc59e44eefd5d46a4a897aaa36565{\npadding-bottom:10px;\n}\nbody .av-special-heading.av-261kev-3bfbc59e44eefd5d46a4a897aaa36565 .av-special-heading-tag .heading-char{\nfont-size:25px;\n}\n.av-special-heading.av-261kev-3bfbc59e44eefd5d46a4a897aaa36565 .av-subheading{\nfont-size:25px;\n}\n<\/style>\n<div  class='av-special-heading av-261kev-3bfbc59e44eefd5d46a4a897aaa36565 av-special-heading-h2 blockquote modern-quote modern-centered  avia-builder-el-46  el_before_av_hr  avia-builder-el-first '><h2 class='av-special-heading-tag'  itemprop=\"headline\"  >Fotografie f\u00fcr Familien <br \/>und f\u00fcr das Business<\/h2><div class=\"special-heading-border\"><div class=\"special-heading-inner-border\"><\/div><\/div><\/div>\n\n<style type=\"text\/css\" data-created_by=\"avia_inline_auto\" id=\"style-css-av-k5wbd76n-7-4e0f433c7cf761901f53d3c838fbff17\">\n#top .hr.av-k5wbd76n-7-4e0f433c7cf761901f53d3c838fbff17{\nmargin-top:30px;\nmargin-bottom:30px;\n}\n.hr.av-k5wbd76n-7-4e0f433c7cf761901f53d3c838fbff17 .hr-inner{\nwidth:80px;\nborder-color:#353535;\n}\n<\/style>\n<div  class='hr av-k5wbd76n-7-4e0f433c7cf761901f53d3c838fbff17 hr-custom  avia-builder-el-47  el_after_av_heading  el_before_av_one_third  hr-center hr-icon-no'><span class='hr-inner inner-border-av-border-fat'><span class=\"hr-inner-style\"><\/span><\/span><\/div>\n\n<style type=\"text\/css\" data-created_by=\"avia_inline_auto\" id=\"style-css-av-3pkev3-3fae211787c23a1d75db6f18a9ddb6de\">\n#top .flex_column.av-3pkev3-3fae211787c23a1d75db6f18a9ddb6de{\nmargin-top:30px;\nmargin-bottom:30px;\n}\n.flex_column.av-3pkev3-3fae211787c23a1d75db6f18a9ddb6de{\n-webkit-border-radius:0px 0px 0px 0px;\n-moz-border-radius:0px 0px 0px 0px;\nborder-radius:0px 0px 0px 0px;\npadding:0px 0px 0px 0px;\n}\n.responsive #top #wrap_all .flex_column.av-3pkev3-3fae211787c23a1d75db6f18a9ddb6de{\nmargin-top:30px;\nmargin-bottom:30px;\n}\n<\/style>\n<div class='flex_column av-3pkev3-3fae211787c23a1d75db6f18a9ddb6de av_one_third  avia-builder-el-48  el_after_av_hr  el_before_av_one_third  first flex_column_div av-zero-column-padding '     ><article  class='iconbox iconbox_left av-k890kxu3-4be2cd645ae3a0beaf60ec857fec5573  avia-builder-el-49  avia-builder-el-no-sibling '  itemscope=\"itemscope\" itemtype=\"https:\/\/schema.org\/CreativeWork\" ><div class=\"iconbox_content\"><header class=\"entry-content-header\"><div class=\"iconbox_icon heading-color\" aria-hidden='true' data-av_icon='\ue80a' data-av_iconfont='fontello'><\/div><h3 class='iconbox_content_title '  itemprop=\"headline\" >Familienfotos<\/h3><\/header><div class='iconbox_content_container '  itemprop=\"text\" ><p>Vielleicht w\u00fcnschen Sie sich ein Erinnerungsfoto f\u00fcr die Familienchronik? Oder es k\u00fcndigt sich Nachwuchs an und Sie m\u00f6chten ein Erinnerungsfoto mit Babybauch? Nat\u00fcrlich bieten sich meine Dienstleistungen auch f\u00fcr die Business-Fotografie an: Hier sind Mitarbeiterportraits gefragt.<\/p>\n<\/div><\/div><footer class=\"entry-footer\"><\/footer><\/article><\/div>\n<style type=\"text\/css\" data-created_by=\"avia_inline_auto\" id=\"style-css-av-3pkev3-4-a558745c0dda129778f00601e439dce7\">\n#top .flex_column.av-3pkev3-4-a558745c0dda129778f00601e439dce7{\nmargin-top:30px;\nmargin-bottom:30px;\n}\n.flex_column.av-3pkev3-4-a558745c0dda129778f00601e439dce7{\n-webkit-border-radius:0px 0px 0px 0px;\n-moz-border-radius:0px 0px 0px 0px;\nborder-radius:0px 0px 0px 0px;\npadding:0px 0px 0px 0px;\n}\n.responsive #top #wrap_all .flex_column.av-3pkev3-4-a558745c0dda129778f00601e439dce7{\nmargin-top:30px;\nmargin-bottom:30px;\n}\n<\/style>\n<div class='flex_column av-3pkev3-4-a558745c0dda129778f00601e439dce7 av_one_third  avia-builder-el-50  el_after_av_one_third  el_before_av_one_third  flex_column_div av-zero-column-padding '     ><article  class='iconbox iconbox_left av-k890kxu3-3-119edbeeacfd4154887d3ba66b1324a7  avia-builder-el-51  avia-builder-el-no-sibling '  itemscope=\"itemscope\" itemtype=\"https:\/\/schema.org\/CreativeWork\" ><div class=\"iconbox_content\"><header class=\"entry-content-header\"><div class=\"iconbox_icon heading-color\" aria-hidden='true' data-av_icon='\ue809' data-av_iconfont='fontello'><\/div><h3 class='iconbox_content_title '  itemprop=\"headline\" >Eventfotos<\/h3><\/header><div class='iconbox_content_container '  itemprop=\"text\" ><p>Sie m\u00f6chten Ihre Veranstaltung mit Fotos dokumentieren? Ich bin dann gerne Ihr Eventfotograf. Die Arbeit eines Fotografen definiert sich in technischer, wie auch in k\u00fcnstlerischer und empathischer Weise. Ich bringe die ben\u00f6tigte Hardware mit und dies ist weit mehr als nur eine Kamera.<\/p>\n<\/div><\/div><footer class=\"entry-footer\"><\/footer><\/article><\/div>\n<style type=\"text\/css\" data-created_by=\"avia_inline_auto\" id=\"style-css-av-3pkev3-2-7aecc5238baf091d6f9b5ff6b6eb84ae\">\n#top .flex_column.av-3pkev3-2-7aecc5238baf091d6f9b5ff6b6eb84ae{\nmargin-top:30px;\nmargin-bottom:30px;\n}\n.flex_column.av-3pkev3-2-7aecc5238baf091d6f9b5ff6b6eb84ae{\n-webkit-border-radius:0px 0px 0px 0px;\n-moz-border-radius:0px 0px 0px 0px;\nborder-radius:0px 0px 0px 0px;\npadding:0px 0px 0px 0px;\n}\n.responsive #top #wrap_all .flex_column.av-3pkev3-2-7aecc5238baf091d6f9b5ff6b6eb84ae{\nmargin-top:30px;\nmargin-bottom:30px;\n}\n<\/style>\n<div class='flex_column av-3pkev3-2-7aecc5238baf091d6f9b5ff6b6eb84ae av_one_third  avia-builder-el-52  el_after_av_one_third  avia-builder-el-last  flex_column_div av-zero-column-padding '     ><article  class='iconbox iconbox_left av-k890kxu3-1-1b5e6200887609065d05f5c238a6b55f  avia-builder-el-53  avia-builder-el-no-sibling '  itemscope=\"itemscope\" itemtype=\"https:\/\/schema.org\/CreativeWork\" ><div class=\"iconbox_content\"><header class=\"entry-content-header\"><div class=\"iconbox_icon heading-color\" aria-hidden='true' data-av_icon='\ue80b' data-av_iconfont='entypo-fontello'><\/div><h3 class='iconbox_content_title '  itemprop=\"headline\" >Pers\u00f6nlichkeiten <\/h3><\/header><div class='iconbox_content_container '  itemprop=\"text\" ><p>Aber professionell ausgebildet habe ich auch den Blick auf die Geschichten, die mit den Fotos erz\u00e4hlt werden sollen, auf die Pers\u00f6nlichkeit der Menschen, die abgebildet werden wollen und die damit verbundenen Blickwinkel. Nehmen Sie jetzt unverbindlich Kontakt mit mir auf.<\/p>\n<\/div><\/div><footer class=\"entry-footer\"><\/footer><\/article><\/div>\n\n[av_section min_height='50' min_height_pc='25' min_height_px='500px' shadow='no-border-styling' bottom_border='no-border-styling' bottom_border_diagonal_color='#333333' bottom_border_diagonal_direction='' bottom_border_style='' padding='huge' custom_margin='0px' custom_margin_sync='true' av-desktop-custom_margin='' av-desktop-custom_margin_sync='true' av-medium-custom_margin='' av-medium-custom_margin_sync='true' av-small-custom_margin='' av-small-custom_margin_sync='true' av-mini-custom_margin='' av-mini-custom_margin_sync='true' svg_div_top='' svg_div_top_color='#333333' svg_div_top_width='100' svg_div_top_height='50' svg_div_top_max_height='none' svg_div_top_opacity='' svg_div_bottom='' svg_div_bottom_color='#333333' svg_div_bottom_width='100' svg_div_bottom_height='50' svg_div_bottom_max_height='none' svg_div_bottom_opacity='' color='main_color' background='bg_color' custom_bg='#000000' background_gradient_direction='vertical' background_gradient_color1='' background_gradient_color2='' background_gradient_color3='' src='https:\/\/www.grether-photography.com\/wp-content\/uploads\/2020\/01\/laurinfinal.jpg' attachment='441' attachment_size='full' attach='parallax' position='center left' repeat='no-repeat' video='' video_ratio='16:9' overlay_enable='aviaTBoverlay_enable' overlay_opacity='0.5' overlay_color='#5e5e5e' overlay_pattern='' overlay_custom_pattern='' custom_arrow_bg='' css_position_z_index='' av-desktop-css_position_z_index='' av-medium-css_position_z_index='' av-small-css_position_z_index='' av-mini-css_position_z_index='' id='' custom_class='' template_class='' aria_label='' av_element_hidden_in_editor='0' av_uid='av-k5wnmmam' sc_version='1.0']\r\n[av_two_fifth first min_height='' vertical_alignment='' space='' custom_margin='' margin='0px' row_boxshadow='' row_boxshadow_color='' row_boxshadow_width='10' link='' linktarget='' link_hover='' title_attr='' alt_attr='' padding='0px' highlight='' highlight_size='' border='' border_color='' radius='0px' column_boxshadow='' column_boxshadow_color='' column_boxshadow_width='10' background='bg_color' background_color='' background_gradient_color1='' background_gradient_color2='' background_gradient_direction='vertical' src='' background_position='top left' background_repeat='no-repeat' animation='' mobile_breaking='' mobile_display='' av_uid='av-76bpq']\r\n\r\n[\/av_two_fifth][av_three_fifth min_height='' vertical_alignment='' space='' custom_margin='' margin='0px' row_boxshadow='' row_boxshadow_color='' row_boxshadow_width='10' link='' linktarget='' link_hover='' title_attr='' alt_attr='' padding='0px' highlight='' highlight_size='' border='' border_color='' radius='0px' column_boxshadow='' column_boxshadow_color='' column_boxshadow_width='10' background='bg_color' background_color='' background_gradient_color1='' background_gradient_color2='' background_gradient_direction='vertical' src='' background_position='top left' background_repeat='no-repeat' animation='' mobile_breaking='' mobile_display='' av_uid='av-12g9r']\r\n\r\n[av_font_icon icon='ue833' font='entypo-fontello' style='' caption='' link='' linktarget='' size='55px' position='center' animation='' color='#ffffff' av_uid='av-k5wno1ds' custom_class='' admin_preview_bg=''][\/av_font_icon]\r\n\r\n[av_textblock size='30' font_color='custom' color='#ffffff' av-medium-font-size='' av-small-font-size='' av-mini-font-size='' av_uid='av-k5wnowjw' custom_class='' admin_preview_bg='']\r\n<p style=\"text-align: center;\"><em>Meine Herausforderung ist, etwas sichtbar zu machen, das der Masse nicht mehr pr\u00e4sent ist. Das Verborgene aktuell machen.<\/em><\/p>\r\n[\/av_textblock]\r\n\r\n[av_button label='Laurin Grether' link='page,20' link_target='' size='large' position='center' label_display='' icon_select='yes-right-icon' icon='ue832' font='entypo-fontello' color='light' custom_bg='#444444' custom_font='#ffffff' av_uid='av-k5wbvrky' custom_class='' admin_preview_bg='']\r\n\r\n[\/av_three_fifth]\r\n[\/av_section]\r\n\r\n\n","protected":false},"excerpt":{"rendered":"","protected":false},"author":1,"featured_media":0,"parent":3142,"menu_order":0,"comment_status":"closed","ping_status":"closed","template":"","meta":{"footnotes":""},"folder":[],"class_list":["post-3159","page","type-page","status-publish","hentry"],"yoast_head":"<!-- This site is optimized with the Yoast SEO plugin v27.5 - https:\/\/yoast.com\/product\/yoast-seo-wordpress\/ -->\n<title>Professioneller Fotograf f\u00fcr St. Gallen | Grether Fotografie<\/title>\n<meta name=\"description\" content=\"Fotoshootings in der sch\u00f6nen Voralpen-Kulisse von St. Gallen. Ihr Fotograf f\u00fcr Familienshootings, die Paarfotografie und Business-Fotos.\" \/>\n<meta name=\"robots\" content=\"index, follow, max-snippet:-1, max-image-preview:large, max-video-preview:-1\" \/>\n<link rel=\"canonical\" href=\"https:\/\/www.grether-photography.com\/en\/eastern-switzerland\/photographer-st-gallen\/\" \/>\n<meta property=\"og:locale\" content=\"en_US\" \/>\n<meta property=\"og:type\" content=\"article\" \/>\n<meta property=\"og:title\" content=\"Professioneller Fotograf f\u00fcr St. Gallen | Grether Fotografie\" \/>\n<meta property=\"og:description\" content=\"Fotoshootings in der sch\u00f6nen Voralpen-Kulisse von St. Gallen. Ihr Fotograf f\u00fcr Familienshootings, die Paarfotografie und Business-Fotos.\" \/>\n<meta property=\"og:url\" content=\"https:\/\/www.grether-photography.com\/en\/eastern-switzerland\/photographer-st-gallen\/\" \/>\n<meta property=\"og:site_name\" content=\"Grether Photography\" \/>\n<meta property=\"article:publisher\" content=\"https:\/\/www.facebook.com\/laurin.grether\" \/>\n<meta property=\"article:modified_time\" content=\"2025-03-26T12:39:06+00:00\" \/>\n<meta property=\"og:image\" content=\"https:\/\/www.grether-photography.com\/wp-content\/uploads\/2020\/05\/og-image.png\" \/>\n\t<meta property=\"og:image:width\" content=\"1200\" \/>\n\t<meta property=\"og:image:height\" content=\"630\" \/>\n\t<meta property=\"og:image:type\" content=\"image\/png\" \/>\n<meta name=\"twitter:label1\" content=\"Est. reading time\" \/>\n\t<meta name=\"twitter:data1\" content=\"8 minutes\" \/>\n<script type=\"application\/ld+json\" class=\"yoast-schema-graph\">{\"@context\":\"https:\\\/\\\/schema.org\",\"@graph\":[{\"@type\":\"WebPage\",\"@id\":\"https:\\\/\\\/www.grether-photography.com\\\/ostschweiz\\\/fotograf-st-gallen\\\/\",\"url\":\"https:\\\/\\\/www.grether-photography.com\\\/ostschweiz\\\/fotograf-st-gallen\\\/\",\"name\":\"Professioneller Fotograf f\u00fcr St. Gallen | Grether Fotografie\",\"isPartOf\":{\"@id\":\"https:\\\/\\\/www.grether-photography.com\\\/#website\"},\"datePublished\":\"2020-03-26T17:02:47+00:00\",\"dateModified\":\"2025-03-26T12:39:06+00:00\",\"description\":\"Fotoshootings in der sch\u00f6nen Voralpen-Kulisse von St. Gallen. Ihr Fotograf f\u00fcr Familienshootings, die Paarfotografie und Business-Fotos.\",\"breadcrumb\":{\"@id\":\"https:\\\/\\\/www.grether-photography.com\\\/ostschweiz\\\/fotograf-st-gallen\\\/#breadcrumb\"},\"inLanguage\":\"en-US\",\"potentialAction\":[{\"@type\":\"ReadAction\",\"target\":[\"https:\\\/\\\/www.grether-photography.com\\\/ostschweiz\\\/fotograf-st-gallen\\\/\"]}]},{\"@type\":\"BreadcrumbList\",\"@id\":\"https:\\\/\\\/www.grether-photography.com\\\/ostschweiz\\\/fotograf-st-gallen\\\/#breadcrumb\",\"itemListElement\":[{\"@type\":\"ListItem\",\"position\":1,\"name\":\"Startseite\",\"item\":\"https:\\\/\\\/www.grether-photography.com\\\/startseite\\\/\"},{\"@type\":\"ListItem\",\"position\":2,\"name\":\"Graub\u00fcnden Glarus St. Gallen\",\"item\":\"https:\\\/\\\/www.grether-photography.com\\\/ostschweiz\\\/\"},{\"@type\":\"ListItem\",\"position\":3,\"name\":\"Fotograf St. Gallen\"}]},{\"@type\":\"WebSite\",\"@id\":\"https:\\\/\\\/www.grether-photography.com\\\/#website\",\"url\":\"https:\\\/\\\/www.grether-photography.com\\\/\",\"name\":\"Grether Photography\",\"description\":\"Ihr Fotograf f\u00fcr das professionelle Fotoshooting\",\"potentialAction\":[{\"@type\":\"SearchAction\",\"target\":{\"@type\":\"EntryPoint\",\"urlTemplate\":\"https:\\\/\\\/www.grether-photography.com\\\/?s={search_term_string}\"},\"query-input\":{\"@type\":\"PropertyValueSpecification\",\"valueRequired\":true,\"valueName\":\"search_term_string\"}}],\"inLanguage\":\"en-US\"}]}<\/script>\n<!-- \/ Yoast SEO plugin. -->","yoast_head_json":{"title":"Professional photographer for St. Gallen | Grether Photography","description":"Photo shoots in the beautiful foothills of the Alps in St. Gallen. Your photographer for family shoots, couple photography and business photos.","robots":{"index":"index","follow":"follow","max-snippet":"max-snippet:-1","max-image-preview":"max-image-preview:large","max-video-preview":"max-video-preview:-1"},"canonical":"https:\/\/www.grether-photography.com\/en\/eastern-switzerland\/photographer-st-gallen\/","og_locale":"en_US","og_type":"article","og_title":"Professioneller Fotograf f\u00fcr St. Gallen | Grether Fotografie","og_description":"Fotoshootings in der sch\u00f6nen Voralpen-Kulisse von St. Gallen. Ihr Fotograf f\u00fcr Familienshootings, die Paarfotografie und Business-Fotos.","og_url":"https:\/\/www.grether-photography.com\/en\/eastern-switzerland\/photographer-st-gallen\/","og_site_name":"Grether Photography","article_publisher":"https:\/\/www.facebook.com\/laurin.grether","article_modified_time":"2025-03-26T12:39:06+00:00","og_image":[{"width":1200,"height":630,"url":"https:\/\/www.grether-photography.com\/wp-content\/uploads\/2020\/05\/og-image.png","type":"image\/png"}],"twitter_misc":{"Est. reading time":"8 minutes"},"schema":{"@context":"https:\/\/schema.org","@graph":[{"@type":"WebPage","@id":"https:\/\/www.grether-photography.com\/ostschweiz\/fotograf-st-gallen\/","url":"https:\/\/www.grether-photography.com\/ostschweiz\/fotograf-st-gallen\/","name":"Professional photographer for St. Gallen | Grether Photography","isPartOf":{"@id":"https:\/\/www.grether-photography.com\/#website"},"datePublished":"2020-03-26T17:02:47+00:00","dateModified":"2025-03-26T12:39:06+00:00","description":"Photo shoots in the beautiful foothills of the Alps in St. Gallen. Your photographer for family shoots, couple photography and business photos.","breadcrumb":{"@id":"https:\/\/www.grether-photography.com\/ostschweiz\/fotograf-st-gallen\/#breadcrumb"},"inLanguage":"en-US","potentialAction":[{"@type":"ReadAction","target":["https:\/\/www.grether-photography.com\/ostschweiz\/fotograf-st-gallen\/"]}]},{"@type":"BreadcrumbList","@id":"https:\/\/www.grether-photography.com\/ostschweiz\/fotograf-st-gallen\/#breadcrumb","itemListElement":[{"@type":"ListItem","position":1,"name":"Startseite","item":"https:\/\/www.grether-photography.com\/startseite\/"},{"@type":"ListItem","position":2,"name":"Graub\u00fcnden Glarus St. Gallen","item":"https:\/\/www.grether-photography.com\/ostschweiz\/"},{"@type":"ListItem","position":3,"name":"Fotograf St. Gallen"}]},{"@type":"WebSite","@id":"https:\/\/www.grether-photography.com\/#website","url":"https:\/\/www.grether-photography.com\/","name":"Grether Photography","description":"Your photographer for the professional photo shoot","potentialAction":[{"@type":"SearchAction","target":{"@type":"EntryPoint","urlTemplate":"https:\/\/www.grether-photography.com\/?s={search_term_string}"},"query-input":{"@type":"PropertyValueSpecification","valueRequired":true,"valueName":"search_term_string"}}],"inLanguage":"en-US"}]}},"_links":{"self":[{"href":"https:\/\/www.grether-photography.com\/en\/wp-json\/wp\/v2\/pages\/3159","targetHints":{"allow":["GET"]}}],"collection":[{"href":"https:\/\/www.grether-photography.com\/en\/wp-json\/wp\/v2\/pages"}],"about":[{"href":"https:\/\/www.grether-photography.com\/en\/wp-json\/wp\/v2\/types\/page"}],"author":[{"embeddable":true,"href":"https:\/\/www.grether-photography.com\/en\/wp-json\/wp\/v2\/users\/1"}],"replies":[{"embeddable":true,"href":"https:\/\/www.grether-photography.com\/en\/wp-json\/wp\/v2\/comments?post=3159"}],"version-history":[{"count":10,"href":"https:\/\/www.grether-photography.com\/en\/wp-json\/wp\/v2\/pages\/3159\/revisions"}],"predecessor-version":[{"id":12155,"href":"https:\/\/www.grether-photography.com\/en\/wp-json\/wp\/v2\/pages\/3159\/revisions\/12155"}],"up":[{"embeddable":true,"href":"https:\/\/www.grether-photography.com\/en\/wp-json\/wp\/v2\/pages\/3142"}],"wp:attachment":[{"href":"https:\/\/www.grether-photography.com\/en\/wp-json\/wp\/v2\/media?parent=3159"}],"wp:term":[{"taxonomy":"folder","embeddable":true,"href":"https:\/\/www.grether-photography.com\/en\/wp-json\/wp\/v2\/folder?post=3159"}],"curies":[{"name":"wp","href":"https:\/\/api.w.org\/{rel}","templated":true}]}}