{"id":3535,"date":"2020-03-31T14:32:33","date_gmt":"2020-03-31T12:32:33","guid":{"rendered":"http:\/\/grether-photography.aretis-staging.ch\/?page_id=3535"},"modified":"2025-03-26T13:49:30","modified_gmt":"2025-03-26T12:49:30","slug":"photographer-flims-laax","status":"publish","type":"page","link":"https:\/\/www.grether-photography.com\/en\/ostschweiz\/fotograf-flims-laax\/","title":{"rendered":"Photographer Flims\/Laax"},"content":{"rendered":"<div id='layer_slider_1'  class='avia-layerslider main_color avia-shadow  avia-builder-el-0  el_before_av_section  avia-builder-el-first  container_wrap fullsize'  style='height: 751px;'  ><link href=\"https:\/\/fonts.googleapis.com\/css?family=Open+Sans:100,100i,200,200i,300,300i,400,400i,500,500i,600,600i,700,700i,800,800i,900,900i%7CMontserrat:100,100i,200,200i,300,300i,400,400i,500,500i,600,600i,700,700i,800,800i,900,900i\" rel=\"stylesheet\"><div id=\"layerslider_164_19qtuhnvcfe5t\"  class=\"ls-wp-container fitvidsignore ls-selectable\" style=\"width:1200px;height:750px;margin:0 auto;margin-bottom: 0px;\"><div class=\"ls-slide\" data-ls=\"bgsize:cover;bgposition:50% 50%;bgcolor:#ffffff;duration:4000;parallaxevent:scroll;parallaxdurationmove:0;\"><img decoding=\"async\" width=\"2560\" height=\"1229\" src=\"https:\/\/www.grether-photography.com\/wp-content\/uploads\/2022\/03\/laurinbalkenalt-scaled.jpg?ver=1771508145\" class=\"ls-bg\" alt=\"\" srcset=\"https:\/\/www.grether-photography.com\/wp-content\/uploads\/2022\/03\/laurinbalkenalt-scaled.jpg 2560w, https:\/\/www.grether-photography.com\/wp-content\/uploads\/2022\/03\/laurinbalkenalt-300x144.jpg 300w, https:\/\/www.grether-photography.com\/wp-content\/uploads\/2022\/03\/laurinbalkenalt-1030x494.jpg 1030w, https:\/\/www.grether-photography.com\/wp-content\/uploads\/2022\/03\/laurinbalkenalt-768x369.jpg 768w, https:\/\/www.grether-photography.com\/wp-content\/uploads\/2022\/03\/laurinbalkenalt-1536x737.jpg 1536w, https:\/\/www.grether-photography.com\/wp-content\/uploads\/2022\/03\/laurinbalkenalt-2048x983.jpg 2048w, https:\/\/www.grether-photography.com\/wp-content\/uploads\/2022\/03\/laurinbalkenalt-18x9.jpg 18w, https:\/\/www.grether-photography.com\/wp-content\/uploads\/2022\/03\/laurinbalkenalt-1500x720.jpg 1500w, https:\/\/www.grether-photography.com\/wp-content\/uploads\/2022\/03\/laurinbalkenalt-705x338.jpg 705w\" sizes=\"(max-width: 2560px) 100vw, 2560px\" \/><p style=\"text-shadow: 0 1px 2px rgba(0,0,0,0.3);top:117px;left:-16px;text-align:initial;font-weight:400;font-style:normal;font-family:Open Sans;color:#ffffff;font-size:75px;text-decoration:none;\" class=\"ls-l ls-text-layer\" data-ls=\"showinfo:1;offsetxin:random(-100,100);offsetyin:-20;durationin:1100;rotateyin:random(-45,45);scalexin:random(2,4);clipin:0 0 100% 0;transitionout:false;static:forever;position:relative;\">Fotograf in Laax &amp; Flims<\/p><p style=\"top:378px;left:48px;text-align:initial;font-weight:400;font-style:normal;text-decoration:none;font-family:Open Sans;color:#ffffff;font-size:35px;\" class=\"ls-l ls-text-layer\" data-ls=\"showinfo:1;offsetxin:80;durationin:750;delayin:1800;easingin:easeOutExpo;static:forever;position:relative;\">F\u00fcr Familien, Business, Lifestyle<\/p><span style=\"top:374px;left:-15px;text-align:initial;font-weight:400;font-style:italic;text-decoration:none;font-family:Montserrat;font-size:44px;line-height:48px;color:#ab74ed;\" class=\"ls-l ls-icon-layer\" data-ls=\"showinfo:1;offsetxin:80;durationin:750;delayin:1500;easingin:easeOutExpo;rotatein:random(-45,45);rotatexin:random(-45,45);static:forever;position:relative;\"><i class=\"fa fa-check-circle\"><\/i><\/span><p style=\"top:444px;left:44px;text-align:initial;font-weight:400;font-style:normal;text-decoration:none;font-family:Open Sans;color:#ffffff;font-size:35px;\" class=\"ls-l ls-text-layer\" data-ls=\"showinfo:1;offsetxin:80;durationin:750;delayin:2400;easingin:easeOutExpo;static:forever;position:relative;\">Schnell und fair im Preis<\/p><span style=\"top:443px;left:-15px;text-align:initial;font-weight:400;font-style:italic;text-decoration:none;font-family:Montserrat;font-size:44px;line-height:44px;color:#ab74ed;\" class=\"ls-l ls-icon-layer\" data-ls=\"showinfo:1;offsetxin:80;durationin:750;delayin:2100;easingin:easeOutExpo;rotatein:random(-45,45);rotatexin:random(-45,45);static:forever;position:relative;\"><i class=\"fa fa-check-circle\"><\/i><\/span><p style=\"top:512px;left:43px;text-align:initial;font-weight:400;font-style:normal;text-decoration:none;font-family:Open Sans;color:#ffffff;font-size:35px;\" class=\"ls-l ls-text-layer\" data-ls=\"showinfo:1;offsetxin:80;durationin:750;delayin:3000;easingin:easeOutExpo;static:forever;position:relative;\">F\u00fcr Ihre Firmen-Webseite<\/p><span style=\"top:508px;left:-15px;text-align:initial;font-weight:400;font-style:italic;text-decoration:none;font-family:Montserrat;font-size:44px;color:#ab74ed;\" class=\"ls-l ls-icon-layer\" data-ls=\"showinfo:1;offsetxin:80;durationin:750;delayin:2700;easingin:easeOutExpo;rotatein:random(-45,45);rotatexin:random(-45,45);static:forever;position:relative;\"><i class=\"fa fa-check-circle\"><\/i><\/span><p style=\"top:270px;left:-16px;text-align:initial;font-weight:400;font-style:normal;text-decoration:none;font-family:Open Sans;color:#ffffff;font-size:40px;\" class=\"ls-l ls-text-layer\" data-ls=\"showinfo:1;offsetxin:80;durationin:750;delayin:1000;easingin:easeOutExpo;static:forever;position:relative;\">PROFESSIONELLE FOTOSHOOTINGS<\/p><a style=\"\" class=\"ls-l\" href=\"#1\" target=\"ls-scroll\" data-ls=\"offsetyin:40;durationin:500;delayin:4100;offsetxout:-80;durationout:400;parallax:true;parallaxlevel:-10;position:relative;\" rel=\"noopener\"><img decoding=\"async\" width=\"96\" height=\"96\" src=\"https:\/\/www.grether-photography.com\/wp-content\/uploads\/layerslider\/Spezialbrote-Layer\/pfeil-unten.png\" class=\"ls-img-layer\" alt=\"\" srcset=\"https:\/\/www.grether-photography.com\/wp-content\/uploads\/layerslider\/Spezialbrote-Layer\/pfeil-unten.png 96w, https:\/\/www.grether-photography.com\/wp-content\/uploads\/layerslider\/Spezialbrote-Layer\/pfeil-unten-80x80.png 80w, https:\/\/www.grether-photography.com\/wp-content\/uploads\/layerslider\/Spezialbrote-Layer\/pfeil-unten-36x36.png 36w\" sizes=\"(max-width: 96px) 100vw, 96px\" style=\"top:613px;left:567px;\"><\/a><img decoding=\"async\" width=\"174\" height=\"148\" src=\"https:\/\/www.grether-photography.com\/wp-content\/uploads\/2020\/03\/fotograf_icon.png\" class=\"ls-l ls-img-layer\" alt=\"\" style=\"top:131px;left:1001px;width:98px;height:85px;font-size:13px;line-height:falsepx;\" data-ls=\"offsetxin:left;offsetyin:bottom;durationin:1300;delayin:3050;rotatein:random(-45,555);scalexin:random(4,6);transformperspectivein:800;position:relative;\"><\/div><\/div><\/div>\n<div id='av_section_1'  class='avia-section av-q0w7-58ef7a5dc6f693bf2ab9eba18a346cc2 main_color avia-section-large avia-no-shadow  avia-builder-el-1  el_after_av_layerslider  el_before_av_postcontent  avia-bg-style-scroll container_wrap fullsize'  ><div class='container av-section-cont-open' ><div class='template-page content  av-content-full alpha units'><div class='post-entry post-entry-type-page post-entry-3535'><div class='entry-content-wrapper clearfix'>\n\n<style type=\"text\/css\" data-created_by=\"avia_inline_auto\" id=\"style-css-av-5aa7nz-76dfd619ff957f75be671d8ce1532a89\">\n#top .av-special-heading.av-5aa7nz-76dfd619ff957f75be671d8ce1532a89{\npadding-bottom:10px;\n}\nbody .av-special-heading.av-5aa7nz-76dfd619ff957f75be671d8ce1532a89 .av-special-heading-tag .heading-char{\nfont-size:25px;\n}\n.av-special-heading.av-5aa7nz-76dfd619ff957f75be671d8ce1532a89 .av-subheading{\nfont-size:25px;\n}\n<\/style>\n<div  class='av-special-heading av-5aa7nz-76dfd619ff957f75be671d8ce1532a89 av-special-heading-h1 blockquote modern-quote modern-centered  avia-builder-el-2  el_before_av_hr  avia-builder-el-first '><h1 class='av-special-heading-tag'  itemprop=\"headline\"  >Ein Fotograf f\u00fcr die Gemeinden <br \/>Flims und Laax<\/h1><div class=\"special-heading-border\"><div class=\"special-heading-inner-border\"><\/div><\/div><\/div>\n\n<style type=\"text\/css\" data-created_by=\"avia_inline_auto\" id=\"style-css-av-k5wbd76n-1cf7013c91522e86ddccf4ae6ab14441\">\n#top .hr.av-k5wbd76n-1cf7013c91522e86ddccf4ae6ab14441{\nmargin-top:30px;\nmargin-bottom:30px;\n}\n.hr.av-k5wbd76n-1cf7013c91522e86ddccf4ae6ab14441 .hr-inner{\nwidth:80px;\nborder-color:#353535;\n}\n<\/style>\n<div  class='hr av-k5wbd76n-1cf7013c91522e86ddccf4ae6ab14441 hr-custom  avia-builder-el-3  el_after_av_heading  el_before_av_one_half  hr-center hr-icon-no'><span class='hr-inner inner-border-av-border-fat'><span class=\"hr-inner-style\"><\/span><\/span><\/div>\n\n<style type=\"text\/css\" data-created_by=\"avia_inline_auto\" id=\"style-css-av-k5wbrmfc-54edb8963c02cf47dd684b31d838e5bb\">\n#top .flex_column.av-k5wbrmfc-54edb8963c02cf47dd684b31d838e5bb{\nmargin-top:30px;\nmargin-bottom:30px;\n}\n.flex_column.av-k5wbrmfc-54edb8963c02cf47dd684b31d838e5bb{\n-webkit-border-radius:0px 0px 0px 0px;\n-moz-border-radius:0px 0px 0px 0px;\nborder-radius:0px 0px 0px 0px;\npadding:0px 0px 0px 0px;\n}\n.responsive #top #wrap_all .flex_column.av-k5wbrmfc-54edb8963c02cf47dd684b31d838e5bb{\nmargin-top:30px;\nmargin-bottom:30px;\n}\n<\/style>\n<div class='flex_column av-k5wbrmfc-54edb8963c02cf47dd684b31d838e5bb av_one_half  avia-builder-el-4  el_after_av_hr  el_before_av_one_half  first flex_column_div av-animated-generic top-to-bottom av-zero-column-padding '     ><article  class='iconbox iconbox_left av-k8h2zhyw-5033b957799f9d5d2bc34a7fea7bfea2  avia-builder-el-5  avia-builder-el-no-sibling '  itemscope=\"itemscope\" itemtype=\"https:\/\/schema.org\/CreativeWork\" ><div class=\"iconbox_content\"><header class=\"entry-content-header\"><div class=\"iconbox_icon heading-color\" aria-hidden='true' data-av_icon='\ue80e' data-av_iconfont='entypo-fontello'><\/div><h3 class='iconbox_content_title '  itemprop=\"headline\" >Professionelle Fotos<\/h3><\/header><div class='iconbox_content_container '  itemprop=\"text\" ><p>Wof\u00fcr braucht es heute noch einen professionellen Fotografen? Fast jeder Mensch hat doch eine Kamera an seinem Handy. Und zugegeben: Diese Kameras machen gar keine so schlechten Fotos. Und wer sich noch mehr Fotoqualit\u00e4t w\u00fcnscht, kann sich im Medienkaufhaus kurzerhand eine g\u00fcnstige Bridge- oder Systemkamera kaufen. Das ist mittlerweile alles bezahlbar.<\/p>\n<\/div><\/div><footer class=\"entry-footer\"><\/footer><\/article><\/div>\n<style type=\"text\/css\" data-created_by=\"avia_inline_auto\" id=\"style-css-av-k5wbrmfc-31-e7ffe845865cab1f84e1d8d3963c79c3\">\n#top .flex_column.av-k5wbrmfc-31-e7ffe845865cab1f84e1d8d3963c79c3{\nmargin-top:30px;\nmargin-bottom:30px;\n}\n.flex_column.av-k5wbrmfc-31-e7ffe845865cab1f84e1d8d3963c79c3{\n-webkit-border-radius:0px 0px 0px 0px;\n-moz-border-radius:0px 0px 0px 0px;\nborder-radius:0px 0px 0px 0px;\npadding:0px 0px 0px 0px;\n}\n.responsive #top #wrap_all .flex_column.av-k5wbrmfc-31-e7ffe845865cab1f84e1d8d3963c79c3{\nmargin-top:30px;\nmargin-bottom:30px;\n}\n<\/style>\n<div class='flex_column av-k5wbrmfc-31-e7ffe845865cab1f84e1d8d3963c79c3 av_one_half  avia-builder-el-6  el_after_av_one_half  avia-builder-el-last  flex_column_div av-animated-generic top-to-bottom av-zero-column-padding '     ><article  class='iconbox iconbox_left av-k8h2zhyw-30-655efbb74bf85c6f884651910c22260a  avia-builder-el-7  avia-builder-el-no-sibling '  itemscope=\"itemscope\" itemtype=\"https:\/\/schema.org\/CreativeWork\" ><div class=\"iconbox_content\"><header class=\"entry-content-header\"><div class=\"iconbox_icon heading-color\" aria-hidden='true' data-av_icon='\ue837' data-av_iconfont='entypo-fontello'><\/div><h3 class='iconbox_content_title '  itemprop=\"headline\" >Empathie und Kunst<\/h3><\/header><div class='iconbox_content_container '  itemprop=\"text\" ><p>Aber vergleichen Sie einmal die Fotos, die Sie selbst erstellt haben mit jenen eines professionellen Fotografen. Irgendwie gelingt es dem Profi dann doch immer Personen, Geb\u00e4ude oder Landschaften auf eine ganz andere Weise einzufangen als es der selbstgemachte Schnappschuss erreicht. Dieser Unterschied kommt von der Ausbildung des Fotografen und seiner empathischen und k\u00fcnstlerischen Herangehensweise.<\/p>\n<\/div><\/div><footer class=\"entry-footer\"><\/footer><\/article><\/div>\n\n[av_section min_height='' min_height_pc='25' min_height_px='500px' padding='default' custom_margin='0px' custom_margin_sync='true' color='alternate_color' background='bg_color' custom_bg='' background_gradient_color1='' background_gradient_color2='' background_gradient_direction='vertical' src='' attachment='' attachment_size='' attach='scroll' position='top left' repeat='no-repeat' video='' video_ratio='16:9' overlay_opacity='0.5' overlay_color='' overlay_pattern='' overlay_custom_pattern='' shadow='no-border-styling' bottom_border='no-border-styling' bottom_border_diagonal_color='#333333' bottom_border_diagonal_direction='' bottom_border_style='' custom_arrow_bg='' id='' custom_class='' template_class='' aria_label='' av_element_hidden_in_editor='0' av_uid='av-13x5jb9' sc_version='1.0']\r\n\r\n[av_textblock textblock_styling_align='' textblock_styling='' textblock_styling_gap='' textblock_styling_mobile='' size='' av-desktop-font-size='' av-medium-font-size='' av-small-font-size='' av-mini-font-size='' font_color='' color='' id='' custom_class='' template_class='' av_uid='av-l6gfudwv' sc_version='1.0' admin_preview_bg='']\r\n<h3 style=\"text-align: center;\">Kundenreferenzen<\/h3>\r\n[\/av_textblock]\r\n\r\n[av_gallery ids='8166,8078,6535,6533,6532,6531,6166,4821,4830' style='thumbnails' preview_size='portfolio' crop_big_preview_thumbnail='avia-gallery-big-crop-thumb' thumb_size='portfolio' columns='3' imagelink='avianolink noLightbox' link_dest='' lightbox_text='caption' lazyload='avia_lazyload' img_scrset='' html_lazy_loading='disabled' av-desktop-hide='aviaTBav-desktop-hide' alb_description='' id='' custom_class='' template_class='' av_uid='av-l8lyne7z' sc_version='1.0' admin_preview_bg='']\r\n\r\n[av_partner heading='' type='slider' columns='6' navigation='no' control_layout='av-control-default' nav_visibility_desktop='' nav_arrow_color='' nav_arrow_bg_color='' nav_dots_color='' nav_dot_active_color='' size='no scaling' img_size_behave='' border='' img_border='' img_border_width='' img_border_width_sync='true' img_border_color='' border_radius='' border_radius_sync='true' box_shadow='' box_shadow_style='0px,0px,0px,0px' box_shadow_color='' padding='' padding_sync='true' animation='fade' transition_speed='' autoplay='true' interval='3' heading_tag='' heading_class='' img_scrset='' lazy_loading='enabled' av-medium-hide='aviaTBav-medium-hide' av-small-hide='aviaTBav-small-hide' av-mini-hide='aviaTBav-mini-hide' el_id='' custom_class='' template_class='' av_uid='av-13dv3b9' sc_version='1.0']\r\n[av_partner_logo id='6166' hover='' link='' linktitle='' link_target='' av_uid='av-zxscud' sc_version='1.0']\r\n[av_partner_logo id='8150' hover='' link='' link_target='' linktitle='' av_uid='av-l8ll9x3r' sc_version='1.0']\r\n[av_partner_logo id='8394' hover='' link='' link_target='' linktitle='' av_uid='av-ljy9o05t' sc_version='1.0']\r\n[av_partner_logo id='11111' av_uid='av-70u8l']\r\n[av_partner_logo id='8161' hover='' link='' link_target='' linktitle='' av_uid='av-l8ll9mbs' sc_version='1.0']\r\n[av_partner_logo id='6165' hover='' link='' linktitle='' link_target='' av_uid='av-u3x23p' sc_version='1.0']\r\n[av_partner_logo id='6532' hover='' link='' linktitle='' link_target='' av_uid='av-l0gs1z1c' sc_version='1.0']\r\n[av_partner_logo id='11064' av_uid='av-ympk5' hover='' link='' link_target='' linktitle='' sc_version='1.0']\r\n[av_partner_logo id='5909' av_uid='av-sav0tx' hover='' link='' linktitle='' link_target='' sc_version='1.0']\r\n[av_partner_logo id='6533' hover='' link='' linktitle='' link_target='' av_uid='av-l0gs1s81' sc_version='1.0']\r\n[av_partner_logo id='11071' av_uid='av-77fzl1' hover='' link='' link_target='' linktitle='' sc_version='1.0']\r\n[av_partner_logo id='11054' av_uid='av-6br31x' hover='' link='' link_target='' linktitle='' sc_version='1.0']\r\n[av_partner_logo id='8078' av_uid='av-59ncc5' hover='' link='' link_target='' linktitle='' sc_version='1.0']\r\n[av_partner_logo id='8166' hover='' link='' link_target='' linktitle='' av_uid='av-l8ll8uz2' sc_version='1.0']\r\n[av_partner_logo id='8315' hover='' link='' link_target='' linktitle='' av_uid='av-lk9t9mea' sc_version='1.0']\r\n[av_partner_logo id='9312' av_uid='av-7pu2gl' hover='' link='' link_target='' linktitle='' sc_version='1.0']\r\n[av_partner_logo id='11052' av_uid='av-4c4up1' hover='' link='' link_target='' linktitle='' sc_version='1.0']\r\n[av_partner_logo id='9479' av_uid='av-5l0xph' hover='' link='' link_target='' linktitle='' sc_version='1.0']\r\n[av_partner_logo id='9465' av_uid='av-3rieat' hover='' link='' link_target='' linktitle='' sc_version='1.0']\r\n[av_partner_logo id='6535' hover='' link='' linktitle='' link_target='' av_uid='av-l0gs1dr3' sc_version='1.0']\r\n[av_partner_logo id='9890' hover='' link='' link_target='' linktitle='' av_uid='av-lsel1akr' sc_version='1.0']\r\n[av_partner_logo id='9476' av_uid='av-2dphjp' hover='' link='' link_target='' linktitle='' sc_version='1.0']\r\n[av_partner_logo id='11038' av_uid='av-35qsf9' hover='' link='' link_target='' linktitle='' sc_version='1.0']\r\n[av_partner_logo id='8080' av_uid='av-3ln29x' hover='' link='' link_target='' linktitle='' sc_version='1.0']\r\n[av_partner_logo id='9729' hover='' link='' link_target='' linktitle='' av_uid='av-lsel0t27' sc_version='1.0']\r\n[av_partner_logo id='5910' av_uid='av-wtrfnp' hover='' link='' linktitle='' link_target='' sc_version='1.0']\r\n[av_partner_logo id='8086' av_uid='av-2y10f9' hover='' link='' link_target='' linktitle='' sc_version='1.0']\r\n[av_partner_logo id='6539' av_uid='av-2ni2g5' hover='' link='' linktitle='' link_target='' sc_version='1.0']\r\n[av_partner_logo id='7966' hover='' link='' link_target='' linktitle='' av_uid='av-lsel27im' sc_version='1.0']\r\n[av_partner_logo id='6098' hover='' link='' link_target='' linktitle='' av_uid='av-lsel42af' sc_version='1.0']\r\n[av_partner_logo id='8081' hover='' link='' link_target='' linktitle='' av_uid='av-lsel5ajg' sc_version='1.0']\r\n[av_partner_logo id='11040' av_uid='av-29kqlx' hover='' link='' link_target='' linktitle='' sc_version='1.0']\r\n[av_partner_logo id='9313' hover='' link='' link_target='' linktitle='' av_uid='av-l0gs6vyu' sc_version='1.0']\r\n[av_partner_logo id='8096' hover='' link='' link_target='' linktitle='' av_uid='av-lseldlwo' sc_version='1.0']\r\n[av_partner_logo id='8153' hover='' link='' link_target='' linktitle='' av_uid='av-lsellzhq' sc_version='1.0']\r\n[av_partner_logo id='8244' hover='' link='' link_target='' linktitle='' av_uid='av-lselssv5' sc_version='1.0']\r\n[\/av_partner]\r\n\r\n[av_hr class='custom' icon_select='yes' icon='ue87f' font='entypo-fontello' position='center' shadow='no-shadow' height='50' custom_border='av-border-thin' custom_width='250px' custom_margin_top='10px' custom_margin_bottom='30px' custom_border_color='#595959' custom_icon_color='#595959' id='' custom_class='' template_class='' av_uid='av-l0dscygk' sc_version='1.0' admin_preview_bg='']\r\n\r\n[av_button label='Referenzen & Kunden' icon_select='yes-right-icon' icon='ue832' font='entypo-fontello' link='page,4700' link_target='' size='large' position='center' label_display='' title_attr='' color_options='' color='theme-color' custom_bg='#444444' custom_font='#ffffff' btn_color_bg='theme-color' btn_custom_bg='#444444' btn_color_bg_hover='theme-color-highlight' btn_custom_bg_hover='#444444' btn_color_font='theme-color' btn_custom_font='#ffffff' id='' custom_class='' template_class='' av_uid='av-l0ds9r69' sc_version='1.0' admin_preview_bg='']\r\n\r\n[\/av_section]\n\n<style type=\"text\/css\" data-created_by=\"avia_inline_auto\" id=\"style-css-av-q0w7-33-d3f359cc7037bce0e1bbb6591d295607\">\n.avia-section.av-q0w7-33-d3f359cc7037bce0e1bbb6591d295607 .av-parallax .av-parallax-inner{\nbackground-repeat:no-repeat;\nbackground-image:url(https:\/\/www.grether-photography.com\/wp-content\/uploads\/2025\/03\/headerlaax2.jpg);\nbackground-position:50% 100%;\nbackground-attachment:scroll;\n}\n.avia-section.av-q0w7-33-d3f359cc7037bce0e1bbb6591d295607 .av-section-color-overlay{\nopacity:0.6;\nbackground-color:#020202;\n}\n<\/style>\n<div id='av_section_2'  class='avia-section av-q0w7-33-d3f359cc7037bce0e1bbb6591d295607 alternate_color avia-section-huge avia-shadow  avia-builder-el-9  el_after_av_postcontent  el_before_av_section  av-parallax-section avia-bg-style-parallax av-section-color-overlay-active av-minimum-height av-minimum-height-50  container_wrap fullsize'  data-section-bg-repeat='no-repeat' data-av_minimum_height_pc='50'><div class='av-parallax' data-avia-parallax-ratio='0.3' ><div class='av-parallax-inner alternate_color avia-full-stretch'><\/div><\/div><div class=\"av-section-color-overlay-wrap\"><div class=\"av-section-color-overlay\"><\/div><div class='container av-section-cont-open' ><div class='template-page content  av-content-full alpha units'><div class='post-entry post-entry-type-page post-entry-3535'><div class='entry-content-wrapper clearfix'>\n\n<style type=\"text\/css\" data-created_by=\"avia_inline_auto\" id=\"style-css-av-k8h3ppis-1c65f3def3376b84cb392f27806c00e7\">\n#top .av-special-heading.av-k8h3ppis-1c65f3def3376b84cb392f27806c00e7{\npadding-bottom:10px;\ncolor:#ffffff;\n}\nbody .av-special-heading.av-k8h3ppis-1c65f3def3376b84cb392f27806c00e7 .av-special-heading-tag .heading-char{\nfont-size:25px;\n}\n.av-special-heading.av-k8h3ppis-1c65f3def3376b84cb392f27806c00e7 .special-heading-inner-border{\nborder-color:#ffffff;\n}\n.av-special-heading.av-k8h3ppis-1c65f3def3376b84cb392f27806c00e7 .av-subheading{\nfont-size:25px;\n}\n<\/style>\n<div  class='av-special-heading av-k8h3ppis-1c65f3def3376b84cb392f27806c00e7 av-special-heading-h2 custom-color-heading blockquote modern-quote modern-centered  avia-builder-el-10  el_before_av_hr  avia-builder-el-first '><h2 class='av-special-heading-tag'  itemprop=\"headline\"  >Die Einsatzgebiete <br \/>f\u00fcr den Profi-Fotografen<\/h2><div class=\"special-heading-border\"><div class=\"special-heading-inner-border\"><\/div><\/div><\/div>\n\n<style type=\"text\/css\" data-created_by=\"avia_inline_auto\" id=\"style-css-av-k5wbd76n-32-a59eab97d42dd066d23a963f97091333\">\n#top .hr.av-k5wbd76n-32-a59eab97d42dd066d23a963f97091333{\nmargin-top:30px;\nmargin-bottom:30px;\n}\n.hr.av-k5wbd76n-32-a59eab97d42dd066d23a963f97091333 .hr-inner{\nwidth:80px;\nborder-color:#ffffff;\n}\n<\/style>\n<div  class='hr av-k5wbd76n-32-a59eab97d42dd066d23a963f97091333 hr-custom  avia-builder-el-11  el_after_av_heading  el_before_av_one_full  hr-center hr-icon-no'><span class='hr-inner inner-border-av-border-fat'><span class=\"hr-inner-style\"><\/span><\/span><\/div>\n\n<style type=\"text\/css\" data-created_by=\"avia_inline_auto\" id=\"style-css-av-k5wbrmfc-29-4091095d1e0d8176ffd867ea6eee35f1\">\n#top .flex_column.av-k5wbrmfc-29-4091095d1e0d8176ffd867ea6eee35f1{\nmargin-top:0px;\nmargin-bottom:30px;\n}\n.flex_column.av-k5wbrmfc-29-4091095d1e0d8176ffd867ea6eee35f1{\n-webkit-border-radius:0px 0px 0px 0px;\n-moz-border-radius:0px 0px 0px 0px;\nborder-radius:0px 0px 0px 0px;\npadding:0px 0px 0px 0px;\n}\n.responsive #top #wrap_all .flex_column.av-k5wbrmfc-29-4091095d1e0d8176ffd867ea6eee35f1{\nmargin-top:0px;\nmargin-bottom:30px;\n}\n<\/style>\n<div class='flex_column av-k5wbrmfc-29-4091095d1e0d8176ffd867ea6eee35f1 av_one_full  avia-builder-el-12  el_after_av_hr  el_before_av_one_fifth  first flex_column_div av-animated-generic pop-up av-zero-column-padding '     ><style type=\"text\/css\" data-created_by=\"avia_inline_auto\" id=\"style-css-av-k5wbumfz-fd09a01c03615fea399cb4cd4a382a14\">\n#top .av_textblock_section.av-k5wbumfz-fd09a01c03615fea399cb4cd4a382a14 .avia_textblock{\nfont-size:24px;\ncolor:#ffffff;\n}\n<\/style>\n<section  class='av_textblock_section av-k5wbumfz-fd09a01c03615fea399cb4cd4a382a14'  itemscope=\"itemscope\" itemtype=\"https:\/\/schema.org\/CreativeWork\" ><div class='avia_textblock av_inherit_color'  itemprop=\"text\" ><p style=\"text-align: center;\">Immer dann, wenn besonders aussagekr\u00e4ftige Fotos ben\u00f6tigt werden, dann kommt der Profi ins Spiel. Das k\u00f6nnen etwa die folgenden Einsatzgebiete sein:<\/p>\n<\/div><\/section><\/div>\n<style type=\"text\/css\" data-created_by=\"avia_inline_auto\" id=\"style-css-av-2ttubj-a439551b93d8b631c2cf772ba3012202\">\n.flex_column.av-2ttubj-a439551b93d8b631c2cf772ba3012202{\n-webkit-border-radius:0px 0px 0px 0px;\n-moz-border-radius:0px 0px 0px 0px;\nborder-radius:0px 0px 0px 0px;\npadding:0px 0px 0px 0px;\n}\n<\/style>\n<div class='flex_column av-2ttubj-a439551b93d8b631c2cf772ba3012202 av_one_fifth  avia-builder-el-14  el_after_av_one_full  el_before_av_one_fifth  first flex_column_div av-zero-column-padding column-top-margin'     ><style type=\"text\/css\" data-created_by=\"avia_inline_auto\" id=\"style-css-av-k8h34fb9-02a5d08102b982903b831cc2d667d503\">\n.av_font_icon.av-k8h34fb9-02a5d08102b982903b831cc2d667d503{\ncolor:#ffffff;\nborder-color:#ffffff;\n}\n.av_font_icon.av-k8h34fb9-02a5d08102b982903b831cc2d667d503 .av-icon-char{\nfont-size:50px;\nline-height:50px;\nwidth:50px;\n}\n<\/style>\n<span  class='av_font_icon av-k8h34fb9-02a5d08102b982903b831cc2d667d503 avia_animate_when_visible av-icon-style-border avia-icon-pos-center avia-icon-animate'><a href='https:\/\/www.grether-photography.com\/en\/dienstleistungen\/portraitfotografie\/'  class='av-icon-char' aria-hidden='true' data-av_icon='\ue80a' data-av_iconfont='entypo-fontello' ><\/a><span class='av_icon_caption av-special-font'>Portraitfotografie<\/span><\/span><\/div>\n<style type=\"text\/css\" data-created_by=\"avia_inline_auto\" id=\"style-css-av-2ttubj-24-cc4734b7c50418b52185cf0bb7c5dadf\">\n.flex_column.av-2ttubj-24-cc4734b7c50418b52185cf0bb7c5dadf{\n-webkit-border-radius:0px 0px 0px 0px;\n-moz-border-radius:0px 0px 0px 0px;\nborder-radius:0px 0px 0px 0px;\npadding:0px 0px 0px 0px;\n}\n<\/style>\n<div class='flex_column av-2ttubj-24-cc4734b7c50418b52185cf0bb7c5dadf av_one_fifth  avia-builder-el-16  el_after_av_one_fifth  el_before_av_one_fifth  flex_column_div av-zero-column-padding column-top-margin'     ><style type=\"text\/css\" data-created_by=\"avia_inline_auto\" id=\"style-css-av-k8h34fb9-23-fccd8ab8ab407d912ae48f1ab5e10b74\">\n.av_font_icon.av-k8h34fb9-23-fccd8ab8ab407d912ae48f1ab5e10b74{\ncolor:#ffffff;\nborder-color:#ffffff;\n}\n.av_font_icon.av-k8h34fb9-23-fccd8ab8ab407d912ae48f1ab5e10b74 .av-icon-char{\nfont-size:50px;\nline-height:50px;\nwidth:50px;\n}\n<\/style>\n<span  class='av_font_icon av-k8h34fb9-23-fccd8ab8ab407d912ae48f1ab5e10b74 avia_animate_when_visible av-icon-style-border avia-icon-pos-center avia-icon-animate'><a href='https:\/\/www.grether-photography.com\/en\/dienstleistungen\/businessfotografie\/'  class='av-icon-char' aria-hidden='true' data-av_icon='\ue800' data-av_iconfont='fontello' ><\/a><span class='av_icon_caption av-special-font'>Business-Fotografie<\/span><\/span><\/div>\n<style type=\"text\/css\" data-created_by=\"avia_inline_auto\" id=\"style-css-av-2ttubj-22-7314ac0c50b35540b9feae52639be561\">\n.flex_column.av-2ttubj-22-7314ac0c50b35540b9feae52639be561{\n-webkit-border-radius:0px 0px 0px 0px;\n-moz-border-radius:0px 0px 0px 0px;\nborder-radius:0px 0px 0px 0px;\npadding:0px 0px 0px 0px;\n}\n<\/style>\n<div class='flex_column av-2ttubj-22-7314ac0c50b35540b9feae52639be561 av_one_fifth  avia-builder-el-18  el_after_av_one_fifth  el_before_av_one_fifth  flex_column_div av-zero-column-padding column-top-margin'     ><style type=\"text\/css\" data-created_by=\"avia_inline_auto\" id=\"style-css-av-k8h34fb9-21-6439c145031418618a2bde73cbdda094\">\n.av_font_icon.av-k8h34fb9-21-6439c145031418618a2bde73cbdda094{\ncolor:#ffffff;\nborder-color:#ffffff;\n}\n.av_font_icon.av-k8h34fb9-21-6439c145031418618a2bde73cbdda094 .av-icon-char{\nfont-size:50px;\nline-height:50px;\nwidth:50px;\n}\n<\/style>\n<span  class='av_font_icon av-k8h34fb9-21-6439c145031418618a2bde73cbdda094 avia_animate_when_visible av-icon-style-border avia-icon-pos-center avia-icon-animate'><a href='https:\/\/www.grether-photography.com\/en\/dienstleistungen\/eventfotografie\/'  class='av-icon-char' aria-hidden='true' data-av_icon='\ue809' data-av_iconfont='fontello' ><\/a><span class='av_icon_caption av-special-font'>Eventfotografie<\/span><\/span><\/div>\n<style type=\"text\/css\" data-created_by=\"avia_inline_auto\" id=\"style-css-av-2ttubj-20-9e20f2f9944dbb25428686f8d8f263e9\">\n.flex_column.av-2ttubj-20-9e20f2f9944dbb25428686f8d8f263e9{\n-webkit-border-radius:0px 0px 0px 0px;\n-moz-border-radius:0px 0px 0px 0px;\nborder-radius:0px 0px 0px 0px;\npadding:0px 0px 0px 0px;\n}\n<\/style>\n<div class='flex_column av-2ttubj-20-9e20f2f9944dbb25428686f8d8f263e9 av_one_fifth  avia-builder-el-20  el_after_av_one_fifth  el_before_av_one_fifth  flex_column_div av-zero-column-padding column-top-margin'     ><style type=\"text\/css\" data-created_by=\"avia_inline_auto\" id=\"style-css-av-k8h34fb9-19-36d04b979e7eab2b32844df333f83b3e\">\n.av_font_icon.av-k8h34fb9-19-36d04b979e7eab2b32844df333f83b3e{\ncolor:#ffffff;\nborder-color:#ffffff;\n}\n.av_font_icon.av-k8h34fb9-19-36d04b979e7eab2b32844df333f83b3e .av-icon-char{\nfont-size:50px;\nline-height:50px;\nwidth:50px;\n}\n<\/style>\n<span  class='av_font_icon av-k8h34fb9-19-36d04b979e7eab2b32844df333f83b3e avia_animate_when_visible av-icon-style-border avia-icon-pos-center avia-icon-animate'><a href='https:\/\/www.grether-photography.com\/en\/dienstleistungen\/immobilienfotografie\/'  class='av-icon-char' aria-hidden='true' data-av_icon='\ue821' data-av_iconfont='entypo-fontello' ><\/a><span class='av_icon_caption av-special-font'>Immobilienfotografie<\/span><\/span><\/div>\n<style type=\"text\/css\" data-created_by=\"avia_inline_auto\" id=\"style-css-av-2ttubj-18-1a2e724073f028b2ee5f280f961b12f7\">\n.flex_column.av-2ttubj-18-1a2e724073f028b2ee5f280f961b12f7{\n-webkit-border-radius:0px 0px 0px 0px;\n-moz-border-radius:0px 0px 0px 0px;\nborder-radius:0px 0px 0px 0px;\npadding:0px 0px 0px 0px;\n}\n<\/style>\n<div class='flex_column av-2ttubj-18-1a2e724073f028b2ee5f280f961b12f7 av_one_fifth  avia-builder-el-22  el_after_av_one_fifth  el_before_av_hr  flex_column_div av-zero-column-padding column-top-margin'     ><style type=\"text\/css\" data-created_by=\"avia_inline_auto\" id=\"style-css-av-k8h34fb9-17-a7c301c6a37563d5b144aa5574e98cbd\">\n.av_font_icon.av-k8h34fb9-17-a7c301c6a37563d5b144aa5574e98cbd{\ncolor:#ffffff;\nborder-color:#ffffff;\n}\n.av_font_icon.av-k8h34fb9-17-a7c301c6a37563d5b144aa5574e98cbd .av-icon-char{\nfont-size:50px;\nline-height:50px;\nwidth:50px;\n}\n<\/style>\n<span  class='av_font_icon av-k8h34fb9-17-a7c301c6a37563d5b144aa5574e98cbd avia_animate_when_visible av-icon-style-border avia-icon-pos-center avia-icon-animate'><a href='https:\/\/www.grether-photography.com\/en\/dienstleistungen\/drohnenfotografie\/'  class='av-icon-char' aria-hidden='true' data-av_icon='\ue8b6' data-av_iconfont='entypo-fontello' ><\/a><span class='av_icon_caption av-special-font'>Drohnenfotografie<\/span><\/span><\/div>\n<style type=\"text\/css\" data-created_by=\"avia_inline_auto\" id=\"style-css-av-k5wbd76n-27-004ac2e51b8bc7961b1113a7d17c5c64\">\n#top .hr.av-k5wbd76n-27-004ac2e51b8bc7961b1113a7d17c5c64{\nmargin-top:30px;\nmargin-bottom:50px;\n}\n.hr.av-k5wbd76n-27-004ac2e51b8bc7961b1113a7d17c5c64 .hr-inner{\nwidth:80px;\nborder-color:#ffffff;\n}\n<\/style>\n<div  class='hr av-k5wbd76n-27-004ac2e51b8bc7961b1113a7d17c5c64 hr-custom  avia-builder-el-24  el_after_av_one_fifth  el_before_av_button  hr-center hr-icon-no'><span class='hr-inner inner-border-av-border-fat'><span class=\"hr-inner-style\"><\/span><\/span><\/div>\n<div  class='avia-button-wrap av-k8ev88ms-7ae6258201dcad7e5e8620eac3fd206c-wrap avia-button-center  avia-builder-el-25  el_after_av_hr  avia-builder-el-last '><a href='https:\/\/www.grether-photography.com\/en\/kontakt\/'  class='avia-button av-k8ev88ms-7ae6258201dcad7e5e8620eac3fd206c avia-icon_select-yes-right-icon avia-size-x-large avia-position-center avia-color-light'  ><span class='avia_iconbox_title' >Fotoshooting buchen<\/span><span class='avia_button_icon avia_button_icon_right' aria-hidden='true' data-av_icon='\ue832' data-av_iconfont='entypo-fontello'><\/span><\/a><\/div>\n\n<\/div><\/div><\/div><!-- close content main div --><\/div><\/div><\/div><div id='av_section_3'  class='avia-section av-nc888-98c8dea44d932578011d48c92819b61c alternate_color avia-section-default avia-no-border-styling  avia-builder-el-26  el_after_av_section  el_before_av_section  avia-bg-style-scroll container_wrap fullsize'  ><div class='container av-section-cont-open' ><div class='template-page content  av-content-full alpha units'><div class='post-entry post-entry-type-page post-entry-3535'><div class='entry-content-wrapper clearfix'>\n\n<style type=\"text\/css\" data-created_by=\"avia_inline_auto\" id=\"style-css-av-k5wbrmfc-26-02e1490d4c8eafb0c0fcf27600236f39\">\n#top .flex_column.av-k5wbrmfc-26-02e1490d4c8eafb0c0fcf27600236f39{\nmargin-top:30px;\nmargin-bottom:30px;\n}\n.flex_column.av-k5wbrmfc-26-02e1490d4c8eafb0c0fcf27600236f39{\n-webkit-border-radius:0px 0px 0px 0px;\n-moz-border-radius:0px 0px 0px 0px;\nborder-radius:0px 0px 0px 0px;\npadding:0px 0px 0px 0px;\n}\n.responsive #top #wrap_all .flex_column.av-k5wbrmfc-26-02e1490d4c8eafb0c0fcf27600236f39{\nmargin-top:30px;\nmargin-bottom:30px;\n}\n<\/style>\n<div class='flex_column av-k5wbrmfc-26-02e1490d4c8eafb0c0fcf27600236f39 av_one_half  avia-builder-el-27  el_before_av_one_half  avia-builder-el-first  first flex_column_div av-animated-generic top-to-bottom av-zero-column-padding '     ><p>\n<style type=\"text\/css\" data-created_by=\"avia_inline_auto\" id=\"style-css-av-1aju0k-d61427ca714982906b10c0ea2534975f\">\n#top .av-special-heading.av-1aju0k-d61427ca714982906b10c0ea2534975f{\npadding-bottom:25px;\n}\nbody .av-special-heading.av-1aju0k-d61427ca714982906b10c0ea2534975f .av-special-heading-tag .heading-char{\nfont-size:25px;\n}\n.av-special-heading.av-1aju0k-d61427ca714982906b10c0ea2534975f .av-subheading{\nfont-size:15px;\n}\n<\/style>\n<div  class='av-special-heading av-1aju0k-d61427ca714982906b10c0ea2534975f av-special-heading-h3 blockquote modern-quote  avia-builder-el-28  el_before_av_image  avia-builder-el-first  av-linked-heading'><h3 class='av-special-heading-tag'  itemprop=\"headline\"  >Ihr Fotograf<\/h3><div class=\"special-heading-border\"><div class=\"special-heading-inner-border\"><\/div><\/div><\/div><br \/>\n\n<style type=\"text\/css\" data-created_by=\"avia_inline_auto\" id=\"style-css-av-2umv-88afd44d182e7fb367c41b88772c8da4\">\n.avia-image-container.av-2umv-88afd44d182e7fb367c41b88772c8da4 img.avia_image{\nbox-shadow:none;\n}\n.avia-image-container.av-2umv-88afd44d182e7fb367c41b88772c8da4 .av-image-caption-overlay-center{\ncolor:#ffffff;\n}\n<\/style>\n<div  class='avia-image-container av-2umv-88afd44d182e7fb367c41b88772c8da4 av-styling- avia-align-center  avia-builder-el-29  el_after_av_heading  el_before_av_textblock '   itemprop=\"image\" itemscope=\"itemscope\" itemtype=\"https:\/\/schema.org\/ImageObject\" ><div class=\"avia-image-container-inner\"><div class=\"avia-image-overlay-wrap\"><img decoding=\"async\" class='wp-image-4666 avia-img-lazy-loading-not-4666 avia_image ' src=\"https:\/\/www.grether-photography.com\/wp-content\/uploads\/2020\/07\/Portrait_Laurin.jpg\" alt='' title='Portrait_Laurin'  height=\"1708\" width=\"2560\"  itemprop=\"thumbnailUrl\" srcset=\"https:\/\/www.grether-photography.com\/wp-content\/uploads\/2020\/07\/Portrait_Laurin.jpg 2560w, https:\/\/www.grether-photography.com\/wp-content\/uploads\/2020\/07\/Portrait_Laurin-300x200.jpg 300w, https:\/\/www.grether-photography.com\/wp-content\/uploads\/2020\/07\/Portrait_Laurin-1030x687.jpg 1030w, https:\/\/www.grether-photography.com\/wp-content\/uploads\/2020\/07\/Portrait_Laurin-768x512.jpg 768w, https:\/\/www.grether-photography.com\/wp-content\/uploads\/2020\/07\/Portrait_Laurin-1536x1025.jpg 1536w, https:\/\/www.grether-photography.com\/wp-content\/uploads\/2020\/07\/Portrait_Laurin-2048x1366.jpg 2048w, https:\/\/www.grether-photography.com\/wp-content\/uploads\/2020\/07\/Portrait_Laurin-18x12.jpg 18w, https:\/\/www.grether-photography.com\/wp-content\/uploads\/2020\/07\/Portrait_Laurin-1500x1001.jpg 1500w, https:\/\/www.grether-photography.com\/wp-content\/uploads\/2020\/07\/Portrait_Laurin-705x470.jpg 705w\" sizes=\"(max-width: 2560px) 100vw, 2560px\" \/><\/div><\/div><\/div><br \/>\n<section  class='av_textblock_section av-k5wbumfz-25-b92790db34c16075626acfe629a87632'  itemscope=\"itemscope\" itemtype=\"https:\/\/schema.org\/CreativeWork\" ><div class='avia_textblock'  itemprop=\"text\" ><p><em><strong>Laurin Grether:<\/strong> F\u00fcr Sie unterwegs als Fotograf f\u00fcr Firmen, Events, Immobilien, Protraits, Drohnenfotos und vieles mehr.<\/em><\/p>\n<\/div><\/section><br \/>\n\n<style type=\"text\/css\" data-created_by=\"avia_inline_auto\" id=\"style-css-av-k5wbd76n-16-3785cbbc916abd9f89ab331f217499a6\">\n#top .hr.hr-invisible.av-k5wbd76n-16-3785cbbc916abd9f89ab331f217499a6{\nheight:20px;\n}\n<\/style>\n<div  class='hr av-k5wbd76n-16-3785cbbc916abd9f89ab331f217499a6 hr-invisible  avia-builder-el-31  el_after_av_textblock  avia-builder-el-last '><span class='hr-inner '><span class=\"hr-inner-style\"><\/span><\/span><\/div><\/p><\/div>\n<style type=\"text\/css\" data-created_by=\"avia_inline_auto\" id=\"style-css-av-k5wbrmfc-14-92a832bb90c9d4e92b7dc52243bd08a5\">\n#top .flex_column.av-k5wbrmfc-14-92a832bb90c9d4e92b7dc52243bd08a5{\nmargin-top:30px;\nmargin-bottom:30px;\n}\n.flex_column.av-k5wbrmfc-14-92a832bb90c9d4e92b7dc52243bd08a5{\n-webkit-border-radius:0px 0px 0px 0px;\n-moz-border-radius:0px 0px 0px 0px;\nborder-radius:0px 0px 0px 0px;\npadding:0px 0px 0px 0px;\n}\n.responsive #top #wrap_all .flex_column.av-k5wbrmfc-14-92a832bb90c9d4e92b7dc52243bd08a5{\nmargin-top:30px;\nmargin-bottom:30px;\n}\n<\/style>\n<div class='flex_column av-k5wbrmfc-14-92a832bb90c9d4e92b7dc52243bd08a5 av_one_half  avia-builder-el-32  el_after_av_one_half  avia-builder-el-last  flex_column_div av-animated-generic top-to-bottom av-zero-column-padding '     ><p>\n<style type=\"text\/css\" data-created_by=\"avia_inline_auto\" id=\"style-css-av-13an8k-cf214b13619c1844f73e4956ae74b6c1\">\n#top .av-special-heading.av-13an8k-cf214b13619c1844f73e4956ae74b6c1{\npadding-bottom:25px;\n}\nbody .av-special-heading.av-13an8k-cf214b13619c1844f73e4956ae74b6c1 .av-special-heading-tag .heading-char{\nfont-size:25px;\n}\n.av-special-heading.av-13an8k-cf214b13619c1844f73e4956ae74b6c1 .av-subheading{\nfont-size:15px;\n}\n<\/style>\n<div  class='av-special-heading av-13an8k-cf214b13619c1844f73e4956ae74b6c1 av-special-heading-h3 blockquote modern-quote  avia-builder-el-33  el_before_av_iconlist  avia-builder-el-first  av-linked-heading'><h3 class='av-special-heading-tag'  itemprop=\"headline\"  >In der ganzen Schweiz f\u00fcr Sie da<\/h3><div class=\"special-heading-border\"><div class=\"special-heading-inner-border\"><\/div><\/div><\/div><br \/>\n\n<style type=\"text\/css\" data-created_by=\"avia_inline_auto\" id=\"style-css-av-k6c4hnu5-5cda258ff13e472403f0926ff713be64\">\n#top .avia-icon-list-container.av-k6c4hnu5-5cda258ff13e472403f0926ff713be64 .iconlist_icon{\ncolor:#ffffff;\nbackground-color:#353535;\n}\n<\/style>\n<div  class='avia-icon-list-container av-k6c4hnu5-5cda258ff13e472403f0926ff713be64  avia-builder-el-34  el_after_av_heading  el_before_av_textblock '><ul class='avia-icon-list avia_animate_when_almost_visible avia-icon-list-left av-iconlist-small av-k6c4hnu5-5cda258ff13e472403f0926ff713be64 avia-iconlist-animate'>\n<li><div class='iconlist_icon av-yydgs-c0b3661752af563dcbdf51bba683e321 avia-font-entypo-fontello'><span class='iconlist-char' aria-hidden='true' data-av_icon='\ue881' data-av_iconfont='entypo-fontello'><\/span><\/div><article class=\"article-icon-entry av-iconlist-empty\"  itemscope=\"itemscope\" itemtype=\"https:\/\/schema.org\/CreativeWork\" ><div class=\"iconlist_content_wrap\"><header class=\"entry-content-header\"><div class='av_iconlist_title iconlist_title_small  '  itemprop=\"headline\" ><a href='https:\/\/www.grether-photography.com\/en\/luzern-zug-schwyz\/immobilienfotografie-luzern-zug-schwyz\/' title='Immobilienfotografie auch im Raum Luzern und Zug'>Immobilienfotografie auch im Raum Luzern und Zug<\/a><\/div><\/header><div class='iconlist_content '  itemprop=\"text\" ><\/div><\/div><footer class=\"entry-footer\"><\/footer><\/article><div class=\"iconlist-timeline\"><\/div><\/li>\n<li><div class='iconlist_icon av-q0og4-36b8ad4ed470a93b7a684c6ed31083e4 avia-font-entypo-fontello'><span class='iconlist-char' aria-hidden='true' data-av_icon='\ue881' data-av_iconfont='entypo-fontello'><\/span><\/div><article class=\"article-icon-entry av-iconlist-empty\"  itemscope=\"itemscope\" itemtype=\"https:\/\/schema.org\/CreativeWork\" ><div class=\"iconlist_content_wrap\"><header class=\"entry-content-header\"><div class='av_iconlist_title iconlist_title_small  '  itemprop=\"headline\" ><a href='https:\/\/www.grether-photography.com\/en\/ostschweiz\/fotograf-buchs\/' title='Wollen Sie mich als Fotograf in Buchs? No problem.'>Wollen Sie mich als Fotograf in Buchs? No problem.<\/a><\/div><\/header><div class='iconlist_content '  itemprop=\"text\" ><\/div><\/div><footer class=\"entry-footer\"><\/footer><\/article><div class=\"iconlist-timeline\"><\/div><\/li>\n<li><div class='iconlist_icon av-mhvms-39b69753b03d84fa1f525ac04fae6d5e avia-font-entypo-fontello'><span class='iconlist-char' aria-hidden='true' data-av_icon='\ue881' data-av_iconfont='entypo-fontello'><\/span><\/div><article class=\"article-icon-entry av-iconlist-empty\"  itemscope=\"itemscope\" itemtype=\"https:\/\/schema.org\/CreativeWork\" ><div class=\"iconlist_content_wrap\"><header class=\"entry-content-header\"><div class='av_iconlist_title iconlist_title_small  '  itemprop=\"headline\" ><a href='https:\/\/www.grether-photography.com\/en\/zuerich-aargau\/fotograf-erlenbach-herrliberg\/' title='Professionelle Fotos f\u00fcr Firmen und Private'>Professionelle Fotos f\u00fcr Firmen und Private<\/a><\/div><\/header><div class='iconlist_content '  itemprop=\"text\" ><\/div><\/div><footer class=\"entry-footer\"><\/footer><\/article><div class=\"iconlist-timeline\"><\/div><\/li>\n<li><div class='iconlist_icon av-gzurw-539efdafd922509d341c610b4862997a avia-font-entypo-fontello'><span class='iconlist-char' aria-hidden='true' data-av_icon='\ue881' data-av_iconfont='entypo-fontello'><\/span><\/div><article class=\"article-icon-entry av-iconlist-empty\"  itemscope=\"itemscope\" itemtype=\"https:\/\/schema.org\/CreativeWork\" ><div class=\"iconlist_content_wrap\"><header class=\"entry-content-header\"><div class='av_iconlist_title iconlist_title_small  '  itemprop=\"headline\" ><a href='https:\/\/www.grether-photography.com\/en\/zuerich-aargau\/fotograf-brugg-turgi-windisch\/' title='Im Aargau unterwegs, in Brugg und Turgi'>Im Aargau unterwegs, in Brugg und Turgi<\/a><\/div><\/header><div class='iconlist_content '  itemprop=\"text\" ><\/div><\/div><footer class=\"entry-footer\"><\/footer><\/article><div class=\"iconlist-timeline\"><\/div><\/li>\n<li><div class='iconlist_icon av-9m56s-0aa2a19d7d62284ab4a174896aa8cd89 avia-font-entypo-fontello'><span class='iconlist-char' aria-hidden='true' data-av_icon='\ue881' data-av_iconfont='entypo-fontello'><\/span><\/div><article class=\"article-icon-entry av-iconlist-empty\"  itemscope=\"itemscope\" itemtype=\"https:\/\/schema.org\/CreativeWork\" ><div class=\"iconlist_content_wrap\"><header class=\"entry-content-header\"><div class='av_iconlist_title iconlist_title_small  '  itemprop=\"headline\" ><a href='https:\/\/www.grether-photography.com\/en\/zuerich-aargau\/fotograf-wettingen\/' title='Fotografieren vor Ort ist immer mein Ziel'>Fotografieren vor Ort ist immer mein Ziel<\/a><\/div><\/header><div class='iconlist_content '  itemprop=\"text\" ><\/div><\/div><footer class=\"entry-footer\"><\/footer><\/article><div class=\"iconlist-timeline\"><\/div><\/li>\n<\/ul><\/div><br \/>\n<section  class='av_textblock_section av-k5wbumfz-13-1f10d105dcda51ff15206dcb9db6e4f0'  itemscope=\"itemscope\" itemtype=\"https:\/\/schema.org\/CreativeWork\" ><div class='avia_textblock'  itemprop=\"text\" ><p>Ich bin Ihr Fotograf in Flimx und Laax, wenn es zum Beispiel um Fotos von Events geht: Sportveranstaltungen gibt es in Graub\u00fcnden h\u00e4ufig. Ob Sommer oder Winter: Ski, Bike oder Laufveranstaltungen fotografiere ich mit professionellem Kamera- und Blitz-Equipment. Aber auch Firmenshootings oder Firmenanl\u00e4sse geh\u00f6ren mit zum Angebot. Ich informiere Sie gerne \u00fcber den Ablauf und Preise.<\/p>\n<\/div><\/section><br \/>\n\n<style type=\"text\/css\" data-created_by=\"avia_inline_auto\" id=\"style-css-av-k5wbd76n-12-a3bcaec79fa659c5d30b40980b62877c\">\n#top .hr.hr-invisible.av-k5wbd76n-12-a3bcaec79fa659c5d30b40980b62877c{\nheight:20px;\n}\n<\/style>\n<div  class='hr av-k5wbd76n-12-a3bcaec79fa659c5d30b40980b62877c hr-invisible  avia-builder-el-36  el_after_av_textblock  el_before_av_buttonrow '><span class='hr-inner '><span class=\"hr-inner-style\"><\/span><\/span><\/div><br \/>\n<div  class='avia-buttonrow-wrap av-kewxp7nr-2d3b281201091957b99f0f4976930a1f avia-buttonrow-left  avia-builder-el-37  el_after_av_hr  avia-builder-el-last '>\n\n<style type=\"text\/css\" data-created_by=\"avia_inline_auto\" id=\"style-css-av-g1gco-5d8b894c757d81da0e484c110e11ee2f\">\n#top #wrap_all .avia-button.av-g1gco-5d8b894c757d81da0e484c110e11ee2f{\nmargin-bottom:30px;\nmargin-right:30px;\n}\n<\/style>\n<a href='https:\/\/www.grether-photography.com\/en\/kontakt\/'  class='avia-button av-g1gco-5d8b894c757d81da0e484c110e11ee2f avia-icon_select-yes-left-icon avia-size-large avia-color-theme-color'  ><span class='avia_button_icon avia_button_icon_left ' aria-hidden='true' data-av_icon='\ue83c' data-av_iconfont='entypo-fontello'><\/span><span class='avia_iconbox_title' >Kontakt<\/span><\/a>\n\n<style type=\"text\/css\" data-created_by=\"avia_inline_auto\" id=\"style-css-av-bal48-4aef9fde07c43ef8621e4d2b188f889d\">\n#top #wrap_all .avia-button.av-bal48-4aef9fde07c43ef8621e4d2b188f889d{\nmargin-bottom:30px;\nmargin-right:30px;\n}\n<\/style>\n<a href='https:\/\/www.grether-photography.com\/en\/ueber-mich\/'  class='avia-button av-bal48-4aef9fde07c43ef8621e4d2b188f889d avia-icon_select-yes-left-icon avia-size-large avia-color-theme-color'  ><span class='avia_button_icon avia_button_icon_left ' aria-hidden='true' data-av_icon='\ue80a' data-av_iconfont='entypo-fontello'><\/span><span class='avia_iconbox_title' >\u00dcber mich<\/span><\/a>\n<\/div><\/p><\/div><\/div><\/div><\/div><!-- close content main div --><\/div><\/div><div id='av_section_4'  class='avia-section av-6d1wv3-23f17f7956e03cf1e699cac0863d5b85 main_color avia-section-huge avia-no-border-styling  avia-builder-el-38  el_after_av_section  el_before_av_postcontent  avia-bg-style-scroll container_wrap fullsize'  ><div class='container av-section-cont-open' ><div class='template-page content  av-content-full alpha units'><div class='post-entry post-entry-type-page post-entry-3535'><div class='entry-content-wrapper clearfix'>\n\n<style type=\"text\/css\" data-created_by=\"avia_inline_auto\" id=\"style-css-av-34yfm7-840cb32f73e446552734deb8c6433d04\">\n#top .av-special-heading.av-34yfm7-840cb32f73e446552734deb8c6433d04{\npadding-bottom:10px;\n}\nbody .av-special-heading.av-34yfm7-840cb32f73e446552734deb8c6433d04 .av-special-heading-tag .heading-char{\nfont-size:25px;\n}\n.av-special-heading.av-34yfm7-840cb32f73e446552734deb8c6433d04 .av-subheading{\nfont-size:25px;\n}\n<\/style>\n<div  class='av-special-heading av-34yfm7-840cb32f73e446552734deb8c6433d04 av-special-heading-h2 blockquote modern-quote modern-centered  avia-builder-el-39  el_before_av_hr  avia-builder-el-first  av-linked-heading'><h2 class='av-special-heading-tag'  itemprop=\"headline\"  >Ihr Fotograf f\u00fcr Flims<\/h2><div class='av-subheading av-subheading_below'><p>Gute Fotos zum Greifen nah<\/p>\n<\/div><div class=\"special-heading-border\"><div class=\"special-heading-inner-border\"><\/div><\/div><\/div>\n\n<style type=\"text\/css\" data-created_by=\"avia_inline_auto\" id=\"style-css-av-k5wbd76n-10-16d2fe9956f106fdcdc891c83875fb0d\">\n#top .hr.av-k5wbd76n-10-16d2fe9956f106fdcdc891c83875fb0d{\nmargin-top:30px;\nmargin-bottom:30px;\n}\n.hr.av-k5wbd76n-10-16d2fe9956f106fdcdc891c83875fb0d .hr-inner{\nwidth:80px;\nborder-color:#353535;\n}\n<\/style>\n<div  class='hr av-k5wbd76n-10-16d2fe9956f106fdcdc891c83875fb0d hr-custom  avia-builder-el-40  el_after_av_heading  el_before_av_one_half  hr-center hr-icon-no'><span class='hr-inner inner-border-av-border-fat'><span class=\"hr-inner-style\"><\/span><\/span><\/div>\n\n<style type=\"text\/css\" data-created_by=\"avia_inline_auto\" id=\"style-css-av-3pkev3-3fae211787c23a1d75db6f18a9ddb6de\">\n#top .flex_column.av-3pkev3-3fae211787c23a1d75db6f18a9ddb6de{\nmargin-top:30px;\nmargin-bottom:30px;\n}\n.flex_column.av-3pkev3-3fae211787c23a1d75db6f18a9ddb6de{\n-webkit-border-radius:0px 0px 0px 0px;\n-moz-border-radius:0px 0px 0px 0px;\nborder-radius:0px 0px 0px 0px;\npadding:0px 0px 0px 0px;\n}\n.responsive #top #wrap_all .flex_column.av-3pkev3-3fae211787c23a1d75db6f18a9ddb6de{\nmargin-top:30px;\nmargin-bottom:30px;\n}\n<\/style>\n<div class='flex_column av-3pkev3-3fae211787c23a1d75db6f18a9ddb6de av_one_half  avia-builder-el-41  el_after_av_hr  el_before_av_one_half  first flex_column_div av-zero-column-padding '     ><section  class='av_textblock_section av-k6krixsu-cf25db6553a3539bb9f32e8e46d00447'  itemscope=\"itemscope\" itemtype=\"https:\/\/schema.org\/CreativeWork\" ><div class='avia_textblock'  itemprop=\"text\" ><h3 style=\"text-align: right;\">Sch\u00f6ne Kulissen in Flims<\/h3>\n<\/div><\/section><br \/>\n\n<style type=\"text\/css\" data-created_by=\"avia_inline_auto\" id=\"style-css-av-k5wbd76n-9-be9accdb9d4f0a3ea9900a1752c2dea6\">\n#top .hr.hr-invisible.av-k5wbd76n-9-be9accdb9d4f0a3ea9900a1752c2dea6{\nheight:5px;\n}\n<\/style>\n<div  class='hr av-k5wbd76n-9-be9accdb9d4f0a3ea9900a1752c2dea6 hr-invisible  avia-builder-el-43  el_after_av_textblock  el_before_av_textblock '><span class='hr-inner '><span class=\"hr-inner-style\"><\/span><\/span><\/div><br \/>\n<section  class='av_textblock_section av-k6krixsu-7-7a3d9df8d51b61664a81f2f5f6c75eb6'  itemscope=\"itemscope\" itemtype=\"https:\/\/schema.org\/CreativeWork\" ><div class='avia_textblock'  itemprop=\"text\" ><p style=\"text-align: right;\">Die politische Gemeinde Flims hat gut 2800 Einwohner und geh\u00f6rt zum Kanton Graub\u00fcnden. Flims liegt auf der Passh\u00f6he der Obertalstrasse auf einer H\u00f6he von 500 Metern unter der Wand des Flimsersteins.<\/p>\n<p style=\"text-align: right;\">Und hier haben Sie einen sch\u00f6nen Hintergrund f\u00fcr gute Fotos praktisch zum Greifen nah. Das Hochtal von Flims bietet eine hervorragende Flimskulisse (entschuldigen Sie das Wortspiel) f\u00fcr naturverbundenes Fotomaterial.<\/p>\n<\/div><\/section><br \/>\n\n<style type=\"text\/css\" data-created_by=\"avia_inline_auto\" id=\"style-css-av-k5wbd76n-6-d4a8f54b47d20cd503707a2b597cec38\">\n#top .hr.hr-invisible.av-k5wbd76n-6-d4a8f54b47d20cd503707a2b597cec38{\nheight:15px;\n}\n<\/style>\n<div  class='hr av-k5wbd76n-6-d4a8f54b47d20cd503707a2b597cec38 hr-invisible  avia-builder-el-45  el_after_av_textblock  el_before_av_button '><span class='hr-inner '><span class=\"hr-inner-style\"><\/span><\/span><\/div><br \/>\n<div  class='avia-button-wrap av-k8ev88ms-15-1cd4e15c7911f89ea1e9e40c59eec77f-wrap avia-button-right  avia-builder-el-46  el_after_av_hr  avia-builder-el-last '><a href='https:\/\/www.grether-photography.com\/en\/kontakt\/'  class='avia-button av-k8ev88ms-15-1cd4e15c7911f89ea1e9e40c59eec77f avia-icon_select-yes-right-icon avia-size-large avia-position-right avia-color-theme-color'  ><span class='avia_iconbox_title' >Kontakt aufnehmen<\/span><span class='avia_button_icon avia_button_icon_right' aria-hidden='true' data-av_icon='\ue832' data-av_iconfont='entypo-fontello'><\/span><\/a><\/div><\/p><\/div>\n<style type=\"text\/css\" data-created_by=\"avia_inline_auto\" id=\"style-css-av-3pkev3-8-89c2c92139136ce9c29ecc2ff732cbf1\">\n#top .flex_column.av-3pkev3-8-89c2c92139136ce9c29ecc2ff732cbf1{\nmargin-top:0px;\nmargin-bottom:0px;\n}\n.flex_column.av-3pkev3-8-89c2c92139136ce9c29ecc2ff732cbf1{\n-webkit-border-radius:0px 0px 0px 0px;\n-moz-border-radius:0px 0px 0px 0px;\nborder-radius:0px 0px 0px 0px;\npadding:0px 0px 0px 0px;\n}\n.responsive #top #wrap_all .flex_column.av-3pkev3-8-89c2c92139136ce9c29ecc2ff732cbf1{\nmargin-top:0px;\nmargin-bottom:0px;\n}\n<\/style>\n<div class='flex_column av-3pkev3-8-89c2c92139136ce9c29ecc2ff732cbf1 av_one_half  avia-builder-el-47  el_after_av_one_half  avia-builder-el-last  flex_column_div av-animated-generic right-to-left av-zero-column-padding '     ><p>\n<style type=\"text\/css\" data-created_by=\"avia_inline_auto\" id=\"style-css-av-k6kropy3-16ec480b9c56c66bde5bfbb0e454c421\">\n.avia-image-container.av-k6kropy3-16ec480b9c56c66bde5bfbb0e454c421 img.avia_image{\nbox-shadow:none;\n}\n.avia-image-container.av-k6kropy3-16ec480b9c56c66bde5bfbb0e454c421 .av-image-caption-overlay-center{\ncolor:#ffffff;\n}\n<\/style>\n<div  class='avia-image-container av-k6kropy3-16ec480b9c56c66bde5bfbb0e454c421 av-styling- avia-align-center  avia-builder-el-48  el_before_av_textblock  avia-builder-el-first '   itemprop=\"image\" itemscope=\"itemscope\" itemtype=\"https:\/\/schema.org\/ImageObject\" ><div class=\"avia-image-container-inner\"><div class=\"avia-image-overlay-wrap\"><img decoding=\"async\" class='wp-image-8503 avia-img-lazy-loading-not-8503 avia_image ' src=\"https:\/\/www.grether-photography.com\/wp-content\/uploads\/2023\/07\/aa.jpg\" alt='' title='Portraitfotografie'  height=\"843\" width=\"1265\"  itemprop=\"thumbnailUrl\" srcset=\"https:\/\/www.grether-photography.com\/wp-content\/uploads\/2023\/07\/aa.jpg 1265w, https:\/\/www.grether-photography.com\/wp-content\/uploads\/2023\/07\/aa-300x200.jpg 300w, https:\/\/www.grether-photography.com\/wp-content\/uploads\/2023\/07\/aa-1030x686.jpg 1030w, https:\/\/www.grether-photography.com\/wp-content\/uploads\/2023\/07\/aa-768x512.jpg 768w, https:\/\/www.grether-photography.com\/wp-content\/uploads\/2023\/07\/aa-18x12.jpg 18w, https:\/\/www.grether-photography.com\/wp-content\/uploads\/2023\/07\/aa-705x470.jpg 705w\" sizes=\"(max-width: 1265px) 100vw, 1265px\" \/><\/div><\/div><\/div><br \/>\n<section  class='av_textblock_section av-l1ddav17-ea7010037dc7678c4d1672f6527990b0'  itemscope=\"itemscope\" itemtype=\"https:\/\/schema.org\/CreativeWork\" ><div class='avia_textblock'  itemprop=\"text\" ><p>Business Portraits in Flims und Laax.<\/p>\n<\/div><\/section><\/p><\/div>\n<\/p>\n[av_masonry_gallery ids='8492,11180,10575,11255,7139' caption_elements='title' caption_styling='' caption_display='always' img_copyright='' size='fixed' orientation='' image_size='masonry' gap='large' columns='5' av-desktop-columns='' av-medium-columns='' av-small-columns='' av-mini-columns='' items='24' paginate='none' color='' custom_bg='' img_copyright_font='' av-desktop-font-img_copyright_font='' av-medium-font-img_copyright_font='' av-small-font-img_copyright_font='' av-mini-font-img_copyright_font='' img_copyright_color='' img_copyright_bg='' animation='active' animation_duration='' animation_custom_bg_color='' animation_custom_bg_color_multi_list='' animation_z_index_curtain='100' overlay_fx='' container_links='active' link_dest='' lightbox_text='' img_scrset='' lazy_loading='disabled' alb_description='' id='' custom_class='' template_class='' av_uid='av-l0tc71bo' sc_version='1.0']\r\n\r\n\n<div id='av_section_5'  class='avia-section av-q0w7-28-33985df3de09b6e440096a7907551217 main_color avia-section-huge avia-no-border-styling  avia-builder-el-51  el_after_av_postcontent  el_before_av_postcontent  avia-bg-style-scroll container_wrap fullsize'  ><div class='container av-section-cont-open' ><div class='template-page content  av-content-full alpha units'><div class='post-entry post-entry-type-page post-entry-3535'><div class='entry-content-wrapper clearfix'>\n\n<style type=\"text\/css\" data-created_by=\"avia_inline_auto\" id=\"style-css-av-a8qbz-5cdd259daf129c93e15b58ba9ccc3736\">\n#top .av-special-heading.av-a8qbz-5cdd259daf129c93e15b58ba9ccc3736{\npadding-bottom:10px;\n}\nbody .av-special-heading.av-a8qbz-5cdd259daf129c93e15b58ba9ccc3736 .av-special-heading-tag .heading-char{\nfont-size:25px;\n}\n.av-special-heading.av-a8qbz-5cdd259daf129c93e15b58ba9ccc3736 .av-subheading{\nfont-size:25px;\n}\n<\/style>\n<div  class='av-special-heading av-a8qbz-5cdd259daf129c93e15b58ba9ccc3736 av-special-heading-h2 blockquote modern-quote modern-centered  avia-builder-el-52  el_before_av_hr  avia-builder-el-first '><h2 class='av-special-heading-tag'  itemprop=\"headline\"  >Die Fotosession in Laax<\/h2><div class='av-subheading av-subheading_below'><p>Sch\u00f6nes Umfeld f\u00fcr Ihre Fotos<\/p>\n<\/div><div class=\"special-heading-border\"><div class=\"special-heading-inner-border\"><\/div><\/div><\/div>\n\n<style type=\"text\/css\" data-created_by=\"avia_inline_auto\" id=\"style-css-av-k5wbd76n-5-d6044ff28181f1c2ea694287d6c13d27\">\n#top .hr.av-k5wbd76n-5-d6044ff28181f1c2ea694287d6c13d27{\nmargin-top:30px;\nmargin-bottom:30px;\n}\n.hr.av-k5wbd76n-5-d6044ff28181f1c2ea694287d6c13d27 .hr-inner{\nwidth:80px;\nborder-color:#353535;\n}\n<\/style>\n<div  class='hr av-k5wbd76n-5-d6044ff28181f1c2ea694287d6c13d27 hr-custom  avia-builder-el-53  el_after_av_heading  el_before_av_one_half  hr-center hr-icon-no'><span class='hr-inner inner-border-av-border-fat'><span class=\"hr-inner-style\"><\/span><\/span><\/div>\n\n<style type=\"text\/css\" data-created_by=\"avia_inline_auto\" id=\"style-css-av-k5wbrmfc-11-3ee3c47d16317c72338a1be615136041\">\n#top .flex_column.av-k5wbrmfc-11-3ee3c47d16317c72338a1be615136041{\nmargin-top:30px;\nmargin-bottom:30px;\n}\n.flex_column.av-k5wbrmfc-11-3ee3c47d16317c72338a1be615136041{\n-webkit-border-radius:0px 0px 0px 0px;\n-moz-border-radius:0px 0px 0px 0px;\nborder-radius:0px 0px 0px 0px;\npadding:0px 0px 0px 0px;\n}\n.responsive #top #wrap_all .flex_column.av-k5wbrmfc-11-3ee3c47d16317c72338a1be615136041{\nmargin-top:30px;\nmargin-bottom:30px;\n}\n<\/style>\n<div class='flex_column av-k5wbrmfc-11-3ee3c47d16317c72338a1be615136041 av_one_half  avia-builder-el-54  el_after_av_hr  el_before_av_one_half  first flex_column_div av-animated-generic bottom-to-top av-zero-column-padding '     ><article  class='iconbox iconbox_top av-k5wfl4hj-293253fd715ef09b537869ec432b7fcd  avia-builder-el-55  avia-builder-el-no-sibling  main_color'  itemscope=\"itemscope\" itemtype=\"https:\/\/schema.org\/CreativeWork\" ><div class=\"iconbox_content\"><header class=\"entry-content-header\"><div class=\"iconbox_icon heading-color\" aria-hidden='true' data-av_icon='\ue80f' data-av_iconfont='entypo-fontello'><\/div><h3 class='iconbox_content_title '  itemprop=\"headline\" >Fotoshooting in Graub\u00fcnden<\/h3><\/header><div class='iconbox_content_container '  itemprop=\"text\" ><p>Auch Laax geh\u00f6rt zum Kanton Graub\u00fcnden. 1850 Einwohner leben hier. Das Gemeindegebiet zieht sich vom Laaxer Tobel bis zur Wasserscheide der Glarner und B\u00fcndner Berge.<\/p>\n<\/div><\/div><footer class=\"entry-footer\"><\/footer><\/article><\/div>\n<style type=\"text\/css\" data-created_by=\"avia_inline_auto\" id=\"style-css-av-k5wbrmfc-2-a1c5b6e281622a0bd892a6fc97ef0637\">\n#top .flex_column.av-k5wbrmfc-2-a1c5b6e281622a0bd892a6fc97ef0637{\nmargin-top:30px;\nmargin-bottom:30px;\n}\n.flex_column.av-k5wbrmfc-2-a1c5b6e281622a0bd892a6fc97ef0637{\n-webkit-border-radius:0px 0px 0px 0px;\n-moz-border-radius:0px 0px 0px 0px;\nborder-radius:0px 0px 0px 0px;\npadding:0px 0px 0px 0px;\n}\n.responsive #top #wrap_all .flex_column.av-k5wbrmfc-2-a1c5b6e281622a0bd892a6fc97ef0637{\nmargin-top:30px;\nmargin-bottom:30px;\n}\n<\/style>\n<div class='flex_column av-k5wbrmfc-2-a1c5b6e281622a0bd892a6fc97ef0637 av_one_half  avia-builder-el-56  el_after_av_one_half  el_before_av_hr  flex_column_div av-animated-generic bottom-to-top av-zero-column-padding '     ><article  class='iconbox iconbox_top av-k5wfl4hj-1-9962d269346f665ccd010e5e4d1d9dd8  avia-builder-el-57  avia-builder-el-no-sibling  main_color'  itemscope=\"itemscope\" itemtype=\"https:\/\/schema.org\/CreativeWork\" ><div class=\"iconbox_content\"><header class=\"entry-content-header\"><div class=\"iconbox_icon heading-color\" aria-hidden='true' data-av_icon='\ue8ce' data-av_iconfont='entypo-fontello'><\/div><h3 class='iconbox_content_title '  itemprop=\"headline\" >Fotos am See<\/h3><\/header><div class='iconbox_content_container '  itemprop=\"text\" ><p>Vor allem die beiden Seen Lag digl Oberst und der Laaxersee sind ein sch\u00f6nes Umfeld f\u00fcr Ihre Fotos. Gerne stehe ich Ihnen als Fotograf zur Verf\u00fcgung.<\/p>\n<\/div><\/div><footer class=\"entry-footer\"><\/footer><\/article><\/div>\n<style type=\"text\/css\" data-created_by=\"avia_inline_auto\" id=\"style-css-av-k5wbd76n-3-fcbef36501baf736b70c45d0a1427675\">\n#top .hr.av-k5wbd76n-3-fcbef36501baf736b70c45d0a1427675{\nmargin-top:30px;\nmargin-bottom:50px;\n}\n.hr.av-k5wbd76n-3-fcbef36501baf736b70c45d0a1427675 .hr-inner{\nwidth:80px;\nborder-color:#353535;\n}\n<\/style>\n<div  class='hr av-k5wbd76n-3-fcbef36501baf736b70c45d0a1427675 hr-custom  avia-builder-el-58  el_after_av_one_half  el_before_av_one_full  hr-center hr-icon-no'><span class='hr-inner inner-border-av-border-fat'><span class=\"hr-inner-style\"><\/span><\/span><\/div>\n\n<style type=\"text\/css\" data-created_by=\"avia_inline_auto\" id=\"style-css-av-k8h5n2b8-54f15c4136ca9e3499dfc93ef14a853c\">\n.flex_column.av-k8h5n2b8-54f15c4136ca9e3499dfc93ef14a853c{\n-webkit-border-radius:0px 0px 0px 0px;\n-moz-border-radius:0px 0px 0px 0px;\nborder-radius:0px 0px 0px 0px;\npadding:0px 0px 0px 0px;\n}\n<\/style>\n<div class='flex_column av-k8h5n2b8-54f15c4136ca9e3499dfc93ef14a853c av_one_full  avia-builder-el-59  el_after_av_hr  avia-builder-el-last  first flex_column_div av-animated-generic pop-up av-zero-column-padding '     ><div  class='avia-button-wrap av-k8ev88ms-4-861233a26e851cc3d958749f66b4de86-wrap avia-button-center  avia-builder-el-60  avia-builder-el-no-sibling '><a href='https:\/\/www.grether-photography.com\/en\/kontakt\/'  class='avia-button av-k8ev88ms-4-861233a26e851cc3d958749f66b4de86 avia-icon_select-yes-right-icon avia-size-x-large avia-position-center avia-color-theme-color'  ><span class='avia_iconbox_title' >Termin vereinbaren<\/span><span class='avia_button_icon avia_button_icon_right' aria-hidden='true' data-av_icon='\ue832' data-av_iconfont='entypo-fontello'><\/span><\/a><\/div><\/div>\n\n[av_section min_height='50' min_height_pc='25' min_height_px='500px' shadow='no-border-styling' bottom_border='no-border-styling' bottom_border_diagonal_color='#333333' bottom_border_diagonal_direction='' bottom_border_style='' padding='huge' custom_margin='0px' custom_margin_sync='true' av-desktop-custom_margin='' av-desktop-custom_margin_sync='true' av-medium-custom_margin='' av-medium-custom_margin_sync='true' av-small-custom_margin='' av-small-custom_margin_sync='true' av-mini-custom_margin='' av-mini-custom_margin_sync='true' svg_div_top='' svg_div_top_color='#333333' svg_div_top_width='100' svg_div_top_height='50' svg_div_top_max_height='none' svg_div_top_opacity='' svg_div_bottom='' svg_div_bottom_color='#333333' svg_div_bottom_width='100' svg_div_bottom_height='50' svg_div_bottom_max_height='none' svg_div_bottom_opacity='' color='main_color' background='bg_color' custom_bg='#000000' background_gradient_direction='vertical' background_gradient_color1='' background_gradient_color2='' background_gradient_color3='' src='https:\/\/www.grether-photography.com\/wp-content\/uploads\/2020\/01\/laurinfinal.jpg' attachment='441' attachment_size='full' attach='parallax' position='center left' repeat='no-repeat' video='' video_ratio='16:9' overlay_enable='aviaTBoverlay_enable' overlay_opacity='0.5' overlay_color='#5e5e5e' overlay_pattern='' overlay_custom_pattern='' custom_arrow_bg='' css_position_z_index='' av-desktop-css_position_z_index='' av-medium-css_position_z_index='' av-small-css_position_z_index='' av-mini-css_position_z_index='' id='' custom_class='' template_class='' aria_label='' av_element_hidden_in_editor='0' av_uid='av-k5wnmmam' sc_version='1.0']\r\n[av_two_fifth first min_height='' vertical_alignment='' space='' custom_margin='' margin='0px' row_boxshadow='' row_boxshadow_color='' row_boxshadow_width='10' link='' linktarget='' link_hover='' title_attr='' alt_attr='' padding='0px' highlight='' highlight_size='' border='' border_color='' radius='0px' column_boxshadow='' column_boxshadow_color='' column_boxshadow_width='10' background='bg_color' background_color='' background_gradient_color1='' background_gradient_color2='' background_gradient_direction='vertical' src='' background_position='top left' background_repeat='no-repeat' animation='' mobile_breaking='' mobile_display='' av_uid='av-76bpq']\r\n\r\n[\/av_two_fifth][av_three_fifth min_height='' vertical_alignment='' space='' custom_margin='' margin='0px' row_boxshadow='' row_boxshadow_color='' row_boxshadow_width='10' link='' linktarget='' link_hover='' title_attr='' alt_attr='' padding='0px' highlight='' highlight_size='' border='' border_color='' radius='0px' column_boxshadow='' column_boxshadow_color='' column_boxshadow_width='10' background='bg_color' background_color='' background_gradient_color1='' background_gradient_color2='' background_gradient_direction='vertical' src='' background_position='top left' background_repeat='no-repeat' animation='' mobile_breaking='' mobile_display='' av_uid='av-12g9r']\r\n\r\n[av_font_icon icon='ue833' font='entypo-fontello' style='' caption='' link='' linktarget='' size='55px' position='center' animation='' color='#ffffff' av_uid='av-k5wno1ds' custom_class='' admin_preview_bg=''][\/av_font_icon]\r\n\r\n[av_textblock size='30' av-medium-font-size='' av-small-font-size='' av-mini-font-size='' font_color='custom' color='#ffffff' id='' custom_class='' template_class='' av_uid='av-k5wnowjw' sc_version='1.0' admin_preview_bg='']\r\n<p style=\"text-align: center;\"><em>Ich mache bei Menschen sichtbar, was ohne ein gutes Foto vielleicht nie wahrgenommen worden w\u00e4re. Das ist Fotografie.<\/em><\/p>\r\n[\/av_textblock]\r\n\r\n[av_button label='Laurin Grether' link='page,20' link_target='' size='large' position='center' label_display='' icon_select='yes-right-icon' icon='ue832' font='entypo-fontello' color='light' custom_bg='#444444' custom_font='#ffffff' av_uid='av-k5wbvrky' custom_class='' admin_preview_bg='']\r\n\r\n[\/av_three_fifth]\r\n[\/av_section]\r\n\r\n\n","protected":false},"excerpt":{"rendered":"","protected":false},"author":1,"featured_media":0,"parent":3142,"menu_order":0,"comment_status":"closed","ping_status":"closed","template":"","meta":{"footnotes":""},"folder":[],"class_list":["post-3535","page","type-page","status-publish","hentry"],"yoast_head":"<!-- This site is optimized with the Yoast SEO plugin v27.5 - https:\/\/yoast.com\/product\/yoast-seo-wordpress\/ -->\n<title>Fotograf-Profi f\u00fcr Laax und Flims | Grether Fotografie<\/title>\n<meta name=\"description\" content=\"Sch\u00f6ne Kulissen f\u00fcr Outdoorfotos finden Sie in den Gemeinden Laax und Flims in Graub\u00fcnden. Ich stehe Ihnen als Fotograf zur Verf\u00fcgung.\" \/>\n<meta name=\"robots\" content=\"index, follow, max-snippet:-1, max-image-preview:large, max-video-preview:-1\" \/>\n<link rel=\"canonical\" href=\"https:\/\/www.grether-photography.com\/en\/eastern-switzerland\/photographer-flims-laax\/\" \/>\n<meta property=\"og:locale\" content=\"en_US\" \/>\n<meta property=\"og:type\" content=\"article\" \/>\n<meta property=\"og:title\" content=\"Fotograf-Profi f\u00fcr Laax und Flims | Grether Fotografie\" \/>\n<meta property=\"og:description\" content=\"Sch\u00f6ne Kulissen f\u00fcr Outdoorfotos finden Sie in den Gemeinden Laax und Flims in Graub\u00fcnden. Ich stehe Ihnen als Fotograf zur Verf\u00fcgung.\" \/>\n<meta property=\"og:url\" content=\"https:\/\/www.grether-photography.com\/en\/eastern-switzerland\/photographer-flims-laax\/\" \/>\n<meta property=\"og:site_name\" content=\"Grether Photography\" \/>\n<meta property=\"article:publisher\" content=\"https:\/\/www.facebook.com\/laurin.grether\" \/>\n<meta property=\"article:modified_time\" content=\"2025-03-26T12:49:30+00:00\" \/>\n<meta property=\"og:image\" content=\"https:\/\/www.grether-photography.com\/wp-content\/uploads\/2020\/05\/og-image.png\" \/>\n\t<meta property=\"og:image:width\" content=\"1200\" \/>\n\t<meta property=\"og:image:height\" content=\"630\" \/>\n\t<meta property=\"og:image:type\" content=\"image\/png\" \/>\n<meta name=\"twitter:label1\" content=\"Est. reading time\" \/>\n\t<meta name=\"twitter:data1\" content=\"8 minutes\" \/>\n<script type=\"application\/ld+json\" class=\"yoast-schema-graph\">{\"@context\":\"https:\\\/\\\/schema.org\",\"@graph\":[{\"@type\":\"WebPage\",\"@id\":\"https:\\\/\\\/www.grether-photography.com\\\/ostschweiz\\\/fotograf-flims-laax\\\/\",\"url\":\"https:\\\/\\\/www.grether-photography.com\\\/ostschweiz\\\/fotograf-flims-laax\\\/\",\"name\":\"Fotograf-Profi f\u00fcr Laax und Flims | Grether Fotografie\",\"isPartOf\":{\"@id\":\"https:\\\/\\\/www.grether-photography.com\\\/#website\"},\"datePublished\":\"2020-03-31T12:32:33+00:00\",\"dateModified\":\"2025-03-26T12:49:30+00:00\",\"description\":\"Sch\u00f6ne Kulissen f\u00fcr Outdoorfotos finden Sie in den Gemeinden Laax und Flims in Graub\u00fcnden. Ich stehe Ihnen als Fotograf zur Verf\u00fcgung.\",\"breadcrumb\":{\"@id\":\"https:\\\/\\\/www.grether-photography.com\\\/ostschweiz\\\/fotograf-flims-laax\\\/#breadcrumb\"},\"inLanguage\":\"en-US\",\"potentialAction\":[{\"@type\":\"ReadAction\",\"target\":[\"https:\\\/\\\/www.grether-photography.com\\\/ostschweiz\\\/fotograf-flims-laax\\\/\"]}]},{\"@type\":\"BreadcrumbList\",\"@id\":\"https:\\\/\\\/www.grether-photography.com\\\/ostschweiz\\\/fotograf-flims-laax\\\/#breadcrumb\",\"itemListElement\":[{\"@type\":\"ListItem\",\"position\":1,\"name\":\"Startseite\",\"item\":\"https:\\\/\\\/www.grether-photography.com\\\/startseite\\\/\"},{\"@type\":\"ListItem\",\"position\":2,\"name\":\"Graub\u00fcnden Glarus St. Gallen\",\"item\":\"https:\\\/\\\/www.grether-photography.com\\\/ostschweiz\\\/\"},{\"@type\":\"ListItem\",\"position\":3,\"name\":\"Fotograf Flims\\\/Laax\"}]},{\"@type\":\"WebSite\",\"@id\":\"https:\\\/\\\/www.grether-photography.com\\\/#website\",\"url\":\"https:\\\/\\\/www.grether-photography.com\\\/\",\"name\":\"Grether Photography\",\"description\":\"Ihr Fotograf f\u00fcr das professionelle Fotoshooting\",\"potentialAction\":[{\"@type\":\"SearchAction\",\"target\":{\"@type\":\"EntryPoint\",\"urlTemplate\":\"https:\\\/\\\/www.grether-photography.com\\\/?s={search_term_string}\"},\"query-input\":{\"@type\":\"PropertyValueSpecification\",\"valueRequired\":true,\"valueName\":\"search_term_string\"}}],\"inLanguage\":\"en-US\"}]}<\/script>\n<!-- \/ Yoast SEO plugin. -->","yoast_head_json":{"title":"Photographer professional for Laax and Flims | Grether Photography","description":"Beautiful backdrops for outdoor photos can be found in the communities of Laax and Flims in Graub\u00fcnden. I am at your disposal as a photographer.","robots":{"index":"index","follow":"follow","max-snippet":"max-snippet:-1","max-image-preview":"max-image-preview:large","max-video-preview":"max-video-preview:-1"},"canonical":"https:\/\/www.grether-photography.com\/en\/eastern-switzerland\/photographer-flims-laax\/","og_locale":"en_US","og_type":"article","og_title":"Fotograf-Profi f\u00fcr Laax und Flims | Grether Fotografie","og_description":"Sch\u00f6ne Kulissen f\u00fcr Outdoorfotos finden Sie in den Gemeinden Laax und Flims in Graub\u00fcnden. Ich stehe Ihnen als Fotograf zur Verf\u00fcgung.","og_url":"https:\/\/www.grether-photography.com\/en\/eastern-switzerland\/photographer-flims-laax\/","og_site_name":"Grether Photography","article_publisher":"https:\/\/www.facebook.com\/laurin.grether","article_modified_time":"2025-03-26T12:49:30+00:00","og_image":[{"width":1200,"height":630,"url":"https:\/\/www.grether-photography.com\/wp-content\/uploads\/2020\/05\/og-image.png","type":"image\/png"}],"twitter_misc":{"Est. reading time":"8 minutes"},"schema":{"@context":"https:\/\/schema.org","@graph":[{"@type":"WebPage","@id":"https:\/\/www.grether-photography.com\/ostschweiz\/fotograf-flims-laax\/","url":"https:\/\/www.grether-photography.com\/ostschweiz\/fotograf-flims-laax\/","name":"Photographer professional for Laax and Flims | Grether Photography","isPartOf":{"@id":"https:\/\/www.grether-photography.com\/#website"},"datePublished":"2020-03-31T12:32:33+00:00","dateModified":"2025-03-26T12:49:30+00:00","description":"Beautiful backdrops for outdoor photos can be found in the communities of Laax and Flims in Graub\u00fcnden. I am at your disposal as a photographer.","breadcrumb":{"@id":"https:\/\/www.grether-photography.com\/ostschweiz\/fotograf-flims-laax\/#breadcrumb"},"inLanguage":"en-US","potentialAction":[{"@type":"ReadAction","target":["https:\/\/www.grether-photography.com\/ostschweiz\/fotograf-flims-laax\/"]}]},{"@type":"BreadcrumbList","@id":"https:\/\/www.grether-photography.com\/ostschweiz\/fotograf-flims-laax\/#breadcrumb","itemListElement":[{"@type":"ListItem","position":1,"name":"Startseite","item":"https:\/\/www.grether-photography.com\/startseite\/"},{"@type":"ListItem","position":2,"name":"Graub\u00fcnden Glarus St. Gallen","item":"https:\/\/www.grether-photography.com\/ostschweiz\/"},{"@type":"ListItem","position":3,"name":"Fotograf Flims\/Laax"}]},{"@type":"WebSite","@id":"https:\/\/www.grether-photography.com\/#website","url":"https:\/\/www.grether-photography.com\/","name":"Grether Photography","description":"Your photographer for the professional photo shoot","potentialAction":[{"@type":"SearchAction","target":{"@type":"EntryPoint","urlTemplate":"https:\/\/www.grether-photography.com\/?s={search_term_string}"},"query-input":{"@type":"PropertyValueSpecification","valueRequired":true,"valueName":"search_term_string"}}],"inLanguage":"en-US"}]}},"_links":{"self":[{"href":"https:\/\/www.grether-photography.com\/en\/wp-json\/wp\/v2\/pages\/3535","targetHints":{"allow":["GET"]}}],"collection":[{"href":"https:\/\/www.grether-photography.com\/en\/wp-json\/wp\/v2\/pages"}],"about":[{"href":"https:\/\/www.grether-photography.com\/en\/wp-json\/wp\/v2\/types\/page"}],"author":[{"embeddable":true,"href":"https:\/\/www.grether-photography.com\/en\/wp-json\/wp\/v2\/users\/1"}],"replies":[{"embeddable":true,"href":"https:\/\/www.grether-photography.com\/en\/wp-json\/wp\/v2\/comments?post=3535"}],"version-history":[{"count":10,"href":"https:\/\/www.grether-photography.com\/en\/wp-json\/wp\/v2\/pages\/3535\/revisions"}],"predecessor-version":[{"id":12161,"href":"https:\/\/www.grether-photography.com\/en\/wp-json\/wp\/v2\/pages\/3535\/revisions\/12161"}],"up":[{"embeddable":true,"href":"https:\/\/www.grether-photography.com\/en\/wp-json\/wp\/v2\/pages\/3142"}],"wp:attachment":[{"href":"https:\/\/www.grether-photography.com\/en\/wp-json\/wp\/v2\/media?parent=3535"}],"wp:term":[{"taxonomy":"folder","embeddable":true,"href":"https:\/\/www.grether-photography.com\/en\/wp-json\/wp\/v2\/folder?post=3535"}],"curies":[{"name":"wp","href":"https:\/\/api.w.org\/{rel}","templated":true}]}}