{"id":3560,"date":"2020-04-01T12:02:36","date_gmt":"2020-04-01T10:02:36","guid":{"rendered":"http:\/\/grether-photography.aretis-staging.ch\/?page_id=3560"},"modified":"2025-03-26T11:35:57","modified_gmt":"2025-03-26T10:35:57","slug":"photographer-landquart-bad-ragaz","status":"publish","type":"page","link":"https:\/\/www.grether-photography.com\/en\/ostschweiz\/fotograf-landquart-bad-ragaz\/","title":{"rendered":"Photographer Landquart, Bad Ragaz"},"content":{"rendered":"<div id='layer_slider_1'  class='avia-layerslider main_color avia-shadow  avia-builder-el-0  el_before_av_section  avia-builder-el-first  container_wrap fullsize'  style='height: 751px;'  ><div id=\"layerslider_167_1a79rjmk5iyr5\"  class=\"ls-wp-container fitvidsignore ls-selectable\" style=\"width:1200px;height:750px;margin:0 auto;margin-bottom: 0px;\"><div class=\"ls-slide\" data-ls=\"bgsize:cover;bgposition:50% 50%;bgcolor:#ffffff;duration:4000;parallaxevent:scroll;parallaxdurationmove:0;\"><img decoding=\"async\" width=\"2560\" height=\"1229\" src=\"https:\/\/www.grether-photography.com\/wp-content\/uploads\/2022\/03\/laurinbalkenalt-scaled.jpg?ver=1771508145\" class=\"ls-bg\" alt=\"\" srcset=\"https:\/\/www.grether-photography.com\/wp-content\/uploads\/2022\/03\/laurinbalkenalt-scaled.jpg 2560w, https:\/\/www.grether-photography.com\/wp-content\/uploads\/2022\/03\/laurinbalkenalt-300x144.jpg 300w, https:\/\/www.grether-photography.com\/wp-content\/uploads\/2022\/03\/laurinbalkenalt-1030x494.jpg 1030w, https:\/\/www.grether-photography.com\/wp-content\/uploads\/2022\/03\/laurinbalkenalt-768x369.jpg 768w, https:\/\/www.grether-photography.com\/wp-content\/uploads\/2022\/03\/laurinbalkenalt-1536x737.jpg 1536w, https:\/\/www.grether-photography.com\/wp-content\/uploads\/2022\/03\/laurinbalkenalt-2048x983.jpg 2048w, https:\/\/www.grether-photography.com\/wp-content\/uploads\/2022\/03\/laurinbalkenalt-18x9.jpg 18w, https:\/\/www.grether-photography.com\/wp-content\/uploads\/2022\/03\/laurinbalkenalt-1500x720.jpg 1500w, https:\/\/www.grether-photography.com\/wp-content\/uploads\/2022\/03\/laurinbalkenalt-705x338.jpg 705w\" sizes=\"(max-width: 2560px) 100vw, 2560px\" \/><p style=\"text-shadow: 0 1px 2px rgba(0,0,0,0.3);top:117px;left:-16px;text-align:initial;font-weight:400;font-style:normal;font-family:Open Sans;color:#ffffff;font-size:75px;text-decoration:none;\" class=\"ls-l ls-text-layer\" data-ls=\"showinfo:1;offsetxin:random(-100,100);offsetyin:-20;durationin:1100;rotateyin:random(-45,45);scalexin:random(2,4);clipin:0 0 100% 0;transitionout:false;static:forever;position:relative;\">Ihr Fotograf in<\/p><p style=\"top:378px;left:48px;text-align:initial;font-weight:400;font-style:normal;text-decoration:none;font-family:Open Sans;color:#ffffff;font-size:35px;\" class=\"ls-l ls-text-layer\" data-ls=\"showinfo:1;offsetxin:80;durationin:750;delayin:1800;easingin:easeOutExpo;static:forever;position:relative;\">Fotos f\u00fcr Ihre Firma<\/p><span style=\"top:374px;left:-15px;text-align:initial;font-weight:400;font-style:italic;text-decoration:none;font-family:Montserrat;font-size:44px;line-height:48px;color:#ab74ed;\" class=\"ls-l ls-icon-layer\" data-ls=\"showinfo:1;offsetxin:80;durationin:750;delayin:1500;easingin:easeOutExpo;rotatein:random(-45,45);rotatexin:random(-45,45);static:forever;position:relative;\"><i class=\"fa fa-check-circle\"><\/i><\/span><p style=\"top:444px;left:44px;text-align:initial;font-weight:400;font-style:normal;text-decoration:none;font-family:Open Sans;color:#ffffff;font-size:35px;\" class=\"ls-l ls-text-layer\" data-ls=\"showinfo:1;offsetxin:80;durationin:750;delayin:2400;easingin:easeOutExpo;static:forever;position:relative;\">F\u00fcr Immobilienverk\u00e4ufer<\/p><span style=\"top:443px;left:-15px;text-align:initial;font-weight:400;font-style:italic;text-decoration:none;font-family:Montserrat;font-size:44px;line-height:44px;color:#ab74ed;\" class=\"ls-l ls-icon-layer\" data-ls=\"showinfo:1;offsetxin:80;durationin:750;delayin:2100;easingin:easeOutExpo;rotatein:random(-45,45);rotatexin:random(-45,45);static:forever;position:relative;\"><i class=\"fa fa-check-circle\"><\/i><\/span><p style=\"top:512px;left:43px;text-align:initial;font-weight:400;font-style:normal;text-decoration:none;font-family:Open Sans;color:#ffffff;font-size:35px;\" class=\"ls-l ls-text-layer\" data-ls=\"showinfo:1;offsetxin:80;durationin:750;delayin:3000;easingin:easeOutExpo;static:forever;position:relative;\">F\u00fcr Familien &amp; Events<\/p><span style=\"top:508px;left:-15px;text-align:initial;font-weight:400;font-style:italic;text-decoration:none;font-family:Montserrat;font-size:44px;color:#ab74ed;\" class=\"ls-l ls-icon-layer\" data-ls=\"showinfo:1;offsetxin:80;durationin:750;delayin:2700;easingin:easeOutExpo;rotatein:random(-45,45);rotatexin:random(-45,45);static:forever;position:relative;\"><i class=\"fa fa-check-circle\"><\/i><\/span><p style=\"top:270px;left:-16px;text-align:initial;font-weight:400;font-style:normal;text-decoration:none;font-family:Open Sans;color:#ffffff;font-size:40px;\" class=\"ls-l ls-text-layer\" data-ls=\"showinfo:1;offsetxin:80;durationin:750;delayin:1000;easingin:easeOutExpo;static:forever;position:relative;\">LANDQUART &amp; BAD RAGAZ<\/p><a style=\"\" class=\"ls-l\" href=\"#1\" target=\"ls-scroll\" data-ls=\"offsetyin:40;durationin:500;delayin:4100;offsetxout:-80;durationout:400;parallax:true;parallaxlevel:-10;position:relative;\" rel=\"noopener\"><img decoding=\"async\" width=\"96\" height=\"96\" src=\"https:\/\/www.grether-photography.com\/wp-content\/uploads\/layerslider\/Spezialbrote-Layer\/pfeil-unten.png\" class=\"ls-img-layer\" alt=\"\" srcset=\"https:\/\/www.grether-photography.com\/wp-content\/uploads\/layerslider\/Spezialbrote-Layer\/pfeil-unten.png 96w, https:\/\/www.grether-photography.com\/wp-content\/uploads\/layerslider\/Spezialbrote-Layer\/pfeil-unten-80x80.png 80w, https:\/\/www.grether-photography.com\/wp-content\/uploads\/layerslider\/Spezialbrote-Layer\/pfeil-unten-36x36.png 36w\" sizes=\"(max-width: 96px) 100vw, 96px\" style=\"top:613px;left:567px;\"><\/a><img decoding=\"async\" width=\"174\" height=\"148\" src=\"https:\/\/www.grether-photography.com\/wp-content\/uploads\/2020\/03\/fotograf_icon.png\" class=\"ls-l ls-img-layer\" alt=\"\" style=\"top:128px;left:870px;width:98px;height:85px;font-size:13px;line-height:falsepx;\" data-ls=\"offsetxin:left;offsetyin:bottom;durationin:1300;delayin:3050;rotatein:random(-45,555);scalexin:random(4,6);transformperspectivein:800;position:relative;\"><\/div><\/div><\/div>\n<div id='av_section_1'  class='avia-section av-q0w7-58ef7a5dc6f693bf2ab9eba18a346cc2 main_color avia-section-large avia-no-shadow  avia-builder-el-1  el_after_av_layerslider  el_before_av_postcontent  avia-bg-style-scroll container_wrap fullsize'  ><div class='container av-section-cont-open' ><div class='template-page content  av-content-full alpha units'><div class='post-entry post-entry-type-page post-entry-3560'><div class='entry-content-wrapper clearfix'>\n\n<style type=\"text\/css\" data-created_by=\"avia_inline_auto\" id=\"style-css-av-k8h7ftjr-ac0c151e5469ee635d049bb061ffaead\">\n#top .av-special-heading.av-k8h7ftjr-ac0c151e5469ee635d049bb061ffaead{\npadding-bottom:10px;\n}\nbody .av-special-heading.av-k8h7ftjr-ac0c151e5469ee635d049bb061ffaead .av-special-heading-tag .heading-char{\nfont-size:25px;\n}\n.av-special-heading.av-k8h7ftjr-ac0c151e5469ee635d049bb061ffaead .av-subheading{\nfont-size:25px;\n}\n<\/style>\n<div  class='av-special-heading av-k8h7ftjr-ac0c151e5469ee635d049bb061ffaead av-special-heading-h1 blockquote modern-quote modern-centered  avia-builder-el-2  el_before_av_hr  avia-builder-el-first '><h1 class='av-special-heading-tag'  itemprop=\"headline\"  >Der Profi Fotograf <br \/>f\u00fcr Landquart und Bad Ragaz<\/h1><div class=\"special-heading-border\"><div class=\"special-heading-inner-border\"><\/div><\/div><\/div>\n\n<style type=\"text\/css\" data-created_by=\"avia_inline_auto\" id=\"style-css-av-k5wbd76n-1cf7013c91522e86ddccf4ae6ab14441\">\n#top .hr.av-k5wbd76n-1cf7013c91522e86ddccf4ae6ab14441{\nmargin-top:30px;\nmargin-bottom:30px;\n}\n.hr.av-k5wbd76n-1cf7013c91522e86ddccf4ae6ab14441 .hr-inner{\nwidth:80px;\nborder-color:#353535;\n}\n<\/style>\n<div  class='hr av-k5wbd76n-1cf7013c91522e86ddccf4ae6ab14441 hr-custom  avia-builder-el-3  el_after_av_heading  el_before_av_one_half  hr-center hr-icon-no'><span class='hr-inner inner-border-av-border-fat'><span class=\"hr-inner-style\"><\/span><\/span><\/div>\n\n<style type=\"text\/css\" data-created_by=\"avia_inline_auto\" id=\"style-css-av-k5wbrmfc-eb4024d21e4c02c21f27a6477042b78e\">\n#top .flex_column.av-k5wbrmfc-eb4024d21e4c02c21f27a6477042b78e{\nmargin-top:30px;\nmargin-bottom:30px;\n}\n.flex_column.av-k5wbrmfc-eb4024d21e4c02c21f27a6477042b78e{\n-webkit-border-radius:0px 0px 0px 0px;\n-moz-border-radius:0px 0px 0px 0px;\nborder-radius:0px 0px 0px 0px;\npadding:0px 0px 0px 0px;\n}\n.responsive #top #wrap_all .flex_column.av-k5wbrmfc-eb4024d21e4c02c21f27a6477042b78e{\nmargin-top:30px;\nmargin-bottom:30px;\n}\n<\/style>\n<div class='flex_column av-k5wbrmfc-eb4024d21e4c02c21f27a6477042b78e av_one_half  avia-builder-el-4  el_after_av_hr  el_before_av_one_half  first flex_column_div av-animated-generic left-to-right av-zero-column-padding '     ><article  class='iconbox iconbox_left av-k8a2zef1-ddc4156989ba4d0a1f942e30ae46bbd4  avia-builder-el-5  avia-builder-el-no-sibling '  itemscope=\"itemscope\" itemtype=\"https:\/\/schema.org\/CreativeWork\" ><div class=\"iconbox_content\"><header class=\"entry-content-header\"><div class=\"iconbox_icon heading-color\" aria-hidden='true' data-av_icon='\ue82b' data-av_iconfont='entypo-fontello'><\/div><h3 class='iconbox_content_title '  itemprop=\"headline\" >Profi-Fotograf<\/h3><\/header><div class='iconbox_content_container '  itemprop=\"text\" ><p>Gute Fotos sind dazu in de Lage, Emotionen weiter zu geben und Stimmungen einzufangen. Gute Fotos k\u00f6nnen Geschichten erz\u00e4hlen. Vor allem auch bei der Business-Fotografie h\u00e4ngt der Erfolg bei der Neukundengewinnung nicht unwesentlich davon ab, ob es gelingt, mit den Fotos die richtige Message zu transportieren.<\/p>\n<\/div><\/div><footer class=\"entry-footer\"><\/footer><\/article><\/div>\n<style type=\"text\/css\" data-created_by=\"avia_inline_auto\" id=\"style-css-av-k5wbrmfc-23-1646ec62f5d1da24fc7acca49d36a6a7\">\n#top .flex_column.av-k5wbrmfc-23-1646ec62f5d1da24fc7acca49d36a6a7{\nmargin-top:30px;\nmargin-bottom:30px;\n}\n.flex_column.av-k5wbrmfc-23-1646ec62f5d1da24fc7acca49d36a6a7{\n-webkit-border-radius:0px 0px 0px 0px;\n-moz-border-radius:0px 0px 0px 0px;\nborder-radius:0px 0px 0px 0px;\npadding:0px 0px 0px 0px;\n}\n.responsive #top #wrap_all .flex_column.av-k5wbrmfc-23-1646ec62f5d1da24fc7acca49d36a6a7{\nmargin-top:30px;\nmargin-bottom:30px;\n}\n<\/style>\n<div class='flex_column av-k5wbrmfc-23-1646ec62f5d1da24fc7acca49d36a6a7 av_one_half  avia-builder-el-6  el_after_av_one_half  avia-builder-el-last  flex_column_div av-animated-generic left-to-right av-zero-column-padding '     ><article  class='iconbox iconbox_left av-k8a2zef1-22-84faef42c7242a948aa380824c379ff1  avia-builder-el-7  avia-builder-el-no-sibling '  itemscope=\"itemscope\" itemtype=\"https:\/\/schema.org\/CreativeWork\" ><div class=\"iconbox_content\"><header class=\"entry-content-header\"><div class=\"iconbox_icon heading-color\" aria-hidden='true' data-av_icon='\ue8ac' data-av_iconfont='entypo-fontello'><\/div><h3 class='iconbox_content_title '  itemprop=\"headline\" >Handy-Schnappsch\u00fcsse<\/h3><\/header><div class='iconbox_content_container '  itemprop=\"text\" ><p>Wie wirken Ihre Mitarbeiter auf den Fotos? Laden Sie den neuen Kunden ein? Sind sie fleissig bei ihrer Arbeit? Aber auch bei Eventfotos gelingt es einem professionellen Fotografen, die Gesichter soweit auf das Portrait zu verewigen, wie sie selbst gesehen werden m\u00f6chten. Darauf achte ich als Fotograf auch bei Ihnen in Landquart und Bad Ragaz.<\/p>\n<\/div><\/div><footer class=\"entry-footer\"><\/footer><\/article><\/div>\n\n[av_section min_height='' min_height_pc='25' min_height_px='500px' padding='default' custom_margin='0px' custom_margin_sync='true' color='alternate_color' background='bg_color' custom_bg='' background_gradient_color1='' background_gradient_color2='' background_gradient_direction='vertical' src='' attachment='' attachment_size='' attach='scroll' position='top left' repeat='no-repeat' video='' video_ratio='16:9' overlay_opacity='0.5' overlay_color='' overlay_pattern='' overlay_custom_pattern='' shadow='no-border-styling' bottom_border='no-border-styling' bottom_border_diagonal_color='#333333' bottom_border_diagonal_direction='' bottom_border_style='' custom_arrow_bg='' id='' custom_class='' template_class='' aria_label='' av_element_hidden_in_editor='0' av_uid='av-13x5jb9' sc_version='1.0']\r\n\r\n[av_textblock textblock_styling_align='' textblock_styling='' textblock_styling_gap='' textblock_styling_mobile='' size='' av-desktop-font-size='' av-medium-font-size='' av-small-font-size='' av-mini-font-size='' font_color='' color='' id='' custom_class='' template_class='' av_uid='av-l6gfudwv' sc_version='1.0' admin_preview_bg='']\r\n<h3 style=\"text-align: center;\">Kundenreferenzen<\/h3>\r\n[\/av_textblock]\r\n\r\n[av_gallery ids='8166,8078,6535,6533,6532,6531,6166,4821,4830' style='thumbnails' preview_size='portfolio' crop_big_preview_thumbnail='avia-gallery-big-crop-thumb' thumb_size='portfolio' columns='3' imagelink='avianolink noLightbox' link_dest='' lightbox_text='caption' lazyload='avia_lazyload' img_scrset='' html_lazy_loading='disabled' av-desktop-hide='aviaTBav-desktop-hide' alb_description='' id='' custom_class='' template_class='' av_uid='av-l8lyne7z' sc_version='1.0' admin_preview_bg='']\r\n\r\n[av_partner heading='' type='slider' columns='6' navigation='no' control_layout='av-control-default' nav_visibility_desktop='' nav_arrow_color='' nav_arrow_bg_color='' nav_dots_color='' nav_dot_active_color='' size='no scaling' img_size_behave='' border='' img_border='' img_border_width='' img_border_width_sync='true' img_border_color='' border_radius='' border_radius_sync='true' box_shadow='' box_shadow_style='0px,0px,0px,0px' box_shadow_color='' padding='' padding_sync='true' animation='fade' transition_speed='' autoplay='true' interval='3' heading_tag='' heading_class='' img_scrset='' lazy_loading='enabled' av-medium-hide='aviaTBav-medium-hide' av-small-hide='aviaTBav-small-hide' av-mini-hide='aviaTBav-mini-hide' el_id='' custom_class='' template_class='' av_uid='av-13dv3b9' sc_version='1.0']\r\n[av_partner_logo id='6166' hover='' link='' linktitle='' link_target='' av_uid='av-zxscud' sc_version='1.0']\r\n[av_partner_logo id='8150' hover='' link='' link_target='' linktitle='' av_uid='av-l8ll9x3r' sc_version='1.0']\r\n[av_partner_logo id='8394' hover='' link='' link_target='' linktitle='' av_uid='av-ljy9o05t' sc_version='1.0']\r\n[av_partner_logo id='11111' av_uid='av-70u8l']\r\n[av_partner_logo id='8161' hover='' link='' link_target='' linktitle='' av_uid='av-l8ll9mbs' sc_version='1.0']\r\n[av_partner_logo id='6165' hover='' link='' linktitle='' link_target='' av_uid='av-u3x23p' sc_version='1.0']\r\n[av_partner_logo id='6532' hover='' link='' linktitle='' link_target='' av_uid='av-l0gs1z1c' sc_version='1.0']\r\n[av_partner_logo id='11064' av_uid='av-ympk5' hover='' link='' link_target='' linktitle='' sc_version='1.0']\r\n[av_partner_logo id='5909' av_uid='av-sav0tx' hover='' link='' linktitle='' link_target='' sc_version='1.0']\r\n[av_partner_logo id='6533' hover='' link='' linktitle='' link_target='' av_uid='av-l0gs1s81' sc_version='1.0']\r\n[av_partner_logo id='11071' av_uid='av-77fzl1' hover='' link='' link_target='' linktitle='' sc_version='1.0']\r\n[av_partner_logo id='11054' av_uid='av-6br31x' hover='' link='' link_target='' linktitle='' sc_version='1.0']\r\n[av_partner_logo id='8078' av_uid='av-59ncc5' hover='' link='' link_target='' linktitle='' sc_version='1.0']\r\n[av_partner_logo id='8166' hover='' link='' link_target='' linktitle='' av_uid='av-l8ll8uz2' sc_version='1.0']\r\n[av_partner_logo id='8315' hover='' link='' link_target='' linktitle='' av_uid='av-lk9t9mea' sc_version='1.0']\r\n[av_partner_logo id='9312' av_uid='av-7pu2gl' hover='' link='' link_target='' linktitle='' sc_version='1.0']\r\n[av_partner_logo id='11052' av_uid='av-4c4up1' hover='' link='' link_target='' linktitle='' sc_version='1.0']\r\n[av_partner_logo id='9479' av_uid='av-5l0xph' hover='' link='' link_target='' linktitle='' sc_version='1.0']\r\n[av_partner_logo id='9465' av_uid='av-3rieat' hover='' link='' link_target='' linktitle='' sc_version='1.0']\r\n[av_partner_logo id='6535' hover='' link='' linktitle='' link_target='' av_uid='av-l0gs1dr3' sc_version='1.0']\r\n[av_partner_logo id='9890' hover='' link='' link_target='' linktitle='' av_uid='av-lsel1akr' sc_version='1.0']\r\n[av_partner_logo id='9476' av_uid='av-2dphjp' hover='' link='' link_target='' linktitle='' sc_version='1.0']\r\n[av_partner_logo id='11038' av_uid='av-35qsf9' hover='' link='' link_target='' linktitle='' sc_version='1.0']\r\n[av_partner_logo id='8080' av_uid='av-3ln29x' hover='' link='' link_target='' linktitle='' sc_version='1.0']\r\n[av_partner_logo id='9729' hover='' link='' link_target='' linktitle='' av_uid='av-lsel0t27' sc_version='1.0']\r\n[av_partner_logo id='5910' av_uid='av-wtrfnp' hover='' link='' linktitle='' link_target='' sc_version='1.0']\r\n[av_partner_logo id='8086' av_uid='av-2y10f9' hover='' link='' link_target='' linktitle='' sc_version='1.0']\r\n[av_partner_logo id='6539' av_uid='av-2ni2g5' hover='' link='' linktitle='' link_target='' sc_version='1.0']\r\n[av_partner_logo id='7966' hover='' link='' link_target='' linktitle='' av_uid='av-lsel27im' sc_version='1.0']\r\n[av_partner_logo id='6098' hover='' link='' link_target='' linktitle='' av_uid='av-lsel42af' sc_version='1.0']\r\n[av_partner_logo id='8081' hover='' link='' link_target='' linktitle='' av_uid='av-lsel5ajg' sc_version='1.0']\r\n[av_partner_logo id='11040' av_uid='av-29kqlx' hover='' link='' link_target='' linktitle='' sc_version='1.0']\r\n[av_partner_logo id='9313' hover='' link='' link_target='' linktitle='' av_uid='av-l0gs6vyu' sc_version='1.0']\r\n[av_partner_logo id='8096' hover='' link='' link_target='' linktitle='' av_uid='av-lseldlwo' sc_version='1.0']\r\n[av_partner_logo id='8153' hover='' link='' link_target='' linktitle='' av_uid='av-lsellzhq' sc_version='1.0']\r\n[av_partner_logo id='8244' hover='' link='' link_target='' linktitle='' av_uid='av-lselssv5' sc_version='1.0']\r\n[\/av_partner]\r\n\r\n[av_hr class='custom' icon_select='yes' icon='ue87f' font='entypo-fontello' position='center' shadow='no-shadow' height='50' custom_border='av-border-thin' custom_width='250px' custom_margin_top='10px' custom_margin_bottom='30px' custom_border_color='#595959' custom_icon_color='#595959' id='' custom_class='' template_class='' av_uid='av-l0dscygk' sc_version='1.0' admin_preview_bg='']\r\n\r\n[av_button label='Referenzen & Kunden' icon_select='yes-right-icon' icon='ue832' font='entypo-fontello' link='page,4700' link_target='' size='large' position='center' label_display='' title_attr='' color_options='' color='theme-color' custom_bg='#444444' custom_font='#ffffff' btn_color_bg='theme-color' btn_custom_bg='#444444' btn_color_bg_hover='theme-color-highlight' btn_custom_bg_hover='#444444' btn_color_font='theme-color' btn_custom_font='#ffffff' id='' custom_class='' template_class='' av_uid='av-l0ds9r69' sc_version='1.0' admin_preview_bg='']\r\n\r\n[\/av_section]\n<div id='av_section_2'  class='avia-section av-nc888-e3ba40905271aa032ff7e27fbaf8f027 main_color avia-section-default avia-no-border-styling  avia-builder-el-9  el_after_av_postcontent  el_before_av_section  avia-bg-style-scroll container_wrap fullsize'  ><div class='container av-section-cont-open' ><div class='template-page content  av-content-full alpha units'><div class='post-entry post-entry-type-page post-entry-3560'><div class='entry-content-wrapper clearfix'>\n\n<style type=\"text\/css\" data-created_by=\"avia_inline_auto\" id=\"style-css-av-k5wbrmfc-21-dd40ea0a48eafa4118682e46dadfd4bd\">\n#top .flex_column.av-k5wbrmfc-21-dd40ea0a48eafa4118682e46dadfd4bd{\nmargin-top:30px;\nmargin-bottom:30px;\n}\n.flex_column.av-k5wbrmfc-21-dd40ea0a48eafa4118682e46dadfd4bd{\n-webkit-border-radius:0px 0px 0px 0px;\n-moz-border-radius:0px 0px 0px 0px;\nborder-radius:0px 0px 0px 0px;\npadding:0px 0px 0px 0px;\n}\n.responsive #top #wrap_all .flex_column.av-k5wbrmfc-21-dd40ea0a48eafa4118682e46dadfd4bd{\nmargin-top:30px;\nmargin-bottom:30px;\n}\n<\/style>\n<div class='flex_column av-k5wbrmfc-21-dd40ea0a48eafa4118682e46dadfd4bd av_one_half  avia-builder-el-10  el_before_av_one_half  avia-builder-el-first  first flex_column_div av-animated-generic top-to-bottom av-zero-column-padding '     ><p>\n<style type=\"text\/css\" data-created_by=\"avia_inline_auto\" id=\"style-css-av-18pou8-c08214bf524ccae30fecacd4e2331d99\">\n#top .av-special-heading.av-18pou8-c08214bf524ccae30fecacd4e2331d99{\npadding-bottom:25px;\n}\nbody .av-special-heading.av-18pou8-c08214bf524ccae30fecacd4e2331d99 .av-special-heading-tag .heading-char{\nfont-size:25px;\n}\n.av-special-heading.av-18pou8-c08214bf524ccae30fecacd4e2331d99 .av-subheading{\nfont-size:15px;\n}\n<\/style>\n<div  class='av-special-heading av-18pou8-c08214bf524ccae30fecacd4e2331d99 av-special-heading-h3 blockquote modern-quote  avia-builder-el-11  el_before_av_image  avia-builder-el-first  av-linked-heading'><h3 class='av-special-heading-tag'  itemprop=\"headline\"  >Ihr Fotograf<\/h3><div class=\"special-heading-border\"><div class=\"special-heading-inner-border\"><\/div><\/div><\/div><br \/>\n\n<style type=\"text\/css\" data-created_by=\"avia_inline_auto\" id=\"style-css-av-2umv-88afd44d182e7fb367c41b88772c8da4\">\n.avia-image-container.av-2umv-88afd44d182e7fb367c41b88772c8da4 img.avia_image{\nbox-shadow:none;\n}\n.avia-image-container.av-2umv-88afd44d182e7fb367c41b88772c8da4 .av-image-caption-overlay-center{\ncolor:#ffffff;\n}\n<\/style>\n<div  class='avia-image-container av-2umv-88afd44d182e7fb367c41b88772c8da4 av-styling- avia-align-center  avia-builder-el-12  el_after_av_heading  el_before_av_textblock '   itemprop=\"image\" itemscope=\"itemscope\" itemtype=\"https:\/\/schema.org\/ImageObject\" ><div class=\"avia-image-container-inner\"><div class=\"avia-image-overlay-wrap\"><img decoding=\"async\" class='wp-image-4666 avia-img-lazy-loading-not-4666 avia_image ' src=\"https:\/\/www.grether-photography.com\/wp-content\/uploads\/2020\/07\/Portrait_Laurin.jpg\" alt='' title='Portrait_Laurin'  height=\"1708\" width=\"2560\"  itemprop=\"thumbnailUrl\" srcset=\"https:\/\/www.grether-photography.com\/wp-content\/uploads\/2020\/07\/Portrait_Laurin.jpg 2560w, https:\/\/www.grether-photography.com\/wp-content\/uploads\/2020\/07\/Portrait_Laurin-300x200.jpg 300w, https:\/\/www.grether-photography.com\/wp-content\/uploads\/2020\/07\/Portrait_Laurin-1030x687.jpg 1030w, https:\/\/www.grether-photography.com\/wp-content\/uploads\/2020\/07\/Portrait_Laurin-768x512.jpg 768w, https:\/\/www.grether-photography.com\/wp-content\/uploads\/2020\/07\/Portrait_Laurin-1536x1025.jpg 1536w, https:\/\/www.grether-photography.com\/wp-content\/uploads\/2020\/07\/Portrait_Laurin-2048x1366.jpg 2048w, https:\/\/www.grether-photography.com\/wp-content\/uploads\/2020\/07\/Portrait_Laurin-18x12.jpg 18w, https:\/\/www.grether-photography.com\/wp-content\/uploads\/2020\/07\/Portrait_Laurin-1500x1001.jpg 1500w, https:\/\/www.grether-photography.com\/wp-content\/uploads\/2020\/07\/Portrait_Laurin-705x470.jpg 705w\" sizes=\"(max-width: 2560px) 100vw, 2560px\" \/><\/div><\/div><\/div><br \/>\n<section  class='av_textblock_section av-k5wbumfz-2b633359d0e43c498c91353024c541fb'  itemscope=\"itemscope\" itemtype=\"https:\/\/schema.org\/CreativeWork\" ><div class='avia_textblock'  itemprop=\"text\" ><p><em><strong>Laurin Grether:<\/strong> F\u00fcr Sie unterwegs als Fotograf f\u00fcr Firmen, Events, Immobilien, Protraits, Drohnenfotos und vieles mehr.<\/em><\/p>\n<\/div><\/section><br \/>\n\n<style type=\"text\/css\" data-created_by=\"avia_inline_auto\" id=\"style-css-av-k5wbd76n-24-2aa04093987f883bd7511e09785ab349\">\n#top .hr.hr-invisible.av-k5wbd76n-24-2aa04093987f883bd7511e09785ab349{\nheight:20px;\n}\n<\/style>\n<div  class='hr av-k5wbd76n-24-2aa04093987f883bd7511e09785ab349 hr-invisible  avia-builder-el-14  el_after_av_textblock  avia-builder-el-last '><span class='hr-inner '><span class=\"hr-inner-style\"><\/span><\/span><\/div><\/p><\/div>\n<style type=\"text\/css\" data-created_by=\"avia_inline_auto\" id=\"style-css-av-k5wbrmfc-20-16fc552a39ac927536328a291e940acf\">\n#top .flex_column.av-k5wbrmfc-20-16fc552a39ac927536328a291e940acf{\nmargin-top:30px;\nmargin-bottom:30px;\n}\n.flex_column.av-k5wbrmfc-20-16fc552a39ac927536328a291e940acf{\n-webkit-border-radius:0px 0px 0px 0px;\n-moz-border-radius:0px 0px 0px 0px;\nborder-radius:0px 0px 0px 0px;\npadding:0px 0px 0px 0px;\n}\n.responsive #top #wrap_all .flex_column.av-k5wbrmfc-20-16fc552a39ac927536328a291e940acf{\nmargin-top:30px;\nmargin-bottom:30px;\n}\n<\/style>\n<div class='flex_column av-k5wbrmfc-20-16fc552a39ac927536328a291e940acf av_one_half  avia-builder-el-15  el_after_av_one_half  avia-builder-el-last  flex_column_div av-animated-generic top-to-bottom av-zero-column-padding '     ><p>\n<style type=\"text\/css\" data-created_by=\"avia_inline_auto\" id=\"style-css-av-149r4g-fd37fe935503822dfd258afe47ea83fa\">\n#top .av-special-heading.av-149r4g-fd37fe935503822dfd258afe47ea83fa{\npadding-bottom:25px;\n}\nbody .av-special-heading.av-149r4g-fd37fe935503822dfd258afe47ea83fa .av-special-heading-tag .heading-char{\nfont-size:25px;\n}\n.av-special-heading.av-149r4g-fd37fe935503822dfd258afe47ea83fa .av-subheading{\nfont-size:15px;\n}\n<\/style>\n<div  class='av-special-heading av-149r4g-fd37fe935503822dfd258afe47ea83fa av-special-heading-h3 blockquote modern-quote  avia-builder-el-16  el_before_av_iconlist  avia-builder-el-first  av-linked-heading'><h3 class='av-special-heading-tag'  itemprop=\"headline\"  >In der ganzen Schweiz f\u00fcr Sie da<\/h3><div class=\"special-heading-border\"><div class=\"special-heading-inner-border\"><\/div><\/div><\/div><br \/>\n\n<style type=\"text\/css\" data-created_by=\"avia_inline_auto\" id=\"style-css-av-k6c4hnu5-5cda258ff13e472403f0926ff713be64\">\n#top .avia-icon-list-container.av-k6c4hnu5-5cda258ff13e472403f0926ff713be64 .iconlist_icon{\ncolor:#ffffff;\nbackground-color:#353535;\n}\n<\/style>\n<div  class='avia-icon-list-container av-k6c4hnu5-5cda258ff13e472403f0926ff713be64  avia-builder-el-17  el_after_av_heading  el_before_av_textblock '><ul class='avia-icon-list avia_animate_when_almost_visible avia-icon-list-left av-iconlist-small av-k6c4hnu5-5cda258ff13e472403f0926ff713be64 avia-iconlist-animate'>\n<li><div class='iconlist_icon av-uqpl4-568817829742751b3911b094dea0b50b avia-font-entypo-fontello'><span class='iconlist-char' aria-hidden='true' data-av_icon='\ue881' data-av_iconfont='entypo-fontello'><\/span><\/div><article class=\"article-icon-entry av-iconlist-empty\"  itemscope=\"itemscope\" itemtype=\"https:\/\/schema.org\/CreativeWork\" ><div class=\"iconlist_content_wrap\"><header class=\"entry-content-header\"><div class='av_iconlist_title iconlist_title_small  '  itemprop=\"headline\" ><a href='https:\/\/www.grether-photography.com\/en\/ostschweiz\/fotograf-st-gallen\/' title='Als Fotograf habe ich auch Kunden in St. Gallen '>Als Fotograf habe ich auch Kunden in St. Gallen <\/a><\/div><\/header><div class='iconlist_content '  itemprop=\"text\" ><\/div><\/div><footer class=\"entry-footer\"><\/footer><\/article><div class=\"iconlist-timeline\"><\/div><\/li>\n<li><div class='iconlist_icon av-p9lwo-5119a3091277b301586cd921d2d0be12 avia-font-entypo-fontello'><span class='iconlist-char' aria-hidden='true' data-av_icon='\ue881' data-av_iconfont='entypo-fontello'><\/span><\/div><article class=\"article-icon-entry av-iconlist-empty\"  itemscope=\"itemscope\" itemtype=\"https:\/\/schema.org\/CreativeWork\" ><div class=\"iconlist_content_wrap\"><header class=\"entry-content-header\"><div class='av_iconlist_title iconlist_title_small  '  itemprop=\"headline\" ><a href='https:\/\/www.grether-photography.com\/en\/ostschweiz\/fotograf-ilanz\/' title='Fotoshootings in Ilanz'>Fotoshootings in Ilanz<\/a><\/div><\/header><div class='iconlist_content '  itemprop=\"text\" ><\/div><\/div><footer class=\"entry-footer\"><\/footer><\/article><div class=\"iconlist-timeline\"><\/div><\/li>\n<li><div class='iconlist_icon av-kba5k-150afbde2609b8b0dcebac0fd53b7681 avia-font-entypo-fontello'><span class='iconlist-char' aria-hidden='true' data-av_icon='\ue881' data-av_iconfont='entypo-fontello'><\/span><\/div><article class=\"article-icon-entry av-iconlist-empty\"  itemscope=\"itemscope\" itemtype=\"https:\/\/schema.org\/CreativeWork\" ><div class=\"iconlist_content_wrap\"><header class=\"entry-content-header\"><div class='av_iconlist_title iconlist_title_small  '  itemprop=\"headline\" ><a href='https:\/\/www.grether-photography.com\/en\/ostschweiz\/' title='In Ihrem Kanton f\u00fcr Sie im Einsatz - \u00dcbersicht'>In Ihrem Kanton f\u00fcr Sie im Einsatz - \u00dcbersicht<\/a><\/div><\/header><div class='iconlist_content '  itemprop=\"text\" ><\/div><\/div><footer class=\"entry-footer\"><\/footer><\/article><div class=\"iconlist-timeline\"><\/div><\/li>\n<li><div class='iconlist_icon av-fhlu8-aa5d4ee5113738c8f83b85bdbd623cc1 avia-font-entypo-fontello'><span class='iconlist-char' aria-hidden='true' data-av_icon='\ue881' data-av_iconfont='entypo-fontello'><\/span><\/div><article class=\"article-icon-entry av-iconlist-empty\"  itemscope=\"itemscope\" itemtype=\"https:\/\/schema.org\/CreativeWork\" ><div class=\"iconlist_content_wrap\"><header class=\"entry-content-header\"><div class='av_iconlist_title iconlist_title_small  '  itemprop=\"headline\" ><a href='https:\/\/www.grether-photography.com\/en\/zuerich-aargau\/fotograf-aarau\/' title='Als Fotograf in Aarau f\u00fcr Firmen und Private'>Als Fotograf in Aarau f\u00fcr Firmen und Private<\/a><\/div><\/header><div class='iconlist_content '  itemprop=\"text\" ><\/div><\/div><footer class=\"entry-footer\"><\/footer><\/article><div class=\"iconlist-timeline\"><\/div><\/li>\n<li><div class='iconlist_icon av-150m8-1273069a343f30b68de8bcb2147a9931 avia-font-entypo-fontello'><span class='iconlist-char' aria-hidden='true' data-av_icon='\ue881' data-av_iconfont='entypo-fontello'><\/span><\/div><article class=\"article-icon-entry av-iconlist-empty\"  itemscope=\"itemscope\" itemtype=\"https:\/\/schema.org\/CreativeWork\" ><div class=\"iconlist_content_wrap\"><header class=\"entry-content-header\"><div class='av_iconlist_title iconlist_title_small  '  itemprop=\"headline\" ><a href='https:\/\/www.grether-photography.com\/en\/zuerich-aargau\/fotograf-mellingen-oberrohrdorf-niederrohrdorf\/' title='Interessante stimmungsvolle Fotografie'>Interessante stimmungsvolle Fotografie<\/a><\/div><\/header><div class='iconlist_content '  itemprop=\"text\" ><\/div><\/div><footer class=\"entry-footer\"><\/footer><\/article><div class=\"iconlist-timeline\"><\/div><\/li>\n<\/ul><\/div><br \/>\n<section  class='av_textblock_section av-k5wbumfz-18-3539ff39f8adcf85199c07b7e1f95375'  itemscope=\"itemscope\" itemtype=\"https:\/\/schema.org\/CreativeWork\" ><div class='avia_textblock'  itemprop=\"text\" ><p>Firmenevents und Drohnenfotos, aber auch Fotos der B\u00fcros in Ihrem Unternehmen: Mit Kamera und professioneller Blitz-Anlage mache ich Bilder, die Sie f\u00fcr Werbung oder Webseite verwenden k\u00f6nnen. Kunden sind auch in Landquart und Bad Ragaz KMUs, Verb\u00e4nde und Private. W\u00fcnchen Sie Fotos von Ihrem Firmenanlass? Melden Sie sich jederzeit bei mir. Ich freue mich auf Ihre Kontaktnahme.<\/p>\n<\/div><\/section><br \/>\n\n<style type=\"text\/css\" data-created_by=\"avia_inline_auto\" id=\"style-css-av-k5wbd76n-17-639e3d3aa2758354951cc80bf53cb4b6\">\n#top .hr.hr-invisible.av-k5wbd76n-17-639e3d3aa2758354951cc80bf53cb4b6{\nheight:20px;\n}\n<\/style>\n<div  class='hr av-k5wbd76n-17-639e3d3aa2758354951cc80bf53cb4b6 hr-invisible  avia-builder-el-19  el_after_av_textblock  el_before_av_buttonrow '><span class='hr-inner '><span class=\"hr-inner-style\"><\/span><\/span><\/div><br \/>\n<div  class='avia-buttonrow-wrap av-kewxp7nr-2d3b281201091957b99f0f4976930a1f avia-buttonrow-left  avia-builder-el-20  el_after_av_hr  avia-builder-el-last '>\n\n<style type=\"text\/css\" data-created_by=\"avia_inline_auto\" id=\"style-css-av-g1gco-5d8b894c757d81da0e484c110e11ee2f\">\n#top #wrap_all .avia-button.av-g1gco-5d8b894c757d81da0e484c110e11ee2f{\nmargin-bottom:30px;\nmargin-right:30px;\n}\n<\/style>\n<a href='https:\/\/www.grether-photography.com\/en\/kontakt\/'  class='avia-button av-g1gco-5d8b894c757d81da0e484c110e11ee2f avia-icon_select-yes-left-icon avia-size-large avia-color-theme-color'  ><span class='avia_button_icon avia_button_icon_left ' aria-hidden='true' data-av_icon='\ue83c' data-av_iconfont='entypo-fontello'><\/span><span class='avia_iconbox_title' >Kontakt<\/span><\/a>\n\n<style type=\"text\/css\" data-created_by=\"avia_inline_auto\" id=\"style-css-av-bal48-4aef9fde07c43ef8621e4d2b188f889d\">\n#top #wrap_all .avia-button.av-bal48-4aef9fde07c43ef8621e4d2b188f889d{\nmargin-bottom:30px;\nmargin-right:30px;\n}\n<\/style>\n<a href='https:\/\/www.grether-photography.com\/en\/ueber-mich\/'  class='avia-button av-bal48-4aef9fde07c43ef8621e4d2b188f889d avia-icon_select-yes-left-icon avia-size-large avia-color-theme-color'  ><span class='avia_button_icon avia_button_icon_left ' aria-hidden='true' data-av_icon='\ue80a' data-av_iconfont='entypo-fontello'><\/span><span class='avia_iconbox_title' >\u00dcber mich<\/span><\/a>\n<\/div><\/p><\/div>\n\n<\/div><\/div><\/div><!-- close content main div --><\/div><\/div>\n<style type=\"text\/css\" data-created_by=\"avia_inline_auto\" id=\"style-css-av-q0w7-25-8b0dfca3a54c16454c6703a8c1d90b11\">\n.avia-section.av-q0w7-25-8b0dfca3a54c16454c6703a8c1d90b11 .av-parallax .av-parallax-inner{\nbackground-repeat:no-repeat;\nbackground-image:url(https:\/\/www.grether-photography.com\/wp-content\/uploads\/2025\/03\/uhrenfotos.jpg);\nbackground-position:50% 50%;\nbackground-attachment:scroll;\n}\n.avia-section.av-q0w7-25-8b0dfca3a54c16454c6703a8c1d90b11 .av-section-color-overlay{\nopacity:0.6;\nbackground-color:#020202;\n}\n<\/style>\n<div id='av_section_3'  class='avia-section av-q0w7-25-8b0dfca3a54c16454c6703a8c1d90b11 alternate_color avia-section-huge avia-shadow  avia-builder-el-21  el_after_av_section  el_before_av_section  av-parallax-section avia-bg-style-parallax av-section-color-overlay-active av-minimum-height av-minimum-height-75  container_wrap fullsize'  data-section-bg-repeat='no-repeat' data-av_minimum_height_pc='75'><div class='av-parallax' data-avia-parallax-ratio='0.3' ><div class='av-parallax-inner alternate_color avia-full-stretch'><\/div><\/div><div class=\"av-section-color-overlay-wrap\"><div class=\"av-section-color-overlay\"><\/div><div class='container av-section-cont-open' ><div class='template-page content  av-content-full alpha units'><div class='post-entry post-entry-type-page post-entry-3560'><div class='entry-content-wrapper clearfix'>\n\n<style type=\"text\/css\" data-created_by=\"avia_inline_auto\" id=\"style-css-av-4uufyw-23419c710ecd7e16eaed1eac9b3f21fa\">\n.flex_column.av-4uufyw-23419c710ecd7e16eaed1eac9b3f21fa{\n-webkit-border-radius:0px 0px 0px 0px;\n-moz-border-radius:0px 0px 0px 0px;\nborder-radius:0px 0px 0px 0px;\npadding:0px 0px 0px 0px;\n}\n<\/style>\n<div class='flex_column av-4uufyw-23419c710ecd7e16eaed1eac9b3f21fa av_one_full  avia-builder-el-22  avia-builder-el-no-sibling  first flex_column_div av-zero-column-padding '     ><p>\n<style type=\"text\/css\" data-created_by=\"avia_inline_auto\" id=\"style-css-av-2lfezs-596b235585782a28ed74fc1e2c62b213\">\n#top .av-special-heading.av-2lfezs-596b235585782a28ed74fc1e2c62b213{\npadding-bottom:10px;\ncolor:#ffffff;\n}\nbody .av-special-heading.av-2lfezs-596b235585782a28ed74fc1e2c62b213 .av-special-heading-tag .heading-char{\nfont-size:25px;\n}\n.av-special-heading.av-2lfezs-596b235585782a28ed74fc1e2c62b213 .special-heading-inner-border{\nborder-color:#ffffff;\n}\n.av-special-heading.av-2lfezs-596b235585782a28ed74fc1e2c62b213 .av-subheading{\nfont-size:25px;\n}\n<\/style>\n<div  class='av-special-heading av-2lfezs-596b235585782a28ed74fc1e2c62b213 av-special-heading-h2 custom-color-heading blockquote modern-quote modern-centered  avia-builder-el-23  el_before_av_hr  avia-builder-el-first '><h2 class='av-special-heading-tag'  itemprop=\"headline\"  >Meine Angebote <br \/> Fotoshootings und mehr<\/h2><div class=\"special-heading-border\"><div class=\"special-heading-inner-border\"><\/div><\/div><\/div><br \/>\n\n<style type=\"text\/css\" data-created_by=\"avia_inline_auto\" id=\"style-css-av-k5wbd76n-14-df219400fc58433e17be9ef111c8026c\">\n#top .hr.av-k5wbd76n-14-df219400fc58433e17be9ef111c8026c{\nmargin-top:30px;\nmargin-bottom:50px;\n}\n.hr.av-k5wbd76n-14-df219400fc58433e17be9ef111c8026c .hr-inner{\nwidth:80px;\nborder-color:#ffffff;\n}\n<\/style>\n<div  class='hr av-k5wbd76n-14-df219400fc58433e17be9ef111c8026c hr-custom  avia-builder-el-24  el_after_av_heading  el_before_av_textblock  hr-center hr-icon-no'><span class='hr-inner inner-border-av-border-fat'><span class=\"hr-inner-style\"><\/span><\/span><\/div><br \/>\n\n<style type=\"text\/css\" data-created_by=\"avia_inline_auto\" id=\"style-css-av-k8a5jlkk-e2febdd625d0ceddc72f943a53113dd3\">\n#top .av_textblock_section.av-k8a5jlkk-e2febdd625d0ceddc72f943a53113dd3 .avia_textblock{\nfont-size:22px;\ncolor:#ffffff;\n}\n<\/style>\n<section  class='av_textblock_section av-k8a5jlkk-e2febdd625d0ceddc72f943a53113dd3'  itemscope=\"itemscope\" itemtype=\"https:\/\/schema.org\/CreativeWork\" ><div class='avia_textblock av_inherit_color'  itemprop=\"text\" ><p style=\"text-align: center;\">Sie interessieren sich f\u00fcr die Arbeit eines Profi-Fotografen f\u00fcr Landquart oder Bad Ragaz?<br \/>\nInformieren Sie sich bei mir \u00fcber meine Angebote.<\/p>\n<\/div><\/section><br \/>\n\n<style type=\"text\/css\" data-created_by=\"avia_inline_auto\" id=\"style-css-av-k5wbd76n-12-eed7d843ee8446d8d7dc621d65505d5c\">\n#top .hr.av-k5wbd76n-12-eed7d843ee8446d8d7dc621d65505d5c{\nmargin-top:30px;\nmargin-bottom:50px;\n}\n.hr.av-k5wbd76n-12-eed7d843ee8446d8d7dc621d65505d5c .hr-inner{\nwidth:80px;\nborder-color:#ffffff;\n}\n<\/style>\n<div  class='hr av-k5wbd76n-12-eed7d843ee8446d8d7dc621d65505d5c hr-custom  avia-builder-el-26  el_after_av_textblock  el_before_av_button  hr-center hr-icon-no'><span class='hr-inner inner-border-av-border-fat'><span class=\"hr-inner-style\"><\/span><\/span><\/div><br \/>\n<div  class='avia-button-wrap av-k5wbvrky-75d1b4a95dad7b15d872b3f9c8556efd-wrap avia-button-center  avia-builder-el-27  el_after_av_hr  avia-builder-el-last '><a href='https:\/\/www.grether-photography.com\/en\/kontakt\/'  class='avia-button av-k5wbvrky-75d1b4a95dad7b15d872b3f9c8556efd avia-icon_select-yes-right-icon avia-size-large avia-position-center avia-color-light'  ><span class='avia_iconbox_title' >Kontakt aufnehmen<\/span><span class='avia_button_icon avia_button_icon_right' aria-hidden='true' data-av_icon='\ue832' data-av_iconfont='entypo-fontello'><\/span><\/a><\/div><\/p><\/div>\n\n<\/div><\/div><\/div><!-- close content main div --><\/div><\/div><\/div><div id='av_section_4'  class='avia-section av-q0w7-13-6c29a3bff22f639c0f30b4f5bba0d460 main_color avia-section-huge avia-no-border-styling  avia-builder-el-28  el_after_av_section  el_before_av_postcontent  avia-bg-style-scroll container_wrap fullsize'  ><div class='container av-section-cont-open' ><div class='template-page content  av-content-full alpha units'><div class='post-entry post-entry-type-page post-entry-3560'><div class='entry-content-wrapper clearfix'>\n\n<style type=\"text\/css\" data-created_by=\"avia_inline_auto\" id=\"style-css-av-4fcbdk-052d9ee30a95aee423cc535f0996a0f9\">\n#top .av-special-heading.av-4fcbdk-052d9ee30a95aee423cc535f0996a0f9{\npadding-bottom:10px;\n}\nbody .av-special-heading.av-4fcbdk-052d9ee30a95aee423cc535f0996a0f9 .av-special-heading-tag .heading-char{\nfont-size:25px;\n}\n.av-special-heading.av-4fcbdk-052d9ee30a95aee423cc535f0996a0f9 .av-subheading{\nfont-size:25px;\n}\n<\/style>\n<div  class='av-special-heading av-4fcbdk-052d9ee30a95aee423cc535f0996a0f9 av-special-heading-h2 blockquote modern-quote modern-centered  avia-builder-el-29  el_before_av_hr  avia-builder-el-first  av-linked-heading'><h2 class='av-special-heading-tag'  itemprop=\"headline\"  >Gute Voraussetzungen f\u00fcr gute Fotos<\/h2><div class=\"special-heading-border\"><div class=\"special-heading-inner-border\"><\/div><\/div><\/div>\n\n<style type=\"text\/css\" data-created_by=\"avia_inline_auto\" id=\"style-css-av-k5wbd76n-11-7fffaf9890e377e5bca160849167b2ea\">\n#top .hr.av-k5wbd76n-11-7fffaf9890e377e5bca160849167b2ea{\nmargin-top:30px;\nmargin-bottom:30px;\n}\n.hr.av-k5wbd76n-11-7fffaf9890e377e5bca160849167b2ea .hr-inner{\nwidth:80px;\nborder-color:#353535;\n}\n<\/style>\n<div  class='hr av-k5wbd76n-11-7fffaf9890e377e5bca160849167b2ea hr-custom  avia-builder-el-30  el_after_av_heading  el_before_av_one_half  hr-center hr-icon-no'><span class='hr-inner inner-border-av-border-fat'><span class=\"hr-inner-style\"><\/span><\/span><\/div>\n\n<style type=\"text\/css\" data-created_by=\"avia_inline_auto\" id=\"style-css-av-k5wbrmfc-16-03bdd3584d1f03a2588e3f34dec4d8bc\">\n#top .flex_column.av-k5wbrmfc-16-03bdd3584d1f03a2588e3f34dec4d8bc{\nmargin-top:30px;\nmargin-bottom:30px;\n}\n.flex_column.av-k5wbrmfc-16-03bdd3584d1f03a2588e3f34dec4d8bc{\n-webkit-border-radius:0px 0px 0px 0px;\n-moz-border-radius:0px 0px 0px 0px;\nborder-radius:0px 0px 0px 0px;\npadding:0px 0px 0px 0px;\n}\n.responsive #top #wrap_all .flex_column.av-k5wbrmfc-16-03bdd3584d1f03a2588e3f34dec4d8bc{\nmargin-top:30px;\nmargin-bottom:30px;\n}\n<\/style>\n<div class='flex_column av-k5wbrmfc-16-03bdd3584d1f03a2588e3f34dec4d8bc av_one_half  avia-builder-el-31  el_after_av_hr  el_before_av_one_half  first flex_column_div av-animated-generic top-to-bottom av-zero-column-padding '     ><p>\n<style type=\"text\/css\" data-created_by=\"avia_inline_auto\" id=\"style-css-av-2umv-19-d1d1b198555b7fa602df430b56cb759d\">\n.avia-image-container.av-2umv-19-d1d1b198555b7fa602df430b56cb759d img.avia_image{\nbox-shadow:none;\n}\n.avia-image-container.av-2umv-19-d1d1b198555b7fa602df430b56cb759d .av-image-caption-overlay-center{\ncolor:#ffffff;\n}\n<\/style>\n<div  class='avia-image-container av-2umv-19-d1d1b198555b7fa602df430b56cb759d av-styling- avia-align-center  avia-builder-el-32  el_before_av_textblock  avia-builder-el-first '   itemprop=\"image\" itemscope=\"itemscope\" itemtype=\"https:\/\/schema.org\/ImageObject\" ><div class=\"avia-image-container-inner\"><div class=\"avia-image-overlay-wrap\"><img decoding=\"async\" class='wp-image-10572 avia-img-lazy-loading-not-10572 avia_image ' src=\"https:\/\/www.grether-photography.com\/wp-content\/uploads\/2024\/02\/srk2.jpg\" alt='' title='Schweizerisches rotes Kreuz'  height=\"933\" width=\"1400\"  itemprop=\"thumbnailUrl\" srcset=\"https:\/\/www.grether-photography.com\/wp-content\/uploads\/2024\/02\/srk2.jpg 1400w, https:\/\/www.grether-photography.com\/wp-content\/uploads\/2024\/02\/srk2-300x200.jpg 300w, https:\/\/www.grether-photography.com\/wp-content\/uploads\/2024\/02\/srk2-1030x686.jpg 1030w, https:\/\/www.grether-photography.com\/wp-content\/uploads\/2024\/02\/srk2-768x512.jpg 768w, https:\/\/www.grether-photography.com\/wp-content\/uploads\/2024\/02\/srk2-18x12.jpg 18w, https:\/\/www.grether-photography.com\/wp-content\/uploads\/2024\/02\/srk2-705x470.jpg 705w\" sizes=\"(max-width: 1400px) 100vw, 1400px\" \/><\/div><\/div><\/div><br \/>\n<section  class='av_textblock_section av-l1dby8k2-f859a6b2529da43bbf0e04e413a76fd8'  itemscope=\"itemscope\" itemtype=\"https:\/\/schema.org\/CreativeWork\" ><div class='avia_textblock'  itemprop=\"text\" ><p><em>Fotoshooting f\u00fcr das Schweizerische Rote Kreuz SRK.<\/em><\/p>\n<\/div><\/section><\/p><\/div>\n<style type=\"text\/css\" data-created_by=\"avia_inline_auto\" id=\"style-css-av-k5wbrmfc-8-44ad175ea2b990d155a15acb5f8941e8\">\n#top .flex_column.av-k5wbrmfc-8-44ad175ea2b990d155a15acb5f8941e8{\nmargin-top:30px;\nmargin-bottom:30px;\n}\n.flex_column.av-k5wbrmfc-8-44ad175ea2b990d155a15acb5f8941e8{\n-webkit-border-radius:0px 0px 0px 0px;\n-moz-border-radius:0px 0px 0px 0px;\nborder-radius:0px 0px 0px 0px;\npadding:0px 0px 0px 0px;\n}\n.responsive #top #wrap_all .flex_column.av-k5wbrmfc-8-44ad175ea2b990d155a15acb5f8941e8{\nmargin-top:30px;\nmargin-bottom:30px;\n}\n<\/style>\n<div class='flex_column av-k5wbrmfc-8-44ad175ea2b990d155a15acb5f8941e8 av_one_half  avia-builder-el-34  el_after_av_one_half  avia-builder-el-last  flex_column_div av-animated-generic top-to-bottom av-zero-column-padding '     ><p>\n<style type=\"text\/css\" data-created_by=\"avia_inline_auto\" id=\"style-css-av-1u49h4-3b0121d52c1b00b9afe4b970632a8731\">\n#top .av-special-heading.av-1u49h4-3b0121d52c1b00b9afe4b970632a8731{\npadding-bottom:10px;\n}\nbody .av-special-heading.av-1u49h4-3b0121d52c1b00b9afe4b970632a8731 .av-special-heading-tag .heading-char{\nfont-size:25px;\n}\n.av-special-heading.av-1u49h4-3b0121d52c1b00b9afe4b970632a8731 .av-subheading{\nfont-size:15px;\n}\n<\/style>\n<div  class='av-special-heading av-1u49h4-3b0121d52c1b00b9afe4b970632a8731 av-special-heading-h3 blockquote modern-quote  avia-builder-el-35  el_before_av_textblock  avia-builder-el-first  av-linked-heading'><h3 class='av-special-heading-tag'  itemprop=\"headline\"  >Erfahren und professionell<\/h3><div class=\"special-heading-border\"><div class=\"special-heading-inner-border\"><\/div><\/div><\/div><br \/>\n<section  class='av_textblock_section av-k7elsqiw-bd35881ea47528220f0bd485b8ad96cd'  itemscope=\"itemscope\" itemtype=\"https:\/\/schema.org\/CreativeWork\" ><div class='avia_textblock'  itemprop=\"text\" ><p>Das Equipment ist nur die technische Basis f\u00fcr gute Fotos. Auch ein Amateur kann sich eine entsprechende Fotoausr\u00fcstung zulegen und doch werden Sie in aller Regel die Unterschiede zur Profi-Fotografie erkennen k\u00f6nnen. Denn bei der Fotografie geht es um mehr:<\/p>\n<\/div><\/section><br \/>\n\n<style type=\"text\/css\" data-created_by=\"avia_inline_auto\" id=\"style-css-av-k6c4hnu5-15-0bd4b73324ccecc9041e223f8bdeca44\">\n#top .avia-icon-list-container.av-k6c4hnu5-15-0bd4b73324ccecc9041e223f8bdeca44 .iconlist_icon{\ncolor:#ffffff;\nbackground-color:#353535;\n}\n<\/style>\n<div  class='avia-icon-list-container av-k6c4hnu5-15-0bd4b73324ccecc9041e223f8bdeca44  avia-builder-el-37  el_after_av_textblock  el_before_av_button '><ul class='avia-icon-list avia_animate_when_almost_visible avia-icon-list-left av-iconlist-small av-k6c4hnu5-15-0bd4b73324ccecc9041e223f8bdeca44 avia-iconlist-animate'>\n<li><div class='iconlist_icon av-8scblk-186959bd17b23ff739ea9d2ef9258835 avia-font-entypo-fontello'><span class='iconlist-char' aria-hidden='true' data-av_icon='\ue881' data-av_iconfont='entypo-fontello'><\/span><\/div><article class=\"article-icon-entry av-iconlist-empty\"  itemscope=\"itemscope\" itemtype=\"https:\/\/schema.org\/CreativeWork\" ><div class=\"iconlist_content_wrap\"><header class=\"entry-content-header\"><div class='av_iconlist_title iconlist_title_small  '  itemprop=\"headline\" >um Empathie<\/div><\/header><div class='iconlist_content '  itemprop=\"text\" ><\/div><\/div><footer class=\"entry-footer\"><\/footer><\/article><div class=\"iconlist-timeline\"><\/div><\/li>\n<li><div class='iconlist_icon av-85fciw-1912a1ddd573c475d5c2978ded40e6f0 avia-font-entypo-fontello'><span class='iconlist-char' aria-hidden='true' data-av_icon='\ue881' data-av_iconfont='entypo-fontello'><\/span><\/div><article class=\"article-icon-entry av-iconlist-empty\"  itemscope=\"itemscope\" itemtype=\"https:\/\/schema.org\/CreativeWork\" ><div class=\"iconlist_content_wrap\"><header class=\"entry-content-header\"><div class='av_iconlist_title iconlist_title_small  '  itemprop=\"headline\" >um Stimmungen<\/div><\/header><div class='iconlist_content '  itemprop=\"text\" ><\/div><\/div><footer class=\"entry-footer\"><\/footer><\/article><div class=\"iconlist-timeline\"><\/div><\/li>\n<li><div class='iconlist_icon av-5deybs-ea5f19d8bc778097fa2d51c95e1fb336 avia-font-entypo-fontello'><span class='iconlist-char' aria-hidden='true' data-av_icon='\ue881' data-av_iconfont='entypo-fontello'><\/span><\/div><article class=\"article-icon-entry av-iconlist-empty\"  itemscope=\"itemscope\" itemtype=\"https:\/\/schema.org\/CreativeWork\" ><div class=\"iconlist_content_wrap\"><header class=\"entry-content-header\"><div class='av_iconlist_title iconlist_title_small  '  itemprop=\"headline\" >um Geschichten<\/div><\/header><div class='iconlist_content '  itemprop=\"text\" ><\/div><\/div><footer class=\"entry-footer\"><\/footer><\/article><div class=\"iconlist-timeline\"><\/div><\/li>\n<li><div class='iconlist_icon av-45t5zc-d9740cdfbb5e9e7ae9aef2dd32a9efc5 avia-font-entypo-fontello'><span class='iconlist-char' aria-hidden='true' data-av_icon='\ue881' data-av_iconfont='entypo-fontello'><\/span><\/div><article class=\"article-icon-entry av-iconlist-empty\"  itemscope=\"itemscope\" itemtype=\"https:\/\/schema.org\/CreativeWork\" ><div class=\"iconlist_content_wrap\"><header class=\"entry-content-header\"><div class='av_iconlist_title iconlist_title_small  '  itemprop=\"headline\" >um den richtigen Blickwinkel<\/div><\/header><div class='iconlist_content '  itemprop=\"text\" ><\/div><\/div><footer class=\"entry-footer\"><\/footer><\/article><div class=\"iconlist-timeline\"><\/div><\/li>\n<\/ul><\/div><br \/>\n<div  class='avia-button-wrap av-k5wbvrky-10-197c9398eaf68d0f5ddcd43473be9bce-wrap avia-button-left  avia-builder-el-38  el_after_av_iconlist  avia-builder-el-last '><a href='https:\/\/www.grether-photography.com\/en\/kontakt\/'  class='avia-button av-k5wbvrky-10-197c9398eaf68d0f5ddcd43473be9bce avia-icon_select-yes-right-icon avia-size-large avia-position-left avia-color-theme-color'  ><span class='avia_iconbox_title' >Termin vereinbaren<\/span><span class='avia_button_icon avia_button_icon_right' aria-hidden='true' data-av_icon='\ue832' data-av_iconfont='entypo-fontello'><\/span><\/a><\/div><\/p><\/div>\n\n[av_masonry_gallery ids='6988,8508,11435,11370,1773' caption_elements='title excerpt' caption_styling='' caption_display='always' img_copyright='' size='fixed' orientation='' image_size='masonry' gap='large' columns='5' av-desktop-columns='' av-medium-columns='' av-small-columns='' av-mini-columns='' items='24' paginate='none' color='' custom_bg='' img_copyright_font='' av-desktop-font-img_copyright_font='' av-medium-font-img_copyright_font='' av-small-font-img_copyright_font='' av-mini-font-img_copyright_font='' img_copyright_color='' img_copyright_bg='' animation='active' animation_duration='' animation_custom_bg_color='' animation_custom_bg_color_multi_list='' animation_z_index_curtain='100' overlay_fx='' container_links='active' link_dest='' lightbox_text='' img_scrset='' lazy_loading='disabled' alb_description='' id='' custom_class='' template_class='' av_uid='av-l0tc71bo' sc_version='1.0']\r\n\r\n\n<div id='av_section_5'  class='avia-section av-k8e8shd8-9431fdd3104d3a948b55a57c52b6469f main_color avia-section-huge avia-no-border-styling  avia-builder-el-40  el_after_av_postcontent  el_before_av_postcontent  avia-bg-style-scroll container_wrap fullsize'  ><div class='container av-section-cont-open' ><div class='template-page content  av-content-full alpha units'><div class='post-entry post-entry-type-page post-entry-3560'><div class='entry-content-wrapper clearfix'>\n\n<style type=\"text\/css\" data-created_by=\"avia_inline_auto\" id=\"style-css-av-k8h6kyxr-351307b7300b841d93fbca292840da04\">\n#top .av-special-heading.av-k8h6kyxr-351307b7300b841d93fbca292840da04{\npadding-bottom:10px;\n}\nbody .av-special-heading.av-k8h6kyxr-351307b7300b841d93fbca292840da04 .av-special-heading-tag .heading-char{\nfont-size:25px;\n}\n.av-special-heading.av-k8h6kyxr-351307b7300b841d93fbca292840da04 .av-subheading{\nfont-size:25px;\n}\n<\/style>\n<div  class='av-special-heading av-k8h6kyxr-351307b7300b841d93fbca292840da04 av-special-heading-h2 blockquote modern-quote modern-centered  avia-builder-el-41  el_before_av_hr  avia-builder-el-first '><h2 class='av-special-heading-tag'  itemprop=\"headline\"  >Tolle Kulissen <br \/>f\u00fcr Ihre Fotosession<\/h2><div class=\"special-heading-border\"><div class=\"special-heading-inner-border\"><\/div><\/div><\/div>\n\n<style type=\"text\/css\" data-created_by=\"avia_inline_auto\" id=\"style-css-av-k5wbd76n-9-43770c6c0c4bd16e88a6bcea60b2eb5f\">\n#top .hr.av-k5wbd76n-9-43770c6c0c4bd16e88a6bcea60b2eb5f{\nmargin-top:30px;\nmargin-bottom:50px;\n}\n.hr.av-k5wbd76n-9-43770c6c0c4bd16e88a6bcea60b2eb5f .hr-inner{\nwidth:80px;\nborder-color:#000000;\n}\n<\/style>\n<div  class='hr av-k5wbd76n-9-43770c6c0c4bd16e88a6bcea60b2eb5f hr-custom  avia-builder-el-42  el_after_av_heading  el_before_av_one_third  hr-center hr-icon-no'><span class='hr-inner inner-border-av-border-fat'><span class=\"hr-inner-style\"><\/span><\/span><\/div>\n\n<style type=\"text\/css\" data-created_by=\"avia_inline_auto\" id=\"style-css-av-k5wbrmfc-7-f4e2d04cbe929d490dc095eea13226d4\">\n#top .flex_column.av-k5wbrmfc-7-f4e2d04cbe929d490dc095eea13226d4{\nmargin-top:30px;\nmargin-bottom:30px;\n}\n.flex_column.av-k5wbrmfc-7-f4e2d04cbe929d490dc095eea13226d4{\n-webkit-border-radius:0px 0px 0px 0px;\n-moz-border-radius:0px 0px 0px 0px;\nborder-radius:0px 0px 0px 0px;\npadding:0px 0px 0px 0px;\n}\n.responsive #top #wrap_all .flex_column.av-k5wbrmfc-7-f4e2d04cbe929d490dc095eea13226d4{\nmargin-top:30px;\nmargin-bottom:30px;\n}\n<\/style>\n<div class='flex_column av-k5wbrmfc-7-f4e2d04cbe929d490dc095eea13226d4 av_one_third  avia-builder-el-43  el_after_av_hr  el_before_av_one_third  first flex_column_div av-animated-generic left-to-right av-zero-column-padding '     ><p>\n<style type=\"text\/css\" data-created_by=\"avia_inline_auto\" id=\"style-css-av-6hohyw-12e3a34029d70bbda3865d7b03c23d7a\">\n#top .av-special-heading.av-6hohyw-12e3a34029d70bbda3865d7b03c23d7a{\npadding-bottom:10px;\n}\nbody .av-special-heading.av-6hohyw-12e3a34029d70bbda3865d7b03c23d7a .av-special-heading-tag .heading-char{\nfont-size:25px;\n}\n.av-special-heading.av-6hohyw-12e3a34029d70bbda3865d7b03c23d7a .av-subheading{\nfont-size:15px;\n}\n<\/style>\n<div  class='av-special-heading av-6hohyw-12e3a34029d70bbda3865d7b03c23d7a av-special-heading-h3 blockquote modern-quote  avia-builder-el-44  el_before_av_textblock  avia-builder-el-first '><h3 class='av-special-heading-tag'  itemprop=\"headline\"  >Kulissen von Landquart<\/h3><div class=\"special-heading-border\"><div class=\"special-heading-inner-border\"><\/div><\/div><\/div><br \/>\n<section  class='av_textblock_section av-k8h6596t-2d31c0dc57eb503ab4b6142ef2d2d7cd'  itemscope=\"itemscope\" itemtype=\"https:\/\/schema.org\/CreativeWork\" ><div class='avia_textblock'  itemprop=\"text\" ><p>Nicht alle Fotos entstehen im Fotostudio. Vielleicht m\u00f6chten Sie auch die sch\u00f6nen Landschaften von Landquart als Hintergrund f\u00fcr Ihre Bilder nutzen? Das Tal von Pr\u00e4ttigau ist hervorragend hierf\u00fcr geeignet. Auch das Bergmassiv Calanda kann zur Basis f\u00fcr herausragende Fotos werden.<\/p>\n<\/div><\/section><\/p><\/div>\n<style type=\"text\/css\" data-created_by=\"avia_inline_auto\" id=\"style-css-av-k5wbrmfc-4-671fb517069c1e4fd3929206aa8b9a32\">\n#top .flex_column.av-k5wbrmfc-4-671fb517069c1e4fd3929206aa8b9a32{\nmargin-top:30px;\nmargin-bottom:30px;\n}\n.flex_column.av-k5wbrmfc-4-671fb517069c1e4fd3929206aa8b9a32{\n-webkit-border-radius:0px 0px 0px 0px;\n-moz-border-radius:0px 0px 0px 0px;\nborder-radius:0px 0px 0px 0px;\npadding:0px 0px 0px 0px;\n}\n.responsive #top #wrap_all .flex_column.av-k5wbrmfc-4-671fb517069c1e4fd3929206aa8b9a32{\nmargin-top:30px;\nmargin-bottom:30px;\n}\n<\/style>\n<div class='flex_column av-k5wbrmfc-4-671fb517069c1e4fd3929206aa8b9a32 av_one_third  avia-builder-el-46  el_after_av_one_third  el_before_av_one_third  flex_column_div av-animated-generic left-to-right av-zero-column-padding '     ><p>\n<style type=\"text\/css\" data-created_by=\"avia_inline_auto\" id=\"style-css-av-4k0zwo-1d5a5bf5a5e4dbc37af21b301f9eadaf\">\n#top .av-special-heading.av-4k0zwo-1d5a5bf5a5e4dbc37af21b301f9eadaf{\npadding-bottom:10px;\n}\nbody .av-special-heading.av-4k0zwo-1d5a5bf5a5e4dbc37af21b301f9eadaf .av-special-heading-tag .heading-char{\nfont-size:25px;\n}\n.av-special-heading.av-4k0zwo-1d5a5bf5a5e4dbc37af21b301f9eadaf .av-subheading{\nfont-size:15px;\n}\n<\/style>\n<div  class='av-special-heading av-4k0zwo-1d5a5bf5a5e4dbc37af21b301f9eadaf av-special-heading-h3 blockquote modern-quote  avia-builder-el-47  el_before_av_textblock  avia-builder-el-first '><h3 class='av-special-heading-tag'  itemprop=\"headline\"  >Fotosession in Bad Ragaz<\/h3><div class=\"special-heading-border\"><div class=\"special-heading-inner-border\"><\/div><\/div><\/div><br \/>\n<section  class='av_textblock_section av-k8h6596t-3-eab703ed89d8d78e6c8d17366068612c'  itemscope=\"itemscope\" itemtype=\"https:\/\/schema.org\/CreativeWork\" ><div class='avia_textblock'  itemprop=\"text\" ><p>Man stelle sich vor: Eine gelungener Firmenevent findet statt und niemand macht Fotos von diesem Event. Erinnerungen verfliegen so schnell und wenn sie nicht mit Bildern dokumentiert worden sind, dann ist auch schnell vergessen, dass ein Event \u00fcberhaupt stattgefunden hat.<\/p>\n<\/div><\/section><\/p><\/div>\n<style type=\"text\/css\" data-created_by=\"avia_inline_auto\" id=\"style-css-av-k5wbrmfc-2-dc1fd1e7822b31b7366818d1b15ee2b7\">\n#top .flex_column.av-k5wbrmfc-2-dc1fd1e7822b31b7366818d1b15ee2b7{\nmargin-top:30px;\nmargin-bottom:30px;\n}\n.flex_column.av-k5wbrmfc-2-dc1fd1e7822b31b7366818d1b15ee2b7{\n-webkit-border-radius:0px 0px 0px 0px;\n-moz-border-radius:0px 0px 0px 0px;\nborder-radius:0px 0px 0px 0px;\npadding:0px 0px 0px 0px;\n}\n.responsive #top #wrap_all .flex_column.av-k5wbrmfc-2-dc1fd1e7822b31b7366818d1b15ee2b7{\nmargin-top:30px;\nmargin-bottom:30px;\n}\n<\/style>\n<div class='flex_column av-k5wbrmfc-2-dc1fd1e7822b31b7366818d1b15ee2b7 av_one_third  avia-builder-el-49  el_after_av_one_third  avia-builder-el-last  flex_column_div av-animated-generic left-to-right av-zero-column-padding '     ><p>\n<style type=\"text\/css\" data-created_by=\"avia_inline_auto\" id=\"style-css-av-2aseew-da9c23d6bc6da8189895963306b904cf\">\n#top .av-special-heading.av-2aseew-da9c23d6bc6da8189895963306b904cf{\npadding-bottom:10px;\n}\nbody .av-special-heading.av-2aseew-da9c23d6bc6da8189895963306b904cf .av-special-heading-tag .heading-char{\nfont-size:25px;\n}\n.av-special-heading.av-2aseew-da9c23d6bc6da8189895963306b904cf .av-subheading{\nfont-size:15px;\n}\n<\/style>\n<div  class='av-special-heading av-2aseew-da9c23d6bc6da8189895963306b904cf av-special-heading-h3 blockquote modern-quote  avia-builder-el-50  el_before_av_textblock  avia-builder-el-first '><h3 class='av-special-heading-tag'  itemprop=\"headline\"  >Fotoshooting buchen<\/h3><div class=\"special-heading-border\"><div class=\"special-heading-inner-border\"><\/div><\/div><\/div><br \/>\n<section  class='av_textblock_section av-k8h6596t-1-f469d3c0b4f7242be6f961431050b604'  itemscope=\"itemscope\" itemtype=\"https:\/\/schema.org\/CreativeWork\" ><div class='avia_textblock'  itemprop=\"text\" ><p>Ich biete Ihnen Eventfotos und Businessfotografie in Bad Ragaz und Landquart. Nehmen Sie jetzt Kontakt zu mir auf und buchen Sie ein Fotoshooting.<\/p>\n<\/div><\/section><br \/>\n\n<style type=\"text\/css\" data-created_by=\"avia_inline_auto\" id=\"style-css-av-k5wbd76n-5-240438db78ad5f898941775aa9d23da7\">\n#top .hr.hr-invisible.av-k5wbd76n-5-240438db78ad5f898941775aa9d23da7{\nheight:5px;\n}\n<\/style>\n<div  class='hr av-k5wbd76n-5-240438db78ad5f898941775aa9d23da7 hr-invisible  avia-builder-el-52  el_after_av_textblock  el_before_av_button '><span class='hr-inner '><span class=\"hr-inner-style\"><\/span><\/span><\/div><br \/>\n<div  class='avia-button-wrap av-k5wbvrky-6-6a5405bd882ddbcbf25dad3ba051278f-wrap avia-button-left  avia-builder-el-53  el_after_av_hr  avia-builder-el-last '><a href='https:\/\/www.grether-photography.com\/en\/kontakt\/'  class='avia-button av-k5wbvrky-6-6a5405bd882ddbcbf25dad3ba051278f avia-icon_select-yes-right-icon avia-size-large avia-position-left avia-color-theme-color'  ><span class='avia_iconbox_title' >Fotoshooting buchen<\/span><span class='avia_button_icon avia_button_icon_right' aria-hidden='true' data-av_icon='\ue832' data-av_iconfont='entypo-fontello'><\/span><\/a><\/div><\/p><\/div>[av_section min_height='50' min_height_pc='25' min_height_px='500px' shadow='no-border-styling' bottom_border='no-border-styling' bottom_border_diagonal_color='#333333' bottom_border_diagonal_direction='' bottom_border_style='' padding='huge' custom_margin='0px' custom_margin_sync='true' av-desktop-custom_margin='' av-desktop-custom_margin_sync='true' av-medium-custom_margin='' av-medium-custom_margin_sync='true' av-small-custom_margin='' av-small-custom_margin_sync='true' av-mini-custom_margin='' av-mini-custom_margin_sync='true' svg_div_top='' svg_div_top_color='#333333' svg_div_top_width='100' svg_div_top_height='50' svg_div_top_max_height='none' svg_div_top_opacity='' svg_div_bottom='' svg_div_bottom_color='#333333' svg_div_bottom_width='100' svg_div_bottom_height='50' svg_div_bottom_max_height='none' svg_div_bottom_opacity='' color='main_color' background='bg_color' custom_bg='#000000' background_gradient_direction='vertical' background_gradient_color1='' background_gradient_color2='' background_gradient_color3='' src='https:\/\/www.grether-photography.com\/wp-content\/uploads\/2020\/01\/laurinfinal.jpg' attachment='441' attachment_size='full' attach='parallax' position='center left' repeat='no-repeat' video='' video_ratio='16:9' overlay_enable='aviaTBoverlay_enable' overlay_opacity='0.5' overlay_color='#5e5e5e' overlay_pattern='' overlay_custom_pattern='' custom_arrow_bg='' css_position_z_index='' av-desktop-css_position_z_index='' av-medium-css_position_z_index='' av-small-css_position_z_index='' av-mini-css_position_z_index='' id='' custom_class='' template_class='' aria_label='' av_element_hidden_in_editor='0' av_uid='av-k5wnmmam' sc_version='1.0']\r\n[av_two_fifth first min_height='' vertical_alignment='' space='' custom_margin='' margin='0px' row_boxshadow='' row_boxshadow_color='' row_boxshadow_width='10' link='' linktarget='' link_hover='' title_attr='' alt_attr='' padding='0px' highlight='' highlight_size='' border='' border_color='' radius='0px' column_boxshadow='' column_boxshadow_color='' column_boxshadow_width='10' background='bg_color' background_color='' background_gradient_color1='' background_gradient_color2='' background_gradient_direction='vertical' src='' background_position='top left' background_repeat='no-repeat' animation='' mobile_breaking='' mobile_display='' av_uid='av-76bpq']\r\n\r\n[\/av_two_fifth][av_three_fifth min_height='' vertical_alignment='' space='' custom_margin='' margin='0px' row_boxshadow='' row_boxshadow_color='' row_boxshadow_width='10' link='' linktarget='' link_hover='' title_attr='' alt_attr='' padding='0px' highlight='' highlight_size='' border='' border_color='' radius='0px' column_boxshadow='' column_boxshadow_color='' column_boxshadow_width='10' background='bg_color' background_color='' background_gradient_color1='' background_gradient_color2='' background_gradient_direction='vertical' src='' background_position='top left' background_repeat='no-repeat' animation='' mobile_breaking='' mobile_display='' av_uid='av-12g9r']\r\n\r\n[av_font_icon icon='ue833' font='entypo-fontello' style='' caption='' link='' linktarget='' size='55px' position='center' animation='' color='#ffffff' av_uid='av-k5wno1ds' custom_class='' admin_preview_bg=''][\/av_font_icon]\r\n\r\n[av_textblock size='30' av-medium-font-size='' av-small-font-size='' av-mini-font-size='' font_color='custom' color='#ffffff' id='' custom_class='' template_class='' av_uid='av-k5wnowjw' sc_version='1.0' admin_preview_bg='']\r\n<p style=\"text-align: center;\"><em>Ich mache bei Menschen sichtbar, was ohne ein gutes Foto vielleicht nie wahrgenommen worden w\u00e4re. Das ist Fotografie.<\/em><\/p>\r\n[\/av_textblock]\r\n\r\n[av_button label='Laurin Grether' link='page,20' link_target='' size='large' position='center' label_display='' icon_select='yes-right-icon' icon='ue832' font='entypo-fontello' color='light' custom_bg='#444444' custom_font='#ffffff' av_uid='av-k5wbvrky' custom_class='' admin_preview_bg='']\r\n\r\n[\/av_three_fifth]\r\n[\/av_section]\r\n\r\n<\/p>\n","protected":false},"excerpt":{"rendered":"","protected":false},"author":1,"featured_media":0,"parent":3142,"menu_order":0,"comment_status":"closed","ping_status":"closed","template":"","meta":{"footnotes":""},"folder":[],"class_list":["post-3560","page","type-page","status-publish","hentry"],"yoast_head":"<!-- This site is optimized with the Yoast SEO plugin v27.5 - https:\/\/yoast.com\/product\/yoast-seo-wordpress\/ -->\n<title>Fotograf f\u00fcr Bad Ragaz und Landquart | Grether Fotografie<\/title>\n<meta name=\"description\" content=\"Familienfotos und Businessfotografie in Bad Ragaz und Landquart. Ihr professioneller Fotograf.\" \/>\n<meta name=\"robots\" content=\"index, follow, max-snippet:-1, max-image-preview:large, max-video-preview:-1\" \/>\n<link rel=\"canonical\" href=\"https:\/\/www.grether-photography.com\/en\/eastern-switzerland\/photographer-landquart-bad-ragaz\/\" \/>\n<meta property=\"og:locale\" content=\"en_US\" \/>\n<meta property=\"og:type\" content=\"article\" \/>\n<meta property=\"og:title\" content=\"Fotograf f\u00fcr Bad Ragaz und Landquart | Grether Fotografie\" \/>\n<meta property=\"og:description\" content=\"Familienfotos und Businessfotografie in Bad Ragaz und Landquart. Ihr professioneller Fotograf.\" \/>\n<meta property=\"og:url\" content=\"https:\/\/www.grether-photography.com\/en\/eastern-switzerland\/photographer-landquart-bad-ragaz\/\" \/>\n<meta property=\"og:site_name\" content=\"Grether Photography\" \/>\n<meta property=\"article:publisher\" content=\"https:\/\/www.facebook.com\/laurin.grether\" \/>\n<meta property=\"article:modified_time\" content=\"2025-03-26T10:35:57+00:00\" \/>\n<meta property=\"og:image\" content=\"https:\/\/www.grether-photography.com\/wp-content\/uploads\/2020\/05\/og-image.png\" \/>\n\t<meta property=\"og:image:width\" content=\"1200\" \/>\n\t<meta property=\"og:image:height\" content=\"630\" \/>\n\t<meta property=\"og:image:type\" content=\"image\/png\" \/>\n<meta name=\"twitter:label1\" content=\"Est. reading time\" \/>\n\t<meta name=\"twitter:data1\" content=\"8 minutes\" \/>\n<script type=\"application\/ld+json\" class=\"yoast-schema-graph\">{\"@context\":\"https:\\\/\\\/schema.org\",\"@graph\":[{\"@type\":\"WebPage\",\"@id\":\"https:\\\/\\\/www.grether-photography.com\\\/ostschweiz\\\/fotograf-landquart-bad-ragaz\\\/\",\"url\":\"https:\\\/\\\/www.grether-photography.com\\\/ostschweiz\\\/fotograf-landquart-bad-ragaz\\\/\",\"name\":\"Fotograf f\u00fcr Bad Ragaz und Landquart | Grether Fotografie\",\"isPartOf\":{\"@id\":\"https:\\\/\\\/www.grether-photography.com\\\/#website\"},\"datePublished\":\"2020-04-01T10:02:36+00:00\",\"dateModified\":\"2025-03-26T10:35:57+00:00\",\"description\":\"Familienfotos und Businessfotografie in Bad Ragaz und Landquart. Ihr professioneller Fotograf.\",\"breadcrumb\":{\"@id\":\"https:\\\/\\\/www.grether-photography.com\\\/ostschweiz\\\/fotograf-landquart-bad-ragaz\\\/#breadcrumb\"},\"inLanguage\":\"en-US\",\"potentialAction\":[{\"@type\":\"ReadAction\",\"target\":[\"https:\\\/\\\/www.grether-photography.com\\\/ostschweiz\\\/fotograf-landquart-bad-ragaz\\\/\"]}]},{\"@type\":\"BreadcrumbList\",\"@id\":\"https:\\\/\\\/www.grether-photography.com\\\/ostschweiz\\\/fotograf-landquart-bad-ragaz\\\/#breadcrumb\",\"itemListElement\":[{\"@type\":\"ListItem\",\"position\":1,\"name\":\"Startseite\",\"item\":\"https:\\\/\\\/www.grether-photography.com\\\/startseite\\\/\"},{\"@type\":\"ListItem\",\"position\":2,\"name\":\"Graub\u00fcnden Glarus St. Gallen\",\"item\":\"https:\\\/\\\/www.grether-photography.com\\\/ostschweiz\\\/\"},{\"@type\":\"ListItem\",\"position\":3,\"name\":\"Fotograf Landquart, Bad Ragaz\"}]},{\"@type\":\"WebSite\",\"@id\":\"https:\\\/\\\/www.grether-photography.com\\\/#website\",\"url\":\"https:\\\/\\\/www.grether-photography.com\\\/\",\"name\":\"Grether Photography\",\"description\":\"Ihr Fotograf f\u00fcr das professionelle Fotoshooting\",\"potentialAction\":[{\"@type\":\"SearchAction\",\"target\":{\"@type\":\"EntryPoint\",\"urlTemplate\":\"https:\\\/\\\/www.grether-photography.com\\\/?s={search_term_string}\"},\"query-input\":{\"@type\":\"PropertyValueSpecification\",\"valueRequired\":true,\"valueName\":\"search_term_string\"}}],\"inLanguage\":\"en-US\"}]}<\/script>\n<!-- \/ Yoast SEO plugin. -->","yoast_head_json":{"title":"Photographer for Bad Ragaz and Landquart | Grether Photography","description":"Family photos and business photography in Bad Ragaz and Landquart. Your professional photographer.","robots":{"index":"index","follow":"follow","max-snippet":"max-snippet:-1","max-image-preview":"max-image-preview:large","max-video-preview":"max-video-preview:-1"},"canonical":"https:\/\/www.grether-photography.com\/en\/eastern-switzerland\/photographer-landquart-bad-ragaz\/","og_locale":"en_US","og_type":"article","og_title":"Fotograf f\u00fcr Bad Ragaz und Landquart | Grether Fotografie","og_description":"Familienfotos und Businessfotografie in Bad Ragaz und Landquart. Ihr professioneller Fotograf.","og_url":"https:\/\/www.grether-photography.com\/en\/eastern-switzerland\/photographer-landquart-bad-ragaz\/","og_site_name":"Grether Photography","article_publisher":"https:\/\/www.facebook.com\/laurin.grether","article_modified_time":"2025-03-26T10:35:57+00:00","og_image":[{"width":1200,"height":630,"url":"https:\/\/www.grether-photography.com\/wp-content\/uploads\/2020\/05\/og-image.png","type":"image\/png"}],"twitter_misc":{"Est. reading time":"8 minutes"},"schema":{"@context":"https:\/\/schema.org","@graph":[{"@type":"WebPage","@id":"https:\/\/www.grether-photography.com\/ostschweiz\/fotograf-landquart-bad-ragaz\/","url":"https:\/\/www.grether-photography.com\/ostschweiz\/fotograf-landquart-bad-ragaz\/","name":"Photographer for Bad Ragaz and Landquart | Grether Photography","isPartOf":{"@id":"https:\/\/www.grether-photography.com\/#website"},"datePublished":"2020-04-01T10:02:36+00:00","dateModified":"2025-03-26T10:35:57+00:00","description":"Family photos and business photography in Bad Ragaz and Landquart. Your professional photographer.","breadcrumb":{"@id":"https:\/\/www.grether-photography.com\/ostschweiz\/fotograf-landquart-bad-ragaz\/#breadcrumb"},"inLanguage":"en-US","potentialAction":[{"@type":"ReadAction","target":["https:\/\/www.grether-photography.com\/ostschweiz\/fotograf-landquart-bad-ragaz\/"]}]},{"@type":"BreadcrumbList","@id":"https:\/\/www.grether-photography.com\/ostschweiz\/fotograf-landquart-bad-ragaz\/#breadcrumb","itemListElement":[{"@type":"ListItem","position":1,"name":"Startseite","item":"https:\/\/www.grether-photography.com\/startseite\/"},{"@type":"ListItem","position":2,"name":"Graub\u00fcnden Glarus St. Gallen","item":"https:\/\/www.grether-photography.com\/ostschweiz\/"},{"@type":"ListItem","position":3,"name":"Fotograf Landquart, Bad Ragaz"}]},{"@type":"WebSite","@id":"https:\/\/www.grether-photography.com\/#website","url":"https:\/\/www.grether-photography.com\/","name":"Grether Photography","description":"Your photographer for the professional photo shoot","potentialAction":[{"@type":"SearchAction","target":{"@type":"EntryPoint","urlTemplate":"https:\/\/www.grether-photography.com\/?s={search_term_string}"},"query-input":{"@type":"PropertyValueSpecification","valueRequired":true,"valueName":"search_term_string"}}],"inLanguage":"en-US"}]}},"_links":{"self":[{"href":"https:\/\/www.grether-photography.com\/en\/wp-json\/wp\/v2\/pages\/3560","targetHints":{"allow":["GET"]}}],"collection":[{"href":"https:\/\/www.grether-photography.com\/en\/wp-json\/wp\/v2\/pages"}],"about":[{"href":"https:\/\/www.grether-photography.com\/en\/wp-json\/wp\/v2\/types\/page"}],"author":[{"embeddable":true,"href":"https:\/\/www.grether-photography.com\/en\/wp-json\/wp\/v2\/users\/1"}],"replies":[{"embeddable":true,"href":"https:\/\/www.grether-photography.com\/en\/wp-json\/wp\/v2\/comments?post=3560"}],"version-history":[{"count":10,"href":"https:\/\/www.grether-photography.com\/en\/wp-json\/wp\/v2\/pages\/3560\/revisions"}],"predecessor-version":[{"id":12126,"href":"https:\/\/www.grether-photography.com\/en\/wp-json\/wp\/v2\/pages\/3560\/revisions\/12126"}],"up":[{"embeddable":true,"href":"https:\/\/www.grether-photography.com\/en\/wp-json\/wp\/v2\/pages\/3142"}],"wp:attachment":[{"href":"https:\/\/www.grether-photography.com\/en\/wp-json\/wp\/v2\/media?parent=3560"}],"wp:term":[{"taxonomy":"folder","embeddable":true,"href":"https:\/\/www.grether-photography.com\/en\/wp-json\/wp\/v2\/folder?post=3560"}],"curies":[{"name":"wp","href":"https:\/\/api.w.org\/{rel}","templated":true}]}}